{"id":8687,"date":"2024-08-19T09:48:28","date_gmt":"2024-08-19T09:48:28","guid":{"rendered":"https:\/\/alt-edic.eu\/?page_id=8687"},"modified":"2026-07-08T11:45:17","modified_gmt":"2026-07-08T10:45:17","slug":"home-alt-edic","status":"publish","type":"page","link":"https:\/\/www.alt-edic.eu\/sk\/","title":{"rendered":"<p>Domovsk\u00e1 str\u00e1nka<\/p>"},"content":{"rendered":"<div data-elementor-type=\"wp-page\" data-elementor-id=\"8687\" class=\"elementor elementor-8687\" data-elementor-post-type=\"page\">\n\t\t\t\t\t\t<section class=\"elementor-section elementor-top-section elementor-element elementor-element-51fa8da0 elementor-section-stretched elementor-section-boxed elementor-section-height-default elementor-section-height-default\" data-id=\"51fa8da0\" data-element_type=\"section\" data-e-type=\"section\" data-settings='{\"stretch_section\":\"section-stretched\",\"background_background\":\"gradient\"}'>\n\t\t\t\t\t\t<div class=\"elementor-container elementor-column-gap-extended\">\n\t\t\t\t\t<div class=\"elementor-column elementor-col-50 elementor-top-column elementor-element elementor-element-5077a42b\" data-id=\"5077a42b\" data-element_type=\"column\" data-e-type=\"column\">\n\t\t\t<div class=\"elementor-widget-wrap elementor-element-populated\">\n\t\t\t\t\t\t<div class=\"elementor-element elementor-element-7a0cfb7e elementor-widget elementor-widget-heading\" data-id=\"7a0cfb7e\" data-element_type=\"widget\" data-e-type=\"widget\" data-widget_type=\"heading.default\">\n\t\t\t\t<div class=\"elementor-widget-container\">\n\t\t\t\t\t<h1 class=\"elementor-heading-title elementor-size-default\">Aliancia pre jazykov\u00e9 technol\u00f3gie (ALT-EDIC)<\/h1>\t\t\t\t<\/div>\n\t\t\t\t<\/div>\n\t\t\t\t<div class=\"elementor-element elementor-element-61040cfd elementor-widget elementor-widget-text-editor\" data-id=\"61040cfd\" data-element_type=\"widget\" data-e-type=\"widget\" data-widget_type=\"text-editor.default\">\n\t\t\t\t<div class=\"elementor-widget-container\">\n\t\t\t\t\t\t\t\t\t<p>Podpora excelentnosti v oblasti jazykov\u00fdch technol\u00f3gi\u00ed a zachovanie jazykovej rozmanitosti a kult\u00farneho bohatstva Eur\u00f3py<\/p>\t\t\t\t\t\t\t\t<\/div>\n\t\t\t\t<\/div>\n\t\t\t\t\t<\/div>\n\t\t<\/div>\n\t\t\t\t<div class=\"elementor-column elementor-col-50 elementor-top-column elementor-element elementor-element-6311af9b elementor-hidden-tablet elementor-hidden-phone\" data-id=\"6311af9b\" data-element_type=\"column\" data-e-type=\"column\">\n\t\t\t<div class=\"elementor-widget-wrap elementor-element-populated\">\n\t\t\t\t\t\t<div class=\"elementor-element elementor-element-21d1f094 elementor-invisible elementor-widget elementor-widget-image\" data-id=\"21d1f094\" data-element_type=\"widget\" data-e-type=\"widget\" data-settings='{\"_animation\":\"scale\",\"_animation_delay\":300}' data-widget_type=\"image.default\">\n\t\t\t\t<div class=\"elementor-widget-container\">\n\t\t\t\t\t\t\t\t\t\t\t\t\t\t\t<img decoding=\"async\" src=\"https:\/\/www.alt-edic.eu\/wp-content\/uploads\/2024\/10\/about-3.png\" title=\"Eur\u00f3pska mapa\" alt=\"Eur\u00f3pska mapa\" loading=\"lazy\">\t\t\t\t\t\t\t\t\t\t\t\t\t\t\t<\/div>\n\t\t\t\t<\/div>\n\t\t\t\t\t<\/div>\n\t\t<\/div>\n\t\t\t\t\t<\/div>\n\t\t<\/section>\n\t\t\t\t<section class=\"elementor-section elementor-top-section elementor-element elementor-element-1c3be5f7 elementor-section-stretched elementor-section-boxed elementor-section-height-default elementor-section-height-default\" data-id=\"1c3be5f7\" data-element_type=\"section\" data-e-type=\"section\" data-settings='{\"stretch_section\":\"section-stretched\"}'>\n\t\t\t\t\t\t<div class=\"elementor-container elementor-column-gap-extended\">\n\t\t\t\t\t<div class=\"elementor-column elementor-col-50 elementor-top-column elementor-element elementor-element-34948b1b elementor-invisible\" data-id=\"34948b1b\" data-element_type=\"column\" data-e-type=\"column\" data-settings='{\"background_background\":\"classic\",\"animation\":\"slide-right\"}'>\n\t\t\t<div class=\"elementor-widget-wrap elementor-element-populated\">\n\t\t\t\t\t\t<section class=\"elementor-section elementor-inner-section elementor-element elementor-element-51950000 elementor-section-boxed elementor-section-height-default elementor-section-height-default\" data-id=\"51950000\" data-element_type=\"section\" data-e-type=\"section\">\n\t\t\t\t\t\t<div class=\"elementor-container elementor-column-gap-no\">\n\t\t\t\t\t<div class=\"elementor-column elementor-col-50 elementor-inner-column elementor-element elementor-element-4a6fac18\" data-id=\"4a6fac18\" data-element_type=\"column\" data-e-type=\"column\">\n\t\t\t<div class=\"elementor-widget-wrap elementor-element-populated\">\n\t\t\t\t\t\t<div class=\"elementor-element elementor-element-156d5512 elementor-widget elementor-widget-heading\" data-id=\"156d5512\" data-element_type=\"widget\" data-e-type=\"widget\" data-widget_type=\"heading.default\">\n\t\t\t\t<div class=\"elementor-widget-container\">\n\t\t\t\t\t<h2 class=\"elementor-heading-title elementor-size-default\">\u010co je EDIC?<\/h2>\t\t\t\t<\/div>\n\t\t\t\t<\/div>\n\t\t\t\t<div class=\"elementor-element elementor-element-e277c6 elementor-widget__width-initial elementor-widget elementor-widget-text-editor\" data-id=\"e277c6\" data-element_type=\"widget\" data-e-type=\"widget\" data-widget_type=\"text-editor.default\">\n\t\t\t\t<div class=\"elementor-widget-container\">\n\t\t\t\t\t\t\t\t\t<p>A <span style=\"text-decoration: underline;\"><a href=\"https:\/\/digital-strategy.ec.europa.eu\/en\/policies\/edic\">Konzorcium pre eur\u00f3psku digit\u00e1lnu infra\u0161trukt\u00faru (EDIC)<\/a><\/span> je druh pr\u00e1vnej \u0161trukt\u00fary vytvorenej v r\u00e1mci&nbsp;<span style=\"text-decoration: underline;\"><a href=\"https:\/\/digital-strategy.ec.europa.eu\/en\/library\/digital-decade-policy-programme-2030\">Politick\u00fd program Digit\u00e1lne desa\u0165ro\u010die do roku 2030<\/a><\/span> umo\u017eni\u0165 \u010dlensk\u00fdm \u0161t\u00e1tom E\u00da efekt\u00edvne zdru\u017eova\u0165 zdroje s cie\u013eom zavies\u0165 spolo\u010dn\u00fa digit\u00e1lnu infra\u0161trukt\u00faru.<\/p>\t\t\t\t\t\t\t\t<\/div>\n\t\t\t\t<\/div>\n\t\t\t\t<div class=\"elementor-element elementor-element-49b808a elementor-widget elementor-widget-button\" data-id=\"49b808a\" data-element_type=\"widget\" data-e-type=\"widget\" data-widget_type=\"button.default\">\n\t\t\t\t<div class=\"elementor-widget-container\">\n\t\t\t\t\t\t\t\t\t<div class=\"elementor-button-wrapper\">\n\t\t\t\t\t<a class=\"elementor-button elementor-button-link elementor-size-md\" href=\"https:\/\/www.alt-edic.eu\/sk\/what-is-an-edic\/\">\n\t\t\t\t\t\t<span class=\"elementor-button-content-wrapper\">\n\t\t\t\t\t\t<span class=\"elementor-button-icon\">\n\t\t\t\t<svg xmlns=\"http:\/\/www.w3.org\/2000\/svg\" width=\"20\" height=\"20\" viewbox=\"0 0 20 20\" fill=\"none\" style=\"fill: transparent;\"><path d=\"M15.8335 2.9165L4.16683 14.5832\" stroke=\"currentColor\" stroke-width=\"1.5\" stroke-miterlimit=\"10\" stroke-linecap=\"round\" stroke-linejoin=\"round\"><\/path><path d=\"M15.8335 11.4748V2.9165H7.27516\" stroke=\"currentColor\" stroke-width=\"1.5\" stroke-miterlimit=\"10\" stroke-linecap=\"round\" stroke-linejoin=\"round\"><\/path><\/svg>\t\t\t<\/span>\n\t\t\t\t\t\t\t\t\t<span class=\"elementor-button-text\">Dozvedie\u0165 sa viac<\/span>\n\t\t\t\t\t<\/span>\n\t\t\t\t\t<\/a>\n\t\t\t\t<\/div>\n\t\t\t\t\t\t\t\t<\/div>\n\t\t\t\t<\/div>\n\t\t\t\t\t<\/div>\n\t\t<\/div>\n\t\t\t\t<div class=\"elementor-column elementor-col-50 elementor-inner-column elementor-element elementor-element-106e72fe elementor-hidden-tablet elementor-hidden-mobile\" data-id=\"106e72fe\" data-element_type=\"column\" data-e-type=\"column\">\n\t\t\t<div class=\"elementor-widget-wrap elementor-element-populated\">\n\t\t\t\t\t\t<div class=\"elementor-element elementor-element-32a1ae16 elementor-widget elementor-widget-image\" data-id=\"32a1ae16\" data-element_type=\"widget\" data-e-type=\"widget\" data-widget_type=\"image.default\">\n\t\t\t\t<div class=\"elementor-widget-container\">\n\t\t\t\t\t\t\t\t\t\t\t\t\t\t\t<img fetchpriority=\"high\" decoding=\"async\" width=\"400\" height=\"400\" src=\"https:\/\/www.alt-edic.eu\/wp-content\/uploads\/2024\/10\/Questions.png\" class=\"attachment-full size-full wp-image-9302\" alt=\"Ot\u00e1zka Mark pikto\" srcset=\"https:\/\/www.alt-edic.eu\/wp-content\/uploads\/2024\/10\/Questions.png 400w, https:\/\/www.alt-edic.eu\/wp-content\/uploads\/2024\/10\/Questions-300x300.png 300w, https:\/\/www.alt-edic.eu\/wp-content\/uploads\/2024\/10\/Questions-150x150.png 150w, https:\/\/www.alt-edic.eu\/wp-content\/uploads\/2024\/10\/Questions-12x12.png 12w\" sizes=\"(max-width: 400px) 100vw, 400px\">\t\t\t\t\t\t\t\t\t\t\t\t\t\t\t<\/div>\n\t\t\t\t<\/div>\n\t\t\t\t\t<\/div>\n\t\t<\/div>\n\t\t\t\t\t<\/div>\n\t\t<\/section>\n\t\t\t\t\t<\/div>\n\t\t<\/div>\n\t\t\t\t<div class=\"elementor-column elementor-col-50 elementor-top-column elementor-element elementor-element-6ca4d588 elementor-invisible\" data-id=\"6ca4d588\" data-element_type=\"column\" data-e-type=\"column\" data-settings='{\"background_background\":\"classic\",\"animation\":\"slide-left\"}'>\n\t\t\t<div class=\"elementor-widget-wrap elementor-element-populated\">\n\t\t\t\t\t\t<section class=\"elementor-section elementor-inner-section elementor-element elementor-element-456cc97d elementor-section-boxed elementor-section-height-default elementor-section-height-default\" data-id=\"456cc97d\" data-element_type=\"section\" data-e-type=\"section\">\n\t\t\t\t\t\t<div class=\"elementor-container elementor-column-gap-no\">\n\t\t\t\t\t<div class=\"elementor-column elementor-col-50 elementor-inner-column elementor-element elementor-element-6602c9d5\" data-id=\"6602c9d5\" data-element_type=\"column\" data-e-type=\"column\">\n\t\t\t<div class=\"elementor-widget-wrap elementor-element-populated\">\n\t\t\t\t\t\t<div class=\"elementor-element elementor-element-6e28e08c elementor-widget elementor-widget-heading\" data-id=\"6e28e08c\" data-element_type=\"widget\" data-e-type=\"widget\" data-widget_type=\"heading.default\">\n\t\t\t\t<div class=\"elementor-widget-container\">\n\t\t\t\t\t<h2 class=\"elementor-heading-title elementor-size-default\">Inform\u00e1cie o ALT-EDIC<\/h2>\t\t\t\t<\/div>\n\t\t\t\t<\/div>\n\t\t\t\t<div class=\"elementor-element elementor-element-619e3167 elementor-widget elementor-widget-text-editor\" data-id=\"619e3167\" data-element_type=\"widget\" data-e-type=\"widget\" data-widget_type=\"text-editor.default\">\n\t\t\t\t<div class=\"elementor-widget-container\">\n\t\t\t\t\t\t\t\t\t<p>ALT-EDIC je Konzorcium pre eur\u00f3psku digit\u00e1lnu infra\u0161trukt\u00faru, ktor\u00e9 podporuje rozvoj jazykov\u00fdch technol\u00f3gi\u00ed.<\/p>\t\t\t\t\t\t\t\t<\/div>\n\t\t\t\t<\/div>\n\t\t\t\t<div class=\"elementor-element elementor-element-a70a50b elementor-widget elementor-widget-button\" data-id=\"a70a50b\" data-element_type=\"widget\" data-e-type=\"widget\" data-widget_type=\"button.default\">\n\t\t\t\t<div class=\"elementor-widget-container\">\n\t\t\t\t\t\t\t\t\t<div class=\"elementor-button-wrapper\">\n\t\t\t\t\t<a class=\"elementor-button elementor-button-link elementor-size-md\" href=\"https:\/\/www.alt-edic.eu\/sk\/about-us\/\">\n\t\t\t\t\t\t<span class=\"elementor-button-content-wrapper\">\n\t\t\t\t\t\t<span class=\"elementor-button-icon\">\n\t\t\t\t<svg xmlns=\"http:\/\/www.w3.org\/2000\/svg\" width=\"20\" height=\"20\" viewbox=\"0 0 20 20\" fill=\"none\" style=\"fill: transparent;\"><path d=\"M15.8335 2.9165L4.16683 14.5832\" stroke=\"currentColor\" stroke-width=\"1.5\" stroke-miterlimit=\"10\" stroke-linecap=\"round\" stroke-linejoin=\"round\"><\/path><path d=\"M15.8335 11.4748V2.9165H7.27516\" stroke=\"currentColor\" stroke-width=\"1.5\" stroke-miterlimit=\"10\" stroke-linecap=\"round\" stroke-linejoin=\"round\"><\/path><\/svg>\t\t\t<\/span>\n\t\t\t\t\t\t\t\t\t<span class=\"elementor-button-text\">Dozvedie\u0165 sa viac<\/span>\n\t\t\t\t\t<\/span>\n\t\t\t\t\t<\/a>\n\t\t\t\t<\/div>\n\t\t\t\t\t\t\t\t<\/div>\n\t\t\t\t<\/div>\n\t\t\t\t\t<\/div>\n\t\t<\/div>\n\t\t\t\t<div class=\"elementor-column elementor-col-50 elementor-inner-column elementor-element elementor-element-40385cd1 elementor-hidden-tablet elementor-hidden-mobile\" data-id=\"40385cd1\" data-element_type=\"column\" data-e-type=\"column\">\n\t\t\t<div class=\"elementor-widget-wrap elementor-element-populated\">\n\t\t\t\t\t\t<div class=\"elementor-element elementor-element-b237841 elementor-widget elementor-widget-image\" data-id=\"b237841\" data-element_type=\"widget\" data-e-type=\"widget\" data-widget_type=\"image.default\">\n\t\t\t\t<div class=\"elementor-widget-container\">\n\t\t\t\t\t\t\t\t\t\t\t\t\t\t\t<img decoding=\"async\" width=\"800\" height=\"800\" src=\"https:\/\/www.alt-edic.eu\/wp-content\/uploads\/2024\/10\/about.png\" class=\"attachment-full size-full wp-image-9304\" alt=\"V\u00fdkri\u010dn\u00edk Picto\" srcset=\"https:\/\/www.alt-edic.eu\/wp-content\/uploads\/2024\/10\/about.png 800w, https:\/\/www.alt-edic.eu\/wp-content\/uploads\/2024\/10\/about-300x300.png 300w, https:\/\/www.alt-edic.eu\/wp-content\/uploads\/2024\/10\/about-150x150.png 150w, https:\/\/www.alt-edic.eu\/wp-content\/uploads\/2024\/10\/about-768x768.png 768w, https:\/\/www.alt-edic.eu\/wp-content\/uploads\/2024\/10\/about-12x12.png 12w\" sizes=\"(max-width: 800px) 100vw, 800px\">\t\t\t\t\t\t\t\t\t\t\t\t\t\t\t<\/div>\n\t\t\t\t<\/div>\n\t\t\t\t\t<\/div>\n\t\t<\/div>\n\t\t\t\t\t<\/div>\n\t\t<\/section>\n\t\t\t\t\t<\/div>\n\t\t<\/div>\n\t\t\t\t\t<\/div>\n\t\t<\/section>\n\t\t\t\t<section class=\"elementor-section elementor-top-section elementor-element elementor-element-2a444620 elementor-section-content-middle elementor-section-stretched elementor-section-boxed elementor-section-height-default elementor-section-height-default elementor-invisible\" data-id=\"2a444620\" data-element_type=\"section\" data-e-type=\"section\" data-settings='{\"stretch_section\":\"section-stretched\",\"background_background\":\"classic\",\"animation\":\"slide-up\"}'>\n\t\t\t\t\t\t<div class=\"elementor-container elementor-column-gap-extended\">\n\t\t\t\t\t<div class=\"elementor-column elementor-col-50 elementor-top-column elementor-element elementor-element-73d71cc8 elementor-invisible\" data-id=\"73d71cc8\" data-element_type=\"column\" data-e-type=\"column\" data-settings='{\"animation\":\"slide-up\"}'>\n\t\t\t<div class=\"elementor-widget-wrap elementor-element-populated\">\n\t\t\t\t\t\t<div class=\"elementor-element elementor-element-1ee7bc7 elementor-widget elementor-widget-heading\" data-id=\"1ee7bc7\" data-element_type=\"widget\" data-e-type=\"widget\" data-widget_type=\"heading.default\">\n\t\t\t\t<div class=\"elementor-widget-container\">\n\t\t\t\t\t<h2 class=\"elementor-heading-title elementor-size-default\">Prij\u00edmame zamestnancov<\/h2>\t\t\t\t<\/div>\n\t\t\t\t<\/div>\n\t\t\t\t<div class=\"elementor-element elementor-element-5a43b834 elementor-widget elementor-widget-text-editor\" data-id=\"5a43b834\" data-element_type=\"widget\" data-e-type=\"widget\" data-widget_type=\"text-editor.default\">\n\t\t\t\t<div class=\"elementor-widget-container\">\n\t\t\t\t\t\t\t\t\t<p>Pridajte sa k ALT-EDIC<\/p>\t\t\t\t\t\t\t\t<\/div>\n\t\t\t\t<\/div>\n\t\t\t\t\t<\/div>\n\t\t<\/div>\n\t\t\t\t<div class=\"elementor-column elementor-col-50 elementor-top-column elementor-element elementor-element-449fba0c elementor-invisible\" data-id=\"449fba0c\" data-element_type=\"column\" data-e-type=\"column\" data-settings='{\"animation\":\"slide-up\"}'>\n\t\t\t<div class=\"elementor-widget-wrap elementor-element-populated\">\n\t\t\t\t\t\t<div class=\"elementor-element elementor-element-70369fd6 elementor-widget__width-auto elementor-widget elementor-widget-text-editor\" data-id=\"70369fd6\" data-element_type=\"widget\" data-e-type=\"widget\" data-widget_type=\"text-editor.default\">\n\t\t\t\t<div class=\"elementor-widget-container\">\n\t\t\t\t\t\t\t\t\t<a class=\"btn-readmore st-dark\" href=\"https:\/\/www.alt-edic.eu\/sk\/job-offers\/\">Preh\u013ead\u00e1va\u0165 v\u0161etky pracovn\u00e9 ponuky<i class=\"ti-arrow-top-right\"><\/i><\/a>\t\t\t\t\t\t\t\t<\/div>\n\t\t\t\t<\/div>\n\t\t\t\t\t<\/div>\n\t\t<\/div>\n\t\t\t\t\t<\/div>\n\t\t<\/section>\n\t\t\t\t<section class=\"elementor-section elementor-top-section elementor-element elementor-element-77de6681 elementor-section-stretched elementor-section-boxed elementor-section-height-default elementor-section-height-default elementor-invisible\" data-id=\"77de6681\" data-element_type=\"section\" data-e-type=\"section\" data-settings='{\"stretch_section\":\"section-stretched\",\"background_background\":\"classic\",\"animation\":\"slide-up\"}'>\n\t\t\t\t\t\t<div class=\"elementor-container elementor-column-gap-extended\">\n\t\t\t\t\t<div class=\"elementor-column elementor-col-100 elementor-top-column elementor-element elementor-element-5ec9fb2c\" data-id=\"5ec9fb2c\" data-element_type=\"column\" data-e-type=\"column\">\n\t\t\t<div class=\"elementor-widget-wrap elementor-element-populated\">\n\t\t\t\t\t\t<div class=\"elementor-element elementor-element-5703a711 elementor-widget elementor-widget-apus_element_job_board_pro_jobs\" data-id=\"5703a711\" data-element_type=\"widget\" data-e-type=\"widget\" data-settings='{\"columns\":\"3\",\"slides_to_scroll\":1}' data-widget_type=\"apus_element_job_board_pro_jobs.default\">\n\t\t\t\t<div class=\"elementor-widget-container\">\n\t\t\t\t\t            <div class=\"widget-jobs carousel item-list-v8\">\n                                <div class=\"widget-content\">\n                                            <div class=\"slick-carousel\" data-items=\"3\" data-smallmedium=\"2\" data-extrasmall=\"1\" data-slidestoscroll=\"1\" data-slidestoscroll_smallmedium=\"1\" data-slidestoscroll_extrasmall=\"1\" data-pagination=\"true\" data-nav=\"true\" data-rows=\"1\" data-infinite=\"true\" data-autoplay=\"true\">\n                                                            <div class=\"item\">\n                                    <article id=\"post-10889\" class=\"map-item layout-job job-list v8 post-10889 job_listing type-job_listing status-publish hentry job_listing_type-full-time job_listing_category-development job_listing_category-it job_listing_category-language-technologies job_listing_category-programming job_listing_location-villers-cotterets\" data-latitude=\"\" data-longitude=\"\" data-img=\"https:\/\/www.alt-edic.eu\/wp-content\/uploads\/2021\/03\/favicon_blue_alt_edic_small_2025-150x150.png\">\n    <div class=\"flex top-info\">\n        <div class=\"employer-logo\">\r\n    \t        \t<a href=\"https:\/\/www.alt-edic.eu\/sk\/job-offers\/it-systems-engineer\/\">\r\n                \t\t<img decoding=\"async\" width=\"150\" height=\"150\" src=\"https:\/\/www.alt-edic.eu\/wp-content\/uploads\/2021\/03\/favicon_blue_alt_edic_small_2025-150x150.png\" class=\"attachment-thumbnail size-thumbnail\" alt=\"\" srcset=\"https:\/\/www.alt-edic.eu\/wp-content\/uploads\/2021\/03\/favicon_blue_alt_edic_small_2025-150x150.png 150w, https:\/\/www.alt-edic.eu\/wp-content\/uploads\/2021\/03\/favicon_blue_alt_edic_small_2025-300x300.png 300w, https:\/\/www.alt-edic.eu\/wp-content\/uploads\/2021\/03\/favicon_blue_alt_edic_small_2025-12x12.png 12w, https:\/\/www.alt-edic.eu\/wp-content\/uploads\/2021\/03\/favicon_blue_alt_edic_small_2025.png 400w\" sizes=\"(max-width: 150px) 100vw, 150px\">                \t<\/a>\r\n            <\/div>        <div class=\"inner-left flex-grow-1\">\n            <div class=\"job-list-content\">\n                <h3 class=\"job-title\"><a href=\"https:\/\/www.alt-edic.eu\/sk\/job-offers\/it-systems-engineer\/\" rel=\"bookmark\">In\u017einier IT syst\u00e9mov<\/a><\/h3>                <div class=\"info\">\n                                        \t\t<div class=\"category-job\">\r\n\t\t\t\t\t\t\t<div class=\"job-category\">\r\n\t\t\t\t\t\t\t        \t\t<span class=\"addon\">v<\/span>\r\n\t\t        \t\t\t\t\t\t\t\t\t\t\t\t\t\t\t\t\t\t<a href=\"https:\/\/www.alt-edic.eu\/sk\/job-category\/development\/\" style=\"\">Rozvoj<\/a>, \r\n\t\t\t\t\t\t\t\r\n\t\t        \t\t\t\t\t\t\t\t\t\t\t\t\t\t<a href=\"https:\/\/www.alt-edic.eu\/sk\/job-category\/it\/\" style=\"\">IT<\/a>, \r\n\t\t\t\t\t\t\t\r\n\t\t        \t\t\t\t\t\t\t\t\t\t\t\t\t\t<a href=\"https:\/\/www.alt-edic.eu\/sk\/job-category\/language-technologies\/\" style=\"\">Jazykov\u00e9 technol\u00f3gie<\/a>, \r\n\t\t\t\t\t\t\t\r\n\t\t        \t\t\t\t\t\t\t\t\t\t\t\t\t\t<a href=\"https:\/\/www.alt-edic.eu\/sk\/job-category\/programming\/\" style=\"\">Programovanie<\/a>\r\n\t\t\t\t\t\t\t\r\n\t\t        \t\t    \t<\/div>\r\n\t    <\/div>\r\n    \t                <\/div>\n            <\/div>\n        <\/div>\n    <\/div>\n    <div class=\"job-metas\">\n        <div class=\"job-type with-title\">\r\n\t\t\t\t\t\t            \t<a class=\"type-job\" href=\"https:\/\/www.alt-edic.eu\/sk\/job-type\/full-time\/\" style=\"\">Pln\u00fd \u00fav\u00e4zok<\/a>\r\n\t\t        \t\t    \t<\/div>        <div class=\"job-location\">\r\n\t\t\t                            <a href=\"https:\/\/www.alt-edic.eu\/sk\/job-location\/villers-cotterets\/\">Villers-Cotter\u00eats \/ hybridn\u00fd<\/a>                    <\/div>            <\/div>\n    <div class=\"flex-middle bottom-info\">\n        <div class=\"job-deadline with-title\">\r\n\t\t\t<strong>D\u00e1tum uz\u00e1vierky:<\/strong> <div class=\"deadline-closed\">Uz\u00e1vierka pod\u00e1vania prihl\u00e1\u0161ok je uzavret\u00e1.<\/div>\t\t<\/div>    <\/div>\n<\/article><!-- #post-## -->\n                                <\/div>\n                                                            <div class=\"item\">\n                                    <article id=\"post-8918\" class=\"map-item layout-job job-list v8 post-8918 job_listing type-job_listing status-publish hentry job_listing_type-full-time job_listing_category-language-technologies job_listing_category-lt-evaluation job_listing_category-project-management job_listing_location-villers-cotterets job_listing_tag-experience-with-lt-evaluation job_listing_tag-language-technologies job_listing_tag-project-management\" data-latitude=\"\" data-longitude=\"\" data-img=\"https:\/\/www.alt-edic.eu\/wp-content\/uploads\/2021\/03\/favicon_blue_alt_edic_small_2025-150x150.png\">\n    <div class=\"flex top-info\">\n        <div class=\"employer-logo\">\r\n    \t        \t<a href=\"https:\/\/www.alt-edic.eu\/sk\/job-offers\/language-technology-evaluation-manager\/\">\r\n                \t\t<img loading=\"lazy\" decoding=\"async\" width=\"150\" height=\"150\" src=\"https:\/\/www.alt-edic.eu\/wp-content\/uploads\/2021\/03\/favicon_blue_alt_edic_small_2025-150x150.png\" class=\"attachment-thumbnail size-thumbnail wp-post-image\" alt=\"\" srcset=\"https:\/\/www.alt-edic.eu\/wp-content\/uploads\/2021\/03\/favicon_blue_alt_edic_small_2025-150x150.png 150w, https:\/\/www.alt-edic.eu\/wp-content\/uploads\/2021\/03\/favicon_blue_alt_edic_small_2025-300x300.png 300w, https:\/\/www.alt-edic.eu\/wp-content\/uploads\/2021\/03\/favicon_blue_alt_edic_small_2025-12x12.png 12w, https:\/\/www.alt-edic.eu\/wp-content\/uploads\/2021\/03\/favicon_blue_alt_edic_small_2025.png 400w\" sizes=\"(max-width: 150px) 100vw, 150px\">            \t                \t<\/a>\r\n            <\/div>        <div class=\"inner-left flex-grow-1\">\n            <div class=\"job-list-content\">\n                <h3 class=\"job-title\"><a href=\"https:\/\/www.alt-edic.eu\/sk\/job-offers\/language-technology-evaluation-manager\/\" rel=\"bookmark\">Mana\u017e\u00e9r pre hodnotenie jazykov\u00fdch technol\u00f3gi\u00ed<\/a><\/h3>                <div class=\"info\">\n                    <h3 class=\"employer-title\">\r\n\t        \t\t        \t\t<span class=\"addon\">prostredn\u00edctvom<\/span>\r\n\t        \t\t            <a href=\"https:\/\/www.alt-edic.eu\/sk\/employer\/contact-altedic\/\">\r\n\t            \t\t                ALT-EDIC\t            <\/a>\r\n\t        <\/h3>                    \t\t<div class=\"category-job\">\r\n\t\t\t\t\t\t\t<div class=\"job-category\">\r\n\t\t\t\t\t\t\t        \t\t<span class=\"addon\">v<\/span>\r\n\t\t        \t\t\t\t\t\t\t\t\t\t\t\t\t\t\t\t\t\t<a href=\"https:\/\/www.alt-edic.eu\/sk\/job-category\/language-technologies\/\" style=\"\">Jazykov\u00e9 technol\u00f3gie<\/a>, \r\n\t\t\t\t\t\t\t\r\n\t\t        \t\t\t\t\t\t\t\t\t\t\t\t\t\t<a href=\"https:\/\/www.alt-edic.eu\/sk\/job-category\/lt-evaluation\/\" style=\"\">Hodnotenie LT<\/a>, \r\n\t\t\t\t\t\t\t\r\n\t\t        \t\t\t\t\t\t\t\t\t\t\t\t\t\t<a href=\"https:\/\/www.alt-edic.eu\/sk\/job-category\/project-management\/\" style=\"\">Riadenie projektov<\/a>\r\n\t\t\t\t\t\t\t\r\n\t\t        \t\t    \t<\/div>\r\n\t    <\/div>\r\n    \t                <\/div>\n            <\/div>\n        <\/div>\n    <\/div>\n    <div class=\"job-metas\">\n        <div class=\"job-type with-title\">\r\n\t\t\t\t\t\t            \t<a class=\"type-job\" href=\"https:\/\/www.alt-edic.eu\/sk\/job-type\/full-time\/\" style=\"\">Pln\u00fd \u00fav\u00e4zok<\/a>\r\n\t\t        \t\t    \t<\/div>        <div class=\"job-location\">\r\n\t\t\t                            <a href=\"https:\/\/www.alt-edic.eu\/sk\/job-location\/villers-cotterets\/\">Villers-Cotter\u00eats \/ hybridn\u00fd<\/a>                    <\/div>            <\/div>\n    <div class=\"flex-middle bottom-info\">\n        <div class=\"job-deadline with-title\">\r\n\t\t\t<strong>D\u00e1tum uz\u00e1vierky:<\/strong> <div class=\"deadline-closed\">Uz\u00e1vierka pod\u00e1vania prihl\u00e1\u0161ok je uzavret\u00e1.<\/div>\t\t<\/div>    <\/div>\n<\/article><!-- #post-## -->\n                                <\/div>\n                                                            <div class=\"item\">\n                                    <article id=\"post-8917\" class=\"map-item layout-job job-list v8 post-8917 job_listing type-job_listing status-publish hentry job_listing_type-full-time job_listing_category-data-annotation job_listing_category-language-technologies job_listing_category-linguistics job_listing_category-project-management job_listing_location-villers-cotterets job_listing_tag-developping-annotation-guidelines job_listing_tag-knowledge-of-language-technologies job_listing_tag-linguistics job_listing_tag-managing-data\" data-latitude=\"\" data-longitude=\"\" data-img=\"https:\/\/www.alt-edic.eu\/wp-content\/uploads\/2021\/03\/favicon_blue_alt_edic_small_2025-150x150.png\">\n    <div class=\"flex top-info\">\n        <div class=\"employer-logo\">\r\n    \t        \t<a href=\"https:\/\/www.alt-edic.eu\/sk\/job-offers\/linguistic-data-manager\/\">\r\n                \t\t<img loading=\"lazy\" decoding=\"async\" width=\"150\" height=\"150\" src=\"https:\/\/www.alt-edic.eu\/wp-content\/uploads\/2021\/03\/favicon_blue_alt_edic_small_2025-150x150.png\" class=\"attachment-thumbnail size-thumbnail wp-post-image\" alt=\"\" srcset=\"https:\/\/www.alt-edic.eu\/wp-content\/uploads\/2021\/03\/favicon_blue_alt_edic_small_2025-150x150.png 150w, https:\/\/www.alt-edic.eu\/wp-content\/uploads\/2021\/03\/favicon_blue_alt_edic_small_2025-300x300.png 300w, https:\/\/www.alt-edic.eu\/wp-content\/uploads\/2021\/03\/favicon_blue_alt_edic_small_2025-12x12.png 12w, https:\/\/www.alt-edic.eu\/wp-content\/uploads\/2021\/03\/favicon_blue_alt_edic_small_2025.png 400w\" sizes=\"(max-width: 150px) 100vw, 150px\">            \t                \t<\/a>\r\n            <\/div>        <div class=\"inner-left flex-grow-1\">\n            <div class=\"job-list-content\">\n                <h3 class=\"job-title\"><a href=\"https:\/\/www.alt-edic.eu\/sk\/job-offers\/linguistic-data-manager\/\" rel=\"bookmark\">Spr\u00e1vca jazykov\u00fdch \u00fadajov<\/a><\/h3>                <div class=\"info\">\n                    <h3 class=\"employer-title\">\r\n\t        \t\t        \t\t<span class=\"addon\">prostredn\u00edctvom<\/span>\r\n\t        \t\t            <a href=\"https:\/\/www.alt-edic.eu\/sk\/employer\/contact-altedic\/\">\r\n\t            \t\t                ALT-EDIC\t            <\/a>\r\n\t        <\/h3>                    \t\t<div class=\"category-job\">\r\n\t\t\t\t\t\t\t<div class=\"job-category\">\r\n\t\t\t\t\t\t\t        \t\t<span class=\"addon\">v<\/span>\r\n\t\t        \t\t\t\t\t\t\t\t\t\t\t\t\t\t\t\t\t\t<a href=\"https:\/\/www.alt-edic.eu\/sk\/job-category\/data-annotation\/\" style=\"\">Anot\u00e1cia \u00fadajov<\/a>, \r\n\t\t\t\t\t\t\t\r\n\t\t        \t\t\t\t\t\t\t\t\t\t\t\t\t\t<a href=\"https:\/\/www.alt-edic.eu\/sk\/job-category\/language-technologies\/\" style=\"\">Jazykov\u00e9 technol\u00f3gie<\/a>, \r\n\t\t\t\t\t\t\t\r\n\t\t        \t\t\t\t\t\t\t\t\t\t\t\t\t\t<a href=\"https:\/\/www.alt-edic.eu\/sk\/job-category\/linguistics\/\" style=\"\">Jazykov\u00e9 znalosti<\/a>, \r\n\t\t\t\t\t\t\t\r\n\t\t        \t\t\t\t\t\t\t\t\t\t\t\t\t\t<a href=\"https:\/\/www.alt-edic.eu\/sk\/job-category\/project-management\/\" style=\"\">Riadenie projektov<\/a>\r\n\t\t\t\t\t\t\t\r\n\t\t        \t\t    \t<\/div>\r\n\t    <\/div>\r\n    \t                <\/div>\n            <\/div>\n        <\/div>\n    <\/div>\n    <div class=\"job-metas\">\n        <div class=\"job-type with-title\">\r\n\t\t\t\t\t\t            \t<a class=\"type-job\" href=\"https:\/\/www.alt-edic.eu\/sk\/job-type\/full-time\/\" style=\"\">Pln\u00fd \u00fav\u00e4zok<\/a>\r\n\t\t        \t\t    \t<\/div>        <div class=\"job-location\">\r\n\t\t\t                            <a href=\"https:\/\/www.alt-edic.eu\/sk\/job-location\/villers-cotterets\/\">Villers-Cotter\u00eats \/ hybridn\u00fd<\/a>                    <\/div>            <\/div>\n    <div class=\"flex-middle bottom-info\">\n        <div class=\"job-deadline with-title\">\r\n\t\t\t<strong>D\u00e1tum uz\u00e1vierky:<\/strong> <div class=\"deadline-closed\">Uz\u00e1vierka pod\u00e1vania prihl\u00e1\u0161ok je uzavret\u00e1.<\/div>\t\t<\/div>    <\/div>\n<\/article><!-- #post-## -->\n                                <\/div>\n                                                            <div class=\"item\">\n                                    <article id=\"post-8919\" class=\"map-item layout-job job-list v8 post-8919 job_listing type-job_listing status-publish hentry job_listing_type-full-time job_listing_category-development job_listing_category-language-technologies job_listing_category-programming job_listing_location-villers-cotterets job_listing_tag-development job_listing_tag-language-technologies job_listing_tag-programming\" data-latitude=\"\" data-longitude=\"\" data-img=\"https:\/\/www.alt-edic.eu\/wp-content\/uploads\/2021\/03\/favicon_blue_alt_edic_small_2025-150x150.png\">\n    <div class=\"flex top-info\">\n        <div class=\"employer-logo\">\r\n    \t        \t<a href=\"https:\/\/www.alt-edic.eu\/sk\/job-offers\/software-developer\/\">\r\n                \t\t<img loading=\"lazy\" decoding=\"async\" width=\"150\" height=\"150\" src=\"https:\/\/www.alt-edic.eu\/wp-content\/uploads\/2021\/03\/favicon_blue_alt_edic_small_2025-150x150.png\" class=\"attachment-thumbnail size-thumbnail wp-post-image\" alt=\"\" srcset=\"https:\/\/www.alt-edic.eu\/wp-content\/uploads\/2021\/03\/favicon_blue_alt_edic_small_2025-150x150.png 150w, https:\/\/www.alt-edic.eu\/wp-content\/uploads\/2021\/03\/favicon_blue_alt_edic_small_2025-300x300.png 300w, https:\/\/www.alt-edic.eu\/wp-content\/uploads\/2021\/03\/favicon_blue_alt_edic_small_2025-12x12.png 12w, https:\/\/www.alt-edic.eu\/wp-content\/uploads\/2021\/03\/favicon_blue_alt_edic_small_2025.png 400w\" sizes=\"(max-width: 150px) 100vw, 150px\">            \t                \t<\/a>\r\n            <\/div>        <div class=\"inner-left flex-grow-1\">\n            <div class=\"job-list-content\">\n                <h3 class=\"job-title\"><a href=\"https:\/\/www.alt-edic.eu\/sk\/job-offers\/software-developer\/\" rel=\"bookmark\">Softv\u00e9rov\u00fd v\u00fdvoj\u00e1r<\/a><\/h3>                <div class=\"info\">\n                    <h3 class=\"employer-title\">\r\n\t        \t\t        \t\t<span class=\"addon\">prostredn\u00edctvom<\/span>\r\n\t        \t\t            <a href=\"https:\/\/www.alt-edic.eu\/sk\/employer\/contact-altedic\/\">\r\n\t            \t\t                ALT-EDIC\t            <\/a>\r\n\t        <\/h3>                    \t\t<div class=\"category-job\">\r\n\t\t\t\t\t\t\t<div class=\"job-category\">\r\n\t\t\t\t\t\t\t        \t\t<span class=\"addon\">v<\/span>\r\n\t\t        \t\t\t\t\t\t\t\t\t\t\t\t\t\t\t\t\t\t<a href=\"https:\/\/www.alt-edic.eu\/sk\/job-category\/development\/\" style=\"\">Rozvoj<\/a>, \r\n\t\t\t\t\t\t\t\r\n\t\t        \t\t\t\t\t\t\t\t\t\t\t\t\t\t<a href=\"https:\/\/www.alt-edic.eu\/sk\/job-category\/language-technologies\/\" style=\"\">Jazykov\u00e9 technol\u00f3gie<\/a>, \r\n\t\t\t\t\t\t\t\r\n\t\t        \t\t\t\t\t\t\t\t\t\t\t\t\t\t<a href=\"https:\/\/www.alt-edic.eu\/sk\/job-category\/programming\/\" style=\"\">Programovanie<\/a>\r\n\t\t\t\t\t\t\t\r\n\t\t        \t\t    \t<\/div>\r\n\t    <\/div>\r\n    \t                <\/div>\n            <\/div>\n        <\/div>\n    <\/div>\n    <div class=\"job-metas\">\n        <div class=\"job-type with-title\">\r\n\t\t\t\t\t\t            \t<a class=\"type-job\" href=\"https:\/\/www.alt-edic.eu\/sk\/job-type\/full-time\/\" style=\"\">Pln\u00fd \u00fav\u00e4zok<\/a>\r\n\t\t        \t\t    \t<\/div>        <div class=\"job-location\">\r\n\t\t\t                            <a href=\"https:\/\/www.alt-edic.eu\/sk\/job-location\/villers-cotterets\/\">Villers-Cotter\u00eats \/ hybridn\u00fd<\/a>                    <\/div>            <\/div>\n    <div class=\"flex-middle bottom-info\">\n        <div class=\"job-deadline with-title\">\r\n\t\t\t<strong>D\u00e1tum uz\u00e1vierky:<\/strong> <div class=\"deadline-closed\">Uz\u00e1vierka pod\u00e1vania prihl\u00e1\u0161ok je uzavret\u00e1.<\/div>\t\t<\/div>    <\/div>\n<\/article><!-- #post-## -->\n                                <\/div>\n                                                            <div class=\"item\">\n                                    <article id=\"post-8913\" class=\"map-item layout-job job-list v8 post-8913 job_listing type-job_listing status-publish hentry job_listing_type-full-time job_listing_category-coordination job_listing_category-europe job_listing_category-project-management job_listing_category-writing-skills job_listing_location-villers-cotterets job_listing_tag-communication job_listing_tag-european-project-management job_listing_tag-writing-skills\" data-latitude=\"\" data-longitude=\"\" data-img=\"https:\/\/www.alt-edic.eu\/wp-content\/uploads\/2021\/03\/favicon_blue_alt_edic_small_2025-150x150.png\">\n    <div class=\"flex top-info\">\n        <div class=\"employer-logo\">\r\n    \t        \t<a href=\"https:\/\/www.alt-edic.eu\/sk\/job-offers\/project-manager\/\">\r\n                \t\t<img loading=\"lazy\" decoding=\"async\" width=\"150\" height=\"150\" src=\"https:\/\/www.alt-edic.eu\/wp-content\/uploads\/2021\/03\/favicon_blue_alt_edic_small_2025-150x150.png\" class=\"attachment-thumbnail size-thumbnail wp-post-image\" alt=\"\" srcset=\"https:\/\/www.alt-edic.eu\/wp-content\/uploads\/2021\/03\/favicon_blue_alt_edic_small_2025-150x150.png 150w, https:\/\/www.alt-edic.eu\/wp-content\/uploads\/2021\/03\/favicon_blue_alt_edic_small_2025-300x300.png 300w, https:\/\/www.alt-edic.eu\/wp-content\/uploads\/2021\/03\/favicon_blue_alt_edic_small_2025-12x12.png 12w, https:\/\/www.alt-edic.eu\/wp-content\/uploads\/2021\/03\/favicon_blue_alt_edic_small_2025.png 400w\" sizes=\"(max-width: 150px) 100vw, 150px\">            \t                \t<\/a>\r\n            <\/div>        <div class=\"inner-left flex-grow-1\">\n            <div class=\"job-list-content\">\n                <h3 class=\"job-title\"><a href=\"https:\/\/www.alt-edic.eu\/sk\/job-offers\/project-manager\/\" rel=\"bookmark\">Projektov\u00fd mana\u017e\u00e9r<\/a><\/h3>                <div class=\"info\">\n                    <h3 class=\"employer-title\">\r\n\t        \t\t        \t\t<span class=\"addon\">prostredn\u00edctvom<\/span>\r\n\t        \t\t            <a href=\"https:\/\/www.alt-edic.eu\/sk\/employer\/contact-altedic\/\">\r\n\t            \t\t                ALT-EDIC\t            <\/a>\r\n\t        <\/h3>                    \t\t<div class=\"category-job\">\r\n\t\t\t\t\t\t\t<div class=\"job-category\">\r\n\t\t\t\t\t\t\t        \t\t<span class=\"addon\">v<\/span>\r\n\t\t        \t\t\t\t\t\t\t\t\t\t\t\t\t\t\t\t\t\t<a href=\"https:\/\/www.alt-edic.eu\/sk\/job-category\/coordination\/\" style=\"\">Koordin\u00e1cia<\/a>, \r\n\t\t\t\t\t\t\t\r\n\t\t        \t\t\t\t\t\t\t\t\t\t\t\t\t\t<a href=\"https:\/\/www.alt-edic.eu\/sk\/job-category\/europe\/\" style=\"\">Eur\u00f3pa<\/a>, \r\n\t\t\t\t\t\t\t\r\n\t\t        \t\t\t\t\t\t\t\t\t\t\t\t\t\t<a href=\"https:\/\/www.alt-edic.eu\/sk\/job-category\/project-management\/\" style=\"\">Riadenie projektov<\/a>, \r\n\t\t\t\t\t\t\t\r\n\t\t        \t\t\t\t\t\t\t\t\t\t\t\t\t\t<a href=\"https:\/\/www.alt-edic.eu\/sk\/job-category\/writing-skills\/\" style=\"\">Zru\u010dnosti v oblasti p\u00edsania<\/a>\r\n\t\t\t\t\t\t\t\r\n\t\t        \t\t    \t<\/div>\r\n\t    <\/div>\r\n    \t                <\/div>\n            <\/div>\n        <\/div>\n    <\/div>\n    <div class=\"job-metas\">\n        <div class=\"job-type with-title\">\r\n\t\t\t\t\t\t            \t<a class=\"type-job\" href=\"https:\/\/www.alt-edic.eu\/sk\/job-type\/full-time\/\" style=\"\">Pln\u00fd \u00fav\u00e4zok<\/a>\r\n\t\t        \t\t    \t<\/div>        <div class=\"job-location\">\r\n\t\t\t                            <a href=\"https:\/\/www.alt-edic.eu\/sk\/job-location\/villers-cotterets\/\">Villers-Cotter\u00eats \/ hybridn\u00fd<\/a>                    <\/div>            <\/div>\n    <div class=\"flex-middle bottom-info\">\n        <div class=\"job-deadline with-title\">\r\n\t\t\t<strong>D\u00e1tum uz\u00e1vierky:<\/strong> <div class=\"deadline-closed\">Uz\u00e1vierka pod\u00e1vania prihl\u00e1\u0161ok je uzavret\u00e1.<\/div>\t\t<\/div>    <\/div>\n<\/article><!-- #post-## -->\n                                <\/div>\n                                                            <div class=\"item\">\n                                    <article id=\"post-8915\" class=\"map-item layout-job job-list v8 post-8915 job_listing type-job_listing status-publish hentry job_listing_type-full-time job_listing_category-communication job_listing_category-content-creation job_listing_category-design-skills job_listing_category-event-organisation job_listing_category-writing-skills job_listing_location-villers-cotterets job_listing_tag-communication job_listing_tag-content-creation job_listing_tag-design-skills job_listing_tag-event-organisation job_listing_tag-writing-skills\" data-latitude=\"\" data-longitude=\"\" data-img=\"https:\/\/www.alt-edic.eu\/wp-content\/uploads\/2021\/03\/favicon_blue_alt_edic_small_2025-150x150.png\">\n    <div class=\"flex top-info\">\n        <div class=\"employer-logo\">\r\n    \t        \t<a href=\"https:\/\/www.alt-edic.eu\/sk\/job-offers\/communication-and-dissemination-officer\/\">\r\n                \t\t<img loading=\"lazy\" decoding=\"async\" width=\"150\" height=\"150\" src=\"https:\/\/www.alt-edic.eu\/wp-content\/uploads\/2021\/03\/favicon_blue_alt_edic_small_2025-150x150.png\" class=\"attachment-thumbnail size-thumbnail wp-post-image\" alt=\"\" srcset=\"https:\/\/www.alt-edic.eu\/wp-content\/uploads\/2021\/03\/favicon_blue_alt_edic_small_2025-150x150.png 150w, https:\/\/www.alt-edic.eu\/wp-content\/uploads\/2021\/03\/favicon_blue_alt_edic_small_2025-300x300.png 300w, https:\/\/www.alt-edic.eu\/wp-content\/uploads\/2021\/03\/favicon_blue_alt_edic_small_2025-12x12.png 12w, https:\/\/www.alt-edic.eu\/wp-content\/uploads\/2021\/03\/favicon_blue_alt_edic_small_2025.png 400w\" sizes=\"(max-width: 150px) 100vw, 150px\">            \t                \t<\/a>\r\n            <\/div>        <div class=\"inner-left flex-grow-1\">\n            <div class=\"job-list-content\">\n                <h3 class=\"job-title\"><a href=\"https:\/\/www.alt-edic.eu\/sk\/job-offers\/communication-and-dissemination-officer\/\" rel=\"bookmark\">\u00daradn\u00edk pre komunik\u00e1ciu a \u0161\u00edrenie inform\u00e1ci\u00ed<\/a><\/h3>                <div class=\"info\">\n                    <h3 class=\"employer-title\">\r\n\t        \t\t        \t\t<span class=\"addon\">prostredn\u00edctvom<\/span>\r\n\t        \t\t            <a href=\"https:\/\/www.alt-edic.eu\/sk\/employer\/contact-altedic\/\">\r\n\t            \t\t                ALT-EDIC\t            <\/a>\r\n\t        <\/h3>                    \t\t<div class=\"category-job\">\r\n\t\t\t\t\t\t\t<div class=\"job-category\">\r\n\t\t\t\t\t\t\t        \t\t<span class=\"addon\">v<\/span>\r\n\t\t        \t\t\t\t\t\t\t\t\t\t\t\t\t\t\t\t\t\t<a href=\"https:\/\/www.alt-edic.eu\/sk\/job-category\/communication\/\" style=\"\">Komunik\u00e1cia<\/a>, \r\n\t\t\t\t\t\t\t\r\n\t\t        \t\t\t\t\t\t\t\t\t\t\t\t\t\t<a href=\"https:\/\/www.alt-edic.eu\/sk\/job-category\/content-creation\/\" style=\"\">Tvorba obsahu<\/a>, \r\n\t\t\t\t\t\t\t\r\n\t\t        \t\t\t\t\t\t\t\t\t\t\t\t\t\t<a href=\"https:\/\/www.alt-edic.eu\/sk\/job-category\/design-skills\/\" style=\"\">Zru\u010dnosti v oblasti navrhovania<\/a>, \r\n\t\t\t\t\t\t\t\r\n\t\t        \t\t\t\t\t\t\t\t\t\t\t\t\t\t<a href=\"https:\/\/www.alt-edic.eu\/sk\/job-category\/event-organisation\/\" style=\"\">Organiz\u00e1cia podujatia<\/a>, \r\n\t\t\t\t\t\t\t\r\n\t\t        \t\t\t\t\t\t\t\t\t\t\t\t\t\t<a href=\"https:\/\/www.alt-edic.eu\/sk\/job-category\/writing-skills\/\" style=\"\">Zru\u010dnosti v oblasti p\u00edsania<\/a>\r\n\t\t\t\t\t\t\t\r\n\t\t        \t\t    \t<\/div>\r\n\t    <\/div>\r\n    \t                <\/div>\n            <\/div>\n        <\/div>\n    <\/div>\n    <div class=\"job-metas\">\n        <div class=\"job-type with-title\">\r\n\t\t\t\t\t\t            \t<a class=\"type-job\" href=\"https:\/\/www.alt-edic.eu\/sk\/job-type\/full-time\/\" style=\"\">Pln\u00fd \u00fav\u00e4zok<\/a>\r\n\t\t        \t\t    \t<\/div>        <div class=\"job-location\">\r\n\t\t\t                            <a href=\"https:\/\/www.alt-edic.eu\/sk\/job-location\/villers-cotterets\/\">Villers-Cotter\u00eats \/ hybridn\u00fd<\/a>                    <\/div>            <\/div>\n    <div class=\"flex-middle bottom-info\">\n        <div class=\"job-deadline with-title\">\r\n\t\t\t<strong>D\u00e1tum uz\u00e1vierky:<\/strong> <div class=\"deadline-closed\">Uz\u00e1vierka pod\u00e1vania prihl\u00e1\u0161ok je uzavret\u00e1.<\/div>\t\t<\/div>    <\/div>\n<\/article><!-- #post-## -->\n                                <\/div>\n                                                    <\/div>\n                                                        <\/div>\n            <\/div>\n            \t\t\t\t<\/div>\n\t\t\t\t<\/div>\n\t\t\t\t\t<\/div>\n\t\t<\/div>\n\t\t\t\t\t<\/div>\n\t\t<\/section>\n\t\t\t\t<section class=\"elementor-section elementor-top-section elementor-element elementor-element-940a241 elementor-section-stretched elementor-section-content-middle elementor-section-height-full elementor-section-boxed elementor-section-height-default elementor-section-items-middle elementor-invisible\" data-id=\"940a241\" data-element_type=\"section\" data-e-type=\"section\" data-settings='{\"stretch_section\":\"section-stretched\",\"animation\":\"slide-up\"}'>\n\t\t\t\t\t\t<div class=\"elementor-container elementor-column-gap-no\">\n\t\t\t\t\t<div class=\"elementor-column elementor-col-33 elementor-top-column elementor-element elementor-element-0c8ec85\" data-id=\"0c8ec85\" data-element_type=\"column\" data-e-type=\"column\">\n\t\t\t<div class=\"elementor-widget-wrap elementor-element-populated\">\n\t\t\t\t\t\t<div class=\"elementor-element elementor-element-cd8844a elementor-widget__width-initial elementor-widget elementor-widget-image\" data-id=\"cd8844a\" data-element_type=\"widget\" data-e-type=\"widget\" data-widget_type=\"image.default\">\n\t\t\t\t<div class=\"elementor-widget-container\">\n\t\t\t\t\t\t\t\t\t\t\t\t\t\t\t<img loading=\"lazy\" decoding=\"async\" width=\"500\" height=\"630\" src=\"https:\/\/www.alt-edic.eu\/wp-content\/uploads\/2024\/10\/Juan-Martinez-Samalea-and-Thibault-Grouas.jpg\" class=\"attachment-medium_large size-medium_large wp-image-9442\" alt=\"Juan Martinez Samalea a Thibault Grouas[upravi\u0165 upravi\u0165 zdroj]\" srcset=\"https:\/\/www.alt-edic.eu\/wp-content\/uploads\/2024\/10\/Juan-Martinez-Samalea-and-Thibault-Grouas.jpg 500w, https:\/\/www.alt-edic.eu\/wp-content\/uploads\/2024\/10\/Juan-Martinez-Samalea-and-Thibault-Grouas-238x300.jpg 238w, https:\/\/www.alt-edic.eu\/wp-content\/uploads\/2024\/10\/Juan-Martinez-Samalea-and-Thibault-Grouas-10x12.jpg 10w, https:\/\/www.alt-edic.eu\/wp-content\/uploads\/2024\/10\/elementor\/thumbs\/Juan-Martinez-Samalea-and-Thibault-Grouas-qxvx88delb5qeldbcpkf42aetparyux2yseu9i6oxy.jpg 387w\" sizes=\"(max-width: 500px) 100vw, 500px\">\t\t\t\t\t\t\t\t\t\t\t\t\t\t\t<\/div>\n\t\t\t\t<\/div>\n\t\t\t\t<div class=\"elementor-element elementor-element-73f5b36 elementor-widget__width-initial elementor-widget elementor-widget-text-editor\" data-id=\"73f5b36\" data-element_type=\"widget\" data-e-type=\"widget\" data-widget_type=\"text-editor.default\">\n\t\t\t\t<div class=\"elementor-widget-container\">\n\t\t\t\t\t\t\t\t\t<p style=\"text-align: center;\"><span style=\"font-family: var(--superio-heading-font), Arial, sans-serif;\"><br>p\u00e1n<\/span><em style=\"font-family: var(--superio-heading-font), Arial, sans-serif;\"> Juan Martinez Samalea a Thibault Grouas,<br><\/em><em style=\"font-family: var(--superio-heading-font), Arial, sans-serif;\">b\u00fdval\u00fd podpredseda a predseda <\/em><em style=\"font-family: var(--superio-heading-font), Arial, sans-serif;\">Zhroma\u017edenie \u010dlenov ALT-EDIC<\/em><\/p>\t\t\t\t\t\t\t\t<\/div>\n\t\t\t\t<\/div>\n\t\t\t\t\t<\/div>\n\t\t<\/div>\n\t\t\t\t<div class=\"elementor-column elementor-col-66 elementor-top-column elementor-element elementor-element-873bde7\" data-id=\"873bde7\" data-element_type=\"column\" data-e-type=\"column\">\n\t\t\t<div class=\"elementor-widget-wrap elementor-element-populated\">\n\t\t\t\t\t\t<div class=\"elementor-element elementor-element-50ec514 elementor-widget__width-initial elementor-widget elementor-widget-apus_element_testimonials\" data-id=\"50ec514\" data-element_type=\"widget\" data-e-type=\"widget\" data-widget_type=\"apus_element_testimonials.default\">\n\t\t\t\t<div class=\"elementor-widget-container\">\n\t\t\t\t\t            <div class=\"widget-testimonials  style5\">\n                \n                \n                    <div class=\"slick-carousel testimonial-main\" data-items=\"1\" data-smallmedium=\"1\" data-extrasmall=\"1\" data-pagination=\"false\" data-nav=\"true\" data-infinite=\"true\">\n                                                                        <div class=\"item\">\n                                <div class=\"testimonials-item style5\">\n                                                                                                                    \n                                                                                    <div class=\"description\">Aliancia pre jazykov\u00e9 technol\u00f3gie n\u00e1m umo\u017e\u0148uje potvrdi\u0165 n\u00e1\u0161 pevn\u00fd z\u00e1v\u00e4zok vo\u010di rozmanitosti jazykov v Eur\u00f3pe. Spolu s na\u0161imi partnermi pracujeme na v\u00fdvoji konkurencieschopn\u00fdch eur\u00f3pskych technol\u00f3gi\u00ed, ktor\u00e9 zoh\u013ead\u0148uj\u00fa t\u00fato rozmanitos\u0165, aby ka\u017ed\u00fd mohol pou\u017e\u00edva\u0165 n\u00e1stroje, ktor\u00e9 hovoria, p\u00ed\u0161u a rozumej\u00fa jeho jazyku a integruj\u00fa na\u0161e kult\u00farne \u0161pecifik\u00e1.<\/div>\n                                        \n                                        <div class=\"bottom-info flex-middle\">\n                                                                                        <div class=\"info-testimonials\">\n\n                                                <h3 class=\"name-client\">Thibault Grouas<\/h3>                                                \n                                                                                                    <div class=\"job\">b\u00fdval\u00fd predseda konzorcia ALT-EDIC<\/div>\n                                                \n                                            <\/div>\n                                        <\/div>\n                                                                    <\/div>\n\n                        <\/div>\n                                            <\/div>\n\n                            <\/div>\n            \t\t\t\t<\/div>\n\t\t\t\t<\/div>\n\t\t\t\t<div class=\"elementor-element elementor-element-42a96f2 elementor-widget elementor-widget-button\" data-id=\"42a96f2\" data-element_type=\"widget\" data-e-type=\"widget\" data-widget_type=\"button.default\">\n\t\t\t\t<div class=\"elementor-widget-container\">\n\t\t\t\t\t\t\t\t\t<div class=\"elementor-button-wrapper\">\n\t\t\t\t\t<a class=\"elementor-button elementor-button-link elementor-size-md\" href=\"https:\/\/www.alt-edic.eu\/sk\/governance\/\">\n\t\t\t\t\t\t<span class=\"elementor-button-content-wrapper\">\n\t\t\t\t\t\t<span class=\"elementor-button-icon\">\n\t\t\t\t<svg xmlns=\"http:\/\/www.w3.org\/2000\/svg\" width=\"20\" height=\"20\" viewbox=\"0 0 20 20\" fill=\"none\" style=\"fill: transparent;\"><path d=\"M15.8335 2.9165L4.16683 14.5832\" stroke=\"currentColor\" stroke-width=\"1.5\" stroke-miterlimit=\"10\" stroke-linecap=\"round\" stroke-linejoin=\"round\"><\/path><path d=\"M15.8335 11.4748V2.9165H7.27516\" stroke=\"currentColor\" stroke-width=\"1.5\" stroke-miterlimit=\"10\" stroke-linecap=\"round\" stroke-linejoin=\"round\"><\/path><\/svg>\t\t\t<\/span>\n\t\t\t\t\t\t\t\t\t<span class=\"elementor-button-text\">Na\u0161e riadenie<\/span>\n\t\t\t\t\t<\/span>\n\t\t\t\t\t<\/a>\n\t\t\t\t<\/div>\n\t\t\t\t\t\t\t\t<\/div>\n\t\t\t\t<\/div>\n\t\t\t\t\t<\/div>\n\t\t<\/div>\n\t\t\t\t\t<\/div>\n\t\t<\/section>\n\t\t\t\t<section class=\"elementor-section elementor-top-section elementor-element elementor-element-3d8e8f82 elementor-section-stretched elementor-section-boxed elementor-section-height-default elementor-section-height-default\" data-id=\"3d8e8f82\" data-element_type=\"section\" data-e-type=\"section\" data-settings='{\"stretch_section\":\"section-stretched\",\"background_background\":\"classic\"}'>\n\t\t\t\t\t\t<div class=\"elementor-container elementor-column-gap-extended\">\n\t\t\t\t\t<div class=\"elementor-column elementor-col-100 elementor-top-column elementor-element elementor-element-6d1fd271 elementor-invisible\" data-id=\"6d1fd271\" data-element_type=\"column\" data-e-type=\"column\" data-settings='{\"animation\":\"slide-up\"}'>\n\t\t\t<div class=\"elementor-widget-wrap elementor-element-populated\">\n\t\t\t\t\t\t<div class=\"elementor-element elementor-element-6f9d0547 elementor-widget elementor-widget-heading\" data-id=\"6f9d0547\" data-element_type=\"widget\" data-e-type=\"widget\" data-widget_type=\"heading.default\">\n\t\t\t\t<div class=\"elementor-widget-container\">\n\t\t\t\t\t<h2 class=\"elementor-heading-title elementor-size-default\">Najnov\u0161ie spr\u00e1vy<\/h2>\t\t\t\t<\/div>\n\t\t\t\t<\/div>\n\t\t\t\t<div class=\"elementor-element elementor-element-2d9586a0 elementor-widget elementor-widget-apus_element_posts\" data-id=\"2d9586a0\" data-element_type=\"widget\" data-e-type=\"widget\" data-widget_type=\"apus_element_posts.default\">\n\t\t\t\t<div class=\"elementor-widget-container\">\n\t\t\t\t\t            <div class=\"widget-blogs\">\n                                <div class=\"widget-content\">\n\n                                            <div class=\"slick-carousel\" data-items=\"3\" data-smallmedium=\"2\" data-extrasmall=\"1\" data-pagination=\"false\" data-nav=\"true\">\n                                                            <div class=\"item\">\n                                    <article class=\"post post-layout post-grid post-11489 type-post status-publish format-standard has-post-thumbnail hentry category-news\">\n            <div class=\"top-image\">\n            <figure class=\"entry-thumb\"><a class=\"post-thumbnail\" href=\"https:\/\/www.alt-edic.eu\/sk\/news\/the-alt-edic-assembly-of-members-welcomes-its-new-chair-and-vice-chair\/\" aria-hidden=\"true\"><div class=\"image-wrapper\"><img loading=\"lazy\" decoding=\"async\" width=\"390\" height=\"250\" src=\"data:image\/svg+xml;charset=utf-8,%3Csvg%20xmlns%3D'http%3A%2F%2Fwww.w3.org%2F2000%2Fsvg'%20viewBox%3D'0%200%20390%20250'%2F%3E\" class=\"attachment-390x250x1x1 size-390x250x1x1 unveil-image\" alt=\"\" data-src=\"https:\/\/www.alt-edic.eu\/wp-content\/uploads\/elementor\/thumbs\/signal-2026-06-23-105202_022-scaled-rpgwj7ciuhmwp6tsw36opb3a71lo1vv1fwbeflddms.jpeg\"><\/div><\/a><\/figure>         <\/div>\n        <div class=\"inner-bottom\">\n        <div class=\"top-info\">\n            <div class=\"date\">\n                25 j\u00fana 2026            <\/div>\n            <div class=\"list-categories\"><a href=\"https:\/\/www.alt-edic.eu\/sk\/category\/news\/\" class=\"categories-name\">Novinky<\/a><\/div>       \n        <\/div>\n                    <h3 class=\"entry-title\">\n                <a href=\"https:\/\/www.alt-edic.eu\/sk\/news\/the-alt-edic-assembly-of-members-welcomes-its-new-chair-and-vice-chair\/\">Zhroma\u017edenie \u010dlenov konzorcia ALT-EDIC v\u00edta svojho nov\u00e9ho predsedu a podpredsedu<\/a>\n            <\/h3>\n                <div class=\"description\">Fabio Pianesi a Stefan Leijnen boli vymenovan\u00ed za predsedu a podpredsedu ...<\/div>\n        <div class=\"readmore\">\n            <a class=\"btn-readmore text-theme\" href=\"https:\/\/www.alt-edic.eu\/sk\/news\/the-alt-edic-assembly-of-members-welcomes-its-new-chair-and-vice-chair\/\">\u010c\u00edta\u0165 viac<i class=\"ti-angle-right\"><\/i><\/a>\n        <\/div>\n    <\/div>\n<\/article>                                <\/div>\n                                                            <div class=\"item\">\n                                    <article class=\"post post-layout post-grid post-11422 type-post status-publish format-standard has-post-thumbnail hentry category-events\">\n            <div class=\"top-image\">\n            <figure class=\"entry-thumb\"><a class=\"post-thumbnail\" href=\"https:\/\/www.alt-edic.eu\/sk\/events\/alt-edic-week-2026-a-celebration-of-european-collaboration-on-language-technologies\/\" aria-hidden=\"true\"><div class=\"image-wrapper\"><img loading=\"lazy\" decoding=\"async\" width=\"390\" height=\"250\" src=\"data:image\/svg+xml;charset=utf-8,%3Csvg%20xmlns%3D'http%3A%2F%2Fwww.w3.org%2F2000%2Fsvg'%20viewBox%3D'0%200%20390%20250'%2F%3E\" class=\"attachment-390x250x1x1 size-390x250x1x1 unveil-image\" alt=\"Z\u00e1hrady Cit\u00e9 vo Villers-Cotter\u00eats\" data-src=\"https:\/\/www.alt-edic.eu\/wp-content\/uploads\/elementor\/thumbs\/image-10-scaled-rpgvn1bcyllndljwq6mbdfbecc5gms5qcol76p2ekk.png\"><\/div><\/a><\/figure>         <\/div>\n        <div class=\"inner-bottom\">\n        <div class=\"top-info\">\n            <div class=\"date\">\n                18. j\u00fana 2026            <\/div>\n            <div class=\"list-categories\"><a href=\"https:\/\/www.alt-edic.eu\/sk\/category\/events\/\" class=\"categories-name\">Podujatia<\/a><\/div>       \n        <\/div>\n                    <h3 class=\"entry-title\">\n                <a href=\"https:\/\/www.alt-edic.eu\/sk\/events\/alt-edic-week-2026-a-celebration-of-european-collaboration-on-language-technologies\/\">T\u00fd\u017ede\u0148 ALT-EDIC 2026: Oslava eur\u00f3pskej spolupr\u00e1ce v oblasti jazykov\u00fdch technol\u00f3gi\u00ed<\/a>\n            <\/h3>\n                <div class=\"description\">Od stretnut\u00ed konzorcia a\u017e po f\u00f3rum a zhroma\u017edenie \u010dlenov, toto v\u00fdro\u010dn\u00e9 stretnutie ...<\/div>\n        <div class=\"readmore\">\n            <a class=\"btn-readmore text-theme\" href=\"https:\/\/www.alt-edic.eu\/sk\/events\/alt-edic-week-2026-a-celebration-of-european-collaboration-on-language-technologies\/\">\u010c\u00edta\u0165 viac<i class=\"ti-angle-right\"><\/i><\/a>\n        <\/div>\n    <\/div>\n<\/article>                                <\/div>\n                                                            <div class=\"item\">\n                                    <article class=\"post post-layout post-grid post-11393 type-post status-publish format-standard has-post-thumbnail hentry category-events\">\n            <div class=\"top-image\">\n            <figure class=\"entry-thumb\"><a class=\"post-thumbnail\" href=\"https:\/\/www.alt-edic.eu\/sk\/events\/malt-summer-school\/\" aria-hidden=\"true\"><div class=\"image-wrapper\"><img loading=\"lazy\" decoding=\"async\" width=\"390\" height=\"250\" src=\"data:image\/svg+xml;charset=utf-8,%3Csvg%20xmlns%3D'http%3A%2F%2Fwww.w3.org%2F2000%2Fsvg'%20viewBox%3D'0%200%20390%20250'%2F%3E\" class=\"attachment-390x250x1x1 size-390x250x1x1 unveil-image\" alt=\"\" data-src=\"https:\/\/www.alt-edic.eu\/wp-content\/uploads\/elementor\/thumbs\/MALT-Robot-3-rozihq4u0nj00xrsxn0vm28lxbyo3umwhqk5gjwy10.png\"><\/div><\/a><\/figure>         <\/div>\n        <div class=\"inner-bottom\">\n        <div class=\"top-info\">\n            <div class=\"date\">\n                j\u00fana 2026            <\/div>\n            <div class=\"list-categories\"><a href=\"https:\/\/www.alt-edic.eu\/sk\/category\/events\/\" class=\"categories-name\">Podujatia<\/a><\/div>       \n        <\/div>\n                    <h3 class=\"entry-title\">\n                <a href=\"https:\/\/www.alt-edic.eu\/sk\/events\/malt-summer-school\/\">Letn\u00e1 \u0161kola o met\u00f3dach na zdokonalenie jazykov\u00fdch technol\u00f3gi\u00ed (MALT)<\/a>\n            <\/h3>\n                <div class=\"description\">\u0160tudenti doktorandsk\u00e9ho \u0161t\u00fadia, mlad\u00ed v\u00fdskumn\u00edci a odborn\u00edci z priemyslu s\u00fa v\u00edtan\u00ed na MALT Summer ...<\/div>\n        <div class=\"readmore\">\n            <a class=\"btn-readmore text-theme\" href=\"https:\/\/www.alt-edic.eu\/sk\/events\/malt-summer-school\/\">\u010c\u00edta\u0165 viac<i class=\"ti-angle-right\"><\/i><\/a>\n        <\/div>\n    <\/div>\n<\/article>                                <\/div>\n                                                            <div class=\"item\">\n                                    <article class=\"post post-layout post-grid post-10915 type-post status-publish format-standard has-post-thumbnail hentry category-events category-news\">\n            <div class=\"top-image\">\n            <figure class=\"entry-thumb\"><a class=\"post-thumbnail\" href=\"https:\/\/www.alt-edic.eu\/sk\/events\/llm-bridge-kick-off-supporting-european-startups-in-the-llm-sector\/\" aria-hidden=\"true\"><div class=\"image-wrapper\"><img loading=\"lazy\" decoding=\"async\" width=\"390\" height=\"250\" src=\"data:image\/svg+xml;charset=utf-8,%3Csvg%20xmlns%3D'http%3A%2F%2Fwww.w3.org%2F2000%2Fsvg'%20viewBox%3D'0%200%20390%20250'%2F%3E\" class=\"attachment-390x250x1x1 size-390x250x1x1 unveil-image\" alt=\"\" data-src=\"https:\/\/www.alt-edic.eu\/wp-content\/uploads\/elementor\/thumbs\/Kick-off-Event-September-2025-Villers-Cotterets-France-1-e1770851385861-rj0oxio15tohub86bnrmswj1e4kw0ocn91v6asjf44.png\"><\/div><\/a><\/figure>         <\/div>\n        <div class=\"inner-bottom\">\n        <div class=\"top-info\">\n            <div class=\"date\">\n                12. septembra 2025            <\/div>\n            <div class=\"list-categories\"><a href=\"https:\/\/www.alt-edic.eu\/sk\/category\/events\/\" class=\"categories-name\">Podujatia<\/a><\/div>       \n        <\/div>\n                    <h3 class=\"entry-title\">\n                <a href=\"https:\/\/www.alt-edic.eu\/sk\/events\/llm-bridge-kick-off-supporting-european-startups-in-the-llm-sector\/\">LLM-BRIDGE \u0161tart: podpora eur\u00f3pskych startupov v odvetv\u00ed LLM<\/a>\n            <\/h3>\n                <div class=\"description\">Partneri projektu LLM Booster for Regional Innovation and Digital Growth (LLM-BRIDGE) sa zi\u0161li ...<\/div>\n        <div class=\"readmore\">\n            <a class=\"btn-readmore text-theme\" href=\"https:\/\/www.alt-edic.eu\/sk\/events\/llm-bridge-kick-off-supporting-european-startups-in-the-llm-sector\/\">\u010c\u00edta\u0165 viac<i class=\"ti-angle-right\"><\/i><\/a>\n        <\/div>\n    <\/div>\n<\/article>                                <\/div>\n                                                            <div class=\"item\">\n                                    <article class=\"post post-layout post-grid post-10913 type-post status-publish format-standard has-post-thumbnail hentry category-events\">\n            <div class=\"top-image\">\n            <figure class=\"entry-thumb\"><a class=\"post-thumbnail\" href=\"https:\/\/www.alt-edic.eu\/sk\/events\/alt-edic-at-the-danish-eu-presidency-conference-in-aalborg\/\" aria-hidden=\"true\"><div class=\"image-wrapper\"><img loading=\"lazy\" decoding=\"async\" width=\"390\" height=\"250\" src=\"data:image\/svg+xml;charset=utf-8,%3Csvg%20xmlns%3D'http%3A%2F%2Fwww.w3.org%2F2000%2Fsvg'%20viewBox%3D'0%200%20390%20250'%2F%3E\" class=\"attachment-390x250x1x1 size-390x250x1x1 unveil-image\" alt=\"Podujatie d\u00e1nskeho predsedn\u00edctva Rady E\u00da 2025\" data-src=\"https:\/\/www.alt-edic.eu\/wp-content\/uploads\/elementor\/thumbs\/DK-EU-Presidency-Event-2025-rj0osi70pmtfx6iblhr9i62jc5aeysg6k8ly5nz0as.png\"><\/div><\/a><\/figure>         <\/div>\n        <div class=\"inner-bottom\">\n        <div class=\"top-info\">\n            <div class=\"date\">\n                3 j\u00fala 2025            <\/div>\n            <div class=\"list-categories\"><a href=\"https:\/\/www.alt-edic.eu\/sk\/category\/events\/\" class=\"categories-name\">Podujatia<\/a><\/div>       \n        <\/div>\n                    <h3 class=\"entry-title\">\n                <a href=\"https:\/\/www.alt-edic.eu\/sk\/events\/alt-edic-at-the-danish-eu-presidency-conference-in-aalborg\/\">Konzorcium ALT-EDIC na konferencii d\u00e1nskeho predsedn\u00edctva E\u00da v Aalborgu<\/a>\n            <\/h3>\n                <div class=\"description\">Riadite\u013e konzorcia ALT-EDIC Edouard Geoffrois sa podelil o svoje sk\u00fasenosti so zriaden\u00edm konzorcia EDIC.<\/div>\n        <div class=\"readmore\">\n            <a class=\"btn-readmore text-theme\" href=\"https:\/\/www.alt-edic.eu\/sk\/events\/alt-edic-at-the-danish-eu-presidency-conference-in-aalborg\/\">\u010c\u00edta\u0165 viac<i class=\"ti-angle-right\"><\/i><\/a>\n        <\/div>\n    <\/div>\n<\/article>                                <\/div>\n                                                            <div class=\"item\">\n                                    <article class=\"post post-layout post-grid post-11061 type-post status-publish format-standard has-post-thumbnail hentry category-events category-news\">\n            <div class=\"top-image\">\n            <figure class=\"entry-thumb\"><a class=\"post-thumbnail\" href=\"https:\/\/www.alt-edic.eu\/sk\/events\/alt-edic-at-trustllm-consortium-annual-meeting-building-trust-in-european-llms\/\" aria-hidden=\"true\"><div class=\"image-wrapper\"><img loading=\"lazy\" decoding=\"async\" width=\"390\" height=\"250\" src=\"data:image\/svg+xml;charset=utf-8,%3Csvg%20xmlns%3D'http%3A%2F%2Fwww.w3.org%2F2000%2Fsvg'%20viewBox%3D'0%200%20390%20250'%2F%3E\" class=\"attachment-390x250x1x1 size-390x250x1x1 unveil-image\" alt=\"\" data-src=\"https:\/\/www.alt-edic.eu\/wp-content\/uploads\/elementor\/thumbs\/Screenshot-2025-12-19-at-18.29.15-rgea97l2rmleyis3v79sz2ymwbj5hg64pcr525ixj8.png\"><\/div><\/a><\/figure>         <\/div>\n        <div class=\"inner-bottom\">\n        <div class=\"top-info\">\n            <div class=\"date\">\n                13 j\u00fana 2025            <\/div>\n            <div class=\"list-categories\"><a href=\"https:\/\/www.alt-edic.eu\/sk\/category\/events\/\" class=\"categories-name\">Podujatia<\/a><\/div>       \n        <\/div>\n                    <h3 class=\"entry-title\">\n                <a href=\"https:\/\/www.alt-edic.eu\/sk\/events\/alt-edic-at-trustllm-consortium-annual-meeting-building-trust-in-european-llms\/\">ALT-EDIC na v\u00fdro\u010dnom zasadnut\u00ed konzorcia TrustLLM: Budovanie d\u00f4very v eur\u00f3pske LLM<\/a>\n            <\/h3>\n                <div class=\"description\">T\u00edm ALT-EDIC sa z\u00fa\u010dastnil na druhom v\u00fdro\u010dnom zasadnut\u00ed konzorcia TrustLLM v Reykjav\u00edku.<\/div>\n        <div class=\"readmore\">\n            <a class=\"btn-readmore text-theme\" href=\"https:\/\/www.alt-edic.eu\/sk\/events\/alt-edic-at-trustllm-consortium-annual-meeting-building-trust-in-european-llms\/\">\u010c\u00edta\u0165 viac<i class=\"ti-angle-right\"><\/i><\/a>\n        <\/div>\n    <\/div>\n<\/article>                                <\/div>\n                                                    <\/div>\n                    \n                                    <\/div>\n            <\/div>\n            \t\t\t\t<\/div>\n\t\t\t\t<\/div>\n\t\t\t\t<div class=\"elementor-element elementor-element-0cf1a05 elementor-align-center elementor-widget elementor-widget-button\" data-id=\"0cf1a05\" data-element_type=\"widget\" data-e-type=\"widget\" data-widget_type=\"button.default\">\n\t\t\t\t<div class=\"elementor-widget-container\">\n\t\t\t\t\t\t\t\t\t<div class=\"elementor-button-wrapper\">\n\t\t\t\t\t<a class=\"elementor-button elementor-button-link elementor-size-md\" href=\"https:\/\/www.alt-edic.eu\/sk\/news\/\">\n\t\t\t\t\t\t<span class=\"elementor-button-content-wrapper\">\n\t\t\t\t\t\t<span class=\"elementor-button-icon\">\n\t\t\t\t<svg xmlns=\"http:\/\/www.w3.org\/2000\/svg\" width=\"20\" height=\"20\" viewbox=\"0 0 20 20\" fill=\"none\" style=\"fill: transparent;\"><path d=\"M15.8335 2.9165L4.16683 14.5832\" stroke=\"currentColor\" stroke-width=\"1.5\" stroke-miterlimit=\"10\" stroke-linecap=\"round\" stroke-linejoin=\"round\"><\/path><path d=\"M15.8335 11.4748V2.9165H7.27516\" stroke=\"currentColor\" stroke-width=\"1.5\" stroke-miterlimit=\"10\" stroke-linecap=\"round\" stroke-linejoin=\"round\"><\/path><\/svg>\t\t\t<\/span>\n\t\t\t\t\t\t\t\t\t<span class=\"elementor-button-text\">Dozvedie\u0165 sa viac<\/span>\n\t\t\t\t\t<\/span>\n\t\t\t\t\t<\/a>\n\t\t\t\t<\/div>\n\t\t\t\t\t\t\t\t<\/div>\n\t\t\t\t<\/div>\n\t\t\t\t\t<\/div>\n\t\t<\/div>\n\t\t\t\t\t<\/div>\n\t\t<\/section>\n\t\t\t\t<\/div>","protected":false},"excerpt":{"rendered":"<p>Aliancia pre jazykov\u00e9 technol\u00f3gie (ALT-EDIC) Podpora excelentnosti v jazykov\u00fdch technol\u00f3gi\u00e1ch a zachovanie jazykovej rozmanitosti a kult\u00farneho bohatstva Eur\u00f3py \u010co je EDIC ? Konzorcium pre eur\u00f3psku digit\u00e1lnu infra\u0161trukt\u00faru (EDIC) je druh pr\u00e1vnej \u0161trukt\u00fary vytvorenej v r\u00e1mci politick\u00e9ho programu Digit\u00e1lne desa\u0165ro\u010die do roku 2030 s cie\u013eom umo\u017eni\u0165 \u010dlensk\u00fdm \u0161t\u00e1tom E\u00da efekt\u00edvne zdru\u017eova\u0165 zdroje [\u2026]<\/p>","protected":false},"author":1,"featured_media":0,"parent":0,"menu_order":0,"comment_status":"closed","ping_status":"closed","template":"","meta":{"footnotes":""},"class_list":["post-8687","page","type-page","status-publish","hentry"],"aioseo_notices":[],"aioseo_head":"\n\t\t<!-- All in One SEO 5.0.0.1 - aioseo.com -->\n\t<meta name=\"description\" content=\"The Alliance for Language Technologies (ALT-EDIC) Promoting excellence in language technologies and preserving Europe\u2019s linguistic diversity and cultural richness What is an EDIC ? A European Digital Infrastructure Consortium (EDIC) is a type of legal structure created under the Digital Decade Policy Programme 2030 to enable EU Member States to pool resources in an efficient way\" \/>\n\t<meta name=\"robots\" content=\"max-image-preview:large\" \/>\n\t<link rel=\"canonical\" href=\"https:\/\/www.alt-edic.eu\/sk\/\" \/>\n\t<meta name=\"generator\" content=\"All in One SEO (AIOSEO) 5.0.0.1\" \/>\n\t\t<meta property=\"og:locale\" content=\"sk_SK\" \/>\n\t\t<meta property=\"og:site_name\" content=\"ALT-EDIC \u2013 Alliance for Language Technologies EDIC\" \/>\n\t\t<meta property=\"og:type\" content=\"article\" \/>\n\t\t<meta property=\"og:title\" content=\"The Alliance for Language Technologies EDIC - ALT-EDIC\" \/>\n\t\t<meta property=\"og:description\" content=\"The Alliance for Language Technologies (ALT-EDIC) Promoting excellence in language technologies and preserving Europe\u2019s linguistic diversity and cultural richness What is an EDIC ? A European Digital Infrastructure Consortium (EDIC) is a type of legal structure created under the Digital Decade Policy Programme 2030 to enable EU Member States to pool resources in an efficient way\" \/>\n\t\t<meta property=\"og:url\" content=\"https:\/\/www.alt-edic.eu\/sk\/\" \/>\n\t\t<meta property=\"article:published_time\" content=\"2024-08-19T09:48:28+00:00\" \/>\n\t\t<meta property=\"article:modified_time\" content=\"2026-07-08T10:45:17+00:00\" \/>\n\t\t<meta name=\"twitter:card\" content=\"summary_large_image\" \/>\n\t\t<meta name=\"twitter:title\" content=\"The Alliance for Language Technologies EDIC - ALT-EDIC\" \/>\n\t\t<meta name=\"twitter:description\" content=\"The Alliance for Language Technologies (ALT-EDIC) Promoting excellence in language technologies and preserving Europe\u2019s linguistic diversity and cultural richness What is an EDIC ? A European Digital Infrastructure Consortium (EDIC) is a type of legal structure created under the Digital Decade Policy Programme 2030 to enable EU Member States to pool resources in an efficient way\" \/>\n\t\t<script type=\"application\/ld+json\" class=\"aioseo-schema\">\n\t\t\t{\"@context\":\"https:\\\/\\\/schema.org\",\"@graph\":[{\"@type\":\"BreadcrumbList\",\"@id\":\"https:\\\/\\\/www.alt-edic.eu\\\/sk\\\/#breadcrumblist\",\"itemListElement\":[{\"@type\":\"ListItem\",\"@id\":\"https:\\\/\\\/www.alt-edic.eu\\\/sk#listItem\",\"position\":1,\"name\":\"Home\",\"item\":\"https:\\\/\\\/www.alt-edic.eu\\\/sk\",\"nextItem\":{\"@type\":\"ListItem\",\"@id\":\"https:\\\/\\\/www.alt-edic.eu\\\/sk\\\/#listItem\",\"name\":\"Home page\"}},{\"@type\":\"ListItem\",\"@id\":\"https:\\\/\\\/www.alt-edic.eu\\\/sk\\\/#listItem\",\"position\":2,\"name\":\"Home page\",\"previousItem\":{\"@type\":\"ListItem\",\"@id\":\"https:\\\/\\\/www.alt-edic.eu\\\/sk#listItem\",\"name\":\"Home\"}}]},{\"@type\":\"Organization\",\"@id\":\"https:\\\/\\\/www.alt-edic.eu\\\/sk\\\/#organization\",\"name\":\"ALT-EDIC Alliance for Language Technologies (ALT-EDIC)\",\"description\":\"Alliance for Language Technologies EDIC The Alliance for Language Technologies (ALT-EDIC) is a European Digital Infrastructure Consortium supporting the development of Language Technologies. It will promote excellence in language technologies and contribute to the preservation of Europe\\u2019s linguistic diversity and cultural richness.\",\"url\":\"https:\\\/\\\/www.alt-edic.eu\\\/sk\\\/\",\"email\":\"contact@alt-edic.eu\",\"telephone\":\"+33364924355\",\"foundingDate\":\"2024-02-01\",\"numberOfEmployees\":{\"@type\":\"QuantitativeValue\",\"minValue\":0,\"maxValue\":15},\"logo\":{\"@type\":\"ImageObject\",\"url\":\"https:\\\/\\\/www.alt-edic.eu\\\/wp-content\\\/uploads\\\/2024\\\/09\\\/logo_alt-edic_blue_on_white.png\",\"@id\":\"https:\\\/\\\/www.alt-edic.eu\\\/sk\\\/#organizationLogo\",\"width\":2779,\"height\":541,\"caption\":\"Logo Alt-Edic Blue\"},\"image\":{\"@id\":\"https:\\\/\\\/www.alt-edic.eu\\\/sk\\\/#organizationLogo\"},\"sameAs\":[\"https:\\\/\\\/www.linkedin.com\\\/company\\\/alt-edic\\\/\"]},{\"@type\":\"Person\",\"@id\":\"https:\\\/\\\/www.alt-edic.eu\\\/sk\\\/author\\\/benvedel\\\/#author\",\"url\":\"https:\\\/\\\/www.alt-edic.eu\\\/sk\\\/author\\\/benvedel\\\/\",\"name\":\"benvedel\",\"image\":{\"@type\":\"ImageObject\",\"@id\":\"https:\\\/\\\/www.alt-edic.eu\\\/sk\\\/#authorImage\",\"url\":\"https:\\\/\\\/secure.gravatar.com\\\/avatar\\\/23a2e9795264bc027e034c8d2046d5652bc6eb6e9fff29500c060f0c7145f8b8?s=96&d=mm&r=g\",\"width\":96,\"height\":96,\"caption\":\"benvedel\"}},{\"@type\":\"WebPage\",\"@id\":\"https:\\\/\\\/www.alt-edic.eu\\\/sk\\\/#webpage\",\"url\":\"https:\\\/\\\/www.alt-edic.eu\\\/sk\\\/\",\"name\":\"The Alliance for Language Technologies EDIC - ALT-EDIC\",\"description\":\"The Alliance for Language Technologies (ALT-EDIC) Promoting excellence in language technologies and preserving Europe\\u2019s linguistic diversity and cultural richness What is an EDIC ? A European Digital Infrastructure Consortium (EDIC) is a type of legal structure created under the Digital Decade Policy Programme 2030 to enable EU Member States to pool resources in an efficient way\",\"inLanguage\":\"sk-SK\",\"isPartOf\":{\"@id\":\"https:\\\/\\\/www.alt-edic.eu\\\/sk\\\/#website\"},\"breadcrumb\":{\"@id\":\"https:\\\/\\\/www.alt-edic.eu\\\/sk\\\/#breadcrumblist\"},\"author\":{\"@id\":\"https:\\\/\\\/www.alt-edic.eu\\\/sk\\\/author\\\/benvedel\\\/#author\"},\"creator\":{\"@id\":\"https:\\\/\\\/www.alt-edic.eu\\\/sk\\\/author\\\/benvedel\\\/#author\"},\"datePublished\":\"2024-08-19T09:48:28+01:00\",\"dateModified\":\"2026-07-08T11:45:17+01:00\"},{\"@type\":\"WebSite\",\"@id\":\"https:\\\/\\\/www.alt-edic.eu\\\/sk\\\/#website\",\"url\":\"https:\\\/\\\/www.alt-edic.eu\\\/sk\\\/\",\"name\":\"ALT-EDIC Alliance for Language Technologies\",\"alternateName\":\"ALT-EDIC\",\"description\":\"Alliance for Language Technologies EDIC\",\"inLanguage\":\"sk-SK\",\"publisher\":{\"@id\":\"https:\\\/\\\/www.alt-edic.eu\\\/sk\\\/#organization\"}}]}\n\t\t<\/script>\n\t\t<!-- All in One SEO -->\n\n","aioseo_head_json":{"title":"The Alliance for Language Technologies EDIC - ALT-EDIC","description":"The Alliance for Language Technologies (ALT-EDIC) Promoting excellence in language technologies and preserving Europe\u2019s linguistic diversity and cultural richness What is an EDIC ? A European Digital Infrastructure Consortium (EDIC) is a type of legal structure created under the Digital Decade Policy Programme 2030 to enable EU Member States to pool resources in an efficient way","canonical_url":"https:\/\/www.alt-edic.eu\/sk\/","robots":"max-image-preview:large","keywords":"","webmasterTools":{"miscellaneous":""},"schema":{"@context":"https:\/\/schema.org","@graph":[{"@type":"BreadcrumbList","@id":"https:\/\/www.alt-edic.eu\/sk\/#breadcrumblist","itemListElement":[{"@type":"ListItem","@id":"https:\/\/www.alt-edic.eu\/sk#listItem","position":1,"name":"Home","item":"https:\/\/www.alt-edic.eu\/sk","nextItem":{"@type":"ListItem","@id":"https:\/\/www.alt-edic.eu\/sk\/#listItem","name":"Home page"}},{"@type":"ListItem","@id":"https:\/\/www.alt-edic.eu\/sk\/#listItem","position":2,"name":"Home page","previousItem":{"@type":"ListItem","@id":"https:\/\/www.alt-edic.eu\/sk#listItem","name":"Home"}}]},{"@type":"Organization","@id":"https:\/\/www.alt-edic.eu\/sk\/#organization","name":"ALT-EDIC Alliance for Language Technologies (ALT-EDIC)","description":"Alliance for Language Technologies EDIC The Alliance for Language Technologies (ALT-EDIC) is a European Digital Infrastructure Consortium supporting the development of Language Technologies. It will promote excellence in language technologies and contribute to the preservation of Europe\u2019s linguistic diversity and cultural richness.","url":"https:\/\/www.alt-edic.eu\/sk\/","email":"contact@alt-edic.eu","telephone":"+33364924355","foundingDate":"2024-02-01","numberOfEmployees":{"@type":"QuantitativeValue","minValue":0,"maxValue":15},"logo":{"@type":"ImageObject","url":"https:\/\/www.alt-edic.eu\/wp-content\/uploads\/2024\/09\/logo_alt-edic_blue_on_white.png","@id":"https:\/\/www.alt-edic.eu\/sk\/#organizationLogo","width":2779,"height":541,"caption":"Logo Alt-Edic Blue"},"image":{"@id":"https:\/\/www.alt-edic.eu\/sk\/#organizationLogo"},"sameAs":["https:\/\/www.linkedin.com\/company\/alt-edic\/"]},{"@type":"Person","@id":"https:\/\/www.alt-edic.eu\/sk\/author\/benvedel\/#author","url":"https:\/\/www.alt-edic.eu\/sk\/author\/benvedel\/","name":"benvedel","image":{"@type":"ImageObject","@id":"https:\/\/www.alt-edic.eu\/sk\/#authorImage","url":"https:\/\/secure.gravatar.com\/avatar\/23a2e9795264bc027e034c8d2046d5652bc6eb6e9fff29500c060f0c7145f8b8?s=96&d=mm&r=g","width":96,"height":96,"caption":"benvedel"}},{"@type":"WebPage","@id":"https:\/\/www.alt-edic.eu\/sk\/#webpage","url":"https:\/\/www.alt-edic.eu\/sk\/","name":"The Alliance for Language Technologies EDIC - ALT-EDIC","description":"The Alliance for Language Technologies (ALT-EDIC) Promoting excellence in language technologies and preserving Europe\u2019s linguistic diversity and cultural richness What is an EDIC ? A European Digital Infrastructure Consortium (EDIC) is a type of legal structure created under the Digital Decade Policy Programme 2030 to enable EU Member States to pool resources in an efficient way","inLanguage":"sk-SK","isPartOf":{"@id":"https:\/\/www.alt-edic.eu\/sk\/#website"},"breadcrumb":{"@id":"https:\/\/www.alt-edic.eu\/sk\/#breadcrumblist"},"author":{"@id":"https:\/\/www.alt-edic.eu\/sk\/author\/benvedel\/#author"},"creator":{"@id":"https:\/\/www.alt-edic.eu\/sk\/author\/benvedel\/#author"},"datePublished":"2024-08-19T09:48:28+01:00","dateModified":"2026-07-08T11:45:17+01:00"},{"@type":"WebSite","@id":"https:\/\/www.alt-edic.eu\/sk\/#website","url":"https:\/\/www.alt-edic.eu\/sk\/","name":"ALT-EDIC Alliance for Language Technologies","alternateName":"ALT-EDIC","description":"Alliance for Language Technologies EDIC","inLanguage":"sk-SK","publisher":{"@id":"https:\/\/www.alt-edic.eu\/sk\/#organization"}}]},"og:locale":"sk_SK","og:site_name":"ALT-EDIC \u2013 Alliance for Language Technologies EDIC","og:type":"article","og:title":"The Alliance for Language Technologies EDIC - ALT-EDIC","og:description":"The Alliance for Language Technologies (ALT-EDIC) Promoting excellence in language technologies and preserving Europe\u2019s linguistic diversity and cultural richness What is an EDIC ? A European Digital Infrastructure Consortium (EDIC) is a type of legal structure created under the Digital Decade Policy Programme 2030 to enable EU Member States to pool resources in an efficient way","og:url":"https:\/\/www.alt-edic.eu\/sk\/","article:published_time":"2024-08-19T09:48:28+00:00","article:modified_time":"2026-07-08T10:45:17+00:00","twitter:card":"summary_large_image","twitter:title":"The Alliance for Language Technologies EDIC - ALT-EDIC","twitter:description":"The Alliance for Language Technologies (ALT-EDIC) Promoting excellence in language technologies and preserving Europe\u2019s linguistic diversity and cultural richness What is an EDIC ? A European Digital Infrastructure Consortium (EDIC) is a type of legal structure created under the Digital Decade Policy Programme 2030 to enable EU Member States to pool resources in an efficient way"},"aioseo_meta_data":{"post_id":"8687","title":"The Alliance for Language Technologies EDIC - ALT-EDIC","description":"The Alliance for Language Technologies (ALT-EDIC) Promoting excellence in language technologies and preserving Europe\u2019s linguistic diversity and cultural richness What is an EDIC ? A European Digital Infrastructure Consortium (EDIC) is a type of legal structure created under the Digital Decade Policy Programme 2030 to enable EU Member States to pool resources in an efficient way","keywords":null,"keyphrases":{"focus":{"keyphrase":"","score":0,"analysis":{"keyphraseInTitle":{"score":0,"maxScore":9,"error":1}}},"additional":[]},"primary_term":null,"canonical_url":null,"og_title":null,"og_description":null,"og_object_type":"default","og_image_type":"default","og_image_url":null,"og_image_width":null,"og_image_height":null,"og_image_custom_url":null,"og_image_custom_fields":null,"og_video":"","og_custom_url":null,"og_article_section":null,"og_article_tags":null,"twitter_use_og":false,"twitter_card":"default","twitter_image_type":"default","twitter_image_url":null,"twitter_image_custom_url":null,"twitter_image_custom_fields":null,"twitter_title":null,"twitter_description":null,"schema":{"blockGraphs":[],"customGraphs":[],"default":{"data":{"Article":[],"Course":[],"Dataset":[],"FAQPage":[],"Movie":[],"Person":[],"Product":[],"ProductReview":[],"Car":[],"Recipe":[],"Service":[],"SoftwareApplication":[],"WebPage":[]},"graphName":"WebPage","isEnabled":true},"graphs":[]},"schema_type":"default","schema_type_options":null,"pillar_content":false,"robots_default":true,"robots_noindex":false,"robots_noarchive":false,"robots_nosnippet":false,"robots_nofollow":false,"robots_noimageindex":false,"robots_noodp":false,"robots_notranslate":false,"robots_max_snippet":"-1","robots_max_videopreview":"-1","robots_max_imagepreview":"large","priority":null,"frequency":"default","local_seo":null,"breadcrumb_settings":null,"limit_modified_date":false,"ai":null,"created":"2024-08-19 09:48:29","updated":"2026-07-08 11:45:42","seo_analyzer_scan_date":null,"focus_keyword":null,"additional_keywords":null,"truseo_locale":null},"aioseo_breadcrumb":"<div class=\"aioseo-breadcrumbs\"><span class=\"aioseo-breadcrumb\">\n\t\t\t<a href=\"https:\/\/www.alt-edic.eu\/sk\" title=\"Home\">Home<\/a>\n\t\t<\/span><span class=\"aioseo-breadcrumb-separator\">\/<\/span><span class=\"aioseo-breadcrumb\">\n\t\t\tHome page\n\t\t<\/span><\/div>","aioseo_breadcrumb_json":[{"label":"Home","link":"https:\/\/www.alt-edic.eu\/sk"},{"label":"Home page","link":"https:\/\/www.alt-edic.eu\/sk\/"}],"_links":{"self":[{"href":"https:\/\/www.alt-edic.eu\/sk\/wp-json\/wp\/v2\/pages\/8687","targetHints":{"allow":["GET"]}}],"collection":[{"href":"https:\/\/www.alt-edic.eu\/sk\/wp-json\/wp\/v2\/pages"}],"about":[{"href":"https:\/\/www.alt-edic.eu\/sk\/wp-json\/wp\/v2\/types\/page"}],"author":[{"embeddable":true,"href":"https:\/\/www.alt-edic.eu\/sk\/wp-json\/wp\/v2\/users\/1"}],"replies":[{"embeddable":true,"href":"https:\/\/www.alt-edic.eu\/sk\/wp-json\/wp\/v2\/comments?post=8687"}],"version-history":[{"count":6,"href":"https:\/\/www.alt-edic.eu\/sk\/wp-json\/wp\/v2\/pages\/8687\/revisions"}],"predecessor-version":[{"id":11520,"href":"https:\/\/www.alt-edic.eu\/sk\/wp-json\/wp\/v2\/pages\/8687\/revisions\/11520"}],"wp:attachment":[{"href":"https:\/\/www.alt-edic.eu\/sk\/wp-json\/wp\/v2\/media?parent=8687"}],"curies":[{"name":"wp","href":"https:\/\/api.w.org\/{rel}","templated":true}]}}