{"id":3,"date":"2024-08-18T14:41:06","date_gmt":"2024-08-18T14:41:06","guid":{"rendered":"https:\/\/alt-edic.eu\/?page_id=3"},"modified":"2024-12-13T10:53:32","modified_gmt":"2024-12-13T09:53:32","slug":"privacy-policy","status":"publish","type":"page","link":"https:\/\/www.alt-edic.eu\/pt\/privacy-policy\/","title":{"rendered":"<p>Pol\u00edtica de privacidade<\/p>"},"content":{"rendered":"<p class=\"wp-block-paragraph\"><p class=\"wp-block-paragraph\">Qualquer tratamento de dados pessoais a partir do website alt-edic.eu \u00e9 realizado de acordo com os regulamentos (UE) 2016\/679 do Parlamento Europeu e do Conselho de 27 de abril de 2016 (conhecido como RGPD) e a Lei francesa n.o 78-17 de 6 de janeiro de 1978 relativa \u00e0 tecnologia da informa\u00e7\u00e3o, ficheiros e liberdades.<\/p><h2 class=\"wp-block-heading\">Gest\u00e3o de cookies<\/h2><p class=\"wp-block-paragraph\">Quando visitar o <strong>alt-edic.eu <\/strong>Web site, os cookies podem ser colocados no seu computador, telem\u00f3vel ou tablet. Quando acede ao site, \u00e9 apresentado um banner para indicar a presen\u00e7a de cookies, dando-lhe a op\u00e7\u00e3o de os aceitar, recusar ou gerir as suas prefer\u00eancias cookie por cookie.<\/p><p class=\"wp-block-paragraph\">Utilizam-se dois tipos de cookies:<\/p><ul class=\"wp-block-list\">\n<li>Os cookies necess\u00e1rios para o bom funcionamento do s\u00edtio, que n\u00e3o armazenam quaisquer dados pessoais e, por conseguinte, em conformidade com as recomenda\u00e7\u00f5es da CNIL, n\u00e3o necessitam de consentimento pr\u00e9vio. Estes cookies s\u00e3o ativados diretamente, mesmo sem qualquer a\u00e7\u00e3o positiva por parte do utilizador?<\/li>\n\n\n\n<li>Cookies de medi\u00e7\u00e3o de audi\u00eancia recolhidos com a ferramenta de an\u00e1lise de tr\u00e1fego Matomo (vers\u00e3o de c\u00f3digo aberto dispon\u00edvel em <a href=\"https:\/\/fr.matomo.org\/\">https:\/\/fr.matomo.org\/<\/a>): estes cookies armazenam dados pessoais (endere\u00e7o IP, localiza\u00e7\u00e3o). Estes dados s\u00e3o armazenados no servidor OVH (servidor localizado em Fran\u00e7a por um anfitri\u00e3o franc\u00eas) e conservados por um per\u00edodo de 6 meses. Estes cookies s\u00f3 s\u00e3o utilizados para medir estat\u00edsticas an\u00f3nimas sobre o tr\u00e1fego e a utiliza\u00e7\u00e3o do s\u00edtio, para efeitos de monitoriza\u00e7\u00e3o e melhoria do servi\u00e7o. N\u00e3o s\u00e3o utilizados para seguir os h\u00e1bitos de navega\u00e7\u00e3o do utilizador noutros s\u00edtios. A recolha destes cookies est\u00e1 sujeita \u00e0 aceita\u00e7\u00e3o, pelo utilizador, da faixa que aparece quando o s\u00edtio \u00e9 aberto.<\/li>\n<\/ul><p class=\"wp-block-paragraph\">O site tamb\u00e9m oferece funcionalidades de partilha na rede social LinkedIn. A este respeito, tenha em aten\u00e7\u00e3o que a utiliza\u00e7\u00e3o das funcionalidades oferecidas por esta rede social \u00e9 suscet\u00edvel de gerar cookies geridos e depositados pelo site LinkedIn. Estes cookies s\u00f3 podem ser depositados ao utilizar funcionalidades do LinkedIn, em particular, no contexto de <strong>alt-edic.eu<\/strong>, ao partilhar no LinkedIn. Convidamo-lo a ler a pol\u00edtica de gest\u00e3o de cookies do LinkedIn. O tempo de vida destes cookies n\u00e3o excede 13 meses.<\/p><p class=\"wp-block-paragraph\">Poder\u00e1 recusar a utiliza\u00e7\u00e3o de cookies que n\u00e3o estejam isentos de consentimento, ou desativar o seu armazenamento no seu computador:<\/p><ul class=\"wp-block-list\">\n<li>Quando utiliza o site pela primeira vez, clicando no banner de gest\u00e3o de cookies, que lhe permite aceitar ou recusar todos os cookies, ou gerir as suas prefer\u00eancias.<\/li>\n\n\n\n<li>Em qualquer momento, clicando no bot\u00e3o \u00abcookies\u00bb no fundo da p\u00e1gina.<\/li>\n\n\n\n<li>A qualquer momento, utilizando as defini\u00e7\u00f5es do seu navegador: utilizando a fun\u00e7\u00e3o espec\u00edfica \u00abN\u00e3o rastrear\u00bb do seu navegador.<\/li>\n<\/ul><h2 class=\"wp-block-heading\">Exerc\u00edcio dos seus direitos<\/h2><p class=\"wp-block-paragraph\">Tem o direito de aceder, retificar, opor-se e eliminar os seus dados pessoais a qualquer momento.<\/p><p class=\"wp-block-paragraph\">Para qualquer informa\u00e7\u00e3o ou para exercer os seus direitos (direito de acesso, retifica\u00e7\u00e3o ou elimina\u00e7\u00e3o, direito de limitar o tratamento, direito \u00e0 portabilidade dos dados e direito de oposi\u00e7\u00e3o) relativos ao tratamento de dados pessoais pela ALT-EDIC e pelos seus v\u00e1rios departamentos, pode contactar o nosso Encarregado da Prote\u00e7\u00e3o de Dados (RPD) atrav\u00e9s do seguinte endere\u00e7o: dpdalt-edic.eu (em ingl\u00eas).<\/p><p class=\"wp-block-paragraph\">Pode igualmente contactar o encarregado da prote\u00e7\u00e3o de dados (RPD) por correio para o seguinte endere\u00e7o:<br>ALT-EDIC<br>\u00c0 aten\u00e7\u00e3o do encarregado da prote\u00e7\u00e3o de dados (RPD)<br>1 local Aristide Briand<br>02600 Villers-Cotter\u00eats<br>Fran\u00e7a<\/p><p class=\"wp-block-paragraph\">Tamb\u00e9m tem o direito de apresentar uma reclama\u00e7\u00e3o \u00e0 autoridade de controlo competente (<a href=\"https:\/\/www.cnil.fr\/fr\" title=\"\">CNIL<\/a>) se considerar que a ALT-EDIC n\u00e3o respeitou os seus direitos. Saiba mais sobre os seus direitos: <a href=\"https:\/\/www.cnil.fr\/fr\/reglement-europeen-protection-donnees\/chapitre3\" title=\"\">CNIL \u2014 Droits de la personne<\/a> (em franc\u00eas)<\/p><h2 class=\"wp-block-heading\">Marca registada<\/h2><p class=\"wp-block-paragraph\">A marca comercial da Alt-Edic, bem como o seu log\u00f3tipo, s\u00e3o marcas comerciais protegidas por um direito de propriedade industrial.<\/p><p class=\"wp-block-paragraph\">Qualquer reprodu\u00e7\u00e3o total ou parcial desta marca e do seu log\u00f3tipo sem a autoriza\u00e7\u00e3o expressa dos titulares dos direitos \u00e9, por conseguinte, estritamente proibida e constitui uma infra\u00e7\u00e3o de contrafa\u00e7\u00e3o na ace\u00e7\u00e3o do C\u00f3digo da Propriedade Intelectual.<\/p><h2 class=\"wp-block-heading\">Conte\u00fado textual e imagens<\/h2><p class=\"wp-block-paragraph\">Todos os conte\u00fados textuais e imagens oferecidos no site da Alt-Edic s\u00e3o propriedade da Alt-Edic.<br>Qualquer reprodu\u00e7\u00e3o total ou parcial destes textos e imagens sem a autoriza\u00e7\u00e3o expressa dos seus titulares de direitos \u00e9, portanto, estritamente proibida e constitui uma infra\u00e7\u00e3o de contrafa\u00e7\u00e3o na ace\u00e7\u00e3o do C\u00f3digo da Propriedade Intelectual.<\/p><h2 class=\"wp-block-heading\">Hiperliga\u00e7\u00f5es<\/h2><ul class=\"wp-block-list\">\n<li>1. Liga\u00e7\u00f5es de sa\u00edda do Alt-Edic<\/li>\n<\/ul><p class=\"wp-block-paragraph\">O Alt-Edic fornece hiperliga\u00e7\u00f5es profundas que apontam para sites de terceiros. Estes links ou refer\u00eancias n\u00e3o constituem um endosso ou valida\u00e7\u00e3o dos seus conte\u00fados. A Alt-Edic n\u00e3o ser\u00e1, em caso algum, respons\u00e1vel pelo conte\u00fado de tais websites e n\u00e3o ser\u00e1 respons\u00e1vel por quaisquer danos ou preju\u00edzos da\u00ed resultantes.<\/p><p class=\"wp-block-paragraph\">As hiperliga\u00e7\u00f5es profundas para outros sites s\u00e3o oferecidas aos Utilizadores apenas por conveni\u00eancia e n\u00e3o d\u00e3o origem a qualquer obriga\u00e7\u00e3o de qualquer tipo em detrimento da Alt-Edic, que n\u00e3o disp\u00f5e de meios de monitoriza\u00e7\u00e3o e vigil\u00e2ncia dos sites assim referenciados ou das suas evolu\u00e7\u00f5es e atualiza\u00e7\u00f5es. Os utilizadores devem consultar os avisos legais e as condi\u00e7\u00f5es gerais de utiliza\u00e7\u00e3o dos sites das institui\u00e7\u00f5es parceiras.<\/p><ul class=\"wp-block-list\">\n<li>2. Links para o Alt-Edic<\/li>\n<\/ul><p class=\"wp-block-paragraph\">A cria\u00e7\u00e3o de links de hipertexto para uma p\u00e1gina da Alt-Edic \u00e9 gratuita desde que n\u00e3o afete os interesses materiais ou morais da Alt-Edic e n\u00e3o crie confus\u00e3o sobre a origem dos Servi\u00e7os e\/ou Conte\u00fado.<\/p><h2 class=\"wp-block-heading\">Responsabilidade e errata<\/h2><p class=\"wp-block-paragraph\">As informa\u00e7\u00f5es exibidas no site da Alt-Edic s\u00e3o apenas para fins informativos. Pode ser modificado a qualquer momento e sem aviso pr\u00e9vio.<\/p><p class=\"wp-block-paragraph\">A Alt-Edic n\u00e3o pode ser responsabilizada por danos diretos ou indiretos, previs\u00edveis ou imprevis\u00edveis, como perda de ganhos ou lucros, perda de dados, perda de equipamentos e custos de repara\u00e7\u00e3o, recupera\u00e7\u00e3o ou reprodu\u00e7\u00e3o resultantes da utiliza\u00e7\u00e3o e\/ou incapacidade de utiliza\u00e7\u00e3o dos servi\u00e7os e conte\u00fados do site.<\/p><p class=\"wp-block-paragraph\">Apesar dos cuidados e verifica\u00e7\u00f5es da equipa respons\u00e1vel pelo Alt-Edic, podem permanecer erros, bugs ou omiss\u00f5es n\u00e3o intencionais. Se desejar enviar-nos os seus coment\u00e1rios ou reclama\u00e7\u00f5es, pode contactar-nos atrav\u00e9s do seguinte endere\u00e7o:<br>ALT-EDIC<br>1 local Aristide Briand<br>02600 Villers-Cotter\u00eats<br>Fran\u00e7a<\/p><p class=\"wp-block-paragraph\"><\/p><\/p>","protected":false},"excerpt":{"rendered":"<p>Qualquer tratamento de dados pessoais a partir do website alt-edic.eu \u00e9 realizado de acordo com os regulamentos (UE) 2016\/679 do Parlamento Europeu e do Conselho de 27 de abril de 2016 (conhecido como RGPD) e a Lei francesa n.o 78-17 de 6 de janeiro de 1978 relativa \u00e0 tecnologia da informa\u00e7\u00e3o, ficheiros e liberdades. Gest\u00e3o de Cookies Quando [...]<\/p>","protected":false},"author":1,"featured_media":0,"parent":0,"menu_order":0,"comment_status":"closed","ping_status":"closed","template":"","meta":{"footnotes":""},"class_list":["post-3","page","type-page","status-publish","hentry"],"aioseo_notices":[],"aioseo_head":"\n\t\t<!-- All in One SEO 5.0.0.1 - aioseo.com -->\n\t<meta name=\"description\" content=\"Any processing of personal data from the alt-edic.eu website is carried out in accordance with the regulations (EU) 2016\/679 of the European Parliament and of the Council of April 27th, 2016 (known as the RGPD) and French Law No. 78-17 of January 6th, 1978 relating to information technology, files and freedoms. Cookie Management When you\" \/>\n\t<meta name=\"robots\" content=\"max-image-preview:large\" \/>\n\t<link rel=\"canonical\" href=\"https:\/\/www.alt-edic.eu\/pt\/privacy-policy\/\" \/>\n\t<meta name=\"generator\" content=\"All in One SEO (AIOSEO) 5.0.0.1\" \/>\n\t\t<meta property=\"og:locale\" content=\"pt_PT\" \/>\n\t\t<meta property=\"og:site_name\" content=\"ALT-EDIC \u2013 Alliance for Language Technologies EDIC\" \/>\n\t\t<meta property=\"og:type\" content=\"article\" \/>\n\t\t<meta property=\"og:title\" content=\"Privacy Policy \u2013 ALT-EDIC\" \/>\n\t\t<meta property=\"og:description\" content=\"Any processing of personal data from the alt-edic.eu website is carried out in accordance with the regulations (EU) 2016\/679 of the European Parliament and of the Council of April 27th, 2016 (known as the RGPD) and French Law No. 78-17 of January 6th, 1978 relating to information technology, files and freedoms. Cookie Management When you\" \/>\n\t\t<meta property=\"og:url\" content=\"https:\/\/www.alt-edic.eu\/pt\/privacy-policy\/\" \/>\n\t\t<meta property=\"article:published_time\" content=\"2024-08-18T14:41:06+00:00\" \/>\n\t\t<meta property=\"article:modified_time\" content=\"2024-12-13T09:53:32+00:00\" \/>\n\t\t<meta name=\"twitter:card\" content=\"summary_large_image\" \/>\n\t\t<meta name=\"twitter:title\" content=\"Privacy Policy \u2013 ALT-EDIC\" \/>\n\t\t<meta name=\"twitter:description\" content=\"Any processing of personal data from the alt-edic.eu website is carried out in accordance with the regulations (EU) 2016\/679 of the European Parliament and of the Council of April 27th, 2016 (known as the RGPD) and French Law No. 78-17 of January 6th, 1978 relating to information technology, files and freedoms. Cookie Management When you\" \/>\n\t\t<script type=\"application\/ld+json\" class=\"aioseo-schema\">\n\t\t\t{\"@context\":\"https:\\\/\\\/schema.org\",\"@graph\":[{\"@type\":\"BreadcrumbList\",\"@id\":\"https:\\\/\\\/www.alt-edic.eu\\\/pt\\\/privacy-policy\\\/#breadcrumblist\",\"itemListElement\":[{\"@type\":\"ListItem\",\"@id\":\"https:\\\/\\\/www.alt-edic.eu\\\/pt#listItem\",\"position\":1,\"name\":\"Home\",\"item\":\"https:\\\/\\\/www.alt-edic.eu\\\/pt\",\"nextItem\":{\"@type\":\"ListItem\",\"@id\":\"https:\\\/\\\/www.alt-edic.eu\\\/pt\\\/privacy-policy\\\/#listItem\",\"name\":\"Privacy Policy\"}},{\"@type\":\"ListItem\",\"@id\":\"https:\\\/\\\/www.alt-edic.eu\\\/pt\\\/privacy-policy\\\/#listItem\",\"position\":2,\"name\":\"Privacy Policy\",\"previousItem\":{\"@type\":\"ListItem\",\"@id\":\"https:\\\/\\\/www.alt-edic.eu\\\/pt#listItem\",\"name\":\"Home\"}}]},{\"@type\":\"Organization\",\"@id\":\"https:\\\/\\\/www.alt-edic.eu\\\/pt\\\/#organization\",\"name\":\"ALT-EDIC Alliance for Language Technologies (ALT-EDIC)\",\"description\":\"Alliance for Language Technologies EDIC The Alliance for Language Technologies (ALT-EDIC) is a European Digital Infrastructure Consortium supporting the development of Language Technologies. It will promote excellence in language technologies and contribute to the preservation of Europe\\u2019s linguistic diversity and cultural richness.\",\"url\":\"https:\\\/\\\/www.alt-edic.eu\\\/pt\\\/\",\"email\":\"contact@alt-edic.eu\",\"telephone\":\"+33364924355\",\"foundingDate\":\"2024-02-01\",\"numberOfEmployees\":{\"@type\":\"QuantitativeValue\",\"minValue\":0,\"maxValue\":15},\"logo\":{\"@type\":\"ImageObject\",\"url\":\"https:\\\/\\\/www.alt-edic.eu\\\/wp-content\\\/uploads\\\/2024\\\/09\\\/logo_alt-edic_blue_on_white.png\",\"@id\":\"https:\\\/\\\/www.alt-edic.eu\\\/pt\\\/privacy-policy\\\/#organizationLogo\",\"width\":2779,\"height\":541,\"caption\":\"Logo Alt-Edic Blue\"},\"image\":{\"@id\":\"https:\\\/\\\/www.alt-edic.eu\\\/pt\\\/privacy-policy\\\/#organizationLogo\"},\"sameAs\":[\"https:\\\/\\\/www.linkedin.com\\\/company\\\/alt-edic\\\/\"]},{\"@type\":\"WebPage\",\"@id\":\"https:\\\/\\\/www.alt-edic.eu\\\/pt\\\/privacy-policy\\\/#webpage\",\"url\":\"https:\\\/\\\/www.alt-edic.eu\\\/pt\\\/privacy-policy\\\/\",\"name\":\"Privacy Policy \\u2013 ALT-EDIC\",\"description\":\"Any processing of personal data from the alt-edic.eu website is carried out in accordance with the regulations (EU) 2016\\\/679 of the European Parliament and of the Council of April 27th, 2016 (known as the RGPD) and French Law No. 78-17 of January 6th, 1978 relating to information technology, files and freedoms. Cookie Management When you\",\"inLanguage\":\"pt-PT\",\"isPartOf\":{\"@id\":\"https:\\\/\\\/www.alt-edic.eu\\\/pt\\\/#website\"},\"breadcrumb\":{\"@id\":\"https:\\\/\\\/www.alt-edic.eu\\\/pt\\\/privacy-policy\\\/#breadcrumblist\"},\"datePublished\":\"2024-08-18T14:41:06+01:00\",\"dateModified\":\"2024-12-13T10:53:32+01:00\"},{\"@type\":\"WebSite\",\"@id\":\"https:\\\/\\\/www.alt-edic.eu\\\/pt\\\/#website\",\"url\":\"https:\\\/\\\/www.alt-edic.eu\\\/pt\\\/\",\"name\":\"ALT-EDIC Alliance for Language Technologies\",\"alternateName\":\"ALT-EDIC\",\"description\":\"Alliance for Language Technologies EDIC\",\"inLanguage\":\"pt-PT\",\"publisher\":{\"@id\":\"https:\\\/\\\/www.alt-edic.eu\\\/pt\\\/#organization\"}}]}\n\t\t<\/script>\n\t\t<!-- All in One SEO -->\n\n","aioseo_head_json":{"title":"Privacy Policy \u2013 ALT-EDIC","description":"Any processing of personal data from the alt-edic.eu website is carried out in accordance with the regulations (EU) 2016\/679 of the European Parliament and of the Council of April 27th, 2016 (known as the RGPD) and French Law No. 78-17 of January 6th, 1978 relating to information technology, files and freedoms. Cookie Management When you","canonical_url":"https:\/\/www.alt-edic.eu\/pt\/privacy-policy\/","robots":"max-image-preview:large","keywords":"","webmasterTools":{"miscellaneous":""},"schema":{"@context":"https:\/\/schema.org","@graph":[{"@type":"BreadcrumbList","@id":"https:\/\/www.alt-edic.eu\/pt\/privacy-policy\/#breadcrumblist","itemListElement":[{"@type":"ListItem","@id":"https:\/\/www.alt-edic.eu\/pt#listItem","position":1,"name":"Home","item":"https:\/\/www.alt-edic.eu\/pt","nextItem":{"@type":"ListItem","@id":"https:\/\/www.alt-edic.eu\/pt\/privacy-policy\/#listItem","name":"Privacy Policy"}},{"@type":"ListItem","@id":"https:\/\/www.alt-edic.eu\/pt\/privacy-policy\/#listItem","position":2,"name":"Privacy Policy","previousItem":{"@type":"ListItem","@id":"https:\/\/www.alt-edic.eu\/pt#listItem","name":"Home"}}]},{"@type":"Organization","@id":"https:\/\/www.alt-edic.eu\/pt\/#organization","name":"ALT-EDIC Alliance for Language Technologies (ALT-EDIC)","description":"Alliance for Language Technologies EDIC The Alliance for Language Technologies (ALT-EDIC) is a European Digital Infrastructure Consortium supporting the development of Language Technologies. It will promote excellence in language technologies and contribute to the preservation of Europe\u2019s linguistic diversity and cultural richness.","url":"https:\/\/www.alt-edic.eu\/pt\/","email":"contact@alt-edic.eu","telephone":"+33364924355","foundingDate":"2024-02-01","numberOfEmployees":{"@type":"QuantitativeValue","minValue":0,"maxValue":15},"logo":{"@type":"ImageObject","url":"https:\/\/www.alt-edic.eu\/wp-content\/uploads\/2024\/09\/logo_alt-edic_blue_on_white.png","@id":"https:\/\/www.alt-edic.eu\/pt\/privacy-policy\/#organizationLogo","width":2779,"height":541,"caption":"Logo Alt-Edic Blue"},"image":{"@id":"https:\/\/www.alt-edic.eu\/pt\/privacy-policy\/#organizationLogo"},"sameAs":["https:\/\/www.linkedin.com\/company\/alt-edic\/"]},{"@type":"WebPage","@id":"https:\/\/www.alt-edic.eu\/pt\/privacy-policy\/#webpage","url":"https:\/\/www.alt-edic.eu\/pt\/privacy-policy\/","name":"Privacy Policy \u2013 ALT-EDIC","description":"Any processing of personal data from the alt-edic.eu website is carried out in accordance with the regulations (EU) 2016\/679 of the European Parliament and of the Council of April 27th, 2016 (known as the RGPD) and French Law No. 78-17 of January 6th, 1978 relating to information technology, files and freedoms. Cookie Management When you","inLanguage":"pt-PT","isPartOf":{"@id":"https:\/\/www.alt-edic.eu\/pt\/#website"},"breadcrumb":{"@id":"https:\/\/www.alt-edic.eu\/pt\/privacy-policy\/#breadcrumblist"},"datePublished":"2024-08-18T14:41:06+01:00","dateModified":"2024-12-13T10:53:32+01:00"},{"@type":"WebSite","@id":"https:\/\/www.alt-edic.eu\/pt\/#website","url":"https:\/\/www.alt-edic.eu\/pt\/","name":"ALT-EDIC Alliance for Language Technologies","alternateName":"ALT-EDIC","description":"Alliance for Language Technologies EDIC","inLanguage":"pt-PT","publisher":{"@id":"https:\/\/www.alt-edic.eu\/pt\/#organization"}}]},"og:locale":"pt_PT","og:site_name":"ALT-EDIC \u2013 Alliance for Language Technologies EDIC","og:type":"article","og:title":"Privacy Policy \u2013 ALT-EDIC","og:description":"Any processing of personal data from the alt-edic.eu website is carried out in accordance with the regulations (EU) 2016\/679 of the European Parliament and of the Council of April 27th, 2016 (known as the RGPD) and French Law No. 78-17 of January 6th, 1978 relating to information technology, files and freedoms. Cookie Management When you","og:url":"https:\/\/www.alt-edic.eu\/pt\/privacy-policy\/","article:published_time":"2024-08-18T14:41:06+00:00","article:modified_time":"2024-12-13T09:53:32+00:00","twitter:card":"summary_large_image","twitter:title":"Privacy Policy \u2013 ALT-EDIC","twitter:description":"Any processing of personal data from the alt-edic.eu website is carried out in accordance with the regulations (EU) 2016\/679 of the European Parliament and of the Council of April 27th, 2016 (known as the RGPD) and French Law No. 78-17 of January 6th, 1978 relating to information technology, files and freedoms. Cookie Management When you"},"aioseo_meta_data":{"post_id":"3","title":null,"description":null,"keywords":null,"keyphrases":{"focus":{"keyphrase":"","score":0,"analysis":{"keyphraseInTitle":{"score":0,"maxScore":9,"error":1}}},"additional":[]},"primary_term":null,"canonical_url":null,"og_title":null,"og_description":null,"og_object_type":"default","og_image_type":"default","og_image_url":null,"og_image_width":null,"og_image_height":null,"og_image_custom_url":null,"og_image_custom_fields":null,"og_video":"","og_custom_url":null,"og_article_section":null,"og_article_tags":null,"twitter_use_og":false,"twitter_card":"default","twitter_image_type":"default","twitter_image_url":null,"twitter_image_custom_url":null,"twitter_image_custom_fields":null,"twitter_title":null,"twitter_description":null,"schema":{"blockGraphs":[],"customGraphs":[],"default":{"data":{"Article":[],"Course":[],"Dataset":[],"FAQPage":[],"Movie":[],"Person":[],"Product":[],"ProductReview":[],"Car":[],"Recipe":[],"Service":[],"SoftwareApplication":[],"WebPage":[]},"graphName":"WebPage","isEnabled":true},"graphs":[]},"schema_type":"default","schema_type_options":null,"pillar_content":false,"robots_default":true,"robots_noindex":false,"robots_noarchive":false,"robots_nosnippet":false,"robots_nofollow":false,"robots_noimageindex":false,"robots_noodp":false,"robots_notranslate":false,"robots_max_snippet":"-1","robots_max_videopreview":"-1","robots_max_imagepreview":"large","priority":null,"frequency":"default","local_seo":null,"breadcrumb_settings":null,"limit_modified_date":false,"ai":null,"created":"2024-10-03 19:49:54","updated":"2025-06-10 20:35:11","seo_analyzer_scan_date":null,"focus_keyword":null,"additional_keywords":null,"truseo_locale":null},"aioseo_breadcrumb":"<div class=\"aioseo-breadcrumbs\"><span class=\"aioseo-breadcrumb\">\n\t\t\t<a href=\"https:\/\/www.alt-edic.eu\/pt\" title=\"Home\">Home<\/a>\n\t\t<\/span><span class=\"aioseo-breadcrumb-separator\">\/<\/span><span class=\"aioseo-breadcrumb\">\n\t\t\tPrivacy Policy\n\t\t<\/span><\/div>","aioseo_breadcrumb_json":[{"label":"Home","link":"https:\/\/www.alt-edic.eu\/pt"},{"label":"Privacy Policy","link":"https:\/\/www.alt-edic.eu\/pt\/privacy-policy\/"}],"_links":{"self":[{"href":"https:\/\/www.alt-edic.eu\/pt\/wp-json\/wp\/v2\/pages\/3","targetHints":{"allow":["GET"]}}],"collection":[{"href":"https:\/\/www.alt-edic.eu\/pt\/wp-json\/wp\/v2\/pages"}],"about":[{"href":"https:\/\/www.alt-edic.eu\/pt\/wp-json\/wp\/v2\/types\/page"}],"author":[{"embeddable":true,"href":"https:\/\/www.alt-edic.eu\/pt\/wp-json\/wp\/v2\/users\/1"}],"replies":[{"embeddable":true,"href":"https:\/\/www.alt-edic.eu\/pt\/wp-json\/wp\/v2\/comments?post=3"}],"version-history":[{"count":0,"href":"https:\/\/www.alt-edic.eu\/pt\/wp-json\/wp\/v2\/pages\/3\/revisions"}],"wp:attachment":[{"href":"https:\/\/www.alt-edic.eu\/pt\/wp-json\/wp\/v2\/media?parent=3"}],"curies":[{"name":"wp","href":"https:\/\/api.w.org\/{rel}","templated":true}]}}