{"id":8944,"date":"2024-10-03T19:38:42","date_gmt":"2024-10-03T19:38:42","guid":{"rendered":"https:\/\/alt-edic.eu\/?page_id=8944"},"modified":"2026-07-31T16:48:52","modified_gmt":"2026-07-31T15:48:52","slug":"governance","status":"publish","type":"page","link":"https:\/\/www.alt-edic.eu\/pl\/governance\/","title":{"rendered":"<p>Zarz\u0105dzanie<\/p>"},"content":{"rendered":"<div data-elementor-type=\"wp-page\" data-elementor-id=\"8944\" class=\"elementor elementor-8944\" data-elementor-post-type=\"page\">\n\t\t\t\t\t\t<section class=\"elementor-section elementor-top-section elementor-element elementor-element-83d6e06 elementor-section-stretched elementor-section-boxed elementor-section-height-default elementor-section-height-default\" data-id=\"83d6e06\" data-element_type=\"section\" data-e-type=\"section\" data-settings='{\"stretch_section\":\"section-stretched\",\"background_background\":\"gradient\"}'>\n\t\t\t\t\t\t<div class=\"elementor-container elementor-column-gap-extended\">\n\t\t\t\t\t<div class=\"elementor-column elementor-col-50 elementor-top-column elementor-element elementor-element-5ad19a07\" data-id=\"5ad19a07\" data-element_type=\"column\" data-e-type=\"column\">\n\t\t\t<div class=\"elementor-widget-wrap elementor-element-populated\">\n\t\t\t\t\t\t<div class=\"elementor-element elementor-element-17b6f034 elementor-widget elementor-widget-heading\" data-id=\"17b6f034\" data-element_type=\"widget\" data-e-type=\"widget\" data-widget_type=\"heading.default\">\n\t\t\t\t<div class=\"elementor-widget-container\">\n\t\t\t\t\t<h1 class=\"elementor-heading-title elementor-size-default\">Zarz\u0105dzanie<\/h1>\t\t\t\t<\/div>\n\t\t\t\t<\/div>\n\t\t\t\t<div class=\"elementor-element elementor-element-793ec4e6 elementor-widget elementor-widget-text-editor\" data-id=\"793ec4e6\" data-element_type=\"widget\" data-e-type=\"widget\" data-widget_type=\"text-editor.default\">\n\t\t\t\t<div class=\"elementor-widget-container\">\n\t\t\t\t\t\t\t\t\t<p>Sojusz na rzecz Technologii J\u0119zykowych (ALT-EDIC)<span style=\"text-decoration: underline; color: #99ccff;\"> <a style=\"color: #99ccff; text-decoration: underline;\" href=\"https:\/\/digital-strategy.ec.europa.eu\/en\/policies\/edic\"><span style=\"color: #ffffff; text-decoration: underline;\">Konsorcjum na rzecz europejskiej infrastruktury cyfrowej<\/span><\/a><\/span>, rodzaj struktury prawnej utworzonej na mocy <span style=\"text-decoration: underline; color: #ffffff;\"><span style=\"text-decoration: underline;\"><a style=\"color: #ffffff; text-decoration: underline;\" href=\"https:\/\/digital-strategy.ec.europa.eu\/en\/library\/digital-decade-policy-programme-2030\">Program polityki \u201eDroga ku cyfrowej dekadzie\u201d do 2030 r.<\/a><\/span><\/span>. Jest ona zarz\u0105dzana przez zgromadzenie cz\u0142onk\u00f3w z\u0142o\u017cone z pa\u0144stw cz\u0142onkowskich <span style=\"color: #ffffff;\"><a style=\"color: #ffffff;\" href=\"https:\/\/eur-lex.europa.eu\/EN\/legal-content\/summary\/agreement-on-the-european-economic-area.html\"><span style=\"text-decoration: underline;\">Europejski Obszar Gospodarczy (EOG)<\/span><\/a><\/span>&nbsp; i sk\u0142ada sprawozdania Komisji Europejskiej. <\/p>\t\t\t\t\t\t\t\t<\/div>\n\t\t\t\t<\/div>\n\t\t\t\t\t<\/div>\n\t\t<\/div>\n\t\t\t\t<div class=\"elementor-column elementor-col-50 elementor-top-column elementor-element elementor-element-75c15e62 elementor-hidden-tablet elementor-hidden-phone\" data-id=\"75c15e62\" data-element_type=\"column\" data-e-type=\"column\">\n\t\t\t<div class=\"elementor-widget-wrap\">\n\t\t\t\t\t\t\t<\/div>\n\t\t<\/div>\n\t\t\t\t\t<\/div>\n\t\t<\/section>\n\t\t\t\t<section class=\"elementor-section elementor-top-section elementor-element elementor-element-178c1fff elementor-section-stretched elementor-section-boxed elementor-section-height-default elementor-section-height-default\" data-id=\"178c1fff\" data-element_type=\"section\" data-e-type=\"section\" data-settings='{\"stretch_section\":\"section-stretched\"}'>\n\t\t\t\t\t\t<div class=\"elementor-container elementor-column-gap-extended\">\n\t\t\t\t\t<div class=\"elementor-column elementor-col-100 elementor-top-column elementor-element elementor-element-1c5552e\" data-id=\"1c5552e\" data-element_type=\"column\" data-e-type=\"column\">\n\t\t\t<div class=\"elementor-widget-wrap elementor-element-populated\">\n\t\t\t\t\t\t<div class=\"elementor-element elementor-element-4b36844 elementor-widget elementor-widget-text-editor\" data-id=\"4b36844\" data-element_type=\"widget\" data-e-type=\"widget\" data-widget_type=\"text-editor.default\">\n\t\t\t\t<div class=\"elementor-widget-container\">\n\t\t\t\t\t\t\t\t\t<h2>Organy decyzyjne i doradcze<\/h2><p>W przedmiocie <strong>Zgromadzenie Cz\u0142onk\u00f3w<\/strong> (AoM) jest organem zarz\u0105dzaj\u0105cym ALT-EDIC. Wybiera spo\u015br\u00f3d swoich cz\u0142onk\u00f3w przewodnicz\u0105cego i wiceprzewodnicz\u0105cego. Organ zarz\u0105dzaj\u0105cy mianuje dyrektora ALT-EDIC.<\/p><p>W przedmiocie <strong>Dyrektor<\/strong> jest prawnym przedstawicielem ALT-EDIC, prowadzi bie\u017c\u0105c\u0105 dzia\u0142alno\u015b\u0107 i odpowiada za wdra\u017canie decyzji organu zarz\u0105dzaj\u0105cego.<\/p><p>W przedmiocie <strong>Strategiczny Komitet Orientacji<\/strong>, w sk\u0142ad kt\u00f3rej wchodz\u0105 przedstawiciele cz\u0142onk\u00f3w, wybrani przez Rad\u0119 Zarz\u0105dzaj\u0105c\u0105 i ALT-EDIC? <strong>Konsorcjum przemys\u0142owe<\/strong>, wspiera zarz\u0105d i dyrektora.<\/p><p>W przedmiocie <strong>Naukowo-Techniczna Rada Doradcza<\/strong> oraz <strong>Rada doradcza ds. prawnych i etycznych<\/strong>, w kt\u00f3rych sk\u0142ad wchodz\u0105 eksperci z odpowiednich dziedzin, s\u0105 powo\u0142ywani przez jednostk\u0119 mianuj\u0105c\u0105.<\/p><h2>Przedstawiciele ALT-EDIC<\/h2><ul><li>Przewodnicz\u0105ca komisji AoM: Pan Fabio PIANESI<\/li><li>Wiceprzewodnicz\u0105cy komisji opiniodawczej: Pan Stefan LEIJNEN<\/li><\/ul><h2>Dokumenty referencyjne<\/h2><h3>Decyzja Komisji w sprawie utworzenia ALT-EDIC<\/h3><ul><li><a href=\"https:\/\/eur-lex.europa.eu\/eli\/dec_impl\/2024\/458\/oj\">Decyzja wykonawcza Komisji w sprawie utworzenia konsorcjum na rzecz europejskiej infrastruktury cyfrowej dla sojuszu na rzecz technologii j\u0119zykowych (ALT-EDIC)<\/a><\/li><\/ul><h3>Statut ALT-EDIC<\/h3><ul><li><a style=\"color: #000000;\" href=\"https:\/\/www.alt-edic.eu\/wp-content\/uploads\/2026\/06\/ALT-EDIC_Statutes_2026-04-14_eng.pdf\"><u>Wersja angielska<\/u><\/a><\/li><li><a style=\"color: #000000;\" href=\"https:\/\/www.alt-edic.eu\/wp-content\/uploads\/2026\/06\/ALT-EDIC_Statutes_2026-04-14_fra.pdf\"><u>Wersja francuska<\/u><\/a><\/li><\/ul><h3>Rezolucje AoM ALT-EDIC<\/h3><ul><li><span style=\"text-decoration: underline;\"><a style=\"outline: 0px;\" href=\"https:\/\/alt-edic.eu\/wp-content\/uploads\/2024\/12\/27-09-2024-Adopted-ALT-EDIC-Resolutions.pdf\">Przyj\u0119ta rezolucja ALT-EDIC 27 wrze\u015bnia 2024 r.<\/a><\/span><\/li><li><span style=\"text-decoration: underline;\"><a style=\"outline: 0px;\" href=\"https:\/\/alt-edic.eu\/wp-content\/uploads\/2024\/12\/28_08_2024-Adopted-ALT-EDIC-Resolution.pdf\">Przyj\u0119ta rezolucja ALT-EDIC 28 sierpnia 2024 r.<\/a><\/span><\/li><li><span style=\"text-decoration: underline;\"><a href=\"https:\/\/alt-edic.eu\/wp-content\/uploads\/2024\/12\/27-05-2024-Adopted-Resolutions.pdf\">Przyj\u0119ta rezolucja ALT-EDIC 27 maja 2024 r.<\/a><\/span><\/li><li><a href=\"https:\/\/alt-edic.eu\/wp-content\/uploads\/2024\/12\/8_03_2024-Adopted-ALT-EDIC-Resolution.pdf\"><span style=\"text-decoration: underline;\">Przyj\u0119ta rezolucja ALT-EDIC 8 marca 2024 r.<\/span><\/a><\/li><\/ul><h3>Sprawozdania z dzia\u0142alno\u015bci<\/h3><ul><li><a href=\"https:\/\/www.alt-edic.eu\/wp-content\/uploads\/2026\/07\/ALT-EDIC_Activity_Report_2024-2025.pdf\"><span style=\"text-decoration: underline;\">Sprawozdanie z dzia\u0142alno\u015bci 2024\u20132025<\/span><\/a><\/li><\/ul>\t\t\t\t\t\t\t\t<\/div>\n\t\t\t\t<\/div>\n\t\t\t\t\t<\/div>\n\t\t<\/div>\n\t\t\t\t\t<\/div>\n\t\t<\/section>\n\t\t\t\t<\/div>","protected":false},"excerpt":{"rendered":"<p>Alians na rzecz Technologii J\u0119zykowych (ALT-EDIC) jest konsorcjum na rzecz europejskiej infrastruktury cyfrowej, rodzajem struktury prawnej utworzonej w ramach programu polityki \u201eDroga ku cyfrowej dekadzie\u201d do 2030 r. Jest on zarz\u0105dzany przez zgromadzenie cz\u0142onk\u00f3w z\u0142o\u017cone z pa\u0144stw cz\u0142onkowskich Europejskiego Obszaru Gospodarczego (EOG) i podlega Komisji Europejskiej. Organy decyzyjne i doradcze [\u2026]<\/p>","protected":false},"author":1,"featured_media":0,"parent":0,"menu_order":0,"comment_status":"closed","ping_status":"closed","template":"","meta":{"footnotes":""},"class_list":["post-8944","page","type-page","status-publish","hentry"],"aioseo_notices":[],"aioseo_head":"\n\t\t<!-- All in One SEO 5.0.0.1 - aioseo.com -->\n\t<meta name=\"description\" content=\"The Alliance for Language Technologies \u2013 ALT-EDIC is a European Digital Infrastructure Consortium (EDIC), seated and located in France. It reports to the European Commission. Member states of the European Economic Area (EEA) may become Members or Observers of the ALT-EDIC. Each member is represented by a single officially appointed entity.\" \/>\n\t<meta name=\"robots\" content=\"max-image-preview:large\" \/>\n\t<link rel=\"canonical\" href=\"https:\/\/www.alt-edic.eu\/pl\/governance\/\" \/>\n\t<meta name=\"generator\" content=\"All in One SEO (AIOSEO) 5.0.0.1\" \/>\n\t\t<meta property=\"og:locale\" content=\"pl_PL\" \/>\n\t\t<meta property=\"og:site_name\" content=\"ALT-EDIC \u2013 Alliance for Language Technologies EDIC\" \/>\n\t\t<meta property=\"og:type\" content=\"article\" \/>\n\t\t<meta property=\"og:title\" content=\"Governance \u2013 ALT-EDIC\" \/>\n\t\t<meta property=\"og:description\" content=\"The Alliance for Language Technologies \u2013 ALT-EDIC is a European Digital Infrastructure Consortium (EDIC), seated and located in France. It reports to the European Commission. Member states of the European Economic Area (EEA) may become Members or Observers of the ALT-EDIC. Each member is represented by a single officially appointed entity.\" \/>\n\t\t<meta property=\"og:url\" content=\"https:\/\/www.alt-edic.eu\/pl\/governance\/\" \/>\n\t\t<meta property=\"article:published_time\" content=\"2024-10-03T19:38:42+00:00\" \/>\n\t\t<meta property=\"article:modified_time\" content=\"2026-07-31T15:48:52+00:00\" \/>\n\t\t<meta name=\"twitter:card\" content=\"summary_large_image\" \/>\n\t\t<meta name=\"twitter:title\" content=\"Governance \u2013 ALT-EDIC\" \/>\n\t\t<meta name=\"twitter:description\" content=\"The Alliance for Language Technologies \u2013 ALT-EDIC is a European Digital Infrastructure Consortium (EDIC), seated and located in France. It reports to the European Commission. Member states of the European Economic Area (EEA) may become Members or Observers of the ALT-EDIC. Each member is represented by a single officially appointed entity.\" \/>\n\t\t<script type=\"application\/ld+json\" class=\"aioseo-schema\">\n\t\t\t{\"@context\":\"https:\\\/\\\/schema.org\",\"@graph\":[{\"@type\":\"BreadcrumbList\",\"@id\":\"https:\\\/\\\/www.alt-edic.eu\\\/pl\\\/governance\\\/#breadcrumblist\",\"itemListElement\":[{\"@type\":\"ListItem\",\"@id\":\"https:\\\/\\\/www.alt-edic.eu\\\/pl#listItem\",\"position\":1,\"name\":\"Home\",\"item\":\"https:\\\/\\\/www.alt-edic.eu\\\/pl\",\"nextItem\":{\"@type\":\"ListItem\",\"@id\":\"https:\\\/\\\/www.alt-edic.eu\\\/pl\\\/governance\\\/#listItem\",\"name\":\"Governance\"}},{\"@type\":\"ListItem\",\"@id\":\"https:\\\/\\\/www.alt-edic.eu\\\/pl\\\/governance\\\/#listItem\",\"position\":2,\"name\":\"Governance\",\"previousItem\":{\"@type\":\"ListItem\",\"@id\":\"https:\\\/\\\/www.alt-edic.eu\\\/pl#listItem\",\"name\":\"Home\"}}]},{\"@type\":\"Organization\",\"@id\":\"https:\\\/\\\/www.alt-edic.eu\\\/pl\\\/#organization\",\"name\":\"ALT-EDIC Alliance for Language Technologies (ALT-EDIC)\",\"description\":\"Alliance for Language Technologies EDIC The Alliance for Language Technologies (ALT-EDIC) is a European Digital Infrastructure Consortium supporting the development of Language Technologies. It will promote excellence in language technologies and contribute to the preservation of Europe\\u2019s linguistic diversity and cultural richness.\",\"url\":\"https:\\\/\\\/www.alt-edic.eu\\\/pl\\\/\",\"email\":\"contact@alt-edic.eu\",\"telephone\":\"+33364924355\",\"foundingDate\":\"2024-02-01\",\"numberOfEmployees\":{\"@type\":\"QuantitativeValue\",\"minValue\":0,\"maxValue\":15},\"logo\":{\"@type\":\"ImageObject\",\"url\":\"https:\\\/\\\/www.alt-edic.eu\\\/wp-content\\\/uploads\\\/2024\\\/09\\\/logo_alt-edic_blue_on_white.png\",\"@id\":\"https:\\\/\\\/www.alt-edic.eu\\\/pl\\\/governance\\\/#organizationLogo\",\"width\":2779,\"height\":541,\"caption\":\"Logo Alt-Edic Blue\"},\"image\":{\"@id\":\"https:\\\/\\\/www.alt-edic.eu\\\/pl\\\/governance\\\/#organizationLogo\"},\"sameAs\":[\"https:\\\/\\\/www.linkedin.com\\\/company\\\/alt-edic\\\/\"]},{\"@type\":\"WebPage\",\"@id\":\"https:\\\/\\\/www.alt-edic.eu\\\/pl\\\/governance\\\/#webpage\",\"url\":\"https:\\\/\\\/www.alt-edic.eu\\\/pl\\\/governance\\\/\",\"name\":\"Governance \\u2013 ALT-EDIC\",\"description\":\"The Alliance for Language Technologies \\u2013 ALT-EDIC is a European Digital Infrastructure Consortium (EDIC), seated and located in France. It reports to the European Commission. Member states of the European Economic Area (EEA) may become Members or Observers of the ALT-EDIC. Each member is represented by a single officially appointed entity.\",\"inLanguage\":\"pl-PL\",\"isPartOf\":{\"@id\":\"https:\\\/\\\/www.alt-edic.eu\\\/pl\\\/#website\"},\"breadcrumb\":{\"@id\":\"https:\\\/\\\/www.alt-edic.eu\\\/pl\\\/governance\\\/#breadcrumblist\"},\"datePublished\":\"2024-10-03T19:38:42+01:00\",\"dateModified\":\"2026-07-31T16:48:52+01:00\"},{\"@type\":\"WebSite\",\"@id\":\"https:\\\/\\\/www.alt-edic.eu\\\/pl\\\/#website\",\"url\":\"https:\\\/\\\/www.alt-edic.eu\\\/pl\\\/\",\"name\":\"ALT-EDIC Alliance for Language Technologies\",\"alternateName\":\"ALT-EDIC\",\"description\":\"Alliance for Language Technologies EDIC\",\"inLanguage\":\"pl-PL\",\"publisher\":{\"@id\":\"https:\\\/\\\/www.alt-edic.eu\\\/pl\\\/#organization\"}}]}\n\t\t<\/script>\n\t\t<!-- All in One SEO -->\n\n","aioseo_head_json":{"title":"Governance \u2013 ALT-EDIC","description":"The Alliance for Language Technologies \u2013 ALT-EDIC is a European Digital Infrastructure Consortium (EDIC), seated and located in France. It reports to the European Commission. Member states of the European Economic Area (EEA) may become Members or Observers of the ALT-EDIC. Each member is represented by a single officially appointed entity.","canonical_url":"https:\/\/www.alt-edic.eu\/pl\/governance\/","robots":"max-image-preview:large","keywords":"","webmasterTools":{"miscellaneous":""},"schema":{"@context":"https:\/\/schema.org","@graph":[{"@type":"BreadcrumbList","@id":"https:\/\/www.alt-edic.eu\/pl\/governance\/#breadcrumblist","itemListElement":[{"@type":"ListItem","@id":"https:\/\/www.alt-edic.eu\/pl#listItem","position":1,"name":"Home","item":"https:\/\/www.alt-edic.eu\/pl","nextItem":{"@type":"ListItem","@id":"https:\/\/www.alt-edic.eu\/pl\/governance\/#listItem","name":"Governance"}},{"@type":"ListItem","@id":"https:\/\/www.alt-edic.eu\/pl\/governance\/#listItem","position":2,"name":"Governance","previousItem":{"@type":"ListItem","@id":"https:\/\/www.alt-edic.eu\/pl#listItem","name":"Home"}}]},{"@type":"Organization","@id":"https:\/\/www.alt-edic.eu\/pl\/#organization","name":"ALT-EDIC Alliance for Language Technologies (ALT-EDIC)","description":"Alliance for Language Technologies EDIC The Alliance for Language Technologies (ALT-EDIC) is a European Digital Infrastructure Consortium supporting the development of Language Technologies. It will promote excellence in language technologies and contribute to the preservation of Europe\u2019s linguistic diversity and cultural richness.","url":"https:\/\/www.alt-edic.eu\/pl\/","email":"contact@alt-edic.eu","telephone":"+33364924355","foundingDate":"2024-02-01","numberOfEmployees":{"@type":"QuantitativeValue","minValue":0,"maxValue":15},"logo":{"@type":"ImageObject","url":"https:\/\/www.alt-edic.eu\/wp-content\/uploads\/2024\/09\/logo_alt-edic_blue_on_white.png","@id":"https:\/\/www.alt-edic.eu\/pl\/governance\/#organizationLogo","width":2779,"height":541,"caption":"Logo Alt-Edic Blue"},"image":{"@id":"https:\/\/www.alt-edic.eu\/pl\/governance\/#organizationLogo"},"sameAs":["https:\/\/www.linkedin.com\/company\/alt-edic\/"]},{"@type":"WebPage","@id":"https:\/\/www.alt-edic.eu\/pl\/governance\/#webpage","url":"https:\/\/www.alt-edic.eu\/pl\/governance\/","name":"Governance \u2013 ALT-EDIC","description":"The Alliance for Language Technologies \u2013 ALT-EDIC is a European Digital Infrastructure Consortium (EDIC), seated and located in France. It reports to the European Commission. Member states of the European Economic Area (EEA) may become Members or Observers of the ALT-EDIC. Each member is represented by a single officially appointed entity.","inLanguage":"pl-PL","isPartOf":{"@id":"https:\/\/www.alt-edic.eu\/pl\/#website"},"breadcrumb":{"@id":"https:\/\/www.alt-edic.eu\/pl\/governance\/#breadcrumblist"},"datePublished":"2024-10-03T19:38:42+01:00","dateModified":"2026-07-31T16:48:52+01:00"},{"@type":"WebSite","@id":"https:\/\/www.alt-edic.eu\/pl\/#website","url":"https:\/\/www.alt-edic.eu\/pl\/","name":"ALT-EDIC Alliance for Language Technologies","alternateName":"ALT-EDIC","description":"Alliance for Language Technologies EDIC","inLanguage":"pl-PL","publisher":{"@id":"https:\/\/www.alt-edic.eu\/pl\/#organization"}}]},"og:locale":"pl_PL","og:site_name":"ALT-EDIC \u2013 Alliance for Language Technologies EDIC","og:type":"article","og:title":"Governance \u2013 ALT-EDIC","og:description":"The Alliance for Language Technologies \u2013 ALT-EDIC is a European Digital Infrastructure Consortium (EDIC), seated and located in France. It reports to the European Commission. Member states of the European Economic Area (EEA) may become Members or Observers of the ALT-EDIC. Each member is represented by a single officially appointed entity.","og:url":"https:\/\/www.alt-edic.eu\/pl\/governance\/","article:published_time":"2024-10-03T19:38:42+00:00","article:modified_time":"2026-07-31T15:48:52+00:00","twitter:card":"summary_large_image","twitter:title":"Governance \u2013 ALT-EDIC","twitter:description":"The Alliance for Language Technologies \u2013 ALT-EDIC is a European Digital Infrastructure Consortium (EDIC), seated and located in France. It reports to the European Commission. Member states of the European Economic Area (EEA) may become Members or Observers of the ALT-EDIC. Each member is represented by a single officially appointed entity."},"aioseo_meta_data":{"post_id":"8944","title":null,"description":"The Alliance for Language Technologies \u2013 ALT-EDIC is a European Digital Infrastructure Consortium (EDIC), seated and located in France. It reports to the European Commission. Member states of the European Economic Area (EEA) may become Members or Observers of the ALT-EDIC. Each member is represented by a single officially appointed entity.","keywords":null,"keyphrases":{"focus":{"keyphrase":"","score":0,"analysis":{"keyphraseInTitle":{"score":0,"maxScore":9,"error":1}}},"additional":[]},"primary_term":null,"canonical_url":null,"og_title":null,"og_description":null,"og_object_type":"default","og_image_type":"default","og_image_url":null,"og_image_width":null,"og_image_height":null,"og_image_custom_url":null,"og_image_custom_fields":null,"og_video":"","og_custom_url":null,"og_article_section":null,"og_article_tags":null,"twitter_use_og":false,"twitter_card":"default","twitter_image_type":"default","twitter_image_url":null,"twitter_image_custom_url":null,"twitter_image_custom_fields":null,"twitter_title":null,"twitter_description":null,"schema":{"blockGraphs":[],"customGraphs":[],"default":{"data":{"Article":[],"Course":[],"Dataset":[],"FAQPage":[],"Movie":[],"Person":[],"Product":[],"ProductReview":[],"Car":[],"Recipe":[],"Service":[],"SoftwareApplication":[],"WebPage":[]},"graphName":"WebPage","isEnabled":true},"graphs":[]},"schema_type":"default","schema_type_options":null,"pillar_content":false,"robots_default":true,"robots_noindex":false,"robots_noarchive":false,"robots_nosnippet":false,"robots_nofollow":false,"robots_noimageindex":false,"robots_noodp":false,"robots_notranslate":false,"robots_max_snippet":"-1","robots_max_videopreview":"-1","robots_max_imagepreview":"large","priority":null,"frequency":"default","local_seo":null,"breadcrumb_settings":null,"limit_modified_date":false,"ai":null,"created":"2024-10-03 19:38:42","updated":"2026-08-01 12:58:30","seo_analyzer_scan_date":null,"focus_keyword":null,"additional_keywords":null,"truseo_locale":null},"aioseo_breadcrumb":"<div class=\"aioseo-breadcrumbs\"><span class=\"aioseo-breadcrumb\">\n\t\t\t<a href=\"https:\/\/www.alt-edic.eu\/pl\" title=\"Home\">Home<\/a>\n\t\t<\/span><span class=\"aioseo-breadcrumb-separator\">\/<\/span><span class=\"aioseo-breadcrumb\">\n\t\t\tGovernance\n\t\t<\/span><\/div>","aioseo_breadcrumb_json":[{"label":"Home","link":"https:\/\/www.alt-edic.eu\/pl"},{"label":"Governance","link":"https:\/\/www.alt-edic.eu\/pl\/governance\/"}],"_links":{"self":[{"href":"https:\/\/www.alt-edic.eu\/pl\/wp-json\/wp\/v2\/pages\/8944","targetHints":{"allow":["GET"]}}],"collection":[{"href":"https:\/\/www.alt-edic.eu\/pl\/wp-json\/wp\/v2\/pages"}],"about":[{"href":"https:\/\/www.alt-edic.eu\/pl\/wp-json\/wp\/v2\/types\/page"}],"author":[{"embeddable":true,"href":"https:\/\/www.alt-edic.eu\/pl\/wp-json\/wp\/v2\/users\/1"}],"replies":[{"embeddable":true,"href":"https:\/\/www.alt-edic.eu\/pl\/wp-json\/wp\/v2\/comments?post=8944"}],"version-history":[{"count":15,"href":"https:\/\/www.alt-edic.eu\/pl\/wp-json\/wp\/v2\/pages\/8944\/revisions"}],"predecessor-version":[{"id":11615,"href":"https:\/\/www.alt-edic.eu\/pl\/wp-json\/wp\/v2\/pages\/8944\/revisions\/11615"}],"wp:attachment":[{"href":"https:\/\/www.alt-edic.eu\/pl\/wp-json\/wp\/v2\/media?parent=8944"}],"curies":[{"name":"wp","href":"https:\/\/api.w.org\/{rel}","templated":true}]}}