{"id":8944,"date":"2024-10-03T19:38:42","date_gmt":"2024-10-03T19:38:42","guid":{"rendered":"https:\/\/alt-edic.eu\/?page_id=8944"},"modified":"2026-07-31T16:48:52","modified_gmt":"2026-07-31T15:48:52","slug":"governance","status":"publish","type":"page","link":"https:\/\/www.alt-edic.eu\/lv\/governance\/","title":{"rendered":"<p>P\u0101rvald\u012bba<\/p>"},"content":{"rendered":"<div data-elementor-type=\"wp-page\" data-elementor-id=\"8944\" class=\"elementor elementor-8944\" data-elementor-post-type=\"page\">\n\t\t\t\t\t\t<section class=\"elementor-section elementor-top-section elementor-element elementor-element-83d6e06 elementor-section-stretched elementor-section-boxed elementor-section-height-default elementor-section-height-default\" data-id=\"83d6e06\" data-element_type=\"section\" data-e-type=\"section\" data-settings='{\"stretch_section\":\"section-stretched\",\"background_background\":\"gradient\"}'>\n\t\t\t\t\t\t<div class=\"elementor-container elementor-column-gap-extended\">\n\t\t\t\t\t<div class=\"elementor-column elementor-col-50 elementor-top-column elementor-element elementor-element-5ad19a07\" data-id=\"5ad19a07\" data-element_type=\"column\" data-e-type=\"column\">\n\t\t\t<div class=\"elementor-widget-wrap elementor-element-populated\">\n\t\t\t\t\t\t<div class=\"elementor-element elementor-element-17b6f034 elementor-widget elementor-widget-heading\" data-id=\"17b6f034\" data-element_type=\"widget\" data-e-type=\"widget\" data-widget_type=\"heading.default\">\n\t\t\t\t<div class=\"elementor-widget-container\">\n\t\t\t\t\t<h1 class=\"elementor-heading-title elementor-size-default\">P\u0101rvald\u012bba<\/h1>\t\t\t\t<\/div>\n\t\t\t\t<\/div>\n\t\t\t\t<div class=\"elementor-element elementor-element-793ec4e6 elementor-widget elementor-widget-text-editor\" data-id=\"793ec4e6\" data-element_type=\"widget\" data-e-type=\"widget\" data-widget_type=\"text-editor.default\">\n\t\t\t\t<div class=\"elementor-widget-container\">\n\t\t\t\t\t\t\t\t\t<p>Valodu tehnolo\u0123iju alianse (ALT-EDIC) ir<span style=\"text-decoration: underline; color: #99ccff;\"> <a style=\"color: #99ccff; text-decoration: underline;\" href=\"https:\/\/digital-strategy.ec.europa.eu\/en\/policies\/edic\"><span style=\"color: #ffffff; text-decoration: underline;\">Eiropas Digit\u0101l\u0101s infrastrukt\u016bras konsorcijs<\/span><\/a><\/span>, juridisk\u0101s strukt\u016bras veids, kas izveidots saska\u0146\u0101 ar <span style=\"text-decoration: underline; color: #ffffff;\"><span style=\"text-decoration: underline;\"><a style=\"color: #ffffff; text-decoration: underline;\" href=\"https:\/\/digital-strategy.ec.europa.eu\/en\/library\/digital-decade-policy-programme-2030\">Digit\u0101l\u0101s desmitgades politikas programma 2030. gadam<\/a><\/span><\/span>. To vada dal\u012bbnieku kopsapulce, kur\u0101 ietilpst dal\u012bbvalstis, <span style=\"color: #ffffff;\"><a style=\"color: #ffffff;\" href=\"https:\/\/eur-lex.europa.eu\/EN\/legal-content\/summary\/agreement-on-the-european-economic-area.html\"><span style=\"text-decoration: underline;\">Eiropas Ekonomikas zona (EEZ)<\/span><\/a><\/span>&nbsp; un zi\u0146ojumi Eiropas Komisijai. <\/p>\t\t\t\t\t\t\t\t<\/div>\n\t\t\t\t<\/div>\n\t\t\t\t\t<\/div>\n\t\t<\/div>\n\t\t\t\t<div class=\"elementor-column elementor-col-50 elementor-top-column elementor-element elementor-element-75c15e62 elementor-hidden-tablet elementor-hidden-phone\" data-id=\"75c15e62\" data-element_type=\"column\" data-e-type=\"column\">\n\t\t\t<div class=\"elementor-widget-wrap\">\n\t\t\t\t\t\t\t<\/div>\n\t\t<\/div>\n\t\t\t\t\t<\/div>\n\t\t<\/section>\n\t\t\t\t<section class=\"elementor-section elementor-top-section elementor-element elementor-element-178c1fff elementor-section-stretched elementor-section-boxed elementor-section-height-default elementor-section-height-default\" data-id=\"178c1fff\" data-element_type=\"section\" data-e-type=\"section\" data-settings='{\"stretch_section\":\"section-stretched\"}'>\n\t\t\t\t\t\t<div class=\"elementor-container elementor-column-gap-extended\">\n\t\t\t\t\t<div class=\"elementor-column elementor-col-100 elementor-top-column elementor-element elementor-element-1c5552e\" data-id=\"1c5552e\" data-element_type=\"column\" data-e-type=\"column\">\n\t\t\t<div class=\"elementor-widget-wrap elementor-element-populated\">\n\t\t\t\t\t\t<div class=\"elementor-element elementor-element-4b36844 elementor-widget elementor-widget-text-editor\" data-id=\"4b36844\" data-element_type=\"widget\" data-e-type=\"widget\" data-widget_type=\"text-editor.default\">\n\t\t\t\t<div class=\"elementor-widget-container\">\n\t\t\t\t\t\t\t\t\t<h2>L\u0113mumu pie\u0146em\u0161anas un padomdev\u0113jas strukt\u016bras<\/h2><p>The <strong>Dal\u012bbnieku kopsapulce<\/strong> AOM) ir ALT-EDIC p\u0101rvald\u012bbas strukt\u016bra. T\u0101 no savu locek\u013cu vidus iev\u0113l priek\u0161s\u0113d\u0113t\u0101ju un priek\u0161s\u0113d\u0113t\u0101ja vietnieku. AOM iece\u013c ALT-EDIC direktoru.<\/p><p>The <strong>Direktore<\/strong> ir ALT-EDIC juridiskais p\u0101rst\u0101vis, veic savas ikdienas darb\u012bbas un atbild par AOM l\u0113mumu \u012bsteno\u0161anu.<\/p><p>The <strong>Strat\u0113\u0123isk\u0101s ievirzes komiteja<\/strong>, kur\u0101 ietilpst AOM un ALT-EDIC iev\u0113l\u0113tie deput\u0101tu p\u0101rst\u0101vji? <strong>R\u016bpniec\u012bbas konsorcijs<\/strong>, atbalsta AOM un direktoru.<\/p><p>The <strong>Zin\u0101tnisk\u0101 un tehnisk\u0101 konsultat\u012bv\u0101 padome<\/strong> un <strong>Juridisk\u0101 un \u0113tikas konsultat\u012bv\u0101 padome<\/strong>, abus, kuru sast\u0101v\u0101 ir eksperti no attiec\u012bgaj\u0101m jom\u0101m, iece\u013c AOM.<\/p><h2>Alt-EDIC p\u0101rst\u0101vji<\/h2><ul><li>AOM priek\u0161s\u0113d\u0113t\u0101js: Fabio PIANESI kungs<\/li><li>AOM priek\u0161s\u0113d\u0113t\u0101ja vietnieks: Stefan LEIJNEN kungs<\/li><\/ul><h2>Atsauces dokumenti<\/h2><h3>Komisijas l\u0113mums par ALT-EDIC izveidi<\/h3><ul><li><a href=\"https:\/\/eur-lex.europa.eu\/eli\/dec_impl\/2024\/458\/oj\">Komisijas \u012asteno\u0161anas l\u0113mums, ar ko izveido Eiropas Digit\u0101l\u0101s infrastrukt\u016bras konsorciju Valodu tehnolo\u0123iju aliansei (ALT-EDIC)<\/a><\/li><\/ul><h3>Alt-EDIC Stat\u016bti<\/h3><ul><li><a style=\"color: #000000;\" href=\"https:\/\/www.alt-edic.eu\/wp-content\/uploads\/2026\/06\/ALT-EDIC_Statutes_2026-04-14_eng.pdf\"><u>Ang\u013cu versija<\/u><\/a><\/li><li><a style=\"color: #000000;\" href=\"https:\/\/www.alt-edic.eu\/wp-content\/uploads\/2026\/06\/ALT-EDIC_Statutes_2026-04-14_fra.pdf\"><u>Francijas versija<\/u><\/a><\/li><\/ul><h3>Alt-EDIC AOM rezol\u016bcijas<\/h3><ul><li><span style=\"text-decoration: underline;\"><a style=\"outline: 0px;\" href=\"https:\/\/alt-edic.eu\/wp-content\/uploads\/2024\/12\/27-09-2024-Adopted-ALT-EDIC-Resolutions.pdf\">Pie\u0146emta ALT-EDIC Rezol\u016bcija, 2024. gada 27. septembris<\/a><\/span><\/li><li><span style=\"text-decoration: underline;\"><a style=\"outline: 0px;\" href=\"https:\/\/alt-edic.eu\/wp-content\/uploads\/2024\/12\/28_08_2024-Adopted-ALT-EDIC-Resolution.pdf\">Pie\u0146emta ALT-EDIC Rezol\u016bcija, 2024. gada 28. augusts<\/a><\/span><\/li><li><span style=\"text-decoration: underline;\"><a href=\"https:\/\/alt-edic.eu\/wp-content\/uploads\/2024\/12\/27-05-2024-Adopted-Resolutions.pdf\">Pie\u0146emta ALT-EDIC Rezol\u016bcija, 2024. gada 27. maijs<\/a><\/span><\/li><li><a href=\"https:\/\/alt-edic.eu\/wp-content\/uploads\/2024\/12\/8_03_2024-Adopted-ALT-EDIC-Resolution.pdf\"><span style=\"text-decoration: underline;\">Pie\u0146emta ALT-EDIC rezol\u016bcija, 2024. gada 8. marts<\/span><\/a><\/li><\/ul><h3>Darb\u012bbas p\u0101rskati<\/h3><ul><li><a href=\"https:\/\/www.alt-edic.eu\/wp-content\/uploads\/2026\/07\/ALT-EDIC_Activity_Report_2024-2025.pdf\"><span style=\"text-decoration: underline;\">2024.\u20132025. gada darb\u012bbas p\u0101rskats<\/span><\/a><\/li><\/ul>\t\t\t\t\t\t\t\t<\/div>\n\t\t\t\t<\/div>\n\t\t\t\t\t<\/div>\n\t\t<\/div>\n\t\t\t\t\t<\/div>\n\t\t<\/section>\n\t\t\t\t<\/div>","protected":false},"excerpt":{"rendered":"<p>Valodu tehnolo\u0123iju alianse (ALT-EDIC) ir Eiropas digit\u0101l\u0101s infrastrukt\u016bras konsorcijs, kas ir juridisk\u0101s strukt\u016bras veids, kur\u0161 izveidots saska\u0146\u0101 ar Digit\u0101l\u0101s desmitgades politikas programmu 2030. gadam. To p\u0101rvalda Eiropas Ekonomikas zonas (EEZ) dal\u012bbvalstu p\u0101rst\u0101vju asambleja un zi\u0146o Eiropas Komisijai. L\u0113mumu pie\u0146em\u0161anas un padomdev\u0113jas strukt\u016bras [...]<\/p>","protected":false},"author":1,"featured_media":0,"parent":0,"menu_order":0,"comment_status":"closed","ping_status":"closed","template":"","meta":{"footnotes":""},"class_list":["post-8944","page","type-page","status-publish","hentry"],"aioseo_notices":[],"aioseo_head":"\n\t\t<!-- All in One SEO 5.0.0.1 - aioseo.com -->\n\t<meta name=\"description\" content=\"The Alliance for Language Technologies \u2013 ALT-EDIC is a European Digital Infrastructure Consortium (EDIC), seated and located in France. It reports to the European Commission. Member states of the European Economic Area (EEA) may become Members or Observers of the ALT-EDIC. Each member is represented by a single officially appointed entity.\" \/>\n\t<meta name=\"robots\" content=\"max-image-preview:large\" \/>\n\t<link rel=\"canonical\" href=\"https:\/\/www.alt-edic.eu\/lv\/governance\/\" \/>\n\t<meta name=\"generator\" content=\"All in One SEO (AIOSEO) 5.0.0.1\" \/>\n\t\t<meta property=\"og:locale\" content=\"lv_LV\" \/>\n\t\t<meta property=\"og:site_name\" content=\"ALT-EDIC \u2013 Alliance for Language Technologies EDIC\" \/>\n\t\t<meta property=\"og:type\" content=\"article\" \/>\n\t\t<meta property=\"og:title\" content=\"Governance \u2013 ALT-EDIC\" \/>\n\t\t<meta property=\"og:description\" content=\"The Alliance for Language Technologies \u2013 ALT-EDIC is a European Digital Infrastructure Consortium (EDIC), seated and located in France. It reports to the European Commission. Member states of the European Economic Area (EEA) may become Members or Observers of the ALT-EDIC. Each member is represented by a single officially appointed entity.\" \/>\n\t\t<meta property=\"og:url\" content=\"https:\/\/www.alt-edic.eu\/lv\/governance\/\" \/>\n\t\t<meta property=\"article:published_time\" content=\"2024-10-03T19:38:42+00:00\" \/>\n\t\t<meta property=\"article:modified_time\" content=\"2026-07-31T15:48:52+00:00\" \/>\n\t\t<meta name=\"twitter:card\" content=\"summary_large_image\" \/>\n\t\t<meta name=\"twitter:title\" content=\"Governance \u2013 ALT-EDIC\" \/>\n\t\t<meta name=\"twitter:description\" content=\"The Alliance for Language Technologies \u2013 ALT-EDIC is a European Digital Infrastructure Consortium (EDIC), seated and located in France. It reports to the European Commission. Member states of the European Economic Area (EEA) may become Members or Observers of the ALT-EDIC. Each member is represented by a single officially appointed entity.\" \/>\n\t\t<script type=\"application\/ld+json\" class=\"aioseo-schema\">\n\t\t\t{\"@context\":\"https:\\\/\\\/schema.org\",\"@graph\":[{\"@type\":\"BreadcrumbList\",\"@id\":\"https:\\\/\\\/www.alt-edic.eu\\\/lv\\\/governance\\\/#breadcrumblist\",\"itemListElement\":[{\"@type\":\"ListItem\",\"@id\":\"https:\\\/\\\/www.alt-edic.eu\\\/lv#listItem\",\"position\":1,\"name\":\"Home\",\"item\":\"https:\\\/\\\/www.alt-edic.eu\\\/lv\",\"nextItem\":{\"@type\":\"ListItem\",\"@id\":\"https:\\\/\\\/www.alt-edic.eu\\\/lv\\\/governance\\\/#listItem\",\"name\":\"Governance\"}},{\"@type\":\"ListItem\",\"@id\":\"https:\\\/\\\/www.alt-edic.eu\\\/lv\\\/governance\\\/#listItem\",\"position\":2,\"name\":\"Governance\",\"previousItem\":{\"@type\":\"ListItem\",\"@id\":\"https:\\\/\\\/www.alt-edic.eu\\\/lv#listItem\",\"name\":\"Home\"}}]},{\"@type\":\"Organization\",\"@id\":\"https:\\\/\\\/www.alt-edic.eu\\\/lv\\\/#organization\",\"name\":\"ALT-EDIC Alliance for Language Technologies (ALT-EDIC)\",\"description\":\"Alliance for Language Technologies EDIC The Alliance for Language Technologies (ALT-EDIC) is a European Digital Infrastructure Consortium supporting the development of Language Technologies. It will promote excellence in language technologies and contribute to the preservation of Europe\\u2019s linguistic diversity and cultural richness.\",\"url\":\"https:\\\/\\\/www.alt-edic.eu\\\/lv\\\/\",\"email\":\"contact@alt-edic.eu\",\"telephone\":\"+33364924355\",\"foundingDate\":\"2024-02-01\",\"numberOfEmployees\":{\"@type\":\"QuantitativeValue\",\"minValue\":0,\"maxValue\":15},\"logo\":{\"@type\":\"ImageObject\",\"url\":\"https:\\\/\\\/www.alt-edic.eu\\\/wp-content\\\/uploads\\\/2024\\\/09\\\/logo_alt-edic_blue_on_white.png\",\"@id\":\"https:\\\/\\\/www.alt-edic.eu\\\/lv\\\/governance\\\/#organizationLogo\",\"width\":2779,\"height\":541,\"caption\":\"Logo Alt-Edic Blue\"},\"image\":{\"@id\":\"https:\\\/\\\/www.alt-edic.eu\\\/lv\\\/governance\\\/#organizationLogo\"},\"sameAs\":[\"https:\\\/\\\/www.linkedin.com\\\/company\\\/alt-edic\\\/\"]},{\"@type\":\"WebPage\",\"@id\":\"https:\\\/\\\/www.alt-edic.eu\\\/lv\\\/governance\\\/#webpage\",\"url\":\"https:\\\/\\\/www.alt-edic.eu\\\/lv\\\/governance\\\/\",\"name\":\"Governance \\u2013 ALT-EDIC\",\"description\":\"The Alliance for Language Technologies \\u2013 ALT-EDIC is a European Digital Infrastructure Consortium (EDIC), seated and located in France. It reports to the European Commission. Member states of the European Economic Area (EEA) may become Members or Observers of the ALT-EDIC. Each member is represented by a single officially appointed entity.\",\"inLanguage\":\"lv\",\"isPartOf\":{\"@id\":\"https:\\\/\\\/www.alt-edic.eu\\\/lv\\\/#website\"},\"breadcrumb\":{\"@id\":\"https:\\\/\\\/www.alt-edic.eu\\\/lv\\\/governance\\\/#breadcrumblist\"},\"datePublished\":\"2024-10-03T19:38:42+01:00\",\"dateModified\":\"2026-07-31T16:48:52+01:00\"},{\"@type\":\"WebSite\",\"@id\":\"https:\\\/\\\/www.alt-edic.eu\\\/lv\\\/#website\",\"url\":\"https:\\\/\\\/www.alt-edic.eu\\\/lv\\\/\",\"name\":\"ALT-EDIC Alliance for Language Technologies\",\"alternateName\":\"ALT-EDIC\",\"description\":\"Alliance for Language Technologies EDIC\",\"inLanguage\":\"lv\",\"publisher\":{\"@id\":\"https:\\\/\\\/www.alt-edic.eu\\\/lv\\\/#organization\"}}]}\n\t\t<\/script>\n\t\t<!-- All in One SEO -->\n\n","aioseo_head_json":{"title":"Governance \u2013 ALT-EDIC","description":"The Alliance for Language Technologies \u2013 ALT-EDIC is a European Digital Infrastructure Consortium (EDIC), seated and located in France. It reports to the European Commission. Member states of the European Economic Area (EEA) may become Members or Observers of the ALT-EDIC. Each member is represented by a single officially appointed entity.","canonical_url":"https:\/\/www.alt-edic.eu\/lv\/governance\/","robots":"max-image-preview:large","keywords":"","webmasterTools":{"miscellaneous":""},"schema":{"@context":"https:\/\/schema.org","@graph":[{"@type":"BreadcrumbList","@id":"https:\/\/www.alt-edic.eu\/lv\/governance\/#breadcrumblist","itemListElement":[{"@type":"ListItem","@id":"https:\/\/www.alt-edic.eu\/lv#listItem","position":1,"name":"Home","item":"https:\/\/www.alt-edic.eu\/lv","nextItem":{"@type":"ListItem","@id":"https:\/\/www.alt-edic.eu\/lv\/governance\/#listItem","name":"Governance"}},{"@type":"ListItem","@id":"https:\/\/www.alt-edic.eu\/lv\/governance\/#listItem","position":2,"name":"Governance","previousItem":{"@type":"ListItem","@id":"https:\/\/www.alt-edic.eu\/lv#listItem","name":"Home"}}]},{"@type":"Organization","@id":"https:\/\/www.alt-edic.eu\/lv\/#organization","name":"ALT-EDIC Alliance for Language Technologies (ALT-EDIC)","description":"Alliance for Language Technologies EDIC The Alliance for Language Technologies (ALT-EDIC) is a European Digital Infrastructure Consortium supporting the development of Language Technologies. It will promote excellence in language technologies and contribute to the preservation of Europe\u2019s linguistic diversity and cultural richness.","url":"https:\/\/www.alt-edic.eu\/lv\/","email":"contact@alt-edic.eu","telephone":"+33364924355","foundingDate":"2024-02-01","numberOfEmployees":{"@type":"QuantitativeValue","minValue":0,"maxValue":15},"logo":{"@type":"ImageObject","url":"https:\/\/www.alt-edic.eu\/wp-content\/uploads\/2024\/09\/logo_alt-edic_blue_on_white.png","@id":"https:\/\/www.alt-edic.eu\/lv\/governance\/#organizationLogo","width":2779,"height":541,"caption":"Logo Alt-Edic Blue"},"image":{"@id":"https:\/\/www.alt-edic.eu\/lv\/governance\/#organizationLogo"},"sameAs":["https:\/\/www.linkedin.com\/company\/alt-edic\/"]},{"@type":"WebPage","@id":"https:\/\/www.alt-edic.eu\/lv\/governance\/#webpage","url":"https:\/\/www.alt-edic.eu\/lv\/governance\/","name":"Governance \u2013 ALT-EDIC","description":"The Alliance for Language Technologies \u2013 ALT-EDIC is a European Digital Infrastructure Consortium (EDIC), seated and located in France. It reports to the European Commission. Member states of the European Economic Area (EEA) may become Members or Observers of the ALT-EDIC. Each member is represented by a single officially appointed entity.","inLanguage":"lv","isPartOf":{"@id":"https:\/\/www.alt-edic.eu\/lv\/#website"},"breadcrumb":{"@id":"https:\/\/www.alt-edic.eu\/lv\/governance\/#breadcrumblist"},"datePublished":"2024-10-03T19:38:42+01:00","dateModified":"2026-07-31T16:48:52+01:00"},{"@type":"WebSite","@id":"https:\/\/www.alt-edic.eu\/lv\/#website","url":"https:\/\/www.alt-edic.eu\/lv\/","name":"ALT-EDIC Alliance for Language Technologies","alternateName":"ALT-EDIC","description":"Alliance for Language Technologies EDIC","inLanguage":"lv","publisher":{"@id":"https:\/\/www.alt-edic.eu\/lv\/#organization"}}]},"og:locale":"lv_LV","og:site_name":"ALT-EDIC \u2013 Alliance for Language Technologies EDIC","og:type":"article","og:title":"Governance \u2013 ALT-EDIC","og:description":"The Alliance for Language Technologies \u2013 ALT-EDIC is a European Digital Infrastructure Consortium (EDIC), seated and located in France. It reports to the European Commission. Member states of the European Economic Area (EEA) may become Members or Observers of the ALT-EDIC. Each member is represented by a single officially appointed entity.","og:url":"https:\/\/www.alt-edic.eu\/lv\/governance\/","article:published_time":"2024-10-03T19:38:42+00:00","article:modified_time":"2026-07-31T15:48:52+00:00","twitter:card":"summary_large_image","twitter:title":"Governance \u2013 ALT-EDIC","twitter:description":"The Alliance for Language Technologies \u2013 ALT-EDIC is a European Digital Infrastructure Consortium (EDIC), seated and located in France. It reports to the European Commission. Member states of the European Economic Area (EEA) may become Members or Observers of the ALT-EDIC. Each member is represented by a single officially appointed entity."},"aioseo_meta_data":{"post_id":"8944","title":null,"description":"The Alliance for Language Technologies \u2013 ALT-EDIC is a European Digital Infrastructure Consortium (EDIC), seated and located in France. It reports to the European Commission. Member states of the European Economic Area (EEA) may become Members or Observers of the ALT-EDIC. Each member is represented by a single officially appointed entity.","keywords":null,"keyphrases":{"focus":{"keyphrase":"","score":0,"analysis":{"keyphraseInTitle":{"score":0,"maxScore":9,"error":1}}},"additional":[]},"primary_term":null,"canonical_url":null,"og_title":null,"og_description":null,"og_object_type":"default","og_image_type":"default","og_image_url":null,"og_image_width":null,"og_image_height":null,"og_image_custom_url":null,"og_image_custom_fields":null,"og_video":"","og_custom_url":null,"og_article_section":null,"og_article_tags":null,"twitter_use_og":false,"twitter_card":"default","twitter_image_type":"default","twitter_image_url":null,"twitter_image_custom_url":null,"twitter_image_custom_fields":null,"twitter_title":null,"twitter_description":null,"schema":{"blockGraphs":[],"customGraphs":[],"default":{"data":{"Article":[],"Course":[],"Dataset":[],"FAQPage":[],"Movie":[],"Person":[],"Product":[],"ProductReview":[],"Car":[],"Recipe":[],"Service":[],"SoftwareApplication":[],"WebPage":[]},"graphName":"WebPage","isEnabled":true},"graphs":[]},"schema_type":"default","schema_type_options":null,"pillar_content":false,"robots_default":true,"robots_noindex":false,"robots_noarchive":false,"robots_nosnippet":false,"robots_nofollow":false,"robots_noimageindex":false,"robots_noodp":false,"robots_notranslate":false,"robots_max_snippet":"-1","robots_max_videopreview":"-1","robots_max_imagepreview":"large","priority":null,"frequency":"default","local_seo":null,"breadcrumb_settings":null,"limit_modified_date":false,"ai":null,"created":"2024-10-03 19:38:42","updated":"2026-08-01 12:58:30","seo_analyzer_scan_date":null,"focus_keyword":null,"additional_keywords":null,"truseo_locale":null},"aioseo_breadcrumb":"<div class=\"aioseo-breadcrumbs\"><span class=\"aioseo-breadcrumb\">\n\t\t\t<a href=\"https:\/\/www.alt-edic.eu\/lv\" title=\"Home\">Home<\/a>\n\t\t<\/span><span class=\"aioseo-breadcrumb-separator\">\/<\/span><span class=\"aioseo-breadcrumb\">\n\t\t\tGovernance\n\t\t<\/span><\/div>","aioseo_breadcrumb_json":[{"label":"Home","link":"https:\/\/www.alt-edic.eu\/lv"},{"label":"Governance","link":"https:\/\/www.alt-edic.eu\/lv\/governance\/"}],"_links":{"self":[{"href":"https:\/\/www.alt-edic.eu\/lv\/wp-json\/wp\/v2\/pages\/8944","targetHints":{"allow":["GET"]}}],"collection":[{"href":"https:\/\/www.alt-edic.eu\/lv\/wp-json\/wp\/v2\/pages"}],"about":[{"href":"https:\/\/www.alt-edic.eu\/lv\/wp-json\/wp\/v2\/types\/page"}],"author":[{"embeddable":true,"href":"https:\/\/www.alt-edic.eu\/lv\/wp-json\/wp\/v2\/users\/1"}],"replies":[{"embeddable":true,"href":"https:\/\/www.alt-edic.eu\/lv\/wp-json\/wp\/v2\/comments?post=8944"}],"version-history":[{"count":15,"href":"https:\/\/www.alt-edic.eu\/lv\/wp-json\/wp\/v2\/pages\/8944\/revisions"}],"predecessor-version":[{"id":11615,"href":"https:\/\/www.alt-edic.eu\/lv\/wp-json\/wp\/v2\/pages\/8944\/revisions\/11615"}],"wp:attachment":[{"href":"https:\/\/www.alt-edic.eu\/lv\/wp-json\/wp\/v2\/media?parent=8944"}],"curies":[{"name":"wp","href":"https:\/\/api.w.org\/{rel}","templated":true}]}}