{"id":10714,"date":"2025-03-06T08:00:12","date_gmt":"2025-03-06T07:00:12","guid":{"rendered":"https:\/\/alt-edic.eu\/?page_id=10714"},"modified":"2026-02-26T12:21:06","modified_gmt":"2026-02-26T11:21:06","slug":"industrial-consortium","status":"publish","type":"page","link":"https:\/\/www.alt-edic.eu\/hu\/industrial-consortium\/","title":{"rendered":"<p>Ipari konzorcium<\/p>"},"content":{"rendered":"<div data-elementor-type=\"wp-page\" data-elementor-id=\"10714\" class=\"elementor elementor-10714\" data-elementor-post-type=\"page\">\n\t\t\t\t\t\t<section class=\"elementor-section elementor-top-section elementor-element elementor-element-83d6e06 elementor-section-stretched elementor-section-boxed elementor-section-height-default elementor-section-height-default\" data-id=\"83d6e06\" data-element_type=\"section\" data-e-type=\"section\" data-settings='{\"stretch_section\":\"section-stretched\",\"background_background\":\"gradient\"}'>\n\t\t\t\t\t\t<div class=\"elementor-container elementor-column-gap-extended\">\n\t\t\t\t\t<div class=\"elementor-column elementor-col-50 elementor-top-column elementor-element elementor-element-5ad19a07\" data-id=\"5ad19a07\" data-element_type=\"column\" data-e-type=\"column\">\n\t\t\t<div class=\"elementor-widget-wrap elementor-element-populated\">\n\t\t\t\t\t\t<div class=\"elementor-element elementor-element-17b6f034 elementor-widget elementor-widget-heading\" data-id=\"17b6f034\" data-element_type=\"widget\" data-e-type=\"widget\" data-widget_type=\"heading.default\">\n\t\t\t\t<div class=\"elementor-widget-container\">\n\t\t\t\t\t<h1 class=\"elementor-heading-title elementor-size-default\">Ipari konzorcium<\/h1>\t\t\t\t<\/div>\n\t\t\t\t<\/div>\n\t\t\t\t<div class=\"elementor-element elementor-element-793ec4e6 elementor-widget elementor-widget-text-editor\" data-id=\"793ec4e6\" data-element_type=\"widget\" data-e-type=\"widget\" data-widget_type=\"text-editor.default\">\n\t\t\t\t<div class=\"elementor-widget-container\">\n\t\t\t\t\t\t\t\t\t<p>Az ALT-EDIC Ipari Konzorcium ir\u00e1nymutat\u00e1st ny\u00fajt az ALT-EDIC sz\u00e1m\u00e1ra a nyelvi technol\u00f3gi\u00e1k fejleszt\u00e9si priorit\u00e1sair\u00f3l, \u00e9s f\u00f3rumot biztos\u00edt \u00faj projektek kidolgoz\u00e1s\u00e1hoz.<\/p>\t\t\t\t\t\t\t\t<\/div>\n\t\t\t\t<\/div>\n\t\t\t\t\t<\/div>\n\t\t<\/div>\n\t\t\t\t<div class=\"elementor-column elementor-col-50 elementor-top-column elementor-element elementor-element-75c15e62 elementor-hidden-tablet elementor-hidden-phone\" data-id=\"75c15e62\" data-element_type=\"column\" data-e-type=\"column\">\n\t\t\t<div class=\"elementor-widget-wrap elementor-element-populated\">\n\t\t\t\t\t\t\t<\/div>\n\t\t<\/div>\n\t\t\t\t\t<\/div>\n\t\t<\/section>\n\t\t\t\t<section class=\"elementor-section elementor-top-section elementor-element elementor-element-178c1fff elementor-section-stretched elementor-section-boxed elementor-section-height-default elementor-section-height-default\" data-id=\"178c1fff\" data-element_type=\"section\" data-e-type=\"section\" data-settings='{\"stretch_section\":\"section-stretched\"}'>\n\t\t\t\t\t\t<div class=\"elementor-container elementor-column-gap-extended\">\n\t\t\t\t\t<div class=\"elementor-column elementor-col-100 elementor-top-column elementor-element elementor-element-1c5552e\" data-id=\"1c5552e\" data-element_type=\"column\" data-e-type=\"column\">\n\t\t\t<div class=\"elementor-widget-wrap elementor-element-populated\">\n\t\t\t\t\t\t<div class=\"elementor-element elementor-element-4b36844 elementor-widget elementor-widget-text-editor\" data-id=\"4b36844\" data-element_type=\"widget\" data-e-type=\"widget\" data-widget_type=\"text-editor.default\">\n\t\t\t\t<div class=\"elementor-widget-container\">\n\t\t\t\t\t\t\t\t\t<h2>Bevezet\u00e9s<\/h2><p>Az ALT-EDIC Ipari Konzorcium hozz\u00e1j\u00e1rul az ALT-EDIC ir\u00e1ny\u00edt\u00e1s\u00e1hoz. Megalakul\u00e1sa volt <a href=\"https:\/\/www.alt-edic.eu\/hu\/news\/registration-to-join-the-alt-edic-industrial-consortium-is-open\/\"><u>2025. m\u00e1rcius 6-\u00e1n indult<\/u><\/a>.<\/p><p>A Nyelvtechnol\u00f3giai Sz\u00f6vets\u00e9g (ALT-EDIC) c\u00e9lja, hogy k\u00f6z\u00f6s eur\u00f3pai nyelvi technol\u00f3giai infrastrukt\u00far\u00e1t fejlesszen ki Eur\u00f3pa kapacit\u00e1s\u00e1nak n\u00f6vel\u00e9se, a versenyk\u00e9pess\u00e9g fokoz\u00e1sa, valamint Eur\u00f3pa nyelvi soksz\u00edn\u0171s\u00e9g\u00e9nek \u00e9s kultur\u00e1lis gazdags\u00e1g\u00e1nak meg\u0151rz\u00e9se \u00e9rdek\u00e9ben.<\/p><p>Az ALT-EDIC k\u00f6r\u00fcli digit\u00e1lis infrastrukt\u00fara \u00e9s \u00f6kosziszt\u00e9ma fontos szerepet fog j\u00e1tszani abban, hogy az eur\u00f3pai nyelvek gazdag \u00f6r\u00f6ks\u00e9ge be\u00e9p\u00fclj\u00f6n a mesters\u00e9ges intelligencia korszak\u00e1ba az\u00e1ltal, hogy k\u00f6z\u00f6s adatb\u00e1zisokat gy\u0171jt \u00e9s t\u00e1rol, biztos\u00edtja az objekt\u00edv \u00e9rt\u00e9kel\u00e9seket, a nyelvi modellek k\u00e9pz\u00e9s\u00e9t \u00e9s az e modellek k\u00f6r\u00fcli szolg\u00e1ltat\u00e1sok bevezet\u00e9s\u00e9t. Ezek az int\u00e9zked\u00e9sek elengedhetetlenek lesznek az eur\u00f3pai kultur\u00e1lis tartalmak fenntart\u00e1s\u00e1hoz a mesters\u00e9gesintelligencia-rendszerek \u00e1ltali t\u00f6megtermel\u00e9s kor\u00e1ban. Az e fell\u00e9p\u00e9sek ter\u00e9n folytatott eur\u00f3pai egy\u00fcttm\u0171k\u00f6d\u00e9s az akarater\u0151 \u00e9s a technol\u00f3giai know-how kritikus t\u00f6meg\u00e9t fogja mozg\u00f3s\u00edtani e c\u00e9l el\u00e9r\u00e9se \u00e9rdek\u00e9ben.<\/p><p>Mindezek az int\u00e9zked\u00e9sek az eur\u00f3pai mesters\u00e9gesintelligencia-k\u00f6z\u00f6ss\u00e9g eg\u00e9sz\u00e9nek jav\u00e1t szolg\u00e1lj\u00e1k, \u00e9s v\u00e9grehajt\u00e1sukhoz a sz\u00f6vets\u00e9gnek egyes\u00edtenie kell a mesters\u00e9gesintelligencia-technol\u00f3gi\u00e1kat \u00e9s -szolg\u00e1ltat\u00f3kat, a v\u00e1llalatokat, a kutat\u00f3szervezeteket \u00e9s az int\u00e9zm\u00e9nyi szerepl\u0151ket valamennyi tag\u00e1llam\u00e1ban. Az ALT-EDIC \u00e9s partnerei p\u00e9nz\u00fcgyi t\u00e1mogat\u00e1sban r\u00e9szes\u00fclnek az eur\u00f3pai uni\u00f3s programok keret\u00e9ben ki\u00edrt p\u00e1ly\u00e1zati felh\u00edv\u00e1sokra val\u00f3 v\u00e1laszad\u00e1s r\u00e9v\u00e9n.<\/p><h2>A konzorcium \u00f6sszet\u00e9tele<\/h2><p>Az Ipari Konzorcium nyitott <strong>v\u00e1llalkoz\u00e1sok \u00e9s v\u00e1llalkoz\u00e1st\u00e1mogat\u00f3 szervezetek<\/strong> \u00c9rdekl\u0151d\u00e9s a nyelvi technol\u00f3gi\u00e1k ir\u00e1nt \u00e9s <strong>sz\u00e9khelye az Eur\u00f3pai Gazdas\u00e1gi T\u00e9rs\u00e9gben (EGT) tal\u00e1lhat\u00f3<\/strong>.<\/p><h2>El\u0151ny\u00f6k<\/h2><p>Az Ipari Konzorcium tagjai <strong>ir\u00e1nymutat\u00e1st ny\u00fajt a litv\u00e1n fejleszt\u00e9si priorit\u00e1sokr\u00f3l <\/strong>\u00e9s <strong>k\u00e9pvisel\u0151ket v\u00e1laszt<\/strong> <strong>a Strat\u00e9giai Orient\u00e1ci\u00f3s Bizotts\u00e1gban (SOC)<\/strong>. A SOC \u00e9ves vagy t\u00f6bb\u00e9ves strat\u00e9giai ir\u00e1nymutat\u00e1sokat fogad el az ALT-EDIC v\u00e9grehajt\u00e1s\u00e1ra vonatkoz\u00f3an, amelyeket j\u00f3v\u00e1hagy\u00e1sra beny\u00fajt az ALT-EDIC tagok k\u00f6zgy\u0171l\u00e9s\u00e9nek.<\/p><p>Az Ipari Konzorcium is k\u00edn\u00e1l egy <strong>egy\u00fcttm\u0171k\u00f6d\u00e9sek kialak\u00edt\u00e1s\u00e1ra \u00e9s \u00faj projektek kidolgoz\u00e1s\u00e1ra szolg\u00e1l\u00f3 f\u00f3rum<\/strong> a nyelvi technol\u00f3gi\u00e1kr\u00f3l, k\u00fcl\u00f6n\u00f6sen az ALT-EDIC \u00e1ltal esetlegesen t\u00e1mogatott, megosztott adatokat \u00e9s \u00f6sszehasonl\u00edt\u00f3 \u00e9rt\u00e9kel\u00e9seket magukban foglal\u00f3 projektekr\u0151l.<\/p><h2>Regisztr\u00e1ci\u00f3 \u00e9s id\u0151rend<\/h2><p>A szervezetek b\u00e1rmikor k\u00e9rhetik az ipari konzorciumhoz val\u00f3 csatlakoz\u00e1sukat. A regisztr\u00e1ci\u00f3s \u0171rlap el\u00e9rhet\u0151 <a href=\"https:\/\/ec.europa.eu\/eusurvey\/runner\/ALT_EDIC_Industrial_Consortium_Registration_Form\"><u>itt<\/u><\/a>. A t\u00e9nyleges r\u00e9szv\u00e9tel a szervezet jogosults\u00e1g\u00e1nak \u00e9rv\u00e9nyes\u00edt\u00e9s\u00e9t\u0151l f\u00fcgg.<\/p><p>Az ipari konzorcium nyit\u00f3\u00fcl\u00e9s\u00e9re a tervek szerint 2026 els\u0151 negyed\u00e9v\u00e9ben ker\u00fcl sor. Tov\u00e1bbi \u00fcl\u00e9sekre \u00e9vente legal\u00e1bb k\u00e9tszer, online vagy hibrid form\u00e1ban ker\u00fcl sor.<\/p>\t\t\t\t\t\t\t\t<\/div>\n\t\t\t\t<\/div>\n\t\t\t\t\t<\/div>\n\t\t<\/div>\n\t\t\t\t\t<\/div>\n\t\t<\/section>\n\t\t\t\t<\/div>","protected":false},"excerpt":{"rendered":"<p>Ipari Konzorcium Az ALT-EDIC Ipari Konzorcium ir\u00e1nymutat\u00e1st ad az ALT-EDIC nyelvtechnol\u00f3giai fejleszt\u00e9si priorit\u00e1sair\u00f3l, \u00e9s f\u00f3rumot biztos\u00edt \u00faj projektek kidolgoz\u00e1s\u00e1hoz. Bevezet\u00e9s Az ALT-EDIC Ipari Konzorcium hozz\u00e1j\u00e1rul az ALT-EDIC ir\u00e1ny\u00edt\u00e1s\u00e1hoz. Megalakul\u00e1sa 2025. m\u00e1rcius 6-\u00e1n kezd\u0151d\u00f6tt. A Sz\u00f6vets\u00e9g a Nyelvi Technol\u00f3gi\u00e1k (ALT-EDIC) c\u00e9lja, hogy dolgozzon ki egy k\u00f6z\u00f6s eur\u00f3pai infrastrukt\u00fara [...]<\/p>","protected":false},"author":1,"featured_media":0,"parent":0,"menu_order":0,"comment_status":"closed","ping_status":"closed","template":"","meta":{"footnotes":""},"class_list":["post-10714","page","type-page","status-publish","hentry"],"aioseo_notices":[],"aioseo_head":"\n\t\t<!-- All in One SEO 5.0.0.1 - aioseo.com -->\n\t<meta name=\"description\" content=\"The Alliance for Language Technologies \u2013 ALT-EDIC is a European Digital Infrastructure Consortium (EDIC), seated and located in France. It reports to the European Commission. Member states of the European Economic Area (EEA) may become Members or Observers of the ALT-EDIC. Each member is represented by a single officially appointed entity.\" \/>\n\t<meta name=\"robots\" content=\"max-image-preview:large\" \/>\n\t<link rel=\"canonical\" href=\"https:\/\/www.alt-edic.eu\/hu\/industrial-consortium\/\" \/>\n\t<meta name=\"generator\" content=\"All in One SEO (AIOSEO) 5.0.0.1\" \/>\n\t\t<meta property=\"og:locale\" content=\"hu_HU\" \/>\n\t\t<meta property=\"og:site_name\" content=\"ALT-EDIC \u2013 Alliance for Language Technologies EDIC\" \/>\n\t\t<meta property=\"og:type\" content=\"article\" \/>\n\t\t<meta property=\"og:title\" content=\"Industrial consortium \u2013 ALT-EDIC\" \/>\n\t\t<meta property=\"og:description\" content=\"The Alliance for Language Technologies \u2013 ALT-EDIC is a European Digital Infrastructure Consortium (EDIC), seated and located in France. It reports to the European Commission. Member states of the European Economic Area (EEA) may become Members or Observers of the ALT-EDIC. Each member is represented by a single officially appointed entity.\" \/>\n\t\t<meta property=\"og:url\" content=\"https:\/\/www.alt-edic.eu\/hu\/industrial-consortium\/\" \/>\n\t\t<meta property=\"article:published_time\" content=\"2025-03-06T07:00:12+00:00\" \/>\n\t\t<meta property=\"article:modified_time\" content=\"2026-02-26T11:21:06+00:00\" \/>\n\t\t<meta name=\"twitter:card\" content=\"summary_large_image\" \/>\n\t\t<meta name=\"twitter:title\" content=\"Industrial consortium \u2013 ALT-EDIC\" \/>\n\t\t<meta name=\"twitter:description\" content=\"The Alliance for Language Technologies \u2013 ALT-EDIC is a European Digital Infrastructure Consortium (EDIC), seated and located in France. It reports to the European Commission. Member states of the European Economic Area (EEA) may become Members or Observers of the ALT-EDIC. Each member is represented by a single officially appointed entity.\" \/>\n\t\t<script type=\"application\/ld+json\" class=\"aioseo-schema\">\n\t\t\t{\"@context\":\"https:\\\/\\\/schema.org\",\"@graph\":[{\"@type\":\"BreadcrumbList\",\"@id\":\"https:\\\/\\\/www.alt-edic.eu\\\/hu\\\/industrial-consortium\\\/#breadcrumblist\",\"itemListElement\":[{\"@type\":\"ListItem\",\"@id\":\"https:\\\/\\\/www.alt-edic.eu\\\/hu#listItem\",\"position\":1,\"name\":\"Home\",\"item\":\"https:\\\/\\\/www.alt-edic.eu\\\/hu\",\"nextItem\":{\"@type\":\"ListItem\",\"@id\":\"https:\\\/\\\/www.alt-edic.eu\\\/hu\\\/industrial-consortium\\\/#listItem\",\"name\":\"Industrial consortium\"}},{\"@type\":\"ListItem\",\"@id\":\"https:\\\/\\\/www.alt-edic.eu\\\/hu\\\/industrial-consortium\\\/#listItem\",\"position\":2,\"name\":\"Industrial consortium\",\"previousItem\":{\"@type\":\"ListItem\",\"@id\":\"https:\\\/\\\/www.alt-edic.eu\\\/hu#listItem\",\"name\":\"Home\"}}]},{\"@type\":\"Organization\",\"@id\":\"https:\\\/\\\/www.alt-edic.eu\\\/hu\\\/#organization\",\"name\":\"ALT-EDIC Alliance for Language Technologies (ALT-EDIC)\",\"description\":\"Alliance for Language Technologies EDIC The Alliance for Language Technologies (ALT-EDIC) is a European Digital Infrastructure Consortium supporting the development of Language Technologies. It will promote excellence in language technologies and contribute to the preservation of Europe\\u2019s linguistic diversity and cultural richness.\",\"url\":\"https:\\\/\\\/www.alt-edic.eu\\\/hu\\\/\",\"email\":\"contact@alt-edic.eu\",\"telephone\":\"+33364924355\",\"foundingDate\":\"2024-02-01\",\"numberOfEmployees\":{\"@type\":\"QuantitativeValue\",\"minValue\":0,\"maxValue\":15},\"logo\":{\"@type\":\"ImageObject\",\"url\":\"https:\\\/\\\/www.alt-edic.eu\\\/wp-content\\\/uploads\\\/2024\\\/09\\\/logo_alt-edic_blue_on_white.png\",\"@id\":\"https:\\\/\\\/www.alt-edic.eu\\\/hu\\\/industrial-consortium\\\/#organizationLogo\",\"width\":2779,\"height\":541,\"caption\":\"Logo Alt-Edic Blue\"},\"image\":{\"@id\":\"https:\\\/\\\/www.alt-edic.eu\\\/hu\\\/industrial-consortium\\\/#organizationLogo\"},\"sameAs\":[\"https:\\\/\\\/www.linkedin.com\\\/company\\\/alt-edic\\\/\"]},{\"@type\":\"WebPage\",\"@id\":\"https:\\\/\\\/www.alt-edic.eu\\\/hu\\\/industrial-consortium\\\/#webpage\",\"url\":\"https:\\\/\\\/www.alt-edic.eu\\\/hu\\\/industrial-consortium\\\/\",\"name\":\"Industrial consortium \\u2013 ALT-EDIC\",\"description\":\"The Alliance for Language Technologies \\u2013 ALT-EDIC is a European Digital Infrastructure Consortium (EDIC), seated and located in France. It reports to the European Commission. Member states of the European Economic Area (EEA) may become Members or Observers of the ALT-EDIC. Each member is represented by a single officially appointed entity.\",\"inLanguage\":\"hu-HU\",\"isPartOf\":{\"@id\":\"https:\\\/\\\/www.alt-edic.eu\\\/hu\\\/#website\"},\"breadcrumb\":{\"@id\":\"https:\\\/\\\/www.alt-edic.eu\\\/hu\\\/industrial-consortium\\\/#breadcrumblist\"},\"datePublished\":\"2025-03-06T08:00:12+01:00\",\"dateModified\":\"2026-02-26T12:21:06+01:00\"},{\"@type\":\"WebSite\",\"@id\":\"https:\\\/\\\/www.alt-edic.eu\\\/hu\\\/#website\",\"url\":\"https:\\\/\\\/www.alt-edic.eu\\\/hu\\\/\",\"name\":\"ALT-EDIC Alliance for Language Technologies\",\"alternateName\":\"ALT-EDIC\",\"description\":\"Alliance for Language Technologies EDIC\",\"inLanguage\":\"hu-HU\",\"publisher\":{\"@id\":\"https:\\\/\\\/www.alt-edic.eu\\\/hu\\\/#organization\"}}]}\n\t\t<\/script>\n\t\t<!-- All in One SEO -->\n\n","aioseo_head_json":{"title":"Industrial consortium \u2013 ALT-EDIC","description":"The Alliance for Language Technologies \u2013 ALT-EDIC is a European Digital Infrastructure Consortium (EDIC), seated and located in France. It reports to the European Commission. Member states of the European Economic Area (EEA) may become Members or Observers of the ALT-EDIC. Each member is represented by a single officially appointed entity.","canonical_url":"https:\/\/www.alt-edic.eu\/hu\/industrial-consortium\/","robots":"max-image-preview:large","keywords":"","webmasterTools":{"miscellaneous":""},"schema":{"@context":"https:\/\/schema.org","@graph":[{"@type":"BreadcrumbList","@id":"https:\/\/www.alt-edic.eu\/hu\/industrial-consortium\/#breadcrumblist","itemListElement":[{"@type":"ListItem","@id":"https:\/\/www.alt-edic.eu\/hu#listItem","position":1,"name":"Home","item":"https:\/\/www.alt-edic.eu\/hu","nextItem":{"@type":"ListItem","@id":"https:\/\/www.alt-edic.eu\/hu\/industrial-consortium\/#listItem","name":"Industrial consortium"}},{"@type":"ListItem","@id":"https:\/\/www.alt-edic.eu\/hu\/industrial-consortium\/#listItem","position":2,"name":"Industrial consortium","previousItem":{"@type":"ListItem","@id":"https:\/\/www.alt-edic.eu\/hu#listItem","name":"Home"}}]},{"@type":"Organization","@id":"https:\/\/www.alt-edic.eu\/hu\/#organization","name":"ALT-EDIC Alliance for Language Technologies (ALT-EDIC)","description":"Alliance for Language Technologies EDIC The Alliance for Language Technologies (ALT-EDIC) is a European Digital Infrastructure Consortium supporting the development of Language Technologies. It will promote excellence in language technologies and contribute to the preservation of Europe\u2019s linguistic diversity and cultural richness.","url":"https:\/\/www.alt-edic.eu\/hu\/","email":"contact@alt-edic.eu","telephone":"+33364924355","foundingDate":"2024-02-01","numberOfEmployees":{"@type":"QuantitativeValue","minValue":0,"maxValue":15},"logo":{"@type":"ImageObject","url":"https:\/\/www.alt-edic.eu\/wp-content\/uploads\/2024\/09\/logo_alt-edic_blue_on_white.png","@id":"https:\/\/www.alt-edic.eu\/hu\/industrial-consortium\/#organizationLogo","width":2779,"height":541,"caption":"Logo Alt-Edic Blue"},"image":{"@id":"https:\/\/www.alt-edic.eu\/hu\/industrial-consortium\/#organizationLogo"},"sameAs":["https:\/\/www.linkedin.com\/company\/alt-edic\/"]},{"@type":"WebPage","@id":"https:\/\/www.alt-edic.eu\/hu\/industrial-consortium\/#webpage","url":"https:\/\/www.alt-edic.eu\/hu\/industrial-consortium\/","name":"Industrial consortium \u2013 ALT-EDIC","description":"The Alliance for Language Technologies \u2013 ALT-EDIC is a European Digital Infrastructure Consortium (EDIC), seated and located in France. It reports to the European Commission. Member states of the European Economic Area (EEA) may become Members or Observers of the ALT-EDIC. Each member is represented by a single officially appointed entity.","inLanguage":"hu-HU","isPartOf":{"@id":"https:\/\/www.alt-edic.eu\/hu\/#website"},"breadcrumb":{"@id":"https:\/\/www.alt-edic.eu\/hu\/industrial-consortium\/#breadcrumblist"},"datePublished":"2025-03-06T08:00:12+01:00","dateModified":"2026-02-26T12:21:06+01:00"},{"@type":"WebSite","@id":"https:\/\/www.alt-edic.eu\/hu\/#website","url":"https:\/\/www.alt-edic.eu\/hu\/","name":"ALT-EDIC Alliance for Language Technologies","alternateName":"ALT-EDIC","description":"Alliance for Language Technologies EDIC","inLanguage":"hu-HU","publisher":{"@id":"https:\/\/www.alt-edic.eu\/hu\/#organization"}}]},"og:locale":"hu_HU","og:site_name":"ALT-EDIC \u2013 Alliance for Language Technologies EDIC","og:type":"article","og:title":"Industrial consortium \u2013 ALT-EDIC","og:description":"The Alliance for Language Technologies \u2013 ALT-EDIC is a European Digital Infrastructure Consortium (EDIC), seated and located in France. It reports to the European Commission. Member states of the European Economic Area (EEA) may become Members or Observers of the ALT-EDIC. Each member is represented by a single officially appointed entity.","og:url":"https:\/\/www.alt-edic.eu\/hu\/industrial-consortium\/","article:published_time":"2025-03-06T07:00:12+00:00","article:modified_time":"2026-02-26T11:21:06+00:00","twitter:card":"summary_large_image","twitter:title":"Industrial consortium \u2013 ALT-EDIC","twitter:description":"The Alliance for Language Technologies \u2013 ALT-EDIC is a European Digital Infrastructure Consortium (EDIC), seated and located in France. It reports to the European Commission. Member states of the European Economic Area (EEA) may become Members or Observers of the ALT-EDIC. Each member is represented by a single officially appointed entity."},"aioseo_meta_data":{"post_id":"10714","title":null,"description":"The Alliance for Language Technologies \u2013 ALT-EDIC is a European Digital Infrastructure Consortium (EDIC), seated and located in France. It reports to the European Commission. Member states of the European Economic Area (EEA) may become Members or Observers of the ALT-EDIC. Each member is represented by a single officially appointed entity.","keywords":null,"keyphrases":{"focus":{"keyphrase":"","score":0,"analysis":{"keyphraseInTitle":{"score":0,"maxScore":9,"error":1}}},"additional":[]},"primary_term":null,"canonical_url":null,"og_title":null,"og_description":null,"og_object_type":"default","og_image_type":"default","og_image_url":null,"og_image_width":null,"og_image_height":null,"og_image_custom_url":null,"og_image_custom_fields":null,"og_video":"","og_custom_url":null,"og_article_section":null,"og_article_tags":null,"twitter_use_og":false,"twitter_card":"default","twitter_image_type":"default","twitter_image_url":null,"twitter_image_custom_url":null,"twitter_image_custom_fields":null,"twitter_title":null,"twitter_description":null,"schema":{"blockGraphs":[],"customGraphs":[],"default":{"data":{"Article":[],"Course":[],"Dataset":[],"FAQPage":[],"Movie":[],"Person":[],"Product":[],"ProductReview":[],"Car":[],"Recipe":[],"Service":[],"SoftwareApplication":[],"WebPage":[]},"graphName":"WebPage","isEnabled":true},"graphs":[]},"schema_type":"default","schema_type_options":null,"pillar_content":false,"robots_default":true,"robots_noindex":false,"robots_noarchive":false,"robots_nosnippet":false,"robots_nofollow":false,"robots_noimageindex":false,"robots_noodp":false,"robots_notranslate":false,"robots_max_snippet":"-1","robots_max_videopreview":"-1","robots_max_imagepreview":"large","priority":null,"frequency":"default","local_seo":null,"breadcrumb_settings":null,"limit_modified_date":false,"ai":null,"created":"2025-03-05 13:44:37","updated":"2026-02-26 11:21:52","seo_analyzer_scan_date":null,"focus_keyword":null,"additional_keywords":null,"truseo_locale":null},"aioseo_breadcrumb":"<div class=\"aioseo-breadcrumbs\"><span class=\"aioseo-breadcrumb\">\n\t\t\t<a href=\"https:\/\/www.alt-edic.eu\/hu\" title=\"Home\">Home<\/a>\n\t\t<\/span><span class=\"aioseo-breadcrumb-separator\">\/<\/span><span class=\"aioseo-breadcrumb\">\n\t\t\tIndustrial consortium\n\t\t<\/span><\/div>","aioseo_breadcrumb_json":[{"label":"Home","link":"https:\/\/www.alt-edic.eu\/hu"},{"label":"Industrial consortium","link":"https:\/\/www.alt-edic.eu\/hu\/industrial-consortium\/"}],"_links":{"self":[{"href":"https:\/\/www.alt-edic.eu\/hu\/wp-json\/wp\/v2\/pages\/10714","targetHints":{"allow":["GET"]}}],"collection":[{"href":"https:\/\/www.alt-edic.eu\/hu\/wp-json\/wp\/v2\/pages"}],"about":[{"href":"https:\/\/www.alt-edic.eu\/hu\/wp-json\/wp\/v2\/types\/page"}],"author":[{"embeddable":true,"href":"https:\/\/www.alt-edic.eu\/hu\/wp-json\/wp\/v2\/users\/1"}],"replies":[{"embeddable":true,"href":"https:\/\/www.alt-edic.eu\/hu\/wp-json\/wp\/v2\/comments?post=10714"}],"version-history":[{"count":0,"href":"https:\/\/www.alt-edic.eu\/hu\/wp-json\/wp\/v2\/pages\/10714\/revisions"}],"wp:attachment":[{"href":"https:\/\/www.alt-edic.eu\/hu\/wp-json\/wp\/v2\/media?parent=10714"}],"curies":[{"name":"wp","href":"https:\/\/api.w.org\/{rel}","templated":true}]}}