{"id":9562,"date":"2024-11-13T15:46:28","date_gmt":"2024-11-13T15:46:28","guid":{"rendered":"https:\/\/alt-edic.eu\/?page_id=9562"},"modified":"2026-01-20T10:08:28","modified_gmt":"2026-01-20T09:08:28","slug":"alt-edic4eu","status":"publish","type":"page","link":"https:\/\/www.alt-edic.eu\/da\/projects\/alt-edic4eu\/","title":{"rendered":"<p>ALT-EDIC4EU<\/p>"},"content":{"rendered":"<div data-elementor-type=\"wp-page\" data-elementor-id=\"9562\" class=\"elementor elementor-9562\" data-elementor-post-type=\"page\">\n\t\t\t\t\t\t<section class=\"elementor-section elementor-top-section elementor-element elementor-element-38b2e338 elementor-section-stretched elementor-section-boxed elementor-section-height-default elementor-section-height-default\" data-id=\"38b2e338\" data-element_type=\"section\" data-e-type=\"section\" data-settings='{\"stretch_section\":\"section-stretched\",\"background_background\":\"gradient\"}'>\n\t\t\t\t\t\t<div class=\"elementor-container elementor-column-gap-extended\">\n\t\t\t\t\t<div class=\"elementor-column elementor-col-50 elementor-top-column elementor-element elementor-element-5567c6b7\" data-id=\"5567c6b7\" data-element_type=\"column\" data-e-type=\"column\">\n\t\t\t<div class=\"elementor-widget-wrap elementor-element-populated\">\n\t\t\t\t\t\t<div class=\"elementor-element elementor-element-5a3c773d elementor-widget elementor-widget-heading\" data-id=\"5a3c773d\" data-element_type=\"widget\" data-e-type=\"widget\" data-widget_type=\"heading.default\">\n\t\t\t\t<div class=\"elementor-widget-container\">\n\t\t\t\t\t<h1 class=\"elementor-heading-title elementor-size-default\">ALT-EDIC4EU<\/h1>\t\t\t\t<\/div>\n\t\t\t\t<\/div>\n\t\t\t\t<div class=\"elementor-element elementor-element-201ba98d elementor-widget elementor-widget-text-editor\" data-id=\"201ba98d\" data-element_type=\"widget\" data-e-type=\"widget\" data-widget_type=\"text-editor.default\">\n\t\t\t\t<div class=\"elementor-widget-container\">\n\t\t\t\t\t\t\t\t\t<p>Den <strong>ALT-EDIC4EU (alliancen for sprogteknologier i Den Europ\u00e6iske Union)<\/strong><strong>)<\/strong> Projektet er ALT-EDIC's f\u00f8rste projekt og g\u00f8r det muligt at intensivere dets aktiviteter.<\/p>\t\t\t\t\t\t\t\t<\/div>\n\t\t\t\t<\/div>\n\t\t\t\t\t<\/div>\n\t\t<\/div>\n\t\t\t\t<div class=\"elementor-column elementor-col-50 elementor-top-column elementor-element elementor-element-38e32ce9 elementor-hidden-tablet elementor-hidden-phone\" data-id=\"38e32ce9\" data-element_type=\"column\" data-e-type=\"column\">\n\t\t\t<div class=\"elementor-widget-wrap\">\n\t\t\t\t\t\t\t<\/div>\n\t\t<\/div>\n\t\t\t\t\t<\/div>\n\t\t<\/section>\n\t\t\t\t<section class=\"elementor-section elementor-top-section elementor-element elementor-element-3b229526 elementor-section-stretched elementor-section-boxed elementor-section-height-default elementor-section-height-default\" data-id=\"3b229526\" data-element_type=\"section\" data-e-type=\"section\" data-settings='{\"stretch_section\":\"section-stretched\"}'>\n\t\t\t\t\t\t<div class=\"elementor-container elementor-column-gap-extended\">\n\t\t\t\t\t<div class=\"elementor-column elementor-col-50 elementor-top-column elementor-element elementor-element-1172f807 elementor-invisible\" data-id=\"1172f807\" data-element_type=\"column\" data-e-type=\"column\" data-settings='{\"animation\":\"slide-left\",\"animation_delay\":200}'>\n\t\t\t<div class=\"elementor-widget-wrap elementor-element-populated\">\n\t\t\t\t\t\t<div class=\"elementor-element elementor-element-63aaa287 elementor-widget elementor-widget-text-editor\" data-id=\"63aaa287\" data-element_type=\"widget\" data-e-type=\"widget\" data-widget_type=\"text-editor.default\">\n\t\t\t\t<div class=\"elementor-widget-container\">\n\t\t\t\t\t\t\t\t\t<p>ALT-EDIC4EU-projektet vil s\u00e6tte ALT-EDIC i stand til at fremskynde udviklingen af en robust og skalerbar infrastruktur og samle det europ\u00e6iske \u00f8kosystem for sprogteknologi. Den er blevet udarbejdet gennem omfattende h\u00f8ringer af eksperter, institutioner, offentlige organer og industrier fra strategiske omr\u00e5der. Det involverer 9 partnere til en samlet EU-finansiering p\u00e5 4 mio. EUR fra programmet for et digitalt Europa gennem indkaldelsen DIGITAL-2024-AI-06. Den begynder i januar 2025 for en periode p\u00e5 48 m\u00e5neder.<\/p>\t\t\t\t\t\t\t\t<\/div>\n\t\t\t\t<\/div>\n\t\t\t\t\t<\/div>\n\t\t<\/div>\n\t\t\t\t<div class=\"elementor-column elementor-col-50 elementor-top-column elementor-element elementor-element-453f0c05 elementor-hidden-tablet elementor-hidden-phone elementor-invisible\" data-id=\"453f0c05\" data-element_type=\"column\" data-e-type=\"column\" data-settings='{\"animation\":\"slide-right\"}'>\n\t\t\t<div class=\"elementor-widget-wrap elementor-element-populated\">\n\t\t\t\t\t\t<div class=\"elementor-element elementor-element-5786163e elementor-widget elementor-widget-image\" data-id=\"5786163e\" data-element_type=\"widget\" data-e-type=\"widget\" data-widget_type=\"image.default\">\n\t\t\t\t<div class=\"elementor-widget-container\">\n\t\t\t\t\t\t\t\t\t\t\t\t\t\t\t<img fetchpriority=\"high\" decoding=\"async\" width=\"800\" height=\"575\" src=\"https:\/\/www.alt-edic.eu\/wp-content\/uploads\/2026\/01\/ALT-EDIC4EU-e1768900086139.png\" class=\"attachment-full size-full wp-image-11104\" alt=\"\" srcset=\"https:\/\/www.alt-edic.eu\/wp-content\/uploads\/2026\/01\/ALT-EDIC4EU-e1768900086139.png 800w, https:\/\/www.alt-edic.eu\/wp-content\/uploads\/2026\/01\/ALT-EDIC4EU-e1768900086139-300x216.png 300w, https:\/\/www.alt-edic.eu\/wp-content\/uploads\/2026\/01\/ALT-EDIC4EU-e1768900086139-768x552.png 768w, https:\/\/www.alt-edic.eu\/wp-content\/uploads\/2026\/01\/ALT-EDIC4EU-e1768900086139-18x12.png 18w\" sizes=\"(max-width: 800px) 100vw, 800px\">\t\t\t\t\t\t\t\t\t\t\t\t\t\t\t<\/div>\n\t\t\t\t<\/div>\n\t\t\t\t\t<\/div>\n\t\t<\/div>\n\t\t\t\t\t<\/div>\n\t\t<\/section>\n\t\t<div class=\"elementor-element elementor-element-239a76f e-flex e-con-boxed e-con e-parent\" data-id=\"239a76f\" data-element_type=\"container\" data-e-type=\"container\">\n\t\t\t\t\t<div class=\"e-con-inner\">\n\t\t\t\t<div class=\"elementor-element elementor-element-e81970f elementor-widget elementor-widget-heading\" data-id=\"e81970f\" data-element_type=\"widget\" data-e-type=\"widget\" data-widget_type=\"heading.default\">\n\t\t\t\t<div class=\"elementor-widget-container\">\n\t\t\t\t\t<p class=\"elementor-heading-title elementor-size-default\">9 forskellige strukturer deltager i dette projekt under koordinering af ALT-EDIC:<\/p>\t\t\t\t<\/div>\n\t\t\t\t<\/div>\n\t\t\t\t\t<\/div>\n\t\t\t\t<\/div>\n\t\t<div class=\"elementor-element elementor-element-33e76df e-grid e-con-boxed e-con e-parent\" data-id=\"33e76df\" data-element_type=\"container\" data-e-type=\"container\">\n\t\t\t\t\t<div class=\"e-con-inner\">\n\t\t\t\t<div class=\"elementor-element elementor-element-2185a92 elementor-widget elementor-widget-heading\" data-id=\"2185a92\" data-element_type=\"widget\" data-e-type=\"widget\" data-widget_type=\"heading.default\">\n\t\t\t\t<div class=\"elementor-widget-container\">\n\t\t\t\t\t<p class=\"elementor-heading-title elementor-size-default\">ALT-EDIC<\/p>\t\t\t\t<\/div>\n\t\t\t\t<\/div>\n\t\t\t\t<div class=\"elementor-element elementor-element-b550f7d elementor-widget elementor-widget-image\" data-id=\"b550f7d\" data-element_type=\"widget\" data-e-type=\"widget\" data-widget_type=\"image.default\">\n\t\t\t\t<div class=\"elementor-widget-container\">\n\t\t\t\t\t\t\t\t\t\t\t\t\t\t\t<img decoding=\"async\" width=\"2779\" height=\"541\" src=\"https:\/\/www.alt-edic.eu\/wp-content\/uploads\/2024\/09\/logo_alt-edic_blue_on_white.png\" class=\"attachment-full size-full wp-image-8868\" alt=\"Logo Alt-Edic Bl\u00e5\" srcset=\"https:\/\/www.alt-edic.eu\/wp-content\/uploads\/2024\/09\/logo_alt-edic_blue_on_white.png 2779w, https:\/\/www.alt-edic.eu\/wp-content\/uploads\/2024\/09\/logo_alt-edic_blue_on_white-300x58.png 300w, https:\/\/www.alt-edic.eu\/wp-content\/uploads\/2024\/09\/logo_alt-edic_blue_on_white-1024x199.png 1024w, https:\/\/www.alt-edic.eu\/wp-content\/uploads\/2024\/09\/logo_alt-edic_blue_on_white-768x150.png 768w, https:\/\/www.alt-edic.eu\/wp-content\/uploads\/2024\/09\/logo_alt-edic_blue_on_white-1536x299.png 1536w, https:\/\/www.alt-edic.eu\/wp-content\/uploads\/2024\/09\/logo_alt-edic_blue_on_white-2048x399.png 2048w, https:\/\/www.alt-edic.eu\/wp-content\/uploads\/2024\/09\/logo_alt-edic_blue_on_white-18x4.png 18w\" sizes=\"(max-width: 2779px) 100vw, 2779px\">\t\t\t\t\t\t\t\t\t\t\t\t\t\t\t<\/div>\n\t\t\t\t<\/div>\n\t\t\t\t\t<\/div>\n\t\t\t\t<\/div>\n\t\t<div class=\"elementor-element elementor-element-f4db2dd e-grid e-con-boxed e-con e-parent\" data-id=\"f4db2dd\" data-element_type=\"container\" data-e-type=\"container\">\n\t\t\t\t\t<div class=\"e-con-inner\">\n\t\t\t\t<div class=\"elementor-element elementor-element-7d895d7 elementor-widget elementor-widget-heading\" data-id=\"7d895d7\" data-element_type=\"widget\" data-e-type=\"widget\" data-widget_type=\"heading.default\">\n\t\t\t\t<div class=\"elementor-widget-container\">\n\t\t\t\t\t<p class=\"elementor-heading-title elementor-size-default\">ATHENA RC<\/p>\t\t\t\t<\/div>\n\t\t\t\t<\/div>\n\t\t\t\t<div class=\"elementor-element elementor-element-ee393f0 elementor-widget elementor-widget-image\" data-id=\"ee393f0\" data-element_type=\"widget\" data-e-type=\"widget\" data-widget_type=\"image.default\">\n\t\t\t\t<div class=\"elementor-widget-container\">\n\t\t\t\t\t\t\t\t\t\t\t\t\t\t\t<img decoding=\"async\" width=\"300\" height=\"83\" src=\"https:\/\/www.alt-edic.eu\/wp-content\/uploads\/2024\/11\/Athena_Horizontal-Ext_EN-page-001-3-300x83.jpg\" class=\"attachment-medium size-medium wp-image-9568\" alt=\"Athena-logoet\" srcset=\"https:\/\/www.alt-edic.eu\/wp-content\/uploads\/2024\/11\/Athena_Horizontal-Ext_EN-page-001-3-300x83.jpg 300w, https:\/\/www.alt-edic.eu\/wp-content\/uploads\/2024\/11\/Athena_Horizontal-Ext_EN-page-001-3-18x5.jpg 18w, https:\/\/www.alt-edic.eu\/wp-content\/uploads\/2024\/11\/Athena_Horizontal-Ext_EN-page-001-3.jpg 393w\" sizes=\"(max-width: 300px) 100vw, 300px\">\t\t\t\t\t\t\t\t\t\t\t\t\t\t\t<\/div>\n\t\t\t\t<\/div>\n\t\t\t\t\t<\/div>\n\t\t\t\t<\/div>\n\t\t<div class=\"elementor-element elementor-element-47afe93 e-grid e-con-boxed e-con e-parent\" data-id=\"47afe93\" data-element_type=\"container\" data-e-type=\"container\">\n\t\t\t\t\t<div class=\"e-con-inner\">\n\t\t\t\t<div class=\"elementor-element elementor-element-17e0dad elementor-widget elementor-widget-heading\" data-id=\"17e0dad\" data-element_type=\"widget\" data-e-type=\"widget\" data-widget_type=\"heading.default\">\n\t\t\t\t<div class=\"elementor-widget-container\">\n\t\t\t\t\t<p class=\"elementor-heading-title elementor-size-default\">TILDE<\/p>\t\t\t\t<\/div>\n\t\t\t\t<\/div>\n\t\t\t\t<div class=\"elementor-element elementor-element-c5e4276 elementor-widget elementor-widget-image\" data-id=\"c5e4276\" data-element_type=\"widget\" data-e-type=\"widget\" data-widget_type=\"image.default\">\n\t\t\t\t<div class=\"elementor-widget-container\">\n\t\t\t\t\t\t\t\t\t\t\t\t\t\t\t<img decoding=\"async\" src=\"https:\/\/www.alt-edic.eu\/wp-content\/uploads\/elementor\/thumbs\/Tilde-qzyrt5he7afsuor41rkmh98sv99b18iuw11wo5to88.png\" title=\"Tilde\" alt=\"TILDE LOGO\" loading=\"lazy\">\t\t\t\t\t\t\t\t\t\t\t\t\t\t\t<\/div>\n\t\t\t\t<\/div>\n\t\t\t\t\t<\/div>\n\t\t\t\t<\/div>\n\t\t<div class=\"elementor-element elementor-element-9f9c26c e-grid e-con-boxed e-con e-parent\" data-id=\"9f9c26c\" data-element_type=\"container\" data-e-type=\"container\">\n\t\t\t\t\t<div class=\"e-con-inner\">\n\t\t\t\t<div class=\"elementor-element elementor-element-c76b449 elementor-widget elementor-widget-heading\" data-id=\"c76b449\" data-element_type=\"widget\" data-e-type=\"widget\" data-widget_type=\"heading.default\">\n\t\t\t\t<div class=\"elementor-widget-container\">\n\t\t\t\t\t<p class=\"elementor-heading-title elementor-size-default\">EVALUATIONS AND LANGUAGE RESOURCES DISTRIBUTION AGENCY (ELDA)<\/p>\t\t\t\t<\/div>\n\t\t\t\t<\/div>\n\t\t\t\t<div class=\"elementor-element elementor-element-de31968 elementor-widget elementor-widget-image\" data-id=\"de31968\" data-element_type=\"widget\" data-e-type=\"widget\" data-widget_type=\"image.default\">\n\t\t\t\t<div class=\"elementor-widget-container\">\n\t\t\t\t\t\t\t\t\t\t\t\t\t\t\t<img loading=\"lazy\" decoding=\"async\" width=\"150\" height=\"150\" src=\"https:\/\/www.alt-edic.eu\/wp-content\/uploads\/2024\/11\/elda_logo-150x150.jpg\" class=\"attachment-thumbnail size-thumbnail wp-image-9570\" alt=\"ELDA LOGO\" srcset=\"https:\/\/www.alt-edic.eu\/wp-content\/uploads\/2024\/11\/elda_logo-150x150.jpg 150w, https:\/\/www.alt-edic.eu\/wp-content\/uploads\/2024\/11\/elda_logo-12x12.jpg 12w, https:\/\/www.alt-edic.eu\/wp-content\/uploads\/2024\/11\/elementor\/thumbs\/elda_logo-qx03zc4dlorlej2zfxsfoktxw0525quvu5zspghaso.jpg 100w, https:\/\/www.alt-edic.eu\/wp-content\/uploads\/2024\/11\/elda_logo.jpg 200w\" sizes=\"(max-width: 150px) 100vw, 150px\">\t\t\t\t\t\t\t\t\t\t\t\t\t\t\t<\/div>\n\t\t\t\t<\/div>\n\t\t\t\t\t<\/div>\n\t\t\t\t<\/div>\n\t\t<div class=\"elementor-element elementor-element-adbb9e7 e-grid e-con-boxed e-con e-parent\" data-id=\"adbb9e7\" data-element_type=\"container\" data-e-type=\"container\">\n\t\t\t\t\t<div class=\"e-con-inner\">\n\t\t\t\t<div class=\"elementor-element elementor-element-1fa6588 elementor-widget elementor-widget-heading\" data-id=\"1fa6588\" data-element_type=\"widget\" data-e-type=\"widget\" data-widget_type=\"heading.default\">\n\t\t\t\t<div class=\"elementor-widget-container\">\n\t\t\t\t\t<p class=\"elementor-heading-title elementor-size-default\">UNIVERZITA KARLOVA<\/p>\t\t\t\t<\/div>\n\t\t\t\t<\/div>\n\t\t\t\t<div class=\"elementor-element elementor-element-8635150 elementor-widget elementor-widget-image\" data-id=\"8635150\" data-element_type=\"widget\" data-e-type=\"widget\" data-widget_type=\"image.default\">\n\t\t\t\t<div class=\"elementor-widget-container\">\n\t\t\t\t\t\t\t\t\t\t\t\t\t\t\t<img loading=\"lazy\" decoding=\"async\" width=\"300\" height=\"111\" src=\"https:\/\/www.alt-edic.eu\/wp-content\/uploads\/2024\/11\/images-300x111.png\" class=\"attachment-medium size-medium wp-image-9571\" alt=\"UNIVERZITA KARLOVA LOGO\" srcset=\"https:\/\/www.alt-edic.eu\/wp-content\/uploads\/2024\/11\/images-300x111.png 300w, https:\/\/www.alt-edic.eu\/wp-content\/uploads\/2024\/11\/images-18x7.png 18w, https:\/\/www.alt-edic.eu\/wp-content\/uploads\/2024\/11\/images.png 369w\" sizes=\"(max-width: 300px) 100vw, 300px\">\t\t\t\t\t\t\t\t\t\t\t\t\t\t\t<\/div>\n\t\t\t\t<\/div>\n\t\t\t\t\t<\/div>\n\t\t\t\t<\/div>\n\t\t<div class=\"elementor-element elementor-element-23681b7 e-grid e-con-boxed e-con e-parent\" data-id=\"23681b7\" data-element_type=\"container\" data-e-type=\"container\">\n\t\t\t\t\t<div class=\"e-con-inner\">\n\t\t\t\t<div class=\"elementor-element elementor-element-4b48093 elementor-widget elementor-widget-heading\" data-id=\"4b48093\" data-element_type=\"widget\" data-e-type=\"widget\" data-widget_type=\"heading.default\">\n\t\t\t\t<div class=\"elementor-widget-container\">\n\t\t\t\t\t<p class=\"elementor-heading-title elementor-size-default\">ISTITUT JOZEF STEFAN (JSI)<\/p>\t\t\t\t<\/div>\n\t\t\t\t<\/div>\n\t\t\t\t<div class=\"elementor-element elementor-element-151c0d1 elementor-widget elementor-widget-image\" data-id=\"151c0d1\" data-element_type=\"widget\" data-e-type=\"widget\" data-widget_type=\"image.default\">\n\t\t\t\t<div class=\"elementor-widget-container\">\n\t\t\t\t\t\t\t\t\t\t\t\t\t\t\t<img loading=\"lazy\" decoding=\"async\" width=\"300\" height=\"86\" src=\"https:\/\/www.alt-edic.eu\/wp-content\/uploads\/2024\/11\/JSI-Logo-002-300x86.jpg\" class=\"attachment-medium size-medium wp-image-9573\" alt=\"JSI-logo\" srcset=\"https:\/\/www.alt-edic.eu\/wp-content\/uploads\/2024\/11\/JSI-Logo-002-300x86.jpg 300w, https:\/\/www.alt-edic.eu\/wp-content\/uploads\/2024\/11\/JSI-Logo-002-1024x292.jpg 1024w, https:\/\/www.alt-edic.eu\/wp-content\/uploads\/2024\/11\/JSI-Logo-002-768x219.jpg 768w, https:\/\/www.alt-edic.eu\/wp-content\/uploads\/2024\/11\/JSI-Logo-002-18x5.jpg 18w, https:\/\/www.alt-edic.eu\/wp-content\/uploads\/2024\/11\/JSI-Logo-002.jpg 1121w\" sizes=\"(max-width: 300px) 100vw, 300px\">\t\t\t\t\t\t\t\t\t\t\t\t\t\t\t<\/div>\n\t\t\t\t<\/div>\n\t\t\t\t\t<\/div>\n\t\t\t\t<\/div>\n\t\t<div class=\"elementor-element elementor-element-fb69a9f e-grid e-con-boxed e-con e-parent\" data-id=\"fb69a9f\" data-element_type=\"container\" data-e-type=\"container\">\n\t\t\t\t\t<div class=\"e-con-inner\">\n\t\t\t\t<div class=\"elementor-element elementor-element-2d92075 elementor-widget elementor-widget-heading\" data-id=\"2d92075\" data-element_type=\"widget\" data-e-type=\"widget\" data-widget_type=\"heading.default\">\n\t\t\t\t<div class=\"elementor-widget-container\">\n\t\t\t\t\t<p class=\"elementor-heading-title elementor-size-default\">FONDAZIONE BRUNO KESSLER (FBK)<\/p>\t\t\t\t<\/div>\n\t\t\t\t<\/div>\n\t\t\t\t<div class=\"elementor-element elementor-element-86ebc9a elementor-widget elementor-widget-image\" data-id=\"86ebc9a\" data-element_type=\"widget\" data-e-type=\"widget\" data-widget_type=\"image.default\">\n\t\t\t\t<div class=\"elementor-widget-container\">\n\t\t\t\t\t\t\t\t\t\t\t\t\t\t\t<img loading=\"lazy\" decoding=\"async\" width=\"150\" height=\"150\" src=\"https:\/\/www.alt-edic.eu\/wp-content\/uploads\/2024\/11\/unnamed-150x150.png\" class=\"attachment-thumbnail size-thumbnail wp-image-9574\" alt=\"FONDAZIONE BRUNO KESSLER LOGO\" srcset=\"https:\/\/www.alt-edic.eu\/wp-content\/uploads\/2024\/11\/unnamed-150x150.png 150w, https:\/\/www.alt-edic.eu\/wp-content\/uploads\/2024\/11\/unnamed-300x300.png 300w, https:\/\/www.alt-edic.eu\/wp-content\/uploads\/2024\/11\/unnamed-12x12.png 12w, https:\/\/www.alt-edic.eu\/wp-content\/uploads\/2024\/11\/unnamed.png 512w\" sizes=\"(max-width: 150px) 100vw, 150px\">\t\t\t\t\t\t\t\t\t\t\t\t\t\t\t<\/div>\n\t\t\t\t<\/div>\n\t\t\t\t\t<\/div>\n\t\t\t\t<\/div>\n\t\t<div class=\"elementor-element elementor-element-9652c0e e-grid e-con-boxed e-con e-parent\" data-id=\"9652c0e\" data-element_type=\"container\" data-e-type=\"container\">\n\t\t\t\t\t<div class=\"e-con-inner\">\n\t\t\t\t<div class=\"elementor-element elementor-element-2618a57 elementor-widget elementor-widget-heading\" data-id=\"2618a57\" data-element_type=\"widget\" data-e-type=\"widget\" data-widget_type=\"heading.default\">\n\t\t\t\t<div class=\"elementor-widget-container\">\n\t\t\t\t\t<p class=\"elementor-heading-title elementor-size-default\">POLITECHNIKA WROCLAWSKA<\/p>\t\t\t\t<\/div>\n\t\t\t\t<\/div>\n\t\t\t\t<div class=\"elementor-element elementor-element-e12e91d elementor-widget elementor-widget-image\" data-id=\"e12e91d\" data-element_type=\"widget\" data-e-type=\"widget\" data-widget_type=\"image.default\">\n\t\t\t\t<div class=\"elementor-widget-container\">\n\t\t\t\t\t\t\t\t\t\t\t\t\t\t\t<img loading=\"lazy\" decoding=\"async\" width=\"150\" height=\"150\" src=\"https:\/\/www.alt-edic.eu\/wp-content\/uploads\/2024\/11\/Pwr-150x150.png\" class=\"attachment-thumbnail size-thumbnail wp-image-9575\" alt=\"Politechnika wroclawska-logoet\" srcset=\"https:\/\/www.alt-edic.eu\/wp-content\/uploads\/2024\/11\/Pwr-150x150.png 150w, https:\/\/www.alt-edic.eu\/wp-content\/uploads\/2024\/11\/Pwr-300x300.png 300w, https:\/\/www.alt-edic.eu\/wp-content\/uploads\/2024\/11\/Pwr-12x12.png 12w, https:\/\/www.alt-edic.eu\/wp-content\/uploads\/2024\/11\/Pwr.png 400w\" sizes=\"(max-width: 150px) 100vw, 150px\">\t\t\t\t\t\t\t\t\t\t\t\t\t\t\t<\/div>\n\t\t\t\t<\/div>\n\t\t\t\t\t<\/div>\n\t\t\t\t<\/div>\n\t\t<div class=\"elementor-element elementor-element-7170359 e-grid e-con-boxed e-con e-parent\" data-id=\"7170359\" data-element_type=\"container\" data-e-type=\"container\">\n\t\t\t\t\t<div class=\"e-con-inner\">\n\t\t\t\t<div class=\"elementor-element elementor-element-bc6b0ac elementor-widget elementor-widget-heading\" data-id=\"bc6b0ac\" data-element_type=\"widget\" data-e-type=\"widget\" data-widget_type=\"heading.default\">\n\t\t\t\t<div class=\"elementor-widget-container\">\n\t\t\t\t\t<p class=\"elementor-heading-title elementor-size-default\">UNIVERSIDAD DE GRANADA<\/p>\t\t\t\t<\/div>\n\t\t\t\t<\/div>\n\t\t\t\t<div class=\"elementor-element elementor-element-2c1b736 elementor-widget elementor-widget-image\" data-id=\"2c1b736\" data-element_type=\"widget\" data-e-type=\"widget\" data-widget_type=\"image.default\">\n\t\t\t\t<div class=\"elementor-widget-container\">\n\t\t\t\t\t\t\t\t\t\t\t\t\t\t\t<img loading=\"lazy\" decoding=\"async\" width=\"300\" height=\"169\" src=\"https:\/\/www.alt-edic.eu\/wp-content\/uploads\/2024\/11\/Universidad-de-Granada-Embleme-300x169.jpg\" class=\"attachment-medium size-medium wp-image-9576\" alt=\"Universidad de Granada LOGO\" srcset=\"https:\/\/www.alt-edic.eu\/wp-content\/uploads\/2024\/11\/Universidad-de-Granada-Embleme-300x169.jpg 300w, https:\/\/www.alt-edic.eu\/wp-content\/uploads\/2024\/11\/Universidad-de-Granada-Embleme-1024x576.jpg 1024w, https:\/\/www.alt-edic.eu\/wp-content\/uploads\/2024\/11\/Universidad-de-Granada-Embleme-768x432.jpg 768w, https:\/\/www.alt-edic.eu\/wp-content\/uploads\/2024\/11\/Universidad-de-Granada-Embleme-1536x864.jpg 1536w, https:\/\/www.alt-edic.eu\/wp-content\/uploads\/2024\/11\/Universidad-de-Granada-Embleme-18x10.jpg 18w, https:\/\/www.alt-edic.eu\/wp-content\/uploads\/2024\/11\/Universidad-de-Granada-Embleme.jpg 1920w\" sizes=\"(max-width: 300px) 100vw, 300px\">\t\t\t\t\t\t\t\t\t\t\t\t\t\t\t<\/div>\n\t\t\t\t<\/div>\n\t\t\t\t\t<\/div>\n\t\t\t\t<\/div>\n\t\t<div class=\"elementor-element elementor-element-afcee7a e-flex e-con-boxed e-con e-parent\" data-id=\"afcee7a\" data-element_type=\"container\" data-e-type=\"container\">\n\t\t\t\t\t<div class=\"e-con-inner\">\n\t\t\t\t<div class=\"elementor-element elementor-element-f6e4dcc elementor-widget elementor-widget-text-editor\" data-id=\"f6e4dcc\" data-element_type=\"widget\" data-e-type=\"widget\" data-widget_type=\"text-editor.default\">\n\t\t\t\t<div class=\"elementor-widget-container\">\n\t\t\t\t\t\t\t\t\t<p>ALT-EDIC4EU-projektet er dedikeret til udvikling af den globale ALT-EDIC-infrastruktur, herunder et europ\u00e6isk center for evaluering af sprogteknologier, dynamisk kortl\u00e6gning af landskabet for europ\u00e6iske sprogteknologier og store sprogmodeller og tilrettel\u00e6ggelse af uddannelseskurser, workshopper og arrangementer. P\u00e5 grundlag af deres f\u00e6rdigheder og erfaring med at gennemf\u00f8re europ\u00e6iske sprogteknologiinfrastrukturer samt nationale dataomr\u00e5der og store sprogmodeller vil ALT-EDIC4EU-partnerne begynde at udvikle deres tekniske komponenter og tjenester og iv\u00e6rks\u00e6tte deres engagements-, kommunikations- og formidlingsstrategier.<\/p><p>ALT-EDIC4EU-projektet im\u00f8dekommer et behov for at opbygge og styrke et europ\u00e6isk \u00f8kosystem omkring store sprog- og AI-modeller i en kontekst, hvor de fleste teknologiske innovationer kommer fra lande uden for Europa og kun p\u00e5 nogle sprog. Dette projekt vil give de europ\u00e6iske lande en bedre autonomi med hensyn til anvendelse og deling af europ\u00e6iske data og vil mindske afh\u00e6ngigheden af teknologier fra lande uden for Europa, samtidig med at den europ\u00e6iske sproglige mangfoldighed bevares.<\/p>\t\t\t\t\t\t\t\t<\/div>\n\t\t\t\t<\/div>\n\t\t\t\t\t<\/div>\n\t\t\t\t<\/div>\n\t\t\t\t<\/div>","protected":false},"excerpt":{"rendered":"<p>ALT-EDIC4EU ALT-EDIC4EU-projektet (Alliance for Language Technologies for the European Union) er ALT-EDIC's f\u00f8rste projekt og g\u00f8r det muligt at intensivere dets aktiviteter. ALT-EDIC4EU-projektet vil g\u00f8re det muligt for ALT-EDIC at fremskynde udviklingen af en robust og skalerbar infrastruktur og samle det europ\u00e6iske \u00f8kosystem for sprogteknologi. Det har v\u00e6ret [...]<\/p>","protected":false},"author":1,"featured_media":0,"parent":9229,"menu_order":0,"comment_status":"closed","ping_status":"closed","template":"","meta":{"footnotes":""},"class_list":["post-9562","page","type-page","status-publish","hentry"],"aioseo_notices":[],"aioseo_head":"\n\t\t<!-- All in One SEO 5.0.0.1 - aioseo.com -->\n\t<meta name=\"description\" content=\"ALT-EDIC4EU The ALT-EDIC4EU (Alliance for Language Technologies for the European Union) project is the first project of the ALT-EDIC and enables to ramp up its activities. The ALT-EDIC4EU project will enable the ALT-EDIC to ramp up the development of a robust and scalable infrastructure and to federate the European Language Technology Ecosystem. It has been\" \/>\n\t<meta name=\"robots\" content=\"max-image-preview:large\" \/>\n\t<link rel=\"canonical\" href=\"https:\/\/www.alt-edic.eu\/da\/projects\/alt-edic4eu\/\" \/>\n\t<meta name=\"generator\" content=\"All in One SEO (AIOSEO) 5.0.0.1\" \/>\n\t\t<meta property=\"og:locale\" content=\"da_DK\" \/>\n\t\t<meta property=\"og:site_name\" content=\"ALT-EDIC \u2013 Alliance for Language Technologies EDIC\" \/>\n\t\t<meta property=\"og:type\" content=\"article\" \/>\n\t\t<meta property=\"og:title\" content=\"ALT-EDIC4EU \u2013 ALT-EDIC\" \/>\n\t\t<meta property=\"og:description\" content=\"ALT-EDIC4EU The ALT-EDIC4EU (Alliance for Language Technologies for the European Union) project is the first project of the ALT-EDIC and enables to ramp up its activities. The ALT-EDIC4EU project will enable the ALT-EDIC to ramp up the development of a robust and scalable infrastructure and to federate the European Language Technology Ecosystem. It has been\" \/>\n\t\t<meta property=\"og:url\" content=\"https:\/\/www.alt-edic.eu\/da\/projects\/alt-edic4eu\/\" \/>\n\t\t<meta property=\"article:published_time\" content=\"2024-11-13T15:46:28+00:00\" \/>\n\t\t<meta property=\"article:modified_time\" content=\"2026-01-20T09:08:28+00:00\" \/>\n\t\t<meta name=\"twitter:card\" content=\"summary_large_image\" \/>\n\t\t<meta name=\"twitter:title\" content=\"ALT-EDIC4EU \u2013 ALT-EDIC\" \/>\n\t\t<meta name=\"twitter:description\" content=\"ALT-EDIC4EU The ALT-EDIC4EU (Alliance for Language Technologies for the European Union) project is the first project of the ALT-EDIC and enables to ramp up its activities. The ALT-EDIC4EU project will enable the ALT-EDIC to ramp up the development of a robust and scalable infrastructure and to federate the European Language Technology Ecosystem. It has been\" \/>\n\t\t<script type=\"application\/ld+json\" class=\"aioseo-schema\">\n\t\t\t{\"@context\":\"https:\\\/\\\/schema.org\",\"@graph\":[{\"@type\":\"BreadcrumbList\",\"@id\":\"https:\\\/\\\/www.alt-edic.eu\\\/da\\\/projects\\\/alt-edic4eu\\\/#breadcrumblist\",\"itemListElement\":[{\"@type\":\"ListItem\",\"@id\":\"https:\\\/\\\/www.alt-edic.eu\\\/da#listItem\",\"position\":1,\"name\":\"Home\",\"item\":\"https:\\\/\\\/www.alt-edic.eu\\\/da\",\"nextItem\":{\"@type\":\"ListItem\",\"@id\":\"https:\\\/\\\/www.alt-edic.eu\\\/da\\\/projects\\\/#listItem\",\"name\":\"Projects\"}},{\"@type\":\"ListItem\",\"@id\":\"https:\\\/\\\/www.alt-edic.eu\\\/da\\\/projects\\\/#listItem\",\"position\":2,\"name\":\"Projects\",\"item\":\"https:\\\/\\\/www.alt-edic.eu\\\/da\\\/projects\\\/\",\"nextItem\":{\"@type\":\"ListItem\",\"@id\":\"https:\\\/\\\/www.alt-edic.eu\\\/da\\\/projects\\\/alt-edic4eu\\\/#listItem\",\"name\":\"ALT-EDIC4EU\"},\"previousItem\":{\"@type\":\"ListItem\",\"@id\":\"https:\\\/\\\/www.alt-edic.eu\\\/da#listItem\",\"name\":\"Home\"}},{\"@type\":\"ListItem\",\"@id\":\"https:\\\/\\\/www.alt-edic.eu\\\/da\\\/projects\\\/alt-edic4eu\\\/#listItem\",\"position\":3,\"name\":\"ALT-EDIC4EU\",\"previousItem\":{\"@type\":\"ListItem\",\"@id\":\"https:\\\/\\\/www.alt-edic.eu\\\/da\\\/projects\\\/#listItem\",\"name\":\"Projects\"}}]},{\"@type\":\"Organization\",\"@id\":\"https:\\\/\\\/www.alt-edic.eu\\\/da\\\/#organization\",\"name\":\"ALT-EDIC Alliance for Language Technologies (ALT-EDIC)\",\"description\":\"Alliance for Language Technologies EDIC The Alliance for Language Technologies (ALT-EDIC) is a European Digital Infrastructure Consortium supporting the development of Language Technologies. It will promote excellence in language technologies and contribute to the preservation of Europe\\u2019s linguistic diversity and cultural richness.\",\"url\":\"https:\\\/\\\/www.alt-edic.eu\\\/da\\\/\",\"email\":\"contact@alt-edic.eu\",\"telephone\":\"+33364924355\",\"foundingDate\":\"2024-02-01\",\"numberOfEmployees\":{\"@type\":\"QuantitativeValue\",\"minValue\":0,\"maxValue\":15},\"logo\":{\"@type\":\"ImageObject\",\"url\":\"https:\\\/\\\/www.alt-edic.eu\\\/wp-content\\\/uploads\\\/2024\\\/09\\\/logo_alt-edic_blue_on_white.png\",\"@id\":\"https:\\\/\\\/www.alt-edic.eu\\\/da\\\/projects\\\/alt-edic4eu\\\/#organizationLogo\",\"width\":2779,\"height\":541,\"caption\":\"Logo Alt-Edic Blue\"},\"image\":{\"@id\":\"https:\\\/\\\/www.alt-edic.eu\\\/da\\\/projects\\\/alt-edic4eu\\\/#organizationLogo\"},\"sameAs\":[\"https:\\\/\\\/www.linkedin.com\\\/company\\\/alt-edic\\\/\"]},{\"@type\":\"WebPage\",\"@id\":\"https:\\\/\\\/www.alt-edic.eu\\\/da\\\/projects\\\/alt-edic4eu\\\/#webpage\",\"url\":\"https:\\\/\\\/www.alt-edic.eu\\\/da\\\/projects\\\/alt-edic4eu\\\/\",\"name\":\"ALT-EDIC4EU \\u2013 ALT-EDIC\",\"description\":\"ALT-EDIC4EU The ALT-EDIC4EU (Alliance for Language Technologies for the European Union) project is the first project of the ALT-EDIC and enables to ramp up its activities. The ALT-EDIC4EU project will enable the ALT-EDIC to ramp up the development of a robust and scalable infrastructure and to federate the European Language Technology Ecosystem. It has been\",\"inLanguage\":\"da-DK\",\"isPartOf\":{\"@id\":\"https:\\\/\\\/www.alt-edic.eu\\\/da\\\/#website\"},\"breadcrumb\":{\"@id\":\"https:\\\/\\\/www.alt-edic.eu\\\/da\\\/projects\\\/alt-edic4eu\\\/#breadcrumblist\"},\"datePublished\":\"2024-11-13T15:46:28+01:00\",\"dateModified\":\"2026-01-20T10:08:28+01:00\"},{\"@type\":\"WebSite\",\"@id\":\"https:\\\/\\\/www.alt-edic.eu\\\/da\\\/#website\",\"url\":\"https:\\\/\\\/www.alt-edic.eu\\\/da\\\/\",\"name\":\"ALT-EDIC Alliance for Language Technologies\",\"alternateName\":\"ALT-EDIC\",\"description\":\"Alliance for Language Technologies EDIC\",\"inLanguage\":\"da-DK\",\"publisher\":{\"@id\":\"https:\\\/\\\/www.alt-edic.eu\\\/da\\\/#organization\"}}]}\n\t\t<\/script>\n\t\t<!-- All in One SEO -->\n\n","aioseo_head_json":{"title":"ALT-EDIC4EU \u2013 ALT-EDIC","description":"ALT-EDIC4EU The ALT-EDIC4EU (Alliance for Language Technologies for the European Union) project is the first project of the ALT-EDIC and enables to ramp up its activities. The ALT-EDIC4EU project will enable the ALT-EDIC to ramp up the development of a robust and scalable infrastructure and to federate the European Language Technology Ecosystem. It has been","canonical_url":"https:\/\/www.alt-edic.eu\/da\/projects\/alt-edic4eu\/","robots":"max-image-preview:large","keywords":"","webmasterTools":{"miscellaneous":""},"schema":{"@context":"https:\/\/schema.org","@graph":[{"@type":"BreadcrumbList","@id":"https:\/\/www.alt-edic.eu\/da\/projects\/alt-edic4eu\/#breadcrumblist","itemListElement":[{"@type":"ListItem","@id":"https:\/\/www.alt-edic.eu\/da#listItem","position":1,"name":"Home","item":"https:\/\/www.alt-edic.eu\/da","nextItem":{"@type":"ListItem","@id":"https:\/\/www.alt-edic.eu\/da\/projects\/#listItem","name":"Projects"}},{"@type":"ListItem","@id":"https:\/\/www.alt-edic.eu\/da\/projects\/#listItem","position":2,"name":"Projects","item":"https:\/\/www.alt-edic.eu\/da\/projects\/","nextItem":{"@type":"ListItem","@id":"https:\/\/www.alt-edic.eu\/da\/projects\/alt-edic4eu\/#listItem","name":"ALT-EDIC4EU"},"previousItem":{"@type":"ListItem","@id":"https:\/\/www.alt-edic.eu\/da#listItem","name":"Home"}},{"@type":"ListItem","@id":"https:\/\/www.alt-edic.eu\/da\/projects\/alt-edic4eu\/#listItem","position":3,"name":"ALT-EDIC4EU","previousItem":{"@type":"ListItem","@id":"https:\/\/www.alt-edic.eu\/da\/projects\/#listItem","name":"Projects"}}]},{"@type":"Organization","@id":"https:\/\/www.alt-edic.eu\/da\/#organization","name":"ALT-EDIC Alliance for Language Technologies (ALT-EDIC)","description":"Alliance for Language Technologies EDIC The Alliance for Language Technologies (ALT-EDIC) is a European Digital Infrastructure Consortium supporting the development of Language Technologies. It will promote excellence in language technologies and contribute to the preservation of Europe\u2019s linguistic diversity and cultural richness.","url":"https:\/\/www.alt-edic.eu\/da\/","email":"contact@alt-edic.eu","telephone":"+33364924355","foundingDate":"2024-02-01","numberOfEmployees":{"@type":"QuantitativeValue","minValue":0,"maxValue":15},"logo":{"@type":"ImageObject","url":"https:\/\/www.alt-edic.eu\/wp-content\/uploads\/2024\/09\/logo_alt-edic_blue_on_white.png","@id":"https:\/\/www.alt-edic.eu\/da\/projects\/alt-edic4eu\/#organizationLogo","width":2779,"height":541,"caption":"Logo Alt-Edic Blue"},"image":{"@id":"https:\/\/www.alt-edic.eu\/da\/projects\/alt-edic4eu\/#organizationLogo"},"sameAs":["https:\/\/www.linkedin.com\/company\/alt-edic\/"]},{"@type":"WebPage","@id":"https:\/\/www.alt-edic.eu\/da\/projects\/alt-edic4eu\/#webpage","url":"https:\/\/www.alt-edic.eu\/da\/projects\/alt-edic4eu\/","name":"ALT-EDIC4EU \u2013 ALT-EDIC","description":"ALT-EDIC4EU The ALT-EDIC4EU (Alliance for Language Technologies for the European Union) project is the first project of the ALT-EDIC and enables to ramp up its activities. The ALT-EDIC4EU project will enable the ALT-EDIC to ramp up the development of a robust and scalable infrastructure and to federate the European Language Technology Ecosystem. It has been","inLanguage":"da-DK","isPartOf":{"@id":"https:\/\/www.alt-edic.eu\/da\/#website"},"breadcrumb":{"@id":"https:\/\/www.alt-edic.eu\/da\/projects\/alt-edic4eu\/#breadcrumblist"},"datePublished":"2024-11-13T15:46:28+01:00","dateModified":"2026-01-20T10:08:28+01:00"},{"@type":"WebSite","@id":"https:\/\/www.alt-edic.eu\/da\/#website","url":"https:\/\/www.alt-edic.eu\/da\/","name":"ALT-EDIC Alliance for Language Technologies","alternateName":"ALT-EDIC","description":"Alliance for Language Technologies EDIC","inLanguage":"da-DK","publisher":{"@id":"https:\/\/www.alt-edic.eu\/da\/#organization"}}]},"og:locale":"da_DK","og:site_name":"ALT-EDIC \u2013 Alliance for Language Technologies EDIC","og:type":"article","og:title":"ALT-EDIC4EU \u2013 ALT-EDIC","og:description":"ALT-EDIC4EU The ALT-EDIC4EU (Alliance for Language Technologies for the European Union) project is the first project of the ALT-EDIC and enables to ramp up its activities. The ALT-EDIC4EU project will enable the ALT-EDIC to ramp up the development of a robust and scalable infrastructure and to federate the European Language Technology Ecosystem. It has been","og:url":"https:\/\/www.alt-edic.eu\/da\/projects\/alt-edic4eu\/","article:published_time":"2024-11-13T15:46:28+00:00","article:modified_time":"2026-01-20T09:08:28+00:00","twitter:card":"summary_large_image","twitter:title":"ALT-EDIC4EU \u2013 ALT-EDIC","twitter:description":"ALT-EDIC4EU The ALT-EDIC4EU (Alliance for Language Technologies for the European Union) project is the first project of the ALT-EDIC and enables to ramp up its activities. The ALT-EDIC4EU project will enable the ALT-EDIC to ramp up the development of a robust and scalable infrastructure and to federate the European Language Technology Ecosystem. It has been"},"aioseo_meta_data":{"post_id":"9562","title":null,"description":null,"keywords":null,"keyphrases":{"focus":{"keyphrase":"","score":0,"analysis":{"keyphraseInTitle":{"score":0,"maxScore":9,"error":1}}},"additional":[]},"primary_term":null,"canonical_url":null,"og_title":null,"og_description":null,"og_object_type":"default","og_image_type":"default","og_image_url":null,"og_image_width":null,"og_image_height":null,"og_image_custom_url":null,"og_image_custom_fields":null,"og_video":"","og_custom_url":null,"og_article_section":null,"og_article_tags":null,"twitter_use_og":false,"twitter_card":"default","twitter_image_type":"default","twitter_image_url":null,"twitter_image_custom_url":null,"twitter_image_custom_fields":null,"twitter_title":null,"twitter_description":null,"schema":{"blockGraphs":[],"customGraphs":[],"default":{"data":{"Article":[],"Course":[],"Dataset":[],"FAQPage":[],"Movie":[],"Person":[],"Product":[],"ProductReview":[],"Car":[],"Recipe":[],"Service":[],"SoftwareApplication":[],"WebPage":[]},"graphName":"WebPage","isEnabled":true},"graphs":[]},"schema_type":"default","schema_type_options":null,"pillar_content":false,"robots_default":true,"robots_noindex":false,"robots_noarchive":false,"robots_nosnippet":false,"robots_nofollow":false,"robots_noimageindex":false,"robots_noodp":false,"robots_notranslate":false,"robots_max_snippet":"-1","robots_max_videopreview":"-1","robots_max_imagepreview":"large","priority":null,"frequency":"default","local_seo":null,"breadcrumb_settings":null,"limit_modified_date":false,"ai":null,"created":"2024-11-13 15:47:50","updated":"2026-01-20 09:15:41","seo_analyzer_scan_date":null,"focus_keyword":null,"additional_keywords":null,"truseo_locale":null},"aioseo_breadcrumb":"<div class=\"aioseo-breadcrumbs\"><span class=\"aioseo-breadcrumb\">\n\t\t\t<a href=\"https:\/\/www.alt-edic.eu\/da\" title=\"Home\">Home<\/a>\n\t\t<\/span><span class=\"aioseo-breadcrumb-separator\">\/<\/span><span class=\"aioseo-breadcrumb\">\n\t\t\t<a href=\"https:\/\/www.alt-edic.eu\/da\/projects\/\" title=\"Projects\">Projects<\/a>\n\t\t<\/span><span class=\"aioseo-breadcrumb-separator\">\/<\/span><span class=\"aioseo-breadcrumb\">\n\t\t\tALT-EDIC4EU\n\t\t<\/span><\/div>","aioseo_breadcrumb_json":[{"label":"Home","link":"https:\/\/www.alt-edic.eu\/da"},{"label":"Projects","link":"https:\/\/www.alt-edic.eu\/da\/projects\/"},{"label":"ALT-EDIC4EU","link":"https:\/\/www.alt-edic.eu\/da\/projects\/alt-edic4eu\/"}],"_links":{"self":[{"href":"https:\/\/www.alt-edic.eu\/da\/wp-json\/wp\/v2\/pages\/9562","targetHints":{"allow":["GET"]}}],"collection":[{"href":"https:\/\/www.alt-edic.eu\/da\/wp-json\/wp\/v2\/pages"}],"about":[{"href":"https:\/\/www.alt-edic.eu\/da\/wp-json\/wp\/v2\/types\/page"}],"author":[{"embeddable":true,"href":"https:\/\/www.alt-edic.eu\/da\/wp-json\/wp\/v2\/users\/1"}],"replies":[{"embeddable":true,"href":"https:\/\/www.alt-edic.eu\/da\/wp-json\/wp\/v2\/comments?post=9562"}],"version-history":[{"count":0,"href":"https:\/\/www.alt-edic.eu\/da\/wp-json\/wp\/v2\/pages\/9562\/revisions"}],"up":[{"embeddable":true,"href":"https:\/\/www.alt-edic.eu\/da\/wp-json\/wp\/v2\/pages\/9229"}],"wp:attachment":[{"href":"https:\/\/www.alt-edic.eu\/da\/wp-json\/wp\/v2\/media?parent=9562"}],"curies":[{"name":"wp","href":"https:\/\/api.w.org\/{rel}","templated":true}]}}