{"id":8899,"date":"2024-09-30T12:22:02","date_gmt":"2024-09-30T12:22:02","guid":{"rendered":"https:\/\/alt-edic.eu\/?page_id=8899"},"modified":"2024-12-02T23:39:58","modified_gmt":"2024-12-02T23:39:58","slug":"location","status":"publish","type":"page","link":"http:\/\/www.alt-edic.eu\/sv\/location\/","title":{"rendered":"<p>Plats<\/p>"},"content":{"rendered":"<div data-elementor-type=\"wp-page\" data-elementor-id=\"8899\" class=\"elementor elementor-8899\" data-elementor-post-type=\"page\">\n\t\t\t\t\t\t<section class=\"elementor-section elementor-top-section elementor-element elementor-element-6adc754c elementor-section-stretched elementor-section-boxed elementor-section-height-default elementor-section-height-default\" data-id=\"6adc754c\" data-element_type=\"section\" data-e-type=\"section\" data-settings='{\"stretch_section\":\"section-stretched\",\"background_background\":\"gradient\"}'>\n\t\t\t\t\t\t<div class=\"elementor-container elementor-column-gap-extended\">\n\t\t\t\t\t<div class=\"elementor-column elementor-col-50 elementor-top-column elementor-element elementor-element-6391e804\" data-id=\"6391e804\" data-element_type=\"column\" data-e-type=\"column\">\n\t\t\t<div class=\"elementor-widget-wrap elementor-element-populated\">\n\t\t\t\t\t\t<div class=\"elementor-element elementor-element-3a8297e9 elementor-widget elementor-widget-heading\" data-id=\"3a8297e9\" data-element_type=\"widget\" data-e-type=\"widget\" data-widget_type=\"heading.default\">\n\t\t\t\t<div class=\"elementor-widget-container\">\n\t\t\t\t\t<h1 class=\"elementor-heading-title elementor-size-default\">Hotell n\u00e4ra Cit\u00e9 internationale de langue fran\u00e7aise<\/h1>\t\t\t\t<\/div>\n\t\t\t\t<\/div>\n\t\t\t\t<div class=\"elementor-element elementor-element-269f5489 elementor-widget elementor-widget-text-editor\" data-id=\"269f5489\" data-element_type=\"widget\" data-e-type=\"widget\" data-widget_type=\"text-editor.default\">\n\t\t\t\t<div class=\"elementor-widget-container\">\n\t\t\t\t\t\t\t\t\t<p>Alliansen f\u00f6r spr\u00e5kteknologi (ALT-EDIC) har sitt huvudkontor i <em>Cit\u00e9 Internationale de langue fran\u00e7aise<\/em>, i den historiska platsen f\u00f6r <em>Ch\u00e2teau de Villers-Cotter\u00eats<\/em>.<\/p>\t\t\t\t\t\t\t\t<\/div>\n\t\t\t\t<\/div>\n\t\t\t\t\t<\/div>\n\t\t<\/div>\n\t\t\t\t<div class=\"elementor-column elementor-col-50 elementor-top-column elementor-element elementor-element-187f0b7b elementor-hidden-tablet elementor-hidden-phone\" data-id=\"187f0b7b\" data-element_type=\"column\" data-e-type=\"column\">\n\t\t\t<div class=\"elementor-widget-wrap\">\n\t\t\t\t\t\t\t<\/div>\n\t\t<\/div>\n\t\t\t\t\t<\/div>\n\t\t<\/section>\n\t\t\t\t<section class=\"elementor-section elementor-top-section elementor-element elementor-element-4e4a44bc elementor-section-stretched elementor-section-boxed elementor-section-height-default elementor-section-height-default\" data-id=\"4e4a44bc\" data-element_type=\"section\" data-e-type=\"section\" data-settings='{\"stretch_section\":\"section-stretched\"}'>\n\t\t\t\t\t\t<div class=\"elementor-container elementor-column-gap-extended\">\n\t\t\t\t\t<div class=\"elementor-column elementor-col-50 elementor-top-column elementor-element elementor-element-228238ea elementor-hidden-phone elementor-invisible\" data-id=\"228238ea\" data-element_type=\"column\" data-e-type=\"column\" data-settings='{\"animation\":\"slide-right\"}'>\n\t\t\t<div class=\"elementor-widget-wrap elementor-element-populated\">\n\t\t\t\t\t\t<div class=\"elementor-element elementor-element-2e684e53 elementor-widget elementor-widget-image\" data-id=\"2e684e53\" data-element_type=\"widget\" data-e-type=\"widget\" data-widget_type=\"image.default\">\n\t\t\t\t<div class=\"elementor-widget-container\">\n\t\t\t\t\t\t\t\t\t\t\t\t\t\t\t<img fetchpriority=\"high\" decoding=\"async\" width=\"1920\" height=\"1440\" src=\"https:\/\/www.alt-edic.eu\/wp-content\/uploads\/2024\/10\/hd-chateau-de-villers-cotterets.jpg\" class=\"attachment-full size-full wp-image-9168\" alt=\"Castle Villiers-cotterets\" srcset=\"https:\/\/www.alt-edic.eu\/wp-content\/uploads\/2024\/10\/hd-chateau-de-villers-cotterets.jpg 1920w, https:\/\/www.alt-edic.eu\/wp-content\/uploads\/2024\/10\/hd-chateau-de-villers-cotterets-300x225.jpg 300w, https:\/\/www.alt-edic.eu\/wp-content\/uploads\/2024\/10\/hd-chateau-de-villers-cotterets-1024x768.jpg 1024w, https:\/\/www.alt-edic.eu\/wp-content\/uploads\/2024\/10\/hd-chateau-de-villers-cotterets-768x576.jpg 768w, https:\/\/www.alt-edic.eu\/wp-content\/uploads\/2024\/10\/hd-chateau-de-villers-cotterets-1536x1152.jpg 1536w, https:\/\/www.alt-edic.eu\/wp-content\/uploads\/2024\/10\/hd-chateau-de-villers-cotterets-16x12.jpg 16w\" sizes=\"(max-width: 1920px) 100vw, 1920px\">\t\t\t\t\t\t\t\t\t\t\t\t\t\t\t<\/div>\n\t\t\t\t<\/div>\n\t\t\t\t\t<\/div>\n\t\t<\/div>\n\t\t\t\t<div class=\"elementor-column elementor-col-50 elementor-top-column elementor-element elementor-element-53b13938 elementor-invisible\" data-id=\"53b13938\" data-element_type=\"column\" data-e-type=\"column\" data-settings='{\"animation\":\"slide-left\",\"animation_delay\":200}'>\n\t\t\t<div class=\"elementor-widget-wrap elementor-element-populated\">\n\t\t\t\t\t\t<div class=\"elementor-element elementor-element-1fa165a0 elementor-widget elementor-widget-text-editor\" data-id=\"1fa165a0\" data-element_type=\"widget\" data-e-type=\"widget\" data-widget_type=\"text-editor.default\">\n\t\t\t\t<div class=\"elementor-widget-container\">\n\t\t\t\t\t\t\t\t\t<p>Republiken Frankrikes president invigde den 30 oktober 2023 <strong>Cit\u00e9<\/strong> \u00e4r ett kulturellt och levande centrum till\u00e4gnad det franska spr\u00e5ket, med ambitioner f\u00f6r forskning och innovation och ett rikt program av aktiviteter. Det \u00e4r bel\u00e4get i <strong>Ch\u00e2teau de Villers-Cotter\u00eats<\/strong>, ett historiskt monument som \u00e4r n\u00e4ra knutet till det franska spr\u00e5kets historia och som nyligen renoverats av <strong>Hotell n\u00e4ra Centre des Monuments Nationaux<\/strong> Bel\u00e4get i skogen Retz, i Aisne regionen Hauts-de-France, \u00e4r det bara en timme fr\u00e5n Paris med kollektivtrafik.<\/p><p>Slottet \u00e4r ett m\u00e4sterverk av ren\u00e4ssansarkitektur och har gynnats av Frankrikes kungar \u00e4nda sedan det byggdes p\u00e5 1500-talet av Fran\u00e7ois 1er. Det var d\u00e4r han undertecknade i augusti 1539 <strong>Stadga av Villers-Cotter\u00eats<\/strong>, som inf\u00f6rde anv\u00e4ndning av franska i alla r\u00e4ttsliga och administrativa handlingar i riket. Idag \u00e4r det den \u00e4ldsta lagtexten som fortfarande anv\u00e4nds i Frankrike.<\/p>\t\t\t\t\t\t\t\t<\/div>\n\t\t\t\t<\/div>\n\t\t\t\t\t<\/div>\n\t\t<\/div>\n\t\t\t\t\t<\/div>\n\t\t<\/section>\n\t\t\t\t<\/div>","protected":false},"excerpt":{"rendered":"<p>Huvudkontoret f\u00f6r Alliance for Language Technologies (ALT-EDIC) ligger i Cit\u00e9 Internationale de la langue fran\u00e7aises lokaler, p\u00e5 den historiska platsen f\u00f6r Ch\u00e2teau de Villers-Cotter\u00eats. Cit\u00e9 invigdes den 30 oktober 2023 av Frankrikes president och \u00e4r [\u2026]<\/p>","protected":false},"author":1,"featured_media":0,"parent":0,"menu_order":0,"comment_status":"closed","ping_status":"closed","template":"","meta":{"footnotes":""},"class_list":["post-8899","page","type-page","status-publish","hentry"],"aioseo_notices":[],"_links":{"self":[{"href":"http:\/\/www.alt-edic.eu\/sv\/wp-json\/wp\/v2\/pages\/8899","targetHints":{"allow":["GET"]}}],"collection":[{"href":"http:\/\/www.alt-edic.eu\/sv\/wp-json\/wp\/v2\/pages"}],"about":[{"href":"http:\/\/www.alt-edic.eu\/sv\/wp-json\/wp\/v2\/types\/page"}],"author":[{"embeddable":true,"href":"http:\/\/www.alt-edic.eu\/sv\/wp-json\/wp\/v2\/users\/1"}],"replies":[{"embeddable":true,"href":"http:\/\/www.alt-edic.eu\/sv\/wp-json\/wp\/v2\/comments?post=8899"}],"version-history":[{"count":0,"href":"http:\/\/www.alt-edic.eu\/sv\/wp-json\/wp\/v2\/pages\/8899\/revisions"}],"wp:attachment":[{"href":"http:\/\/www.alt-edic.eu\/sv\/wp-json\/wp\/v2\/media?parent=8899"}],"curies":[{"name":"wp","href":"https:\/\/api.w.org\/{rel}","templated":true}]}}