{"id":8944,"date":"2024-10-03T19:38:42","date_gmt":"2024-10-03T19:38:42","guid":{"rendered":"https:\/\/alt-edic.eu\/?page_id=8944"},"modified":"2026-07-31T16:48:52","modified_gmt":"2026-07-31T15:48:52","slug":"governance","status":"publish","type":"page","link":"http:\/\/www.alt-edic.eu\/pt\/governance\/","title":{"rendered":"<p>Governa\u00e7\u00e3o<\/p>"},"content":{"rendered":"<div data-elementor-type=\"wp-page\" data-elementor-id=\"8944\" class=\"elementor elementor-8944\" data-elementor-post-type=\"page\">\n\t\t\t\t\t\t<section class=\"elementor-section elementor-top-section elementor-element elementor-element-83d6e06 elementor-section-stretched elementor-section-boxed elementor-section-height-default elementor-section-height-default\" data-id=\"83d6e06\" data-element_type=\"section\" data-e-type=\"section\" data-settings='{\"stretch_section\":\"section-stretched\",\"background_background\":\"gradient\"}'>\n\t\t\t\t\t\t<div class=\"elementor-container elementor-column-gap-extended\">\n\t\t\t\t\t<div class=\"elementor-column elementor-col-50 elementor-top-column elementor-element elementor-element-5ad19a07\" data-id=\"5ad19a07\" data-element_type=\"column\" data-e-type=\"column\">\n\t\t\t<div class=\"elementor-widget-wrap elementor-element-populated\">\n\t\t\t\t\t\t<div class=\"elementor-element elementor-element-17b6f034 elementor-widget elementor-widget-heading\" data-id=\"17b6f034\" data-element_type=\"widget\" data-e-type=\"widget\" data-widget_type=\"heading.default\">\n\t\t\t\t<div class=\"elementor-widget-container\">\n\t\t\t\t\t<h1 class=\"elementor-heading-title elementor-size-default\">Governa\u00e7\u00e3o<\/h1>\t\t\t\t<\/div>\n\t\t\t\t<\/div>\n\t\t\t\t<div class=\"elementor-element elementor-element-793ec4e6 elementor-widget elementor-widget-text-editor\" data-id=\"793ec4e6\" data-element_type=\"widget\" data-e-type=\"widget\" data-widget_type=\"text-editor.default\">\n\t\t\t\t<div class=\"elementor-widget-container\">\n\t\t\t\t\t\t\t\t\t<p>A Alian\u00e7a para as Tecnologias da Linguagem (ALT-EDIC) \u00e9 uma<span style=\"text-decoration: underline; color: #99ccff;\"> <a style=\"color: #99ccff; text-decoration: underline;\" href=\"https:\/\/digital-strategy.ec.europa.eu\/en\/policies\/edic\"><span style=\"color: #ffffff; text-decoration: underline;\">Cons\u00f3rcio para uma Infraestrutura Digital Europeia<\/span><\/a><\/span>, um tipo de estrutura jur\u00eddica criada ao abrigo do <span style=\"text-decoration: underline; color: #ffffff;\"><span style=\"text-decoration: underline;\"><a style=\"color: #ffffff; text-decoration: underline;\" href=\"https:\/\/digital-strategy.ec.europa.eu\/en\/library\/digital-decade-policy-programme-2030\">Programa D\u00e9cada Digital para 2030<\/a><\/span><\/span>. \u00c9 governado por uma Assembleia de Membros composta por Estados-membros da <span style=\"color: #ffffff;\"><a style=\"color: #ffffff;\" href=\"https:\/\/eur-lex.europa.eu\/EN\/legal-content\/summary\/agreement-on-the-european-economic-area.html\"><span style=\"text-decoration: underline;\">Espa\u00e7o Econ\u00f3mico Europeu (EEE)<\/span><\/a><\/span>&nbsp; e apresenta relat\u00f3rios \u00e0 Comiss\u00e3o Europeia. <\/p>\t\t\t\t\t\t\t\t<\/div>\n\t\t\t\t<\/div>\n\t\t\t\t\t<\/div>\n\t\t<\/div>\n\t\t\t\t<div class=\"elementor-column elementor-col-50 elementor-top-column elementor-element elementor-element-75c15e62 elementor-hidden-tablet elementor-hidden-phone\" data-id=\"75c15e62\" data-element_type=\"column\" data-e-type=\"column\">\n\t\t\t<div class=\"elementor-widget-wrap\">\n\t\t\t\t\t\t\t<\/div>\n\t\t<\/div>\n\t\t\t\t\t<\/div>\n\t\t<\/section>\n\t\t\t\t<section class=\"elementor-section elementor-top-section elementor-element elementor-element-178c1fff elementor-section-stretched elementor-section-boxed elementor-section-height-default elementor-section-height-default\" data-id=\"178c1fff\" data-element_type=\"section\" data-e-type=\"section\" data-settings='{\"stretch_section\":\"section-stretched\"}'>\n\t\t\t\t\t\t<div class=\"elementor-container elementor-column-gap-extended\">\n\t\t\t\t\t<div class=\"elementor-column elementor-col-100 elementor-top-column elementor-element elementor-element-1c5552e\" data-id=\"1c5552e\" data-element_type=\"column\" data-e-type=\"column\">\n\t\t\t<div class=\"elementor-widget-wrap elementor-element-populated\">\n\t\t\t\t\t\t<div class=\"elementor-element elementor-element-4b36844 elementor-widget elementor-widget-text-editor\" data-id=\"4b36844\" data-element_type=\"widget\" data-e-type=\"widget\" data-widget_type=\"text-editor.default\">\n\t\t\t\t<div class=\"elementor-widget-container\">\n\t\t\t\t\t\t\t\t\t<h2>\u00d3rg\u00e3os de decis\u00e3o e consultivos<\/h2><p>O <strong>Assembleia de Membros<\/strong> (AoM) \u00e9 o \u00f3rg\u00e3o dirigente da ALT-EDIC. Elege de entre os seus membros um presidente e um vice-presidente. O AoM nomeia o Diretor da ALT-EDIC.<\/p><p>O <strong>Diretor<\/strong> \u00e9 o representante legal da ALT-EDIC, realiza as suas atividades quotidianas e \u00e9 respons\u00e1vel pela execu\u00e7\u00e3o das decis\u00f5es da AoM.<\/p><p>O <strong>Comit\u00e9 de Orienta\u00e7\u00e3o Estrat\u00e9gica<\/strong>, composta por representantes dos deputados, eleitos pela MOE e pelo ALT-EDIC? <strong>Cons\u00f3rcio Industrial<\/strong>, apoia a AoM e o Diretor.<\/p><p>O <strong>Conselho Consultivo Cient\u00edfico e T\u00e9cnico<\/strong> e o <strong>Conselho Consultivo Jur\u00eddico e \u00c9tico<\/strong>, ambos compostos por peritos dos dom\u00ednios pertinentes, s\u00e3o nomeados pela AoM.<\/p><h2>Representantes da ALT-EDIC<\/h2><ul><li>Presidente da MOE: Ex.mo Senhor Fabio Pianesi<\/li><li>Vice-presidente da MOE: Stefan LEIJNEN<\/li><\/ul><h2>Documentos de refer\u00eancia<\/h2><h3>Decis\u00e3o da Comiss\u00e3o relativa \u00e0 cria\u00e7\u00e3o da ALT-EDIC<\/h3><ul><li><a href=\"https:\/\/eur-lex.europa.eu\/eli\/dec_impl\/2024\/458\/oj\">Decis\u00e3o de Execu\u00e7\u00e3o da Comiss\u00e3o relativa \u00e0 cria\u00e7\u00e3o do Cons\u00f3rcio para uma Infraestrutura Digital Europeia para a Alian\u00e7a para as Tecnologias da Linguagem (ALT-EDIC)<\/a><\/li><\/ul><h3>Estatutos da ALT-EDIC<\/h3><ul><li><a style=\"color: #000000;\" href=\"https:\/\/www.alt-edic.eu\/wp-content\/uploads\/2026\/06\/ALT-EDIC_Statutes_2026-04-14_eng.pdf\"><u>Vers\u00e3o em ingl\u00eas<\/u><\/a><\/li><li><a style=\"color: #000000;\" href=\"https:\/\/www.alt-edic.eu\/wp-content\/uploads\/2026\/06\/ALT-EDIC_Statutes_2026-04-14_fra.pdf\"><u>Vers\u00e3o francesa<\/u><\/a><\/li><\/ul><h3>Resolu\u00e7\u00f5es ALT-EDIC AoM<\/h3><ul><li><span style=\"text-decoration: underline;\"><a style=\"outline: 0px;\" href=\"https:\/\/alt-edic.eu\/wp-content\/uploads\/2024\/12\/27-09-2024-Adopted-ALT-EDIC-Resolutions.pdf\">Adotada a Resolu\u00e7\u00e3o ALT-EDIC de 27 de setembro de 2024<\/a><\/span><\/li><li><span style=\"text-decoration: underline;\"><a style=\"outline: 0px;\" href=\"https:\/\/alt-edic.eu\/wp-content\/uploads\/2024\/12\/28_08_2024-Adopted-ALT-EDIC-Resolution.pdf\">Adotada a Resolu\u00e7\u00e3o ALT-EDIC de 28 de agosto de 2024<\/a><\/span><\/li><li><span style=\"text-decoration: underline;\"><a href=\"https:\/\/alt-edic.eu\/wp-content\/uploads\/2024\/12\/27-05-2024-Adopted-Resolutions.pdf\">Adotada a Resolu\u00e7\u00e3o ALT-EDIC de 27 de maio de 2024<\/a><\/span><\/li><li><a href=\"https:\/\/alt-edic.eu\/wp-content\/uploads\/2024\/12\/8_03_2024-Adopted-ALT-EDIC-Resolution.pdf\"><span style=\"text-decoration: underline;\">Adotada a Resolu\u00e7\u00e3o ALT-EDIC de 8 de mar\u00e7o de 2024<\/span><\/a><\/li><\/ul><h3>Relat\u00f3rio de atividades<\/h3><ul><li><a href=\"https:\/\/www.alt-edic.eu\/wp-content\/uploads\/2026\/07\/ALT-EDIC_Activity_Report_2024-2025.pdf\"><span style=\"text-decoration: underline;\">Relat\u00f3rio de atividades 2024-2025<\/span><\/a><\/li><\/ul>\t\t\t\t\t\t\t\t<\/div>\n\t\t\t\t<\/div>\n\t\t\t\t\t<\/div>\n\t\t<\/div>\n\t\t\t\t\t<\/div>\n\t\t<\/section>\n\t\t\t\t<\/div>","protected":false},"excerpt":{"rendered":"<p>Governa\u00e7\u00e3o A Alian\u00e7a para as Tecnologias da Linguagem (ALT-EDIC) \u00e9 um cons\u00f3rcio para uma infraestrutura digital europeia, um tipo de estrutura jur\u00eddica criada no \u00e2mbito do programa D\u00e9cada Digital para 2030. \u00c9 governado por uma Assembleia de Membros composta por Estados membros do Espa\u00e7o Econ\u00f3mico Europeu (EEE) e responde perante a Comiss\u00e3o Europeia. \u00d3rg\u00e3os de decis\u00e3o e consultivos O [...]<\/p>","protected":false},"author":1,"featured_media":0,"parent":0,"menu_order":0,"comment_status":"closed","ping_status":"closed","template":"","meta":{"footnotes":""},"class_list":["post-8944","page","type-page","status-publish","hentry"],"aioseo_notices":[],"aioseo_head":"\n\t\t<!-- All in One SEO 5.0.0.1 - aioseo.com -->\n\t<meta name=\"description\" content=\"The Alliance for Language Technologies \u2013 ALT-EDIC is a European Digital Infrastructure Consortium (EDIC), seated and located in France. It reports to the European Commission. Member states of the European Economic Area (EEA) may become Members or Observers of the ALT-EDIC. Each member is represented by a single officially appointed entity.\" \/>\n\t<meta name=\"robots\" content=\"max-image-preview:large\" \/>\n\t<link rel=\"canonical\" href=\"http:\/\/www.alt-edic.eu\/pt\/governance\/\" \/>\n\t<meta name=\"generator\" content=\"All in One SEO (AIOSEO) 5.0.0.1\" \/>\n\t\t<meta property=\"og:locale\" content=\"pt_PT\" \/>\n\t\t<meta property=\"og:site_name\" content=\"ALT-EDIC \u2013 Alliance for Language Technologies EDIC\" \/>\n\t\t<meta property=\"og:type\" content=\"article\" \/>\n\t\t<meta property=\"og:title\" content=\"Governance \u2013 ALT-EDIC\" \/>\n\t\t<meta property=\"og:description\" content=\"The Alliance for Language Technologies \u2013 ALT-EDIC is a European Digital Infrastructure Consortium (EDIC), seated and located in France. It reports to the European Commission. Member states of the European Economic Area (EEA) may become Members or Observers of the ALT-EDIC. Each member is represented by a single officially appointed entity.\" \/>\n\t\t<meta property=\"og:url\" content=\"http:\/\/www.alt-edic.eu\/pt\/governance\/\" \/>\n\t\t<meta property=\"article:published_time\" content=\"2024-10-03T19:38:42+00:00\" \/>\n\t\t<meta property=\"article:modified_time\" content=\"2026-07-31T15:48:52+00:00\" \/>\n\t\t<meta name=\"twitter:card\" content=\"summary_large_image\" \/>\n\t\t<meta name=\"twitter:title\" content=\"Governance \u2013 ALT-EDIC\" \/>\n\t\t<meta name=\"twitter:description\" content=\"The Alliance for Language Technologies \u2013 ALT-EDIC is a European Digital Infrastructure Consortium (EDIC), seated and located in France. It reports to the European Commission. Member states of the European Economic Area (EEA) may become Members or Observers of the ALT-EDIC. Each member is represented by a single officially appointed entity.\" \/>\n\t\t<script type=\"application\/ld+json\" class=\"aioseo-schema\">\n\t\t\t{\"@context\":\"https:\\\/\\\/schema.org\",\"@graph\":[{\"@type\":\"BreadcrumbList\",\"@id\":\"http:\\\/\\\/www.alt-edic.eu\\\/pt\\\/governance\\\/#breadcrumblist\",\"itemListElement\":[{\"@type\":\"ListItem\",\"@id\":\"http:\\\/\\\/www.alt-edic.eu\\\/pt#listItem\",\"position\":1,\"name\":\"Home\",\"item\":\"http:\\\/\\\/www.alt-edic.eu\\\/pt\",\"nextItem\":{\"@type\":\"ListItem\",\"@id\":\"http:\\\/\\\/www.alt-edic.eu\\\/pt\\\/governance\\\/#listItem\",\"name\":\"Governance\"}},{\"@type\":\"ListItem\",\"@id\":\"http:\\\/\\\/www.alt-edic.eu\\\/pt\\\/governance\\\/#listItem\",\"position\":2,\"name\":\"Governance\",\"previousItem\":{\"@type\":\"ListItem\",\"@id\":\"http:\\\/\\\/www.alt-edic.eu\\\/pt#listItem\",\"name\":\"Home\"}}]},{\"@type\":\"Organization\",\"@id\":\"http:\\\/\\\/www.alt-edic.eu\\\/pt\\\/#organization\",\"name\":\"ALT-EDIC Alliance for Language Technologies (ALT-EDIC)\",\"description\":\"Alliance for Language Technologies EDIC The Alliance for Language Technologies (ALT-EDIC) is a European Digital Infrastructure Consortium supporting the development of Language Technologies. It will promote excellence in language technologies and contribute to the preservation of Europe\\u2019s linguistic diversity and cultural richness.\",\"url\":\"http:\\\/\\\/www.alt-edic.eu\\\/pt\\\/\",\"email\":\"contact@alt-edic.eu\",\"telephone\":\"+33364924355\",\"foundingDate\":\"2024-02-01\",\"numberOfEmployees\":{\"@type\":\"QuantitativeValue\",\"minValue\":0,\"maxValue\":15},\"logo\":{\"@type\":\"ImageObject\",\"url\":\"https:\\\/\\\/www.alt-edic.eu\\\/wp-content\\\/uploads\\\/2024\\\/09\\\/logo_alt-edic_blue_on_white.png\",\"@id\":\"http:\\\/\\\/www.alt-edic.eu\\\/pt\\\/governance\\\/#organizationLogo\",\"width\":2779,\"height\":541,\"caption\":\"Logo Alt-Edic Blue\"},\"image\":{\"@id\":\"http:\\\/\\\/www.alt-edic.eu\\\/pt\\\/governance\\\/#organizationLogo\"},\"sameAs\":[\"https:\\\/\\\/www.linkedin.com\\\/company\\\/alt-edic\\\/\"]},{\"@type\":\"WebPage\",\"@id\":\"http:\\\/\\\/www.alt-edic.eu\\\/pt\\\/governance\\\/#webpage\",\"url\":\"http:\\\/\\\/www.alt-edic.eu\\\/pt\\\/governance\\\/\",\"name\":\"Governance \\u2013 ALT-EDIC\",\"description\":\"The Alliance for Language Technologies \\u2013 ALT-EDIC is a European Digital Infrastructure Consortium (EDIC), seated and located in France. It reports to the European Commission. Member states of the European Economic Area (EEA) may become Members or Observers of the ALT-EDIC. Each member is represented by a single officially appointed entity.\",\"inLanguage\":\"pt-PT\",\"isPartOf\":{\"@id\":\"http:\\\/\\\/www.alt-edic.eu\\\/pt\\\/#website\"},\"breadcrumb\":{\"@id\":\"http:\\\/\\\/www.alt-edic.eu\\\/pt\\\/governance\\\/#breadcrumblist\"},\"datePublished\":\"2024-10-03T19:38:42+01:00\",\"dateModified\":\"2026-07-31T16:48:52+01:00\"},{\"@type\":\"WebSite\",\"@id\":\"http:\\\/\\\/www.alt-edic.eu\\\/pt\\\/#website\",\"url\":\"http:\\\/\\\/www.alt-edic.eu\\\/pt\\\/\",\"name\":\"ALT-EDIC Alliance for Language Technologies\",\"alternateName\":\"ALT-EDIC\",\"description\":\"Alliance for Language Technologies EDIC\",\"inLanguage\":\"pt-PT\",\"publisher\":{\"@id\":\"http:\\\/\\\/www.alt-edic.eu\\\/pt\\\/#organization\"}}]}\n\t\t<\/script>\n\t\t<!-- All in One SEO -->\n\n","aioseo_head_json":{"title":"Governance \u2013 ALT-EDIC","description":"The Alliance for Language Technologies \u2013 ALT-EDIC is a European Digital Infrastructure Consortium (EDIC), seated and located in France. It reports to the European Commission. Member states of the European Economic Area (EEA) may become Members or Observers of the ALT-EDIC. Each member is represented by a single officially appointed entity.","canonical_url":"http:\/\/www.alt-edic.eu\/pt\/governance\/","robots":"max-image-preview:large","keywords":"","webmasterTools":{"miscellaneous":""},"schema":{"@context":"https:\/\/schema.org","@graph":[{"@type":"BreadcrumbList","@id":"http:\/\/www.alt-edic.eu\/pt\/governance\/#breadcrumblist","itemListElement":[{"@type":"ListItem","@id":"http:\/\/www.alt-edic.eu\/pt#listItem","position":1,"name":"Home","item":"http:\/\/www.alt-edic.eu\/pt","nextItem":{"@type":"ListItem","@id":"http:\/\/www.alt-edic.eu\/pt\/governance\/#listItem","name":"Governance"}},{"@type":"ListItem","@id":"http:\/\/www.alt-edic.eu\/pt\/governance\/#listItem","position":2,"name":"Governance","previousItem":{"@type":"ListItem","@id":"http:\/\/www.alt-edic.eu\/pt#listItem","name":"Home"}}]},{"@type":"Organization","@id":"http:\/\/www.alt-edic.eu\/pt\/#organization","name":"ALT-EDIC Alliance for Language Technologies (ALT-EDIC)","description":"Alliance for Language Technologies EDIC The Alliance for Language Technologies (ALT-EDIC) is a European Digital Infrastructure Consortium supporting the development of Language Technologies. It will promote excellence in language technologies and contribute to the preservation of Europe\u2019s linguistic diversity and cultural richness.","url":"http:\/\/www.alt-edic.eu\/pt\/","email":"contact@alt-edic.eu","telephone":"+33364924355","foundingDate":"2024-02-01","numberOfEmployees":{"@type":"QuantitativeValue","minValue":0,"maxValue":15},"logo":{"@type":"ImageObject","url":"https:\/\/www.alt-edic.eu\/wp-content\/uploads\/2024\/09\/logo_alt-edic_blue_on_white.png","@id":"http:\/\/www.alt-edic.eu\/pt\/governance\/#organizationLogo","width":2779,"height":541,"caption":"Logo Alt-Edic Blue"},"image":{"@id":"http:\/\/www.alt-edic.eu\/pt\/governance\/#organizationLogo"},"sameAs":["https:\/\/www.linkedin.com\/company\/alt-edic\/"]},{"@type":"WebPage","@id":"http:\/\/www.alt-edic.eu\/pt\/governance\/#webpage","url":"http:\/\/www.alt-edic.eu\/pt\/governance\/","name":"Governance \u2013 ALT-EDIC","description":"The Alliance for Language Technologies \u2013 ALT-EDIC is a European Digital Infrastructure Consortium (EDIC), seated and located in France. It reports to the European Commission. Member states of the European Economic Area (EEA) may become Members or Observers of the ALT-EDIC. Each member is represented by a single officially appointed entity.","inLanguage":"pt-PT","isPartOf":{"@id":"http:\/\/www.alt-edic.eu\/pt\/#website"},"breadcrumb":{"@id":"http:\/\/www.alt-edic.eu\/pt\/governance\/#breadcrumblist"},"datePublished":"2024-10-03T19:38:42+01:00","dateModified":"2026-07-31T16:48:52+01:00"},{"@type":"WebSite","@id":"http:\/\/www.alt-edic.eu\/pt\/#website","url":"http:\/\/www.alt-edic.eu\/pt\/","name":"ALT-EDIC Alliance for Language Technologies","alternateName":"ALT-EDIC","description":"Alliance for Language Technologies EDIC","inLanguage":"pt-PT","publisher":{"@id":"http:\/\/www.alt-edic.eu\/pt\/#organization"}}]},"og:locale":"pt_PT","og:site_name":"ALT-EDIC \u2013 Alliance for Language Technologies EDIC","og:type":"article","og:title":"Governance \u2013 ALT-EDIC","og:description":"The Alliance for Language Technologies \u2013 ALT-EDIC is a European Digital Infrastructure Consortium (EDIC), seated and located in France. It reports to the European Commission. Member states of the European Economic Area (EEA) may become Members or Observers of the ALT-EDIC. Each member is represented by a single officially appointed entity.","og:url":"http:\/\/www.alt-edic.eu\/pt\/governance\/","article:published_time":"2024-10-03T19:38:42+00:00","article:modified_time":"2026-07-31T15:48:52+00:00","twitter:card":"summary_large_image","twitter:title":"Governance \u2013 ALT-EDIC","twitter:description":"The Alliance for Language Technologies \u2013 ALT-EDIC is a European Digital Infrastructure Consortium (EDIC), seated and located in France. It reports to the European Commission. Member states of the European Economic Area (EEA) may become Members or Observers of the ALT-EDIC. Each member is represented by a single officially appointed entity."},"aioseo_meta_data":{"post_id":"8944","title":null,"description":"The Alliance for Language Technologies \u2013 ALT-EDIC is a European Digital Infrastructure Consortium (EDIC), seated and located in France. It reports to the European Commission. Member states of the European Economic Area (EEA) may become Members or Observers of the ALT-EDIC. Each member is represented by a single officially appointed entity.","keywords":null,"keyphrases":{"focus":{"keyphrase":"","score":0,"analysis":{"keyphraseInTitle":{"score":0,"maxScore":9,"error":1}}},"additional":[]},"primary_term":null,"canonical_url":null,"og_title":null,"og_description":null,"og_object_type":"default","og_image_type":"default","og_image_url":null,"og_image_width":null,"og_image_height":null,"og_image_custom_url":null,"og_image_custom_fields":null,"og_video":"","og_custom_url":null,"og_article_section":null,"og_article_tags":null,"twitter_use_og":false,"twitter_card":"default","twitter_image_type":"default","twitter_image_url":null,"twitter_image_custom_url":null,"twitter_image_custom_fields":null,"twitter_title":null,"twitter_description":null,"schema":{"blockGraphs":[],"customGraphs":[],"default":{"data":{"Article":[],"Course":[],"Dataset":[],"FAQPage":[],"Movie":[],"Person":[],"Product":[],"ProductReview":[],"Car":[],"Recipe":[],"Service":[],"SoftwareApplication":[],"WebPage":[]},"graphName":"WebPage","isEnabled":true},"graphs":[]},"schema_type":"default","schema_type_options":null,"pillar_content":false,"robots_default":true,"robots_noindex":false,"robots_noarchive":false,"robots_nosnippet":false,"robots_nofollow":false,"robots_noimageindex":false,"robots_noodp":false,"robots_notranslate":false,"robots_max_snippet":"-1","robots_max_videopreview":"-1","robots_max_imagepreview":"large","priority":null,"frequency":"default","local_seo":null,"breadcrumb_settings":null,"limit_modified_date":false,"ai":null,"created":"2024-10-03 19:38:42","updated":"2026-08-01 12:58:30","seo_analyzer_scan_date":null,"focus_keyword":null,"additional_keywords":null,"truseo_locale":null},"aioseo_breadcrumb":"<div class=\"aioseo-breadcrumbs\"><span class=\"aioseo-breadcrumb\">\n\t\t\t<a href=\"http:\/\/www.alt-edic.eu\/pt\" title=\"Home\">Home<\/a>\n\t\t<\/span><span class=\"aioseo-breadcrumb-separator\">\/<\/span><span class=\"aioseo-breadcrumb\">\n\t\t\tGovernance\n\t\t<\/span><\/div>","aioseo_breadcrumb_json":[{"label":"Home","link":"http:\/\/www.alt-edic.eu\/pt"},{"label":"Governance","link":"http:\/\/www.alt-edic.eu\/pt\/governance\/"}],"_links":{"self":[{"href":"http:\/\/www.alt-edic.eu\/pt\/wp-json\/wp\/v2\/pages\/8944","targetHints":{"allow":["GET"]}}],"collection":[{"href":"http:\/\/www.alt-edic.eu\/pt\/wp-json\/wp\/v2\/pages"}],"about":[{"href":"http:\/\/www.alt-edic.eu\/pt\/wp-json\/wp\/v2\/types\/page"}],"author":[{"embeddable":true,"href":"http:\/\/www.alt-edic.eu\/pt\/wp-json\/wp\/v2\/users\/1"}],"replies":[{"embeddable":true,"href":"http:\/\/www.alt-edic.eu\/pt\/wp-json\/wp\/v2\/comments?post=8944"}],"version-history":[{"count":15,"href":"http:\/\/www.alt-edic.eu\/pt\/wp-json\/wp\/v2\/pages\/8944\/revisions"}],"predecessor-version":[{"id":11615,"href":"http:\/\/www.alt-edic.eu\/pt\/wp-json\/wp\/v2\/pages\/8944\/revisions\/11615"}],"wp:attachment":[{"href":"http:\/\/www.alt-edic.eu\/pt\/wp-json\/wp\/v2\/media?parent=8944"}],"curies":[{"name":"wp","href":"https:\/\/api.w.org\/{rel}","templated":true}]}}