{"id":9562,"date":"2024-11-13T15:46:28","date_gmt":"2024-11-13T15:46:28","guid":{"rendered":"https:\/\/alt-edic.eu\/?page_id=9562"},"modified":"2026-01-20T10:08:28","modified_gmt":"2026-01-20T09:08:28","slug":"alt-edic4eu","status":"publish","type":"page","link":"http:\/\/www.alt-edic.eu\/hu\/projects\/alt-edic4eu\/","title":{"rendered":"<p>ALT-EDIC4EU<\/p>"},"content":{"rendered":"<div data-elementor-type=\"wp-page\" data-elementor-id=\"9562\" class=\"elementor elementor-9562\" data-elementor-post-type=\"page\">\n\t\t\t\t\t\t<section class=\"elementor-section elementor-top-section elementor-element elementor-element-38b2e338 elementor-section-stretched elementor-section-boxed elementor-section-height-default elementor-section-height-default\" data-id=\"38b2e338\" data-element_type=\"section\" data-e-type=\"section\" data-settings='{\"stretch_section\":\"section-stretched\",\"background_background\":\"gradient\"}'>\n\t\t\t\t\t\t<div class=\"elementor-container elementor-column-gap-extended\">\n\t\t\t\t\t<div class=\"elementor-column elementor-col-50 elementor-top-column elementor-element elementor-element-5567c6b7\" data-id=\"5567c6b7\" data-element_type=\"column\" data-e-type=\"column\">\n\t\t\t<div class=\"elementor-widget-wrap elementor-element-populated\">\n\t\t\t\t\t\t<div class=\"elementor-element elementor-element-5a3c773d elementor-widget elementor-widget-heading\" data-id=\"5a3c773d\" data-element_type=\"widget\" data-e-type=\"widget\" data-widget_type=\"heading.default\">\n\t\t\t\t<div class=\"elementor-widget-container\">\n\t\t\t\t\t<h1 class=\"elementor-heading-title elementor-size-default\">ALT-EDIC4EU<\/h1>\t\t\t\t<\/div>\n\t\t\t\t<\/div>\n\t\t\t\t<div class=\"elementor-element elementor-element-201ba98d elementor-widget elementor-widget-text-editor\" data-id=\"201ba98d\" data-element_type=\"widget\" data-e-type=\"widget\" data-widget_type=\"text-editor.default\">\n\t\t\t\t<div class=\"elementor-widget-container\">\n\t\t\t\t\t\t\t\t\t<p>A <strong>ALT-EDIC4EU (Sz\u00f6vets\u00e9g az Eur\u00f3pai Uni\u00f3 Nyelvi Technol\u00f3gi\u00e1i\u00e9rt)<\/strong><strong>)<\/strong> A projekt az ALT-EDIC els\u0151 projektje, amely lehet\u0151v\u00e9 teszi tev\u00e9kenys\u00e9geinek fokoz\u00e1s\u00e1t.<\/p>\t\t\t\t\t\t\t\t<\/div>\n\t\t\t\t<\/div>\n\t\t\t\t\t<\/div>\n\t\t<\/div>\n\t\t\t\t<div class=\"elementor-column elementor-col-50 elementor-top-column elementor-element elementor-element-38e32ce9 elementor-hidden-tablet elementor-hidden-phone\" data-id=\"38e32ce9\" data-element_type=\"column\" data-e-type=\"column\">\n\t\t\t<div class=\"elementor-widget-wrap\">\n\t\t\t\t\t\t\t<\/div>\n\t\t<\/div>\n\t\t\t\t\t<\/div>\n\t\t<\/section>\n\t\t\t\t<section class=\"elementor-section elementor-top-section elementor-element elementor-element-3b229526 elementor-section-stretched elementor-section-boxed elementor-section-height-default elementor-section-height-default\" data-id=\"3b229526\" data-element_type=\"section\" data-e-type=\"section\" data-settings='{\"stretch_section\":\"section-stretched\"}'>\n\t\t\t\t\t\t<div class=\"elementor-container elementor-column-gap-extended\">\n\t\t\t\t\t<div class=\"elementor-column elementor-col-50 elementor-top-column elementor-element elementor-element-1172f807 elementor-invisible\" data-id=\"1172f807\" data-element_type=\"column\" data-e-type=\"column\" data-settings='{\"animation\":\"slide-left\",\"animation_delay\":200}'>\n\t\t\t<div class=\"elementor-widget-wrap elementor-element-populated\">\n\t\t\t\t\t\t<div class=\"elementor-element elementor-element-63aaa287 elementor-widget elementor-widget-text-editor\" data-id=\"63aaa287\" data-element_type=\"widget\" data-e-type=\"widget\" data-widget_type=\"text-editor.default\">\n\t\t\t\t<div class=\"elementor-widget-container\">\n\t\t\t\t\t\t\t\t\t<p>Az ALT-EDIC4EU projekt lehet\u0151v\u00e9 teszi az ALT-EDIC sz\u00e1m\u00e1ra, hogy felgyors\u00edtsa egy szil\u00e1rd \u00e9s m\u00e9retezhet\u0151 infrastrukt\u00fara fejleszt\u00e9s\u00e9t, \u00e9s egyes\u00edtse az eur\u00f3pai nyelvi technol\u00f3giai \u00f6kosziszt\u00e9m\u00e1t. Kidolgoz\u00e1s\u00e1ra a strat\u00e9giai ter\u00fcletek szak\u00e9rt\u0151ivel, int\u00e9zm\u00e9nyeivel, \u00e1llami szerveivel \u00e9s ipar\u00e1gaival folytatott sz\u00e9les k\u00f6r\u0171 konzult\u00e1ci\u00f3k r\u00e9v\u00e9n ker\u00fclt sor. A Digit\u00e1lis Eur\u00f3pa programb\u00f3l a DIGITAL-2024-AI-06 p\u00e1ly\u00e1zati felh\u00edv\u00e1son kereszt\u00fcl 9 partner vesz r\u00e9szt \u00f6sszesen 4 milli\u00f3 EUR uni\u00f3s finansz\u00edroz\u00e1sban. 2025 janu\u00e1rj\u00e1ban kezd\u0151dik, 48 h\u00f3napos id\u0151tartamra.<\/p>\t\t\t\t\t\t\t\t<\/div>\n\t\t\t\t<\/div>\n\t\t\t\t\t<\/div>\n\t\t<\/div>\n\t\t\t\t<div class=\"elementor-column elementor-col-50 elementor-top-column elementor-element elementor-element-453f0c05 elementor-hidden-tablet elementor-hidden-phone elementor-invisible\" data-id=\"453f0c05\" data-element_type=\"column\" data-e-type=\"column\" data-settings='{\"animation\":\"slide-right\"}'>\n\t\t\t<div class=\"elementor-widget-wrap elementor-element-populated\">\n\t\t\t\t\t\t<div class=\"elementor-element elementor-element-5786163e elementor-widget elementor-widget-image\" data-id=\"5786163e\" data-element_type=\"widget\" data-e-type=\"widget\" data-widget_type=\"image.default\">\n\t\t\t\t<div class=\"elementor-widget-container\">\n\t\t\t\t\t\t\t\t\t\t\t\t\t\t\t<img fetchpriority=\"high\" decoding=\"async\" width=\"800\" height=\"575\" src=\"https:\/\/www.alt-edic.eu\/wp-content\/uploads\/2026\/01\/ALT-EDIC4EU-e1768900086139.png\" class=\"attachment-full size-full wp-image-11104\" alt=\"\" srcset=\"https:\/\/www.alt-edic.eu\/wp-content\/uploads\/2026\/01\/ALT-EDIC4EU-e1768900086139.png 800w, https:\/\/www.alt-edic.eu\/wp-content\/uploads\/2026\/01\/ALT-EDIC4EU-e1768900086139-300x216.png 300w, https:\/\/www.alt-edic.eu\/wp-content\/uploads\/2026\/01\/ALT-EDIC4EU-e1768900086139-768x552.png 768w, https:\/\/www.alt-edic.eu\/wp-content\/uploads\/2026\/01\/ALT-EDIC4EU-e1768900086139-18x12.png 18w\" sizes=\"(max-width: 800px) 100vw, 800px\">\t\t\t\t\t\t\t\t\t\t\t\t\t\t\t<\/div>\n\t\t\t\t<\/div>\n\t\t\t\t\t<\/div>\n\t\t<\/div>\n\t\t\t\t\t<\/div>\n\t\t<\/section>\n\t\t<div class=\"elementor-element elementor-element-239a76f e-flex e-con-boxed e-con e-parent\" data-id=\"239a76f\" data-element_type=\"container\" data-e-type=\"container\">\n\t\t\t\t\t<div class=\"e-con-inner\">\n\t\t\t\t<div class=\"elementor-element elementor-element-e81970f elementor-widget elementor-widget-heading\" data-id=\"e81970f\" data-element_type=\"widget\" data-e-type=\"widget\" data-widget_type=\"heading.default\">\n\t\t\t\t<div class=\"elementor-widget-container\">\n\t\t\t\t\t<p class=\"elementor-heading-title elementor-size-default\">9 k\u00fcl\u00f6nb\u00f6z\u0151 strukt\u00fara vesz r\u00e9szt ebben a projektben az ALT-EDIC koordin\u00e1l\u00e1s\u00e1val:<\/p>\t\t\t\t<\/div>\n\t\t\t\t<\/div>\n\t\t\t\t\t<\/div>\n\t\t\t\t<\/div>\n\t\t<div class=\"elementor-element elementor-element-33e76df e-grid e-con-boxed e-con e-parent\" data-id=\"33e76df\" data-element_type=\"container\" data-e-type=\"container\">\n\t\t\t\t\t<div class=\"e-con-inner\">\n\t\t\t\t<div class=\"elementor-element elementor-element-2185a92 elementor-widget elementor-widget-heading\" data-id=\"2185a92\" data-element_type=\"widget\" data-e-type=\"widget\" data-widget_type=\"heading.default\">\n\t\t\t\t<div class=\"elementor-widget-container\">\n\t\t\t\t\t<p class=\"elementor-heading-title elementor-size-default\">ALT-EDIC<\/p>\t\t\t\t<\/div>\n\t\t\t\t<\/div>\n\t\t\t\t<div class=\"elementor-element elementor-element-b550f7d elementor-widget elementor-widget-image\" data-id=\"b550f7d\" data-element_type=\"widget\" data-e-type=\"widget\" data-widget_type=\"image.default\">\n\t\t\t\t<div class=\"elementor-widget-container\">\n\t\t\t\t\t\t\t\t\t\t\t\t\t\t\t<img decoding=\"async\" width=\"2779\" height=\"541\" src=\"https:\/\/www.alt-edic.eu\/wp-content\/uploads\/2024\/09\/logo_alt-edic_blue_on_white.png\" class=\"attachment-full size-full wp-image-8868\" alt=\"Alt-Edic Blue log\u00f3\" srcset=\"https:\/\/www.alt-edic.eu\/wp-content\/uploads\/2024\/09\/logo_alt-edic_blue_on_white.png 2779w, https:\/\/www.alt-edic.eu\/wp-content\/uploads\/2024\/09\/logo_alt-edic_blue_on_white-300x58.png 300w, https:\/\/www.alt-edic.eu\/wp-content\/uploads\/2024\/09\/logo_alt-edic_blue_on_white-1024x199.png 1024w, https:\/\/www.alt-edic.eu\/wp-content\/uploads\/2024\/09\/logo_alt-edic_blue_on_white-768x150.png 768w, https:\/\/www.alt-edic.eu\/wp-content\/uploads\/2024\/09\/logo_alt-edic_blue_on_white-1536x299.png 1536w, https:\/\/www.alt-edic.eu\/wp-content\/uploads\/2024\/09\/logo_alt-edic_blue_on_white-2048x399.png 2048w, https:\/\/www.alt-edic.eu\/wp-content\/uploads\/2024\/09\/logo_alt-edic_blue_on_white-18x4.png 18w\" sizes=\"(max-width: 2779px) 100vw, 2779px\">\t\t\t\t\t\t\t\t\t\t\t\t\t\t\t<\/div>\n\t\t\t\t<\/div>\n\t\t\t\t\t<\/div>\n\t\t\t\t<\/div>\n\t\t<div class=\"elementor-element elementor-element-f4db2dd e-grid e-con-boxed e-con e-parent\" data-id=\"f4db2dd\" data-element_type=\"container\" data-e-type=\"container\">\n\t\t\t\t\t<div class=\"e-con-inner\">\n\t\t\t\t<div class=\"elementor-element elementor-element-7d895d7 elementor-widget elementor-widget-heading\" data-id=\"7d895d7\" data-element_type=\"widget\" data-e-type=\"widget\" data-widget_type=\"heading.default\">\n\t\t\t\t<div class=\"elementor-widget-container\">\n\t\t\t\t\t<p class=\"elementor-heading-title elementor-size-default\">ATHENA RC<\/p>\t\t\t\t<\/div>\n\t\t\t\t<\/div>\n\t\t\t\t<div class=\"elementor-element elementor-element-ee393f0 elementor-widget elementor-widget-image\" data-id=\"ee393f0\" data-element_type=\"widget\" data-e-type=\"widget\" data-widget_type=\"image.default\">\n\t\t\t\t<div class=\"elementor-widget-container\">\n\t\t\t\t\t\t\t\t\t\t\t\t\t\t\t<img decoding=\"async\" width=\"300\" height=\"83\" src=\"https:\/\/www.alt-edic.eu\/wp-content\/uploads\/2024\/11\/Athena_Horizontal-Ext_EN-page-001-3-300x83.jpg\" class=\"attachment-medium size-medium wp-image-9568\" alt=\"ATH\u00c9NA LOGO\" srcset=\"https:\/\/www.alt-edic.eu\/wp-content\/uploads\/2024\/11\/Athena_Horizontal-Ext_EN-page-001-3-300x83.jpg 300w, https:\/\/www.alt-edic.eu\/wp-content\/uploads\/2024\/11\/Athena_Horizontal-Ext_EN-page-001-3-18x5.jpg 18w, https:\/\/www.alt-edic.eu\/wp-content\/uploads\/2024\/11\/Athena_Horizontal-Ext_EN-page-001-3.jpg 393w\" sizes=\"(max-width: 300px) 100vw, 300px\">\t\t\t\t\t\t\t\t\t\t\t\t\t\t\t<\/div>\n\t\t\t\t<\/div>\n\t\t\t\t\t<\/div>\n\t\t\t\t<\/div>\n\t\t<div class=\"elementor-element elementor-element-47afe93 e-grid e-con-boxed e-con e-parent\" data-id=\"47afe93\" data-element_type=\"container\" data-e-type=\"container\">\n\t\t\t\t\t<div class=\"e-con-inner\">\n\t\t\t\t<div class=\"elementor-element elementor-element-17e0dad elementor-widget elementor-widget-heading\" data-id=\"17e0dad\" data-element_type=\"widget\" data-e-type=\"widget\" data-widget_type=\"heading.default\">\n\t\t\t\t<div class=\"elementor-widget-container\">\n\t\t\t\t\t<p class=\"elementor-heading-title elementor-size-default\">TILDE<\/p>\t\t\t\t<\/div>\n\t\t\t\t<\/div>\n\t\t\t\t<div class=\"elementor-element elementor-element-c5e4276 elementor-widget elementor-widget-image\" data-id=\"c5e4276\" data-element_type=\"widget\" data-e-type=\"widget\" data-widget_type=\"image.default\">\n\t\t\t\t<div class=\"elementor-widget-container\">\n\t\t\t\t\t\t\t\t\t\t\t\t\t\t\t<img decoding=\"async\" src=\"https:\/\/www.alt-edic.eu\/wp-content\/uploads\/elementor\/thumbs\/Tilde-qzyrt5he7afsuor41rkmh98sv99b18iuw11wo5to88.png\" title=\"Tilde\" alt=\"TILDE LOGO\" loading=\"lazy\">\t\t\t\t\t\t\t\t\t\t\t\t\t\t\t<\/div>\n\t\t\t\t<\/div>\n\t\t\t\t\t<\/div>\n\t\t\t\t<\/div>\n\t\t<div class=\"elementor-element elementor-element-9f9c26c e-grid e-con-boxed e-con e-parent\" data-id=\"9f9c26c\" data-element_type=\"container\" data-e-type=\"container\">\n\t\t\t\t\t<div class=\"e-con-inner\">\n\t\t\t\t<div class=\"elementor-element elementor-element-c76b449 elementor-widget elementor-widget-heading\" data-id=\"c76b449\" data-element_type=\"widget\" data-e-type=\"widget\" data-widget_type=\"heading.default\">\n\t\t\t\t<div class=\"elementor-widget-container\">\n\t\t\t\t\t<p class=\"elementor-heading-title elementor-size-default\">\u00c9RT\u00c9KEL\u00c9SEK \u00c9S NYELVFORR\u00c1SOK TERJESZT\u00c9S\u00c9VEL FOGLALKOZ\u00d3 \u00dcGYN\u00d6KS\u00c9G (ELDA)<\/p>\t\t\t\t<\/div>\n\t\t\t\t<\/div>\n\t\t\t\t<div class=\"elementor-element elementor-element-de31968 elementor-widget elementor-widget-image\" data-id=\"de31968\" data-element_type=\"widget\" data-e-type=\"widget\" data-widget_type=\"image.default\">\n\t\t\t\t<div class=\"elementor-widget-container\">\n\t\t\t\t\t\t\t\t\t\t\t\t\t\t\t<img loading=\"lazy\" decoding=\"async\" width=\"150\" height=\"150\" src=\"https:\/\/www.alt-edic.eu\/wp-content\/uploads\/2024\/11\/elda_logo-150x150.jpg\" class=\"attachment-thumbnail size-thumbnail wp-image-9570\" alt=\"ELDA LOGO\" srcset=\"https:\/\/www.alt-edic.eu\/wp-content\/uploads\/2024\/11\/elda_logo-150x150.jpg 150w, https:\/\/www.alt-edic.eu\/wp-content\/uploads\/2024\/11\/elda_logo-12x12.jpg 12w, https:\/\/www.alt-edic.eu\/wp-content\/uploads\/2024\/11\/elementor\/thumbs\/elda_logo-qx03zc4dlorlej2zfxsfoktxw0525quvu5zspghaso.jpg 100w, https:\/\/www.alt-edic.eu\/wp-content\/uploads\/2024\/11\/elda_logo.jpg 200w\" sizes=\"(max-width: 150px) 100vw, 150px\">\t\t\t\t\t\t\t\t\t\t\t\t\t\t\t<\/div>\n\t\t\t\t<\/div>\n\t\t\t\t\t<\/div>\n\t\t\t\t<\/div>\n\t\t<div class=\"elementor-element elementor-element-adbb9e7 e-grid e-con-boxed e-con e-parent\" data-id=\"adbb9e7\" data-element_type=\"container\" data-e-type=\"container\">\n\t\t\t\t\t<div class=\"e-con-inner\">\n\t\t\t\t<div class=\"elementor-element elementor-element-1fa6588 elementor-widget elementor-widget-heading\" data-id=\"1fa6588\" data-element_type=\"widget\" data-e-type=\"widget\" data-widget_type=\"heading.default\">\n\t\t\t\t<div class=\"elementor-widget-container\">\n\t\t\t\t\t<p class=\"elementor-heading-title elementor-size-default\">UNIVERZITA KARLOVA<\/p>\t\t\t\t<\/div>\n\t\t\t\t<\/div>\n\t\t\t\t<div class=\"elementor-element elementor-element-8635150 elementor-widget elementor-widget-image\" data-id=\"8635150\" data-element_type=\"widget\" data-e-type=\"widget\" data-widget_type=\"image.default\">\n\t\t\t\t<div class=\"elementor-widget-container\">\n\t\t\t\t\t\t\t\t\t\t\t\t\t\t\t<img loading=\"lazy\" decoding=\"async\" width=\"300\" height=\"111\" src=\"https:\/\/www.alt-edic.eu\/wp-content\/uploads\/2024\/11\/images-300x111.png\" class=\"attachment-medium size-medium wp-image-9571\" alt=\"UNIVERZITA KARLOVA LOGO\" srcset=\"https:\/\/www.alt-edic.eu\/wp-content\/uploads\/2024\/11\/images-300x111.png 300w, https:\/\/www.alt-edic.eu\/wp-content\/uploads\/2024\/11\/images-18x7.png 18w, https:\/\/www.alt-edic.eu\/wp-content\/uploads\/2024\/11\/images.png 369w\" sizes=\"(max-width: 300px) 100vw, 300px\">\t\t\t\t\t\t\t\t\t\t\t\t\t\t\t<\/div>\n\t\t\t\t<\/div>\n\t\t\t\t\t<\/div>\n\t\t\t\t<\/div>\n\t\t<div class=\"elementor-element elementor-element-23681b7 e-grid e-con-boxed e-con e-parent\" data-id=\"23681b7\" data-element_type=\"container\" data-e-type=\"container\">\n\t\t\t\t\t<div class=\"e-con-inner\">\n\t\t\t\t<div class=\"elementor-element elementor-element-4b48093 elementor-widget elementor-widget-heading\" data-id=\"4b48093\" data-element_type=\"widget\" data-e-type=\"widget\" data-widget_type=\"heading.default\">\n\t\t\t\t<div class=\"elementor-widget-container\">\n\t\t\t\t\t<p class=\"elementor-heading-title elementor-size-default\">JOZEF STEFAN INT\u00c9ZM\u00c9NY (JSI)<\/p>\t\t\t\t<\/div>\n\t\t\t\t<\/div>\n\t\t\t\t<div class=\"elementor-element elementor-element-151c0d1 elementor-widget elementor-widget-image\" data-id=\"151c0d1\" data-element_type=\"widget\" data-e-type=\"widget\" data-widget_type=\"image.default\">\n\t\t\t\t<div class=\"elementor-widget-container\">\n\t\t\t\t\t\t\t\t\t\t\t\t\t\t\t<img loading=\"lazy\" decoding=\"async\" width=\"300\" height=\"86\" src=\"https:\/\/www.alt-edic.eu\/wp-content\/uploads\/2024\/11\/JSI-Logo-002-300x86.jpg\" class=\"attachment-medium size-medium wp-image-9573\" alt=\"JSI log\u00f3\" srcset=\"https:\/\/www.alt-edic.eu\/wp-content\/uploads\/2024\/11\/JSI-Logo-002-300x86.jpg 300w, https:\/\/www.alt-edic.eu\/wp-content\/uploads\/2024\/11\/JSI-Logo-002-1024x292.jpg 1024w, https:\/\/www.alt-edic.eu\/wp-content\/uploads\/2024\/11\/JSI-Logo-002-768x219.jpg 768w, https:\/\/www.alt-edic.eu\/wp-content\/uploads\/2024\/11\/JSI-Logo-002-18x5.jpg 18w, https:\/\/www.alt-edic.eu\/wp-content\/uploads\/2024\/11\/JSI-Logo-002.jpg 1121w\" sizes=\"(max-width: 300px) 100vw, 300px\">\t\t\t\t\t\t\t\t\t\t\t\t\t\t\t<\/div>\n\t\t\t\t<\/div>\n\t\t\t\t\t<\/div>\n\t\t\t\t<\/div>\n\t\t<div class=\"elementor-element elementor-element-fb69a9f e-grid e-con-boxed e-con e-parent\" data-id=\"fb69a9f\" data-element_type=\"container\" data-e-type=\"container\">\n\t\t\t\t\t<div class=\"e-con-inner\">\n\t\t\t\t<div class=\"elementor-element elementor-element-2d92075 elementor-widget elementor-widget-heading\" data-id=\"2d92075\" data-element_type=\"widget\" data-e-type=\"widget\" data-widget_type=\"heading.default\">\n\t\t\t\t<div class=\"elementor-widget-container\">\n\t\t\t\t\t<p class=\"elementor-heading-title elementor-size-default\">FONDAZIONE BRUNO KESSLER (FBK)<\/p>\t\t\t\t<\/div>\n\t\t\t\t<\/div>\n\t\t\t\t<div class=\"elementor-element elementor-element-86ebc9a elementor-widget elementor-widget-image\" data-id=\"86ebc9a\" data-element_type=\"widget\" data-e-type=\"widget\" data-widget_type=\"image.default\">\n\t\t\t\t<div class=\"elementor-widget-container\">\n\t\t\t\t\t\t\t\t\t\t\t\t\t\t\t<img loading=\"lazy\" decoding=\"async\" width=\"150\" height=\"150\" src=\"https:\/\/www.alt-edic.eu\/wp-content\/uploads\/2024\/11\/unnamed-150x150.png\" class=\"attachment-thumbnail size-thumbnail wp-image-9574\" alt=\"FONDAZIONE BRUNO KESSLER LOGO\" srcset=\"https:\/\/www.alt-edic.eu\/wp-content\/uploads\/2024\/11\/unnamed-150x150.png 150w, https:\/\/www.alt-edic.eu\/wp-content\/uploads\/2024\/11\/unnamed-300x300.png 300w, https:\/\/www.alt-edic.eu\/wp-content\/uploads\/2024\/11\/unnamed-12x12.png 12w, https:\/\/www.alt-edic.eu\/wp-content\/uploads\/2024\/11\/unnamed.png 512w\" sizes=\"(max-width: 150px) 100vw, 150px\">\t\t\t\t\t\t\t\t\t\t\t\t\t\t\t<\/div>\n\t\t\t\t<\/div>\n\t\t\t\t\t<\/div>\n\t\t\t\t<\/div>\n\t\t<div class=\"elementor-element elementor-element-9652c0e e-grid e-con-boxed e-con e-parent\" data-id=\"9652c0e\" data-element_type=\"container\" data-e-type=\"container\">\n\t\t\t\t\t<div class=\"e-con-inner\">\n\t\t\t\t<div class=\"elementor-element elementor-element-2618a57 elementor-widget elementor-widget-heading\" data-id=\"2618a57\" data-element_type=\"widget\" data-e-type=\"widget\" data-widget_type=\"heading.default\">\n\t\t\t\t<div class=\"elementor-widget-container\">\n\t\t\t\t\t<p class=\"elementor-heading-title elementor-size-default\">LENGYELORSZ\u00c1G WROCLAWSKA<\/p>\t\t\t\t<\/div>\n\t\t\t\t<\/div>\n\t\t\t\t<div class=\"elementor-element elementor-element-e12e91d elementor-widget elementor-widget-image\" data-id=\"e12e91d\" data-element_type=\"widget\" data-e-type=\"widget\" data-widget_type=\"image.default\">\n\t\t\t\t<div class=\"elementor-widget-container\">\n\t\t\t\t\t\t\t\t\t\t\t\t\t\t\t<img loading=\"lazy\" decoding=\"async\" width=\"150\" height=\"150\" src=\"https:\/\/www.alt-edic.eu\/wp-content\/uploads\/2024\/11\/Pwr-150x150.png\" class=\"attachment-thumbnail size-thumbnail wp-image-9575\" alt=\"Politechnika wroclawska log\u00f3\" srcset=\"https:\/\/www.alt-edic.eu\/wp-content\/uploads\/2024\/11\/Pwr-150x150.png 150w, https:\/\/www.alt-edic.eu\/wp-content\/uploads\/2024\/11\/Pwr-300x300.png 300w, https:\/\/www.alt-edic.eu\/wp-content\/uploads\/2024\/11\/Pwr-12x12.png 12w, https:\/\/www.alt-edic.eu\/wp-content\/uploads\/2024\/11\/Pwr.png 400w\" sizes=\"(max-width: 150px) 100vw, 150px\">\t\t\t\t\t\t\t\t\t\t\t\t\t\t\t<\/div>\n\t\t\t\t<\/div>\n\t\t\t\t\t<\/div>\n\t\t\t\t<\/div>\n\t\t<div class=\"elementor-element elementor-element-7170359 e-grid e-con-boxed e-con e-parent\" data-id=\"7170359\" data-element_type=\"container\" data-e-type=\"container\">\n\t\t\t\t\t<div class=\"e-con-inner\">\n\t\t\t\t<div class=\"elementor-element elementor-element-bc6b0ac elementor-widget elementor-widget-heading\" data-id=\"bc6b0ac\" data-element_type=\"widget\" data-e-type=\"widget\" data-widget_type=\"heading.default\">\n\t\t\t\t<div class=\"elementor-widget-container\">\n\t\t\t\t\t<p class=\"elementor-heading-title elementor-size-default\">UNIVERSIDAD DE GRANADA<\/p>\t\t\t\t<\/div>\n\t\t\t\t<\/div>\n\t\t\t\t<div class=\"elementor-element elementor-element-2c1b736 elementor-widget elementor-widget-image\" data-id=\"2c1b736\" data-element_type=\"widget\" data-e-type=\"widget\" data-widget_type=\"image.default\">\n\t\t\t\t<div class=\"elementor-widget-container\">\n\t\t\t\t\t\t\t\t\t\t\t\t\t\t\t<img loading=\"lazy\" decoding=\"async\" width=\"300\" height=\"169\" src=\"https:\/\/www.alt-edic.eu\/wp-content\/uploads\/2024\/11\/Universidad-de-Granada-Embleme-300x169.jpg\" class=\"attachment-medium size-medium wp-image-9576\" alt=\"Granadai Egyetem LOGO\" srcset=\"https:\/\/www.alt-edic.eu\/wp-content\/uploads\/2024\/11\/Universidad-de-Granada-Embleme-300x169.jpg 300w, https:\/\/www.alt-edic.eu\/wp-content\/uploads\/2024\/11\/Universidad-de-Granada-Embleme-1024x576.jpg 1024w, https:\/\/www.alt-edic.eu\/wp-content\/uploads\/2024\/11\/Universidad-de-Granada-Embleme-768x432.jpg 768w, https:\/\/www.alt-edic.eu\/wp-content\/uploads\/2024\/11\/Universidad-de-Granada-Embleme-1536x864.jpg 1536w, https:\/\/www.alt-edic.eu\/wp-content\/uploads\/2024\/11\/Universidad-de-Granada-Embleme-18x10.jpg 18w, https:\/\/www.alt-edic.eu\/wp-content\/uploads\/2024\/11\/Universidad-de-Granada-Embleme.jpg 1920w\" sizes=\"(max-width: 300px) 100vw, 300px\">\t\t\t\t\t\t\t\t\t\t\t\t\t\t\t<\/div>\n\t\t\t\t<\/div>\n\t\t\t\t\t<\/div>\n\t\t\t\t<\/div>\n\t\t<div class=\"elementor-element elementor-element-afcee7a e-flex e-con-boxed e-con e-parent\" data-id=\"afcee7a\" data-element_type=\"container\" data-e-type=\"container\">\n\t\t\t\t\t<div class=\"e-con-inner\">\n\t\t\t\t<div class=\"elementor-element elementor-element-f6e4dcc elementor-widget elementor-widget-text-editor\" data-id=\"f6e4dcc\" data-element_type=\"widget\" data-e-type=\"widget\" data-widget_type=\"text-editor.default\">\n\t\t\t\t<div class=\"elementor-widget-container\">\n\t\t\t\t\t\t\t\t\t<p>Az ALT-EDIC4EU projekt c\u00e9lja az ALT-EDIC glob\u00e1lis infrastrukt\u00fara fejleszt\u00e9se, bele\u00e9rtve a nyelvi technol\u00f3gi\u00e1k \u00e9rt\u00e9kel\u00e9s\u00e9re szolg\u00e1l\u00f3 eur\u00f3pai k\u00f6zpontot, az eur\u00f3pai nyelvi technol\u00f3gi\u00e1k \u00e9s a nagy nyelvi modellek dinamikus felt\u00e9rk\u00e9pez\u00e9s\u00e9t, valamint k\u00e9pz\u00e9sek, workshopok \u00e9s rendezv\u00e9nyek szervez\u00e9s\u00e9t. Az eur\u00f3pai nyelvi technol\u00f3giai infrastrukt\u00far\u00e1k, valamint a nemzeti adatterek \u00e9s a nagy nyelvi modellek megval\u00f3s\u00edt\u00e1sa ter\u00e9n szerzett k\u00e9szs\u00e9geikre \u00e9s tapasztalataikra \u00e9p\u00edtve az ALT-EDIC4EU partnerek megkezdik m\u0171szaki komponenseik \u00e9s szolg\u00e1ltat\u00e1saik fejleszt\u00e9s\u00e9t, \u00e9s elind\u00edtj\u00e1k szerepv\u00e1llal\u00e1si, kommunik\u00e1ci\u00f3s \u00e9s terjeszt\u00e9si strat\u00e9gi\u00e1ikat.<\/p><p>Az ALT-EDIC4EU projekt v\u00e1laszt ad arra az ig\u00e9nyre, hogy ki kell \u00e9p\u00edteni \u00e9s meg kell er\u0151s\u00edteni egy eur\u00f3pai \u00f6kosziszt\u00e9m\u00e1t a nagy nyelvi \u00e9s MI-modellek k\u00f6r\u00fcl, egy olyan k\u00f6rnyezetben, ahol a legt\u00f6bb technol\u00f3giai innov\u00e1ci\u00f3 Eur\u00f3p\u00e1n k\u00edv\u00fclr\u0151l sz\u00e1rmazik, \u00e9s csak n\u00e9h\u00e1ny nyelven. Ez a projekt nagyobb auton\u00f3mi\u00e1t biztos\u00edt az eur\u00f3pai orsz\u00e1gok sz\u00e1m\u00e1ra az eur\u00f3pai adatok felhaszn\u00e1l\u00e1sa \u00e9s megoszt\u00e1sa ter\u00e9n, \u00e9s cs\u00f6kkenti az Eur\u00f3p\u00e1n k\u00edv\u00fcli technol\u00f3gi\u00e1kt\u00f3l val\u00f3 f\u00fcgg\u0151s\u00e9get, mik\u00f6zben meg\u0151rzi az eur\u00f3pai nyelvi soksz\u00edn\u0171s\u00e9get.<\/p>\t\t\t\t\t\t\t\t<\/div>\n\t\t\t\t<\/div>\n\t\t\t\t\t<\/div>\n\t\t\t\t<\/div>\n\t\t\t\t<\/div>","protected":false},"excerpt":{"rendered":"<p>ALT-EDIC4EU Az ALT-EDIC4EU (Sz\u00f6vets\u00e9g az Eur\u00f3pai Uni\u00f3 Nyelvi Technol\u00f3gi\u00e1i\u00e9rt) projekt az ALT-EDIC els\u0151 projektje, amely lehet\u0151v\u00e9 teszi tev\u00e9kenys\u00e9geinek fokoz\u00e1s\u00e1t. Az ALT-EDIC4EU projekt lehet\u0151v\u00e9 teszi az ALT-EDIC sz\u00e1m\u00e1ra, hogy felgyors\u00edtsa egy robusztus \u00e9s m\u00e9retezhet\u0151 infrastrukt\u00fara fejleszt\u00e9s\u00e9t, \u00e9s egyes\u00edtse az eur\u00f3pai nyelvi technol\u00f3giai \u00f6kosziszt\u00e9m\u00e1t. Ez volt [...]<\/p>","protected":false},"author":1,"featured_media":0,"parent":9229,"menu_order":0,"comment_status":"closed","ping_status":"closed","template":"","meta":{"footnotes":""},"class_list":["post-9562","page","type-page","status-publish","hentry"],"aioseo_notices":[],"aioseo_head":"\n\t\t<!-- All in One SEO 5.0.0.1 - aioseo.com -->\n\t<meta name=\"description\" content=\"ALT-EDIC4EU The ALT-EDIC4EU (Alliance for Language Technologies for the European Union) project is the first project of the ALT-EDIC and enables to ramp up its activities. The ALT-EDIC4EU project will enable the ALT-EDIC to ramp up the development of a robust and scalable infrastructure and to federate the European Language Technology Ecosystem. It has been\" \/>\n\t<meta name=\"robots\" content=\"max-image-preview:large\" \/>\n\t<link rel=\"canonical\" href=\"http:\/\/www.alt-edic.eu\/hu\/projects\/alt-edic4eu\/\" \/>\n\t<meta name=\"generator\" content=\"All in One SEO (AIOSEO) 5.0.0.1\" \/>\n\t\t<meta property=\"og:locale\" content=\"hu_HU\" \/>\n\t\t<meta property=\"og:site_name\" content=\"ALT-EDIC \u2013 Alliance for Language Technologies EDIC\" \/>\n\t\t<meta property=\"og:type\" content=\"article\" \/>\n\t\t<meta property=\"og:title\" content=\"ALT-EDIC4EU \u2013 ALT-EDIC\" \/>\n\t\t<meta property=\"og:description\" content=\"ALT-EDIC4EU The ALT-EDIC4EU (Alliance for Language Technologies for the European Union) project is the first project of the ALT-EDIC and enables to ramp up its activities. The ALT-EDIC4EU project will enable the ALT-EDIC to ramp up the development of a robust and scalable infrastructure and to federate the European Language Technology Ecosystem. It has been\" \/>\n\t\t<meta property=\"og:url\" content=\"http:\/\/www.alt-edic.eu\/hu\/projects\/alt-edic4eu\/\" \/>\n\t\t<meta property=\"article:published_time\" content=\"2024-11-13T15:46:28+00:00\" \/>\n\t\t<meta property=\"article:modified_time\" content=\"2026-01-20T09:08:28+00:00\" \/>\n\t\t<meta name=\"twitter:card\" content=\"summary_large_image\" \/>\n\t\t<meta name=\"twitter:title\" content=\"ALT-EDIC4EU \u2013 ALT-EDIC\" \/>\n\t\t<meta name=\"twitter:description\" content=\"ALT-EDIC4EU The ALT-EDIC4EU (Alliance for Language Technologies for the European Union) project is the first project of the ALT-EDIC and enables to ramp up its activities. The ALT-EDIC4EU project will enable the ALT-EDIC to ramp up the development of a robust and scalable infrastructure and to federate the European Language Technology Ecosystem. It has been\" \/>\n\t\t<script type=\"application\/ld+json\" class=\"aioseo-schema\">\n\t\t\t{\"@context\":\"https:\\\/\\\/schema.org\",\"@graph\":[{\"@type\":\"BreadcrumbList\",\"@id\":\"http:\\\/\\\/www.alt-edic.eu\\\/hu\\\/projects\\\/alt-edic4eu\\\/#breadcrumblist\",\"itemListElement\":[{\"@type\":\"ListItem\",\"@id\":\"http:\\\/\\\/www.alt-edic.eu\\\/hu#listItem\",\"position\":1,\"name\":\"Home\",\"item\":\"http:\\\/\\\/www.alt-edic.eu\\\/hu\",\"nextItem\":{\"@type\":\"ListItem\",\"@id\":\"http:\\\/\\\/www.alt-edic.eu\\\/hu\\\/projects\\\/#listItem\",\"name\":\"Projects\"}},{\"@type\":\"ListItem\",\"@id\":\"http:\\\/\\\/www.alt-edic.eu\\\/hu\\\/projects\\\/#listItem\",\"position\":2,\"name\":\"Projects\",\"item\":\"http:\\\/\\\/www.alt-edic.eu\\\/hu\\\/projects\\\/\",\"nextItem\":{\"@type\":\"ListItem\",\"@id\":\"http:\\\/\\\/www.alt-edic.eu\\\/hu\\\/projects\\\/alt-edic4eu\\\/#listItem\",\"name\":\"ALT-EDIC4EU\"},\"previousItem\":{\"@type\":\"ListItem\",\"@id\":\"http:\\\/\\\/www.alt-edic.eu\\\/hu#listItem\",\"name\":\"Home\"}},{\"@type\":\"ListItem\",\"@id\":\"http:\\\/\\\/www.alt-edic.eu\\\/hu\\\/projects\\\/alt-edic4eu\\\/#listItem\",\"position\":3,\"name\":\"ALT-EDIC4EU\",\"previousItem\":{\"@type\":\"ListItem\",\"@id\":\"http:\\\/\\\/www.alt-edic.eu\\\/hu\\\/projects\\\/#listItem\",\"name\":\"Projects\"}}]},{\"@type\":\"Organization\",\"@id\":\"http:\\\/\\\/www.alt-edic.eu\\\/hu\\\/#organization\",\"name\":\"ALT-EDIC Alliance for Language Technologies (ALT-EDIC)\",\"description\":\"Alliance for Language Technologies EDIC The Alliance for Language Technologies (ALT-EDIC) is a European Digital Infrastructure Consortium supporting the development of Language Technologies. It will promote excellence in language technologies and contribute to the preservation of Europe\\u2019s linguistic diversity and cultural richness.\",\"url\":\"http:\\\/\\\/www.alt-edic.eu\\\/hu\\\/\",\"email\":\"contact@alt-edic.eu\",\"telephone\":\"+33364924355\",\"foundingDate\":\"2024-02-01\",\"numberOfEmployees\":{\"@type\":\"QuantitativeValue\",\"minValue\":0,\"maxValue\":15},\"logo\":{\"@type\":\"ImageObject\",\"url\":\"https:\\\/\\\/www.alt-edic.eu\\\/wp-content\\\/uploads\\\/2024\\\/09\\\/logo_alt-edic_blue_on_white.png\",\"@id\":\"http:\\\/\\\/www.alt-edic.eu\\\/hu\\\/projects\\\/alt-edic4eu\\\/#organizationLogo\",\"width\":2779,\"height\":541,\"caption\":\"Logo Alt-Edic Blue\"},\"image\":{\"@id\":\"http:\\\/\\\/www.alt-edic.eu\\\/hu\\\/projects\\\/alt-edic4eu\\\/#organizationLogo\"},\"sameAs\":[\"https:\\\/\\\/www.linkedin.com\\\/company\\\/alt-edic\\\/\"]},{\"@type\":\"WebPage\",\"@id\":\"http:\\\/\\\/www.alt-edic.eu\\\/hu\\\/projects\\\/alt-edic4eu\\\/#webpage\",\"url\":\"http:\\\/\\\/www.alt-edic.eu\\\/hu\\\/projects\\\/alt-edic4eu\\\/\",\"name\":\"ALT-EDIC4EU \\u2013 ALT-EDIC\",\"description\":\"ALT-EDIC4EU The ALT-EDIC4EU (Alliance for Language Technologies for the European Union) project is the first project of the ALT-EDIC and enables to ramp up its activities. The ALT-EDIC4EU project will enable the ALT-EDIC to ramp up the development of a robust and scalable infrastructure and to federate the European Language Technology Ecosystem. It has been\",\"inLanguage\":\"hu-HU\",\"isPartOf\":{\"@id\":\"http:\\\/\\\/www.alt-edic.eu\\\/hu\\\/#website\"},\"breadcrumb\":{\"@id\":\"http:\\\/\\\/www.alt-edic.eu\\\/hu\\\/projects\\\/alt-edic4eu\\\/#breadcrumblist\"},\"datePublished\":\"2024-11-13T15:46:28+01:00\",\"dateModified\":\"2026-01-20T10:08:28+01:00\"},{\"@type\":\"WebSite\",\"@id\":\"http:\\\/\\\/www.alt-edic.eu\\\/hu\\\/#website\",\"url\":\"http:\\\/\\\/www.alt-edic.eu\\\/hu\\\/\",\"name\":\"ALT-EDIC Alliance for Language Technologies\",\"alternateName\":\"ALT-EDIC\",\"description\":\"Alliance for Language Technologies EDIC\",\"inLanguage\":\"hu-HU\",\"publisher\":{\"@id\":\"http:\\\/\\\/www.alt-edic.eu\\\/hu\\\/#organization\"}}]}\n\t\t<\/script>\n\t\t<!-- All in One SEO -->\n\n","aioseo_head_json":{"title":"ALT-EDIC4EU \u2013 ALT-EDIC","description":"ALT-EDIC4EU The ALT-EDIC4EU (Alliance for Language Technologies for the European Union) project is the first project of the ALT-EDIC and enables to ramp up its activities. The ALT-EDIC4EU project will enable the ALT-EDIC to ramp up the development of a robust and scalable infrastructure and to federate the European Language Technology Ecosystem. It has been","canonical_url":"http:\/\/www.alt-edic.eu\/hu\/projects\/alt-edic4eu\/","robots":"max-image-preview:large","keywords":"","webmasterTools":{"miscellaneous":""},"schema":{"@context":"https:\/\/schema.org","@graph":[{"@type":"BreadcrumbList","@id":"http:\/\/www.alt-edic.eu\/hu\/projects\/alt-edic4eu\/#breadcrumblist","itemListElement":[{"@type":"ListItem","@id":"http:\/\/www.alt-edic.eu\/hu#listItem","position":1,"name":"Home","item":"http:\/\/www.alt-edic.eu\/hu","nextItem":{"@type":"ListItem","@id":"http:\/\/www.alt-edic.eu\/hu\/projects\/#listItem","name":"Projects"}},{"@type":"ListItem","@id":"http:\/\/www.alt-edic.eu\/hu\/projects\/#listItem","position":2,"name":"Projects","item":"http:\/\/www.alt-edic.eu\/hu\/projects\/","nextItem":{"@type":"ListItem","@id":"http:\/\/www.alt-edic.eu\/hu\/projects\/alt-edic4eu\/#listItem","name":"ALT-EDIC4EU"},"previousItem":{"@type":"ListItem","@id":"http:\/\/www.alt-edic.eu\/hu#listItem","name":"Home"}},{"@type":"ListItem","@id":"http:\/\/www.alt-edic.eu\/hu\/projects\/alt-edic4eu\/#listItem","position":3,"name":"ALT-EDIC4EU","previousItem":{"@type":"ListItem","@id":"http:\/\/www.alt-edic.eu\/hu\/projects\/#listItem","name":"Projects"}}]},{"@type":"Organization","@id":"http:\/\/www.alt-edic.eu\/hu\/#organization","name":"ALT-EDIC Alliance for Language Technologies (ALT-EDIC)","description":"Alliance for Language Technologies EDIC The Alliance for Language Technologies (ALT-EDIC) is a European Digital Infrastructure Consortium supporting the development of Language Technologies. It will promote excellence in language technologies and contribute to the preservation of Europe\u2019s linguistic diversity and cultural richness.","url":"http:\/\/www.alt-edic.eu\/hu\/","email":"contact@alt-edic.eu","telephone":"+33364924355","foundingDate":"2024-02-01","numberOfEmployees":{"@type":"QuantitativeValue","minValue":0,"maxValue":15},"logo":{"@type":"ImageObject","url":"https:\/\/www.alt-edic.eu\/wp-content\/uploads\/2024\/09\/logo_alt-edic_blue_on_white.png","@id":"http:\/\/www.alt-edic.eu\/hu\/projects\/alt-edic4eu\/#organizationLogo","width":2779,"height":541,"caption":"Logo Alt-Edic Blue"},"image":{"@id":"http:\/\/www.alt-edic.eu\/hu\/projects\/alt-edic4eu\/#organizationLogo"},"sameAs":["https:\/\/www.linkedin.com\/company\/alt-edic\/"]},{"@type":"WebPage","@id":"http:\/\/www.alt-edic.eu\/hu\/projects\/alt-edic4eu\/#webpage","url":"http:\/\/www.alt-edic.eu\/hu\/projects\/alt-edic4eu\/","name":"ALT-EDIC4EU \u2013 ALT-EDIC","description":"ALT-EDIC4EU The ALT-EDIC4EU (Alliance for Language Technologies for the European Union) project is the first project of the ALT-EDIC and enables to ramp up its activities. The ALT-EDIC4EU project will enable the ALT-EDIC to ramp up the development of a robust and scalable infrastructure and to federate the European Language Technology Ecosystem. It has been","inLanguage":"hu-HU","isPartOf":{"@id":"http:\/\/www.alt-edic.eu\/hu\/#website"},"breadcrumb":{"@id":"http:\/\/www.alt-edic.eu\/hu\/projects\/alt-edic4eu\/#breadcrumblist"},"datePublished":"2024-11-13T15:46:28+01:00","dateModified":"2026-01-20T10:08:28+01:00"},{"@type":"WebSite","@id":"http:\/\/www.alt-edic.eu\/hu\/#website","url":"http:\/\/www.alt-edic.eu\/hu\/","name":"ALT-EDIC Alliance for Language Technologies","alternateName":"ALT-EDIC","description":"Alliance for Language Technologies EDIC","inLanguage":"hu-HU","publisher":{"@id":"http:\/\/www.alt-edic.eu\/hu\/#organization"}}]},"og:locale":"hu_HU","og:site_name":"ALT-EDIC \u2013 Alliance for Language Technologies EDIC","og:type":"article","og:title":"ALT-EDIC4EU \u2013 ALT-EDIC","og:description":"ALT-EDIC4EU The ALT-EDIC4EU (Alliance for Language Technologies for the European Union) project is the first project of the ALT-EDIC and enables to ramp up its activities. The ALT-EDIC4EU project will enable the ALT-EDIC to ramp up the development of a robust and scalable infrastructure and to federate the European Language Technology Ecosystem. It has been","og:url":"http:\/\/www.alt-edic.eu\/hu\/projects\/alt-edic4eu\/","article:published_time":"2024-11-13T15:46:28+00:00","article:modified_time":"2026-01-20T09:08:28+00:00","twitter:card":"summary_large_image","twitter:title":"ALT-EDIC4EU \u2013 ALT-EDIC","twitter:description":"ALT-EDIC4EU The ALT-EDIC4EU (Alliance for Language Technologies for the European Union) project is the first project of the ALT-EDIC and enables to ramp up its activities. The ALT-EDIC4EU project will enable the ALT-EDIC to ramp up the development of a robust and scalable infrastructure and to federate the European Language Technology Ecosystem. It has been"},"aioseo_meta_data":{"post_id":"9562","title":null,"description":null,"keywords":null,"keyphrases":{"focus":{"keyphrase":"","score":0,"analysis":{"keyphraseInTitle":{"score":0,"maxScore":9,"error":1}}},"additional":[]},"primary_term":null,"canonical_url":null,"og_title":null,"og_description":null,"og_object_type":"default","og_image_type":"default","og_image_url":null,"og_image_width":null,"og_image_height":null,"og_image_custom_url":null,"og_image_custom_fields":null,"og_video":"","og_custom_url":null,"og_article_section":null,"og_article_tags":null,"twitter_use_og":false,"twitter_card":"default","twitter_image_type":"default","twitter_image_url":null,"twitter_image_custom_url":null,"twitter_image_custom_fields":null,"twitter_title":null,"twitter_description":null,"schema":{"blockGraphs":[],"customGraphs":[],"default":{"data":{"Article":[],"Course":[],"Dataset":[],"FAQPage":[],"Movie":[],"Person":[],"Product":[],"ProductReview":[],"Car":[],"Recipe":[],"Service":[],"SoftwareApplication":[],"WebPage":[]},"graphName":"WebPage","isEnabled":true},"graphs":[]},"schema_type":"default","schema_type_options":null,"pillar_content":false,"robots_default":true,"robots_noindex":false,"robots_noarchive":false,"robots_nosnippet":false,"robots_nofollow":false,"robots_noimageindex":false,"robots_noodp":false,"robots_notranslate":false,"robots_max_snippet":"-1","robots_max_videopreview":"-1","robots_max_imagepreview":"large","priority":null,"frequency":"default","local_seo":null,"breadcrumb_settings":null,"limit_modified_date":false,"ai":null,"created":"2024-11-13 15:47:50","updated":"2026-01-20 09:15:41","seo_analyzer_scan_date":null,"focus_keyword":null,"additional_keywords":null,"truseo_locale":null},"aioseo_breadcrumb":"<div class=\"aioseo-breadcrumbs\"><span class=\"aioseo-breadcrumb\">\n\t\t\t<a href=\"http:\/\/www.alt-edic.eu\/hu\" title=\"Home\">Home<\/a>\n\t\t<\/span><span class=\"aioseo-breadcrumb-separator\">\/<\/span><span class=\"aioseo-breadcrumb\">\n\t\t\t<a href=\"http:\/\/www.alt-edic.eu\/hu\/projects\/\" title=\"Projects\">Projects<\/a>\n\t\t<\/span><span class=\"aioseo-breadcrumb-separator\">\/<\/span><span class=\"aioseo-breadcrumb\">\n\t\t\tALT-EDIC4EU\n\t\t<\/span><\/div>","aioseo_breadcrumb_json":[{"label":"Home","link":"http:\/\/www.alt-edic.eu\/hu"},{"label":"Projects","link":"http:\/\/www.alt-edic.eu\/hu\/projects\/"},{"label":"ALT-EDIC4EU","link":"http:\/\/www.alt-edic.eu\/hu\/projects\/alt-edic4eu\/"}],"_links":{"self":[{"href":"http:\/\/www.alt-edic.eu\/hu\/wp-json\/wp\/v2\/pages\/9562","targetHints":{"allow":["GET"]}}],"collection":[{"href":"http:\/\/www.alt-edic.eu\/hu\/wp-json\/wp\/v2\/pages"}],"about":[{"href":"http:\/\/www.alt-edic.eu\/hu\/wp-json\/wp\/v2\/types\/page"}],"author":[{"embeddable":true,"href":"http:\/\/www.alt-edic.eu\/hu\/wp-json\/wp\/v2\/users\/1"}],"replies":[{"embeddable":true,"href":"http:\/\/www.alt-edic.eu\/hu\/wp-json\/wp\/v2\/comments?post=9562"}],"version-history":[{"count":0,"href":"http:\/\/www.alt-edic.eu\/hu\/wp-json\/wp\/v2\/pages\/9562\/revisions"}],"up":[{"embeddable":true,"href":"http:\/\/www.alt-edic.eu\/hu\/wp-json\/wp\/v2\/pages\/9229"}],"wp:attachment":[{"href":"http:\/\/www.alt-edic.eu\/hu\/wp-json\/wp\/v2\/media?parent=9562"}],"curies":[{"name":"wp","href":"https:\/\/api.w.org\/{rel}","templated":true}]}}