{"id":8760,"date":"2024-08-19T14:45:10","date_gmt":"2024-08-19T14:45:10","guid":{"rendered":"https:\/\/alt-edic.eu\/?page_id=8760"},"modified":"2024-12-13T10:43:51","modified_gmt":"2024-12-13T09:43:51","slug":"what-is-an-edic","status":"publish","type":"page","link":"http:\/\/www.alt-edic.eu\/hu\/what-is-an-edic\/","title":{"rendered":"<p>Mi az EDIC?<\/p>"},"content":{"rendered":"<div data-elementor-type=\"wp-page\" data-elementor-id=\"8760\" class=\"elementor elementor-8760\" data-elementor-post-type=\"page\">\n\t\t\t\t\t\t<section class=\"elementor-section elementor-top-section elementor-element elementor-element-6ce15b86 elementor-section-stretched elementor-section-boxed elementor-section-height-default elementor-section-height-default\" data-id=\"6ce15b86\" data-element_type=\"section\" data-e-type=\"section\" data-settings='{\"stretch_section\":\"section-stretched\",\"background_background\":\"gradient\"}'>\n\t\t\t\t\t\t<div class=\"elementor-container elementor-column-gap-extended\">\n\t\t\t\t\t<div class=\"elementor-column elementor-col-50 elementor-top-column elementor-element elementor-element-2b0ff17f\" data-id=\"2b0ff17f\" data-element_type=\"column\" data-e-type=\"column\">\n\t\t\t<div class=\"elementor-widget-wrap elementor-element-populated\">\n\t\t\t\t\t\t<div class=\"elementor-element elementor-element-7dfb564d elementor-widget elementor-widget-heading\" data-id=\"7dfb564d\" data-element_type=\"widget\" data-e-type=\"widget\" data-widget_type=\"heading.default\">\n\t\t\t\t<div class=\"elementor-widget-container\">\n\t\t\t\t\t<h1 class=\"elementor-heading-title elementor-size-default\">Mi az EDIC?<\/h1>\t\t\t\t<\/div>\n\t\t\t\t<\/div>\n\t\t\t\t<div class=\"elementor-element elementor-element-49ebb3c5 elementor-widget elementor-widget-text-editor\" data-id=\"49ebb3c5\" data-element_type=\"widget\" data-e-type=\"widget\" data-widget_type=\"text-editor.default\">\n\t\t\t\t<div class=\"elementor-widget-container\">\n\t\t\t\t\t\t\t\t\t<div class=\"elementor-element elementor-element-e277c6 elementor-widget__width-initial elementor-widget elementor-widget-text-editor\" data-id=\"e277c6\" data-element_type=\"widget\" data-widget_type=\"text-editor.default\"><div class=\"elementor-widget-container\"><p>Az eur\u00f3pai digit\u00e1lis infrastrukt\u00fara-konzorcium (EDIC) a Digit\u00e1lis \u00e9vtized 2030 szakpolitikai program keret\u00e9ben l\u00e9trehozott jogi strukt\u00fara t\u00edpusa, amely lehet\u0151v\u00e9 teszi az uni\u00f3s tag\u00e1llamok sz\u00e1m\u00e1ra, hogy hat\u00e9kony m\u00f3don egyes\u00edts\u00e9k er\u0151forr\u00e1saikat a k\u00f6z\u00f6s digit\u00e1lis infrastrukt\u00fara megval\u00f3s\u00edt\u00e1sa \u00e9rdek\u00e9ben.<\/p><\/div><\/div>\t\t\t\t\t\t\t\t<\/div>\n\t\t\t\t<\/div>\n\t\t\t\t\t<\/div>\n\t\t<\/div>\n\t\t\t\t<div class=\"elementor-column elementor-col-50 elementor-top-column elementor-element elementor-element-610ca725 elementor-hidden-tablet elementor-hidden-phone\" data-id=\"610ca725\" data-element_type=\"column\" data-e-type=\"column\">\n\t\t\t<div class=\"elementor-widget-wrap\">\n\t\t\t\t\t\t\t<\/div>\n\t\t<\/div>\n\t\t\t\t\t<\/div>\n\t\t<\/section>\n\t\t\t\t<section class=\"elementor-section elementor-top-section elementor-element elementor-element-1b631d26 elementor-section-stretched elementor-section-boxed elementor-section-height-default elementor-section-height-default\" data-id=\"1b631d26\" data-element_type=\"section\" data-e-type=\"section\" data-settings='{\"stretch_section\":\"section-stretched\"}'>\n\t\t\t\t\t\t<div class=\"elementor-container elementor-column-gap-extended\">\n\t\t\t\t\t<div class=\"elementor-column elementor-col-50 elementor-top-column elementor-element elementor-element-51bbcc16 elementor-invisible\" data-id=\"51bbcc16\" data-element_type=\"column\" data-e-type=\"column\" data-settings='{\"animation\":\"slide-left\",\"animation_delay\":200}'>\n\t\t\t<div class=\"elementor-widget-wrap elementor-element-populated\">\n\t\t\t\t\t\t<div class=\"elementor-element elementor-element-5669fbcf elementor-widget elementor-widget-text-editor\" data-id=\"5669fbcf\" data-element_type=\"widget\" data-e-type=\"widget\" data-widget_type=\"text-editor.default\">\n\t\t\t\t<div class=\"elementor-widget-container\">\n\t\t\t\t\t\t\t\t\t<p><span style=\"text-decoration: underline;\"><a href=\"https:\/\/digital-strategy.ec.europa.eu\/en\/policies\/edic\">Eur\u00f3pai digit\u00e1lis infrastrukt\u00fara-konzorciumok (EDIC-k)<\/a><\/span> bevezett\u00e9k a <span style=\"text-decoration: underline;\"><a href=\"https:\/\/eur-lex.europa.eu\/eli\/dec\/2022\/2481\/oj\">Az Eur\u00f3pai Parlament \u00e9s a Tan\u00e1cs (EU) 2022\/2481 hat\u00e1rozata (2022. december 14.)<\/a><\/span> a k\u00f6vetkez\u0151k l\u00e9trehoz\u00e1s\u00e1r\u00f3l: <span style=\"text-decoration: underline;\"><a href=\"https:\/\/digital-strategy.ec.europa.eu\/en\/library\/digital-decade-policy-programme-2030\">Digit\u00e1lis \u00e9vtized 2030 szakpolitikai program<\/a><\/span>.<\/p><p>A Europe Direct inform\u00e1ci\u00f3s k\u00f6zpontok f\u0151 c\u00e9lja, hogy jogi keretet biztos\u00edtsanak az olyan t\u00f6bb orsz\u00e1gra kiterjed\u0151 projektekbe val\u00f3 beruh\u00e1z\u00e1shoz, amelyeket m\u00e9ret\u00fckn\u00e9l fogva egyetlen tag\u00e1llam sem tud hat\u00e9konyan l\u00e9trehozni. Ez\u00e9rt az EDIC-ek megk\u00f6nny\u00edtik a finansz\u00edroz\u00e1s koordin\u00e1l\u00e1s\u00e1t, \u00e9s lehet\u0151v\u00e9 teszik a t\u00f6bb orsz\u00e1gra kiterjed\u0151 projektek gyors l\u00e9trehoz\u00e1s\u00e1t \u00e9s rugalmas v\u00e9grehajt\u00e1s\u00e1t, hogy \u00f6szt\u00f6nz\u0151ket teremtsenek a tag\u00e1llamok sz\u00e1m\u00e1ra, mik\u00f6zben biztos\u00edtj\u00e1k a k\u00f6z\u00f6s szabv\u00e1nyokat \u00e9s az interoperabilit\u00e1st.<\/p><p>Emellett a Europe Direct inform\u00e1ci\u00f3s k\u00f6zpontok hozz\u00e1j\u00e1rulnak a k\u00f6vetkez\u0151kh\u00f6z:<\/p>\t\t\t\t\t\t\t\t<\/div>\n\t\t\t\t<\/div>\n\t\t\t\t<div class=\"elementor-element elementor-element-77c7f869 elementor-widget elementor-widget-text-editor\" data-id=\"77c7f869\" data-element_type=\"widget\" data-e-type=\"widget\" data-widget_type=\"text-editor.default\">\n\t\t\t\t<div class=\"elementor-widget-container\">\n\t\t\t\t\t\t\t\t\t<ul><li>Eur\u00f3pa technol\u00f3giai kiv\u00e1l\u00f3s\u00e1g\u00e1nak, vezet\u0151 szerep\u00e9nek, innov\u00e1ci\u00f3j\u00e1nak \u00e9s versenyk\u00e9pess\u00e9g\u00e9nek meger\u0151s\u00edt\u00e9se a kritikus technol\u00f3gi\u00e1k ter\u00e9n;<\/li><li>az Uni\u00f3 strat\u00e9giai f\u00fcgg\u0151s\u00e9geinek kezel\u00e9se \u00e9s megold\u00e1sa a digit\u00e1lis ell\u00e1t\u00e1si l\u00e1ncok ment\u00e9n;<\/li><li>a biztons\u00e1gos digit\u00e1lis megold\u00e1sok el\u00e9rhet\u0151s\u00e9g\u00e9nek n\u00f6vel\u00e9se \u00e9s haszn\u00e1lat\u00e1nak el\u0151mozd\u00edt\u00e1sa;<\/li><li>a gazdas\u00e1g \u00e9s a t\u00e1rsadalom inkluz\u00edv \u00e9s fenntarthat\u00f3 digit\u00e1lis \u00e1talakul\u00e1s\u00e1nak \u00f6szt\u00f6nz\u00e9se;<\/li><li>a polg\u00e1rok digit\u00e1lis k\u00e9szs\u00e9geinek el\u0151mozd\u00edt\u00e1sa, az oktat\u00e1sban \u00e9s a karrierlehet\u0151s\u00e9gekben val\u00f3 nemi szempontb\u00f3l kiegyens\u00falyozott r\u00e9szv\u00e9tel el\u0151mozd\u00edt\u00e1sa.<\/li><\/ul>\t\t\t\t\t\t\t\t<\/div>\n\t\t\t\t<\/div>\n\t\t\t\t<div class=\"elementor-element elementor-element-ee8d3e2 elementor-widget elementor-widget-text-editor\" data-id=\"ee8d3e2\" data-element_type=\"widget\" data-e-type=\"widget\" data-widget_type=\"text-editor.default\">\n\t\t\t\t<div class=\"elementor-widget-container\">\n\t\t\t\t\t\t\t\t\t<p>Tov\u00e1bbi inform\u00e1ci\u00f3k a Europe Direct inform\u00e1ci\u00f3s k\u00f6zpontokr\u00f3l <a href=\"https:\/\/digital-strategy.ec.europa.eu\/en\/policies\/edic\">itt<\/a>.<\/p><p>Az ALT-EDIC a nyelvi technol\u00f3gi\u00e1kkal foglalkoz\u00f3 EDIC. Lehet\u0151v\u00e9 teszi a nagy nyelvi modellek kifejleszt\u00e9s\u00e9hez sz\u00fcks\u00e9ges er\u0151forr\u00e1sok hat\u00e9konyabb \u00f6sszevon\u00e1s\u00e1t, mint amire b\u00e1rmely tag\u00e1llam egyed\u00fcl k\u00e9pes lenne.<\/p>\t\t\t\t\t\t\t\t<\/div>\n\t\t\t\t<\/div>\n\t\t\t\t\t<\/div>\n\t\t<\/div>\n\t\t\t\t<div class=\"elementor-column elementor-col-50 elementor-top-column elementor-element elementor-element-df98f7c elementor-invisible\" data-id=\"df98f7c\" data-element_type=\"column\" data-e-type=\"column\" data-settings='{\"animation\":\"slide-left\",\"animation_delay\":200}'>\n\t\t\t<div class=\"elementor-widget-wrap elementor-element-populated\">\n\t\t\t\t\t\t<div class=\"elementor-element elementor-element-5ed9a92 elementor-widget elementor-widget-image\" data-id=\"5ed9a92\" data-element_type=\"widget\" data-e-type=\"widget\" data-widget_type=\"image.default\">\n\t\t\t\t<div class=\"elementor-widget-container\">\n\t\t\t\t\t\t\t\t\t\t\t\t\t\t\t<img fetchpriority=\"high\" decoding=\"async\" width=\"660\" height=\"371\" src=\"https:\/\/www.alt-edic.eu\/wp-content\/uploads\/2024\/10\/what-is-an-edic-1024x576.jpg\" class=\"attachment-large size-large wp-image-9172\" alt=\"Eur\u00f3pai z\u00e1szl\u00f3 Edic-kel\" srcset=\"https:\/\/www.alt-edic.eu\/wp-content\/uploads\/2024\/10\/what-is-an-edic-1024x576.jpg 1024w, https:\/\/www.alt-edic.eu\/wp-content\/uploads\/2024\/10\/what-is-an-edic-300x169.jpg 300w, https:\/\/www.alt-edic.eu\/wp-content\/uploads\/2024\/10\/what-is-an-edic-768x432.jpg 768w, https:\/\/www.alt-edic.eu\/wp-content\/uploads\/2024\/10\/what-is-an-edic-1536x864.jpg 1536w, https:\/\/www.alt-edic.eu\/wp-content\/uploads\/2024\/10\/what-is-an-edic-18x10.jpg 18w, https:\/\/www.alt-edic.eu\/wp-content\/uploads\/2024\/10\/what-is-an-edic.jpg 1920w\" sizes=\"(max-width: 660px) 100vw, 660px\">\t\t\t\t\t\t\t\t\t\t\t\t\t\t\t<\/div>\n\t\t\t\t<\/div>\n\t\t\t\t\t<\/div>\n\t\t<\/div>\n\t\t\t\t\t<\/div>\n\t\t<\/section>\n\t\t\t\t<\/div>","protected":false},"excerpt":{"rendered":"<p>Mi az EDIC? Az eur\u00f3pai digit\u00e1lis infrastrukt\u00fara-konzorcium (EDIC) a Digit\u00e1lis \u00e9vtized 2030 szakpolitikai program keret\u00e9ben l\u00e9trehozott jogi strukt\u00fara t\u00edpusa, amely lehet\u0151v\u00e9 teszi az uni\u00f3s tag\u00e1llamok sz\u00e1m\u00e1ra, hogy hat\u00e9kony m\u00f3don egyes\u00edts\u00e9k er\u0151forr\u00e1saikat a k\u00f6z\u00f6s digit\u00e1lis infrastrukt\u00fara megval\u00f3s\u00edt\u00e1sa \u00e9rdek\u00e9ben. Az eur\u00f3pai digit\u00e1lis infrastrukt\u00fara-konzorciumokat (EDIC-ek) az [\u2026] (EU) 2022\/2481 hat\u00e1rozata vezette be.<\/p>","protected":false},"author":1,"featured_media":0,"parent":0,"menu_order":0,"comment_status":"closed","ping_status":"closed","template":"","meta":{"footnotes":""},"class_list":["post-8760","page","type-page","status-publish","hentry"],"aioseo_notices":[],"aioseo_head":"\n\t\t<!-- All in One SEO 5.0.0.1 - aioseo.com -->\n\t<meta name=\"description\" content=\"European Digital Infrastructure Consortia (EDICs) are a new implementation mechanism for multi-country projects, first introduced in Decision (EU) 2022\/2481 of the European Parliament and of the Council of 14 December 2022 establishing the Digital Decade Policy Programme 2030\" \/>\n\t<meta name=\"robots\" content=\"max-image-preview:large\" \/>\n\t<link rel=\"canonical\" href=\"http:\/\/www.alt-edic.eu\/hu\/what-is-an-edic\/\" \/>\n\t<meta name=\"generator\" content=\"All in One SEO (AIOSEO) 5.0.0.1\" \/>\n\t\t<meta property=\"og:locale\" content=\"hu_HU\" \/>\n\t\t<meta property=\"og:site_name\" content=\"ALT-EDIC \u2013 Alliance for Language Technologies EDIC\" \/>\n\t\t<meta property=\"og:type\" content=\"article\" \/>\n\t\t<meta property=\"og:title\" content=\"What is an EDIC \u2013 ALT-EDIC\" \/>\n\t\t<meta property=\"og:description\" content=\"European Digital Infrastructure Consortia (EDICs) are a new implementation mechanism for multi-country projects, first introduced in Decision (EU) 2022\/2481 of the European Parliament and of the Council of 14 December 2022 establishing the Digital Decade Policy Programme 2030\" \/>\n\t\t<meta property=\"og:url\" content=\"http:\/\/www.alt-edic.eu\/hu\/what-is-an-edic\/\" \/>\n\t\t<meta property=\"article:published_time\" content=\"2024-08-19T14:45:10+00:00\" \/>\n\t\t<meta property=\"article:modified_time\" content=\"2024-12-13T09:43:51+00:00\" \/>\n\t\t<meta name=\"twitter:card\" content=\"summary_large_image\" \/>\n\t\t<meta name=\"twitter:title\" content=\"What is an EDIC \u2013 ALT-EDIC\" \/>\n\t\t<meta name=\"twitter:description\" content=\"European Digital Infrastructure Consortia (EDICs) are a new implementation mechanism for multi-country projects, first introduced in Decision (EU) 2022\/2481 of the European Parliament and of the Council of 14 December 2022 establishing the Digital Decade Policy Programme 2030\" \/>\n\t\t<script type=\"application\/ld+json\" class=\"aioseo-schema\">\n\t\t\t{\"@context\":\"https:\\\/\\\/schema.org\",\"@graph\":[{\"@type\":\"BreadcrumbList\",\"@id\":\"http:\\\/\\\/www.alt-edic.eu\\\/hu\\\/what-is-an-edic\\\/#breadcrumblist\",\"itemListElement\":[{\"@type\":\"ListItem\",\"@id\":\"http:\\\/\\\/www.alt-edic.eu\\\/hu#listItem\",\"position\":1,\"name\":\"Home\",\"item\":\"http:\\\/\\\/www.alt-edic.eu\\\/hu\",\"nextItem\":{\"@type\":\"ListItem\",\"@id\":\"http:\\\/\\\/www.alt-edic.eu\\\/hu\\\/what-is-an-edic\\\/#listItem\",\"name\":\"What is an EDIC\"}},{\"@type\":\"ListItem\",\"@id\":\"http:\\\/\\\/www.alt-edic.eu\\\/hu\\\/what-is-an-edic\\\/#listItem\",\"position\":2,\"name\":\"What is an EDIC\",\"previousItem\":{\"@type\":\"ListItem\",\"@id\":\"http:\\\/\\\/www.alt-edic.eu\\\/hu#listItem\",\"name\":\"Home\"}}]},{\"@type\":\"Organization\",\"@id\":\"http:\\\/\\\/www.alt-edic.eu\\\/hu\\\/#organization\",\"name\":\"ALT-EDIC Alliance for Language Technologies (ALT-EDIC)\",\"description\":\"Alliance for Language Technologies EDIC The Alliance for Language Technologies (ALT-EDIC) is a European Digital Infrastructure Consortium supporting the development of Language Technologies. It will promote excellence in language technologies and contribute to the preservation of Europe\\u2019s linguistic diversity and cultural richness.\",\"url\":\"http:\\\/\\\/www.alt-edic.eu\\\/hu\\\/\",\"email\":\"contact@alt-edic.eu\",\"telephone\":\"+33364924355\",\"foundingDate\":\"2024-02-01\",\"numberOfEmployees\":{\"@type\":\"QuantitativeValue\",\"minValue\":0,\"maxValue\":15},\"logo\":{\"@type\":\"ImageObject\",\"url\":\"https:\\\/\\\/www.alt-edic.eu\\\/wp-content\\\/uploads\\\/2024\\\/09\\\/logo_alt-edic_blue_on_white.png\",\"@id\":\"http:\\\/\\\/www.alt-edic.eu\\\/hu\\\/what-is-an-edic\\\/#organizationLogo\",\"width\":2779,\"height\":541,\"caption\":\"Logo Alt-Edic Blue\"},\"image\":{\"@id\":\"http:\\\/\\\/www.alt-edic.eu\\\/hu\\\/what-is-an-edic\\\/#organizationLogo\"},\"sameAs\":[\"https:\\\/\\\/www.linkedin.com\\\/company\\\/alt-edic\\\/\"]},{\"@type\":\"WebPage\",\"@id\":\"http:\\\/\\\/www.alt-edic.eu\\\/hu\\\/what-is-an-edic\\\/#webpage\",\"url\":\"http:\\\/\\\/www.alt-edic.eu\\\/hu\\\/what-is-an-edic\\\/\",\"name\":\"What is an EDIC \\u2013 ALT-EDIC\",\"description\":\"European Digital Infrastructure Consortia (EDICs) are a new implementation mechanism for multi-country projects, first introduced in Decision (EU) 2022\\\/2481 of the European Parliament and of the Council of 14 December 2022 establishing the Digital Decade Policy Programme 2030\",\"inLanguage\":\"hu-HU\",\"isPartOf\":{\"@id\":\"http:\\\/\\\/www.alt-edic.eu\\\/hu\\\/#website\"},\"breadcrumb\":{\"@id\":\"http:\\\/\\\/www.alt-edic.eu\\\/hu\\\/what-is-an-edic\\\/#breadcrumblist\"},\"datePublished\":\"2024-08-19T14:45:10+01:00\",\"dateModified\":\"2024-12-13T10:43:51+01:00\"},{\"@type\":\"WebSite\",\"@id\":\"http:\\\/\\\/www.alt-edic.eu\\\/hu\\\/#website\",\"url\":\"http:\\\/\\\/www.alt-edic.eu\\\/hu\\\/\",\"name\":\"ALT-EDIC Alliance for Language Technologies\",\"alternateName\":\"ALT-EDIC\",\"description\":\"Alliance for Language Technologies EDIC\",\"inLanguage\":\"hu-HU\",\"publisher\":{\"@id\":\"http:\\\/\\\/www.alt-edic.eu\\\/hu\\\/#organization\"}}]}\n\t\t<\/script>\n\t\t<!-- All in One SEO -->\n\n","aioseo_head_json":{"title":"What is an EDIC \u2013 ALT-EDIC","description":"European Digital Infrastructure Consortia (EDICs) are a new implementation mechanism for multi-country projects, first introduced in Decision (EU) 2022\/2481 of the European Parliament and of the Council of 14 December 2022 establishing the Digital Decade Policy Programme 2030","canonical_url":"http:\/\/www.alt-edic.eu\/hu\/what-is-an-edic\/","robots":"max-image-preview:large","keywords":"","webmasterTools":{"miscellaneous":""},"schema":{"@context":"https:\/\/schema.org","@graph":[{"@type":"BreadcrumbList","@id":"http:\/\/www.alt-edic.eu\/hu\/what-is-an-edic\/#breadcrumblist","itemListElement":[{"@type":"ListItem","@id":"http:\/\/www.alt-edic.eu\/hu#listItem","position":1,"name":"Home","item":"http:\/\/www.alt-edic.eu\/hu","nextItem":{"@type":"ListItem","@id":"http:\/\/www.alt-edic.eu\/hu\/what-is-an-edic\/#listItem","name":"What is an EDIC"}},{"@type":"ListItem","@id":"http:\/\/www.alt-edic.eu\/hu\/what-is-an-edic\/#listItem","position":2,"name":"What is an EDIC","previousItem":{"@type":"ListItem","@id":"http:\/\/www.alt-edic.eu\/hu#listItem","name":"Home"}}]},{"@type":"Organization","@id":"http:\/\/www.alt-edic.eu\/hu\/#organization","name":"ALT-EDIC Alliance for Language Technologies (ALT-EDIC)","description":"Alliance for Language Technologies EDIC The Alliance for Language Technologies (ALT-EDIC) is a European Digital Infrastructure Consortium supporting the development of Language Technologies. It will promote excellence in language technologies and contribute to the preservation of Europe\u2019s linguistic diversity and cultural richness.","url":"http:\/\/www.alt-edic.eu\/hu\/","email":"contact@alt-edic.eu","telephone":"+33364924355","foundingDate":"2024-02-01","numberOfEmployees":{"@type":"QuantitativeValue","minValue":0,"maxValue":15},"logo":{"@type":"ImageObject","url":"https:\/\/www.alt-edic.eu\/wp-content\/uploads\/2024\/09\/logo_alt-edic_blue_on_white.png","@id":"http:\/\/www.alt-edic.eu\/hu\/what-is-an-edic\/#organizationLogo","width":2779,"height":541,"caption":"Logo Alt-Edic Blue"},"image":{"@id":"http:\/\/www.alt-edic.eu\/hu\/what-is-an-edic\/#organizationLogo"},"sameAs":["https:\/\/www.linkedin.com\/company\/alt-edic\/"]},{"@type":"WebPage","@id":"http:\/\/www.alt-edic.eu\/hu\/what-is-an-edic\/#webpage","url":"http:\/\/www.alt-edic.eu\/hu\/what-is-an-edic\/","name":"What is an EDIC \u2013 ALT-EDIC","description":"European Digital Infrastructure Consortia (EDICs) are a new implementation mechanism for multi-country projects, first introduced in Decision (EU) 2022\/2481 of the European Parliament and of the Council of 14 December 2022 establishing the Digital Decade Policy Programme 2030","inLanguage":"hu-HU","isPartOf":{"@id":"http:\/\/www.alt-edic.eu\/hu\/#website"},"breadcrumb":{"@id":"http:\/\/www.alt-edic.eu\/hu\/what-is-an-edic\/#breadcrumblist"},"datePublished":"2024-08-19T14:45:10+01:00","dateModified":"2024-12-13T10:43:51+01:00"},{"@type":"WebSite","@id":"http:\/\/www.alt-edic.eu\/hu\/#website","url":"http:\/\/www.alt-edic.eu\/hu\/","name":"ALT-EDIC Alliance for Language Technologies","alternateName":"ALT-EDIC","description":"Alliance for Language Technologies EDIC","inLanguage":"hu-HU","publisher":{"@id":"http:\/\/www.alt-edic.eu\/hu\/#organization"}}]},"og:locale":"hu_HU","og:site_name":"ALT-EDIC \u2013 Alliance for Language Technologies EDIC","og:type":"article","og:title":"What is an EDIC \u2013 ALT-EDIC","og:description":"European Digital Infrastructure Consortia (EDICs) are a new implementation mechanism for multi-country projects, first introduced in Decision (EU) 2022\/2481 of the European Parliament and of the Council of 14 December 2022 establishing the Digital Decade Policy Programme 2030","og:url":"http:\/\/www.alt-edic.eu\/hu\/what-is-an-edic\/","article:published_time":"2024-08-19T14:45:10+00:00","article:modified_time":"2024-12-13T09:43:51+00:00","twitter:card":"summary_large_image","twitter:title":"What is an EDIC \u2013 ALT-EDIC","twitter:description":"European Digital Infrastructure Consortia (EDICs) are a new implementation mechanism for multi-country projects, first introduced in Decision (EU) 2022\/2481 of the European Parliament and of the Council of 14 December 2022 establishing the Digital Decade Policy Programme 2030"},"aioseo_meta_data":{"post_id":"8760","title":null,"description":"European Digital Infrastructure Consortia (EDICs) are a new implementation mechanism for multi-country projects, first introduced in Decision (EU) 2022\/2481 of the European Parliament and of the Council of 14 December 2022 establishing the Digital Decade Policy Programme 2030","keywords":null,"keyphrases":{"focus":{"keyphrase":"","score":0,"analysis":{"keyphraseInTitle":{"score":0,"maxScore":9,"error":1}}},"additional":[]},"primary_term":null,"canonical_url":null,"og_title":null,"og_description":null,"og_object_type":"default","og_image_type":"default","og_image_url":null,"og_image_width":null,"og_image_height":null,"og_image_custom_url":null,"og_image_custom_fields":null,"og_video":"","og_custom_url":null,"og_article_section":null,"og_article_tags":null,"twitter_use_og":false,"twitter_card":"default","twitter_image_type":"default","twitter_image_url":null,"twitter_image_custom_url":null,"twitter_image_custom_fields":null,"twitter_title":null,"twitter_description":null,"schema":{"blockGraphs":[],"customGraphs":[],"default":{"data":{"Article":[],"Course":[],"Dataset":[],"FAQPage":[],"Movie":[],"Person":[],"Product":[],"ProductReview":[],"Car":[],"Recipe":[],"Service":[],"SoftwareApplication":[],"WebPage":[]},"graphName":"WebPage","isEnabled":true},"graphs":[]},"schema_type":"default","schema_type_options":null,"pillar_content":false,"robots_default":true,"robots_noindex":false,"robots_noarchive":false,"robots_nosnippet":false,"robots_nofollow":false,"robots_noimageindex":false,"robots_noodp":false,"robots_notranslate":false,"robots_max_snippet":"-1","robots_max_videopreview":"-1","robots_max_imagepreview":"large","priority":null,"frequency":"default","local_seo":null,"breadcrumb_settings":null,"limit_modified_date":false,"ai":null,"created":"2024-08-19 14:43:56","updated":"2025-06-10 20:36:12","seo_analyzer_scan_date":null,"focus_keyword":null,"additional_keywords":null,"truseo_locale":null},"aioseo_breadcrumb":"<div class=\"aioseo-breadcrumbs\"><span class=\"aioseo-breadcrumb\">\n\t\t\t<a href=\"http:\/\/www.alt-edic.eu\/hu\" title=\"Home\">Home<\/a>\n\t\t<\/span><span class=\"aioseo-breadcrumb-separator\">\/<\/span><span class=\"aioseo-breadcrumb\">\n\t\t\tWhat is an EDIC\n\t\t<\/span><\/div>","aioseo_breadcrumb_json":[{"label":"Home","link":"http:\/\/www.alt-edic.eu\/hu"},{"label":"What is an EDIC","link":"http:\/\/www.alt-edic.eu\/hu\/what-is-an-edic\/"}],"_links":{"self":[{"href":"http:\/\/www.alt-edic.eu\/hu\/wp-json\/wp\/v2\/pages\/8760","targetHints":{"allow":["GET"]}}],"collection":[{"href":"http:\/\/www.alt-edic.eu\/hu\/wp-json\/wp\/v2\/pages"}],"about":[{"href":"http:\/\/www.alt-edic.eu\/hu\/wp-json\/wp\/v2\/types\/page"}],"author":[{"embeddable":true,"href":"http:\/\/www.alt-edic.eu\/hu\/wp-json\/wp\/v2\/users\/1"}],"replies":[{"embeddable":true,"href":"http:\/\/www.alt-edic.eu\/hu\/wp-json\/wp\/v2\/comments?post=8760"}],"version-history":[{"count":0,"href":"http:\/\/www.alt-edic.eu\/hu\/wp-json\/wp\/v2\/pages\/8760\/revisions"}],"wp:attachment":[{"href":"http:\/\/www.alt-edic.eu\/hu\/wp-json\/wp\/v2\/media?parent=8760"}],"curies":[{"name":"wp","href":"https:\/\/api.w.org\/{rel}","templated":true}]}}