{"id":8760,"date":"2024-08-19T14:45:10","date_gmt":"2024-08-19T14:45:10","guid":{"rendered":"https:\/\/alt-edic.eu\/?page_id=8760"},"modified":"2024-12-13T10:43:51","modified_gmt":"2024-12-13T09:43:51","slug":"what-is-an-edic","status":"publish","type":"page","link":"http:\/\/www.alt-edic.eu\/ga\/what-is-an-edic\/","title":{"rendered":"<p>Cad is EDIC ann<\/p>"},"content":{"rendered":"<div data-elementor-type=\"wp-page\" data-elementor-id=\"8760\" class=\"elementor elementor-8760\" data-elementor-post-type=\"page\">\n\t\t\t\t\t\t<section class=\"elementor-section elementor-top-section elementor-element elementor-element-6ce15b86 elementor-section-stretched elementor-section-boxed elementor-section-height-default elementor-section-height-default\" data-id=\"6ce15b86\" data-element_type=\"section\" data-e-type=\"section\" data-settings='{\"stretch_section\":\"section-stretched\",\"background_background\":\"gradient\"}'>\n\t\t\t\t\t\t<div class=\"elementor-container elementor-column-gap-extended\">\n\t\t\t\t\t<div class=\"elementor-column elementor-col-50 elementor-top-column elementor-element elementor-element-2b0ff17f\" data-id=\"2b0ff17f\" data-element_type=\"column\" data-e-type=\"column\">\n\t\t\t<div class=\"elementor-widget-wrap elementor-element-populated\">\n\t\t\t\t\t\t<div class=\"elementor-element elementor-element-7dfb564d elementor-widget elementor-widget-heading\" data-id=\"7dfb564d\" data-element_type=\"widget\" data-e-type=\"widget\" data-widget_type=\"heading.default\">\n\t\t\t\t<div class=\"elementor-widget-container\">\n\t\t\t\t\t<h1 class=\"elementor-heading-title elementor-size-default\">Cad is EDIC ann?<\/h1>\t\t\t\t<\/div>\n\t\t\t\t<\/div>\n\t\t\t\t<div class=\"elementor-element elementor-element-49ebb3c5 elementor-widget elementor-widget-text-editor\" data-id=\"49ebb3c5\" data-element_type=\"widget\" data-e-type=\"widget\" data-widget_type=\"text-editor.default\">\n\t\t\t\t<div class=\"elementor-widget-container\">\n\t\t\t\t\t\t\t\t\t<div class=\"elementor-element elementor-element-e277c6 elementor-widget__width-initial elementor-widget elementor-widget-text-editor\" data-id=\"e277c6\" data-element_type=\"widget\" data-widget_type=\"text-editor.default\"><div class=\"elementor-widget-container\"><p>Is cine\u00e1l strucht\u00fair dhl\u00edthi\u00fail \u00e9 Cuibhreannas don Bhonneagar Digiteach Eorpach (EDIC) a crutha\u00edodh faoi Chl\u00e1r Beartais 2030 don Deac\u00e1id Dhigiteach chun \u00e9 a chur ar a gcumas do Bhallst\u00e1it an Aontais acmhainn\u00ed a chomhthioms\u00fa ar bhealach \u00e9ifeacht\u00fail chun bonneagar digiteach comhph\u00e1irteach a chur chun feidhme.<\/p><\/div><\/div>\t\t\t\t\t\t\t\t<\/div>\n\t\t\t\t<\/div>\n\t\t\t\t\t<\/div>\n\t\t<\/div>\n\t\t\t\t<div class=\"elementor-column elementor-col-50 elementor-top-column elementor-element elementor-element-610ca725 elementor-hidden-tablet elementor-hidden-phone\" data-id=\"610ca725\" data-element_type=\"column\" data-e-type=\"column\">\n\t\t\t<div class=\"elementor-widget-wrap\">\n\t\t\t\t\t\t\t<\/div>\n\t\t<\/div>\n\t\t\t\t\t<\/div>\n\t\t<\/section>\n\t\t\t\t<section class=\"elementor-section elementor-top-section elementor-element elementor-element-1b631d26 elementor-section-stretched elementor-section-boxed elementor-section-height-default elementor-section-height-default\" data-id=\"1b631d26\" data-element_type=\"section\" data-e-type=\"section\" data-settings='{\"stretch_section\":\"section-stretched\"}'>\n\t\t\t\t\t\t<div class=\"elementor-container elementor-column-gap-extended\">\n\t\t\t\t\t<div class=\"elementor-column elementor-col-50 elementor-top-column elementor-element elementor-element-51bbcc16 elementor-invisible\" data-id=\"51bbcc16\" data-element_type=\"column\" data-e-type=\"column\" data-settings='{\"animation\":\"slide-left\",\"animation_delay\":200}'>\n\t\t\t<div class=\"elementor-widget-wrap elementor-element-populated\">\n\t\t\t\t\t\t<div class=\"elementor-element elementor-element-5669fbcf elementor-widget elementor-widget-text-editor\" data-id=\"5669fbcf\" data-element_type=\"widget\" data-e-type=\"widget\" data-widget_type=\"text-editor.default\">\n\t\t\t\t<div class=\"elementor-widget-container\">\n\t\t\t\t\t\t\t\t\t<p><span style=\"text-decoration: underline;\"><a href=\"https:\/\/digital-strategy.ec.europa.eu\/en\/policies\/edic\">Cuibhreannais don Bhonneagar Digiteach Eorpach (EDICanna)<\/a><\/span> tugadh isteach iad faoin <span style=\"text-decoration: underline;\"><a href=\"https:\/\/eur-lex.europa.eu\/eli\/dec\/2022\/2481\/oj\">Cinneadh (AE) 2022\/2481 \u00f3 Pharlaimint na hEorpa agus \u00f3n gComhairle an 14 Nollaig 2022<\/a><\/span> lena mbuna\u00edtear <span style=\"text-decoration: underline;\"><a href=\"https:\/\/digital-strategy.ec.europa.eu\/en\/library\/digital-decade-policy-programme-2030\">Cl\u00e1r Beartais 2030 don Deac\u00e1id Dhigiteach<\/a><\/span>.<\/p><p>Is \u00e9 pr\u00edomhchusp\u00f3ir EDICanna creat dl\u00edthi\u00fail a chur ar f\u00e1il chun infheist\u00edocht a dh\u00e9anamh i dtionscadail iln\u00e1isi\u00fanta nach f\u00e9idir le Ballst\u00e1it aonair iad a chur ar bun go h\u00e9ifeachtach, i bhfianaise a sc\u00e1la. D\u00e1 bhr\u00ed sin, \u00e9asca\u00edonn EDICanna comhord\u00fa cisti\u00fach\u00e1in, agus cumasa\u00edonn siad bun\u00fa tapa agus cur chun feidhme sol\u00fabtha tionscadal iln\u00e1isi\u00fanta chun dreasachta\u00ed a chruth\u00fa do na Ballst\u00e1it, agus caighde\u00e1in choiteanna agus idir-inoibritheacht \u00e1 n-\u00e1irithi\u00fa ag an am c\u00e9anna.<\/p><p>Ina theannta sin, rannchuid\u00edonn EDICanna leis an m\u00e9id seo a leanas:<\/p>\t\t\t\t\t\t\t\t<\/div>\n\t\t\t\t<\/div>\n\t\t\t\t<div class=\"elementor-element elementor-element-77c7f869 elementor-widget elementor-widget-text-editor\" data-id=\"77c7f869\" data-element_type=\"widget\" data-e-type=\"widget\" data-widget_type=\"text-editor.default\">\n\t\t\t\t<div class=\"elementor-widget-container\">\n\t\t\t\t\t\t\t\t\t<ul><li>barr feabhais teicneola\u00edochta, ceannaireacht, nu\u00e1la\u00edocht agus ioma\u00edochas na hEorpa i dteicneola\u00edochta\u00ed critici\u00fala a threisi\u00fa;<\/li><li>aghaidh a thabhairt ar sple\u00e1chais strait\u00e9iseacha an Aontais feadh na slabhra\u00ed sol\u00e1thair digiteacha agus iad a r\u00e9iteach;<\/li><li>infhaighteacht r\u00e9iteach digiteach s\u00e1bh\u00e1ilte a mh\u00e9ad\u00fa agus a n-\u00fas\u00e1id a chur chun cinn;<\/li><li>claochl\u00fa digiteach cuimsitheach agus inbhuanaithe an gheilleagair agus na socha\u00ed a spreagadh;<\/li><li>scileanna digiteacha do shaor\u00e1naigh a chur chun cinn, rannph\u00e1irt\u00edocht at\u00e1 cothrom \u00f3 thaobh inscne de a choth\u00fa san oideachas agus i ndeiseanna gairme.<\/li><\/ul>\t\t\t\t\t\t\t\t<\/div>\n\t\t\t\t<\/div>\n\t\t\t\t<div class=\"elementor-element elementor-element-ee8d3e2 elementor-widget elementor-widget-text-editor\" data-id=\"ee8d3e2\" data-element_type=\"widget\" data-e-type=\"widget\" data-widget_type=\"text-editor.default\">\n\t\t\t\t<div class=\"elementor-widget-container\">\n\t\t\t\t\t\t\t\t\t<p>T\u00e1 tuilleadh eolais faoi EDICanna ar f\u00e1il <a href=\"https:\/\/digital-strategy.ec.europa.eu\/en\/policies\/edic\">anseo<\/a>.<\/p><p>Is EDIC \u00e9 ALT-EDIC at\u00e1 tiomnaithe do theicneola\u00edochta\u00ed teanga. Cumasa\u00edonn s\u00e9 comhthioms\u00fa acmhainn\u00ed a theasta\u00edonn chun M\u00fanla\u00ed M\u00f3ra Teanga a fhorbairt ar bhealach n\u00edos \u00e9ifeachta\u00ed n\u00e1 mar a d\u2019fh\u00e9adfadh aon bhallst\u00e1t a dh\u00e9anamh ina aonar.<\/p>\t\t\t\t\t\t\t\t<\/div>\n\t\t\t\t<\/div>\n\t\t\t\t\t<\/div>\n\t\t<\/div>\n\t\t\t\t<div class=\"elementor-column elementor-col-50 elementor-top-column elementor-element elementor-element-df98f7c elementor-invisible\" data-id=\"df98f7c\" data-element_type=\"column\" data-e-type=\"column\" data-settings='{\"animation\":\"slide-left\",\"animation_delay\":200}'>\n\t\t\t<div class=\"elementor-widget-wrap elementor-element-populated\">\n\t\t\t\t\t\t<div class=\"elementor-element elementor-element-5ed9a92 elementor-widget elementor-widget-image\" data-id=\"5ed9a92\" data-element_type=\"widget\" data-e-type=\"widget\" data-widget_type=\"image.default\">\n\t\t\t\t<div class=\"elementor-widget-container\">\n\t\t\t\t\t\t\t\t\t\t\t\t\t\t\t<img fetchpriority=\"high\" decoding=\"async\" width=\"660\" height=\"371\" src=\"https:\/\/www.alt-edic.eu\/wp-content\/uploads\/2024\/10\/what-is-an-edic-1024x576.jpg\" class=\"attachment-large size-large wp-image-9172\" alt=\"Bratach na hEorpa agus Edic uirthi\" srcset=\"https:\/\/www.alt-edic.eu\/wp-content\/uploads\/2024\/10\/what-is-an-edic-1024x576.jpg 1024w, https:\/\/www.alt-edic.eu\/wp-content\/uploads\/2024\/10\/what-is-an-edic-300x169.jpg 300w, https:\/\/www.alt-edic.eu\/wp-content\/uploads\/2024\/10\/what-is-an-edic-768x432.jpg 768w, https:\/\/www.alt-edic.eu\/wp-content\/uploads\/2024\/10\/what-is-an-edic-1536x864.jpg 1536w, https:\/\/www.alt-edic.eu\/wp-content\/uploads\/2024\/10\/what-is-an-edic-18x10.jpg 18w, https:\/\/www.alt-edic.eu\/wp-content\/uploads\/2024\/10\/what-is-an-edic.jpg 1920w\" sizes=\"(max-width: 660px) 100vw, 660px\">\t\t\t\t\t\t\t\t\t\t\t\t\t\t\t<\/div>\n\t\t\t\t<\/div>\n\t\t\t\t\t<\/div>\n\t\t<\/div>\n\t\t\t\t\t<\/div>\n\t\t<\/section>\n\t\t\t\t<\/div>","protected":false},"excerpt":{"rendered":"<p>Cad is EDIC ann? Is cine\u00e1l strucht\u00fair dhl\u00edthi\u00fail \u00e9 Cuibhreannas don Bhonneagar Digiteach Eorpach (EDIC) a crutha\u00edodh faoi Chl\u00e1r Beartais 2030 don Deac\u00e1id Dhigiteach chun \u00e9 a chur ar a gcumas do Bhallst\u00e1it an Aontais acmhainn\u00ed a chomhthioms\u00fa ar bhealach \u00e9ifeacht\u00fail chun bonneagar digiteach comhph\u00e1irteach a chur chun feidhme. [1] Tugadh Cuibhreannais don Bhonneagar Digiteach Eorpach (EDICanna) isteach faoi Chinneadh (AE) 2022\/2481 \u00f3n [\u2026]<\/p>","protected":false},"author":1,"featured_media":0,"parent":0,"menu_order":0,"comment_status":"closed","ping_status":"closed","template":"","meta":{"footnotes":""},"class_list":["post-8760","page","type-page","status-publish","hentry"],"aioseo_notices":[],"aioseo_head":"\n\t\t<!-- All in One SEO 5.0.0.1 - aioseo.com -->\n\t<meta name=\"description\" content=\"European Digital Infrastructure Consortia (EDICs) are a new implementation mechanism for multi-country projects, first introduced in Decision (EU) 2022\/2481 of the European Parliament and of the Council of 14 December 2022 establishing the Digital Decade Policy Programme 2030\" \/>\n\t<meta name=\"robots\" content=\"max-image-preview:large\" \/>\n\t<link rel=\"canonical\" href=\"http:\/\/www.alt-edic.eu\/ga\/what-is-an-edic\/\" \/>\n\t<meta name=\"generator\" content=\"All in One SEO (AIOSEO) 5.0.0.1\" \/>\n\t\t<meta property=\"og:locale\" content=\"ga_IE\" \/>\n\t\t<meta property=\"og:site_name\" content=\"ALT-EDIC \u2013 Alliance for Language Technologies EDIC\" \/>\n\t\t<meta property=\"og:type\" content=\"article\" \/>\n\t\t<meta property=\"og:title\" content=\"What is an EDIC \u2013 ALT-EDIC\" \/>\n\t\t<meta property=\"og:description\" content=\"European Digital Infrastructure Consortia (EDICs) are a new implementation mechanism for multi-country projects, first introduced in Decision (EU) 2022\/2481 of the European Parliament and of the Council of 14 December 2022 establishing the Digital Decade Policy Programme 2030\" \/>\n\t\t<meta property=\"og:url\" content=\"http:\/\/www.alt-edic.eu\/ga\/what-is-an-edic\/\" \/>\n\t\t<meta property=\"article:published_time\" content=\"2024-08-19T14:45:10+00:00\" \/>\n\t\t<meta property=\"article:modified_time\" content=\"2024-12-13T09:43:51+00:00\" \/>\n\t\t<meta name=\"twitter:card\" content=\"summary_large_image\" \/>\n\t\t<meta name=\"twitter:title\" content=\"What is an EDIC \u2013 ALT-EDIC\" \/>\n\t\t<meta name=\"twitter:description\" content=\"European Digital Infrastructure Consortia (EDICs) are a new implementation mechanism for multi-country projects, first introduced in Decision (EU) 2022\/2481 of the European Parliament and of the Council of 14 December 2022 establishing the Digital Decade Policy Programme 2030\" \/>\n\t\t<script type=\"application\/ld+json\" class=\"aioseo-schema\">\n\t\t\t{\"@context\":\"https:\\\/\\\/schema.org\",\"@graph\":[{\"@type\":\"BreadcrumbList\",\"@id\":\"http:\\\/\\\/www.alt-edic.eu\\\/ga\\\/what-is-an-edic\\\/#breadcrumblist\",\"itemListElement\":[{\"@type\":\"ListItem\",\"@id\":\"http:\\\/\\\/www.alt-edic.eu\\\/ga#listItem\",\"position\":1,\"name\":\"Home\",\"item\":\"http:\\\/\\\/www.alt-edic.eu\\\/ga\",\"nextItem\":{\"@type\":\"ListItem\",\"@id\":\"http:\\\/\\\/www.alt-edic.eu\\\/ga\\\/what-is-an-edic\\\/#listItem\",\"name\":\"What is an EDIC\"}},{\"@type\":\"ListItem\",\"@id\":\"http:\\\/\\\/www.alt-edic.eu\\\/ga\\\/what-is-an-edic\\\/#listItem\",\"position\":2,\"name\":\"What is an EDIC\",\"previousItem\":{\"@type\":\"ListItem\",\"@id\":\"http:\\\/\\\/www.alt-edic.eu\\\/ga#listItem\",\"name\":\"Home\"}}]},{\"@type\":\"Organization\",\"@id\":\"http:\\\/\\\/www.alt-edic.eu\\\/ga\\\/#organization\",\"name\":\"ALT-EDIC Alliance for Language Technologies (ALT-EDIC)\",\"description\":\"Alliance for Language Technologies EDIC The Alliance for Language Technologies (ALT-EDIC) is a European Digital Infrastructure Consortium supporting the development of Language Technologies. It will promote excellence in language technologies and contribute to the preservation of Europe\\u2019s linguistic diversity and cultural richness.\",\"url\":\"http:\\\/\\\/www.alt-edic.eu\\\/ga\\\/\",\"email\":\"contact@alt-edic.eu\",\"telephone\":\"+33364924355\",\"foundingDate\":\"2024-02-01\",\"numberOfEmployees\":{\"@type\":\"QuantitativeValue\",\"minValue\":0,\"maxValue\":15},\"logo\":{\"@type\":\"ImageObject\",\"url\":\"https:\\\/\\\/www.alt-edic.eu\\\/wp-content\\\/uploads\\\/2024\\\/09\\\/logo_alt-edic_blue_on_white.png\",\"@id\":\"http:\\\/\\\/www.alt-edic.eu\\\/ga\\\/what-is-an-edic\\\/#organizationLogo\",\"width\":2779,\"height\":541,\"caption\":\"Logo Alt-Edic Blue\"},\"image\":{\"@id\":\"http:\\\/\\\/www.alt-edic.eu\\\/ga\\\/what-is-an-edic\\\/#organizationLogo\"},\"sameAs\":[\"https:\\\/\\\/www.linkedin.com\\\/company\\\/alt-edic\\\/\"]},{\"@type\":\"WebPage\",\"@id\":\"http:\\\/\\\/www.alt-edic.eu\\\/ga\\\/what-is-an-edic\\\/#webpage\",\"url\":\"http:\\\/\\\/www.alt-edic.eu\\\/ga\\\/what-is-an-edic\\\/\",\"name\":\"What is an EDIC \\u2013 ALT-EDIC\",\"description\":\"European Digital Infrastructure Consortia (EDICs) are a new implementation mechanism for multi-country projects, first introduced in Decision (EU) 2022\\\/2481 of the European Parliament and of the Council of 14 December 2022 establishing the Digital Decade Policy Programme 2030\",\"inLanguage\":\"ga-IE\",\"isPartOf\":{\"@id\":\"http:\\\/\\\/www.alt-edic.eu\\\/ga\\\/#website\"},\"breadcrumb\":{\"@id\":\"http:\\\/\\\/www.alt-edic.eu\\\/ga\\\/what-is-an-edic\\\/#breadcrumblist\"},\"datePublished\":\"2024-08-19T14:45:10+01:00\",\"dateModified\":\"2024-12-13T10:43:51+01:00\"},{\"@type\":\"WebSite\",\"@id\":\"http:\\\/\\\/www.alt-edic.eu\\\/ga\\\/#website\",\"url\":\"http:\\\/\\\/www.alt-edic.eu\\\/ga\\\/\",\"name\":\"ALT-EDIC Alliance for Language Technologies\",\"alternateName\":\"ALT-EDIC\",\"description\":\"Alliance for Language Technologies EDIC\",\"inLanguage\":\"ga-IE\",\"publisher\":{\"@id\":\"http:\\\/\\\/www.alt-edic.eu\\\/ga\\\/#organization\"}}]}\n\t\t<\/script>\n\t\t<!-- All in One SEO -->\n\n","aioseo_head_json":{"title":"What is an EDIC \u2013 ALT-EDIC","description":"European Digital Infrastructure Consortia (EDICs) are a new implementation mechanism for multi-country projects, first introduced in Decision (EU) 2022\/2481 of the European Parliament and of the Council of 14 December 2022 establishing the Digital Decade Policy Programme 2030","canonical_url":"http:\/\/www.alt-edic.eu\/ga\/what-is-an-edic\/","robots":"max-image-preview:large","keywords":"","webmasterTools":{"miscellaneous":""},"schema":{"@context":"https:\/\/schema.org","@graph":[{"@type":"BreadcrumbList","@id":"http:\/\/www.alt-edic.eu\/ga\/what-is-an-edic\/#breadcrumblist","itemListElement":[{"@type":"ListItem","@id":"http:\/\/www.alt-edic.eu\/ga#listItem","position":1,"name":"Home","item":"http:\/\/www.alt-edic.eu\/ga","nextItem":{"@type":"ListItem","@id":"http:\/\/www.alt-edic.eu\/ga\/what-is-an-edic\/#listItem","name":"What is an EDIC"}},{"@type":"ListItem","@id":"http:\/\/www.alt-edic.eu\/ga\/what-is-an-edic\/#listItem","position":2,"name":"What is an EDIC","previousItem":{"@type":"ListItem","@id":"http:\/\/www.alt-edic.eu\/ga#listItem","name":"Home"}}]},{"@type":"Organization","@id":"http:\/\/www.alt-edic.eu\/ga\/#organization","name":"ALT-EDIC Alliance for Language Technologies (ALT-EDIC)","description":"Alliance for Language Technologies EDIC The Alliance for Language Technologies (ALT-EDIC) is a European Digital Infrastructure Consortium supporting the development of Language Technologies. It will promote excellence in language technologies and contribute to the preservation of Europe\u2019s linguistic diversity and cultural richness.","url":"http:\/\/www.alt-edic.eu\/ga\/","email":"contact@alt-edic.eu","telephone":"+33364924355","foundingDate":"2024-02-01","numberOfEmployees":{"@type":"QuantitativeValue","minValue":0,"maxValue":15},"logo":{"@type":"ImageObject","url":"https:\/\/www.alt-edic.eu\/wp-content\/uploads\/2024\/09\/logo_alt-edic_blue_on_white.png","@id":"http:\/\/www.alt-edic.eu\/ga\/what-is-an-edic\/#organizationLogo","width":2779,"height":541,"caption":"Logo Alt-Edic Blue"},"image":{"@id":"http:\/\/www.alt-edic.eu\/ga\/what-is-an-edic\/#organizationLogo"},"sameAs":["https:\/\/www.linkedin.com\/company\/alt-edic\/"]},{"@type":"WebPage","@id":"http:\/\/www.alt-edic.eu\/ga\/what-is-an-edic\/#webpage","url":"http:\/\/www.alt-edic.eu\/ga\/what-is-an-edic\/","name":"What is an EDIC \u2013 ALT-EDIC","description":"European Digital Infrastructure Consortia (EDICs) are a new implementation mechanism for multi-country projects, first introduced in Decision (EU) 2022\/2481 of the European Parliament and of the Council of 14 December 2022 establishing the Digital Decade Policy Programme 2030","inLanguage":"ga-IE","isPartOf":{"@id":"http:\/\/www.alt-edic.eu\/ga\/#website"},"breadcrumb":{"@id":"http:\/\/www.alt-edic.eu\/ga\/what-is-an-edic\/#breadcrumblist"},"datePublished":"2024-08-19T14:45:10+01:00","dateModified":"2024-12-13T10:43:51+01:00"},{"@type":"WebSite","@id":"http:\/\/www.alt-edic.eu\/ga\/#website","url":"http:\/\/www.alt-edic.eu\/ga\/","name":"ALT-EDIC Alliance for Language Technologies","alternateName":"ALT-EDIC","description":"Alliance for Language Technologies EDIC","inLanguage":"ga-IE","publisher":{"@id":"http:\/\/www.alt-edic.eu\/ga\/#organization"}}]},"og:locale":"ga_IE","og:site_name":"ALT-EDIC \u2013 Alliance for Language Technologies EDIC","og:type":"article","og:title":"What is an EDIC \u2013 ALT-EDIC","og:description":"European Digital Infrastructure Consortia (EDICs) are a new implementation mechanism for multi-country projects, first introduced in Decision (EU) 2022\/2481 of the European Parliament and of the Council of 14 December 2022 establishing the Digital Decade Policy Programme 2030","og:url":"http:\/\/www.alt-edic.eu\/ga\/what-is-an-edic\/","article:published_time":"2024-08-19T14:45:10+00:00","article:modified_time":"2024-12-13T09:43:51+00:00","twitter:card":"summary_large_image","twitter:title":"What is an EDIC \u2013 ALT-EDIC","twitter:description":"European Digital Infrastructure Consortia (EDICs) are a new implementation mechanism for multi-country projects, first introduced in Decision (EU) 2022\/2481 of the European Parliament and of the Council of 14 December 2022 establishing the Digital Decade Policy Programme 2030"},"aioseo_meta_data":{"post_id":"8760","title":null,"description":"European Digital Infrastructure Consortia (EDICs) are a new implementation mechanism for multi-country projects, first introduced in Decision (EU) 2022\/2481 of the European Parliament and of the Council of 14 December 2022 establishing the Digital Decade Policy Programme 2030","keywords":null,"keyphrases":{"focus":{"keyphrase":"","score":0,"analysis":{"keyphraseInTitle":{"score":0,"maxScore":9,"error":1}}},"additional":[]},"primary_term":null,"canonical_url":null,"og_title":null,"og_description":null,"og_object_type":"default","og_image_type":"default","og_image_url":null,"og_image_width":null,"og_image_height":null,"og_image_custom_url":null,"og_image_custom_fields":null,"og_video":"","og_custom_url":null,"og_article_section":null,"og_article_tags":null,"twitter_use_og":false,"twitter_card":"default","twitter_image_type":"default","twitter_image_url":null,"twitter_image_custom_url":null,"twitter_image_custom_fields":null,"twitter_title":null,"twitter_description":null,"schema":{"blockGraphs":[],"customGraphs":[],"default":{"data":{"Article":[],"Course":[],"Dataset":[],"FAQPage":[],"Movie":[],"Person":[],"Product":[],"ProductReview":[],"Car":[],"Recipe":[],"Service":[],"SoftwareApplication":[],"WebPage":[]},"graphName":"WebPage","isEnabled":true},"graphs":[]},"schema_type":"default","schema_type_options":null,"pillar_content":false,"robots_default":true,"robots_noindex":false,"robots_noarchive":false,"robots_nosnippet":false,"robots_nofollow":false,"robots_noimageindex":false,"robots_noodp":false,"robots_notranslate":false,"robots_max_snippet":"-1","robots_max_videopreview":"-1","robots_max_imagepreview":"large","priority":null,"frequency":"default","local_seo":null,"breadcrumb_settings":null,"limit_modified_date":false,"ai":null,"created":"2024-08-19 14:43:56","updated":"2025-06-10 20:36:12","seo_analyzer_scan_date":null,"focus_keyword":null,"additional_keywords":null,"truseo_locale":null},"aioseo_breadcrumb":"<div class=\"aioseo-breadcrumbs\"><span class=\"aioseo-breadcrumb\">\n\t\t\t<a href=\"http:\/\/www.alt-edic.eu\/ga\" title=\"Home\">Home<\/a>\n\t\t<\/span><span class=\"aioseo-breadcrumb-separator\">\/<\/span><span class=\"aioseo-breadcrumb\">\n\t\t\tWhat is an EDIC\n\t\t<\/span><\/div>","aioseo_breadcrumb_json":[{"label":"Home","link":"http:\/\/www.alt-edic.eu\/ga"},{"label":"What is an EDIC","link":"http:\/\/www.alt-edic.eu\/ga\/what-is-an-edic\/"}],"_links":{"self":[{"href":"http:\/\/www.alt-edic.eu\/ga\/wp-json\/wp\/v2\/pages\/8760","targetHints":{"allow":["GET"]}}],"collection":[{"href":"http:\/\/www.alt-edic.eu\/ga\/wp-json\/wp\/v2\/pages"}],"about":[{"href":"http:\/\/www.alt-edic.eu\/ga\/wp-json\/wp\/v2\/types\/page"}],"author":[{"embeddable":true,"href":"http:\/\/www.alt-edic.eu\/ga\/wp-json\/wp\/v2\/users\/1"}],"replies":[{"embeddable":true,"href":"http:\/\/www.alt-edic.eu\/ga\/wp-json\/wp\/v2\/comments?post=8760"}],"version-history":[{"count":0,"href":"http:\/\/www.alt-edic.eu\/ga\/wp-json\/wp\/v2\/pages\/8760\/revisions"}],"wp:attachment":[{"href":"http:\/\/www.alt-edic.eu\/ga\/wp-json\/wp\/v2\/media?parent=8760"}],"curies":[{"name":"wp","href":"https:\/\/api.w.org\/{rel}","templated":true}]}}