{"id":8944,"date":"2024-10-03T19:38:42","date_gmt":"2024-10-03T19:38:42","guid":{"rendered":"https:\/\/alt-edic.eu\/?page_id=8944"},"modified":"2026-07-31T16:48:52","modified_gmt":"2026-07-31T15:48:52","slug":"governance","status":"publish","type":"page","link":"http:\/\/www.alt-edic.eu\/da\/governance\/","title":{"rendered":"<p>Forvaltning<\/p>"},"content":{"rendered":"<div data-elementor-type=\"wp-page\" data-elementor-id=\"8944\" class=\"elementor elementor-8944\" data-elementor-post-type=\"page\">\n\t\t\t\t\t\t<section class=\"elementor-section elementor-top-section elementor-element elementor-element-83d6e06 elementor-section-stretched elementor-section-boxed elementor-section-height-default elementor-section-height-default\" data-id=\"83d6e06\" data-element_type=\"section\" data-e-type=\"section\" data-settings='{\"stretch_section\":\"section-stretched\",\"background_background\":\"gradient\"}'>\n\t\t\t\t\t\t<div class=\"elementor-container elementor-column-gap-extended\">\n\t\t\t\t\t<div class=\"elementor-column elementor-col-50 elementor-top-column elementor-element elementor-element-5ad19a07\" data-id=\"5ad19a07\" data-element_type=\"column\" data-e-type=\"column\">\n\t\t\t<div class=\"elementor-widget-wrap elementor-element-populated\">\n\t\t\t\t\t\t<div class=\"elementor-element elementor-element-17b6f034 elementor-widget elementor-widget-heading\" data-id=\"17b6f034\" data-element_type=\"widget\" data-e-type=\"widget\" data-widget_type=\"heading.default\">\n\t\t\t\t<div class=\"elementor-widget-container\">\n\t\t\t\t\t<h1 class=\"elementor-heading-title elementor-size-default\">Forvaltning<\/h1>\t\t\t\t<\/div>\n\t\t\t\t<\/div>\n\t\t\t\t<div class=\"elementor-element elementor-element-793ec4e6 elementor-widget elementor-widget-text-editor\" data-id=\"793ec4e6\" data-element_type=\"widget\" data-e-type=\"widget\" data-widget_type=\"text-editor.default\">\n\t\t\t\t<div class=\"elementor-widget-container\">\n\t\t\t\t\t\t\t\t\t<p>Alliancen for Sprogteknologier (ALT-EDIC) er en<span style=\"text-decoration: underline; color: #99ccff;\"> <a style=\"color: #99ccff; text-decoration: underline;\" href=\"https:\/\/digital-strategy.ec.europa.eu\/en\/policies\/edic\"><span style=\"color: #ffffff; text-decoration: underline;\">Konsortiet for en europ\u00e6isk digital infrastruktur<\/span><\/a><\/span>, en type retlig struktur, der er oprettet i henhold til <span style=\"text-decoration: underline; color: #ffffff;\"><span style=\"text-decoration: underline;\"><a style=\"color: #ffffff; text-decoration: underline;\" href=\"https:\/\/digital-strategy.ec.europa.eu\/en\/library\/digital-decade-policy-programme-2030\">Politikprogrammet for det digitale \u00e5rti 2030<\/a><\/span><\/span>. Den ledes af en forsamling af medlemmer, der best\u00e5r af medlemsstaterne i Den Europ\u00e6iske Union. <span style=\"color: #ffffff;\"><a style=\"color: #ffffff;\" href=\"https:\/\/eur-lex.europa.eu\/EN\/legal-content\/summary\/agreement-on-the-european-economic-area.html\"><span style=\"text-decoration: underline;\">Det Europ\u00e6iske \u00d8konomiske Samarbejdsomr\u00e5de (E\u00d8S)<\/span><\/a><\/span>&nbsp; og rapporterer til Europa-Kommissionen. <\/p>\t\t\t\t\t\t\t\t<\/div>\n\t\t\t\t<\/div>\n\t\t\t\t\t<\/div>\n\t\t<\/div>\n\t\t\t\t<div class=\"elementor-column elementor-col-50 elementor-top-column elementor-element elementor-element-75c15e62 elementor-hidden-tablet elementor-hidden-phone\" data-id=\"75c15e62\" data-element_type=\"column\" data-e-type=\"column\">\n\t\t\t<div class=\"elementor-widget-wrap\">\n\t\t\t\t\t\t\t<\/div>\n\t\t<\/div>\n\t\t\t\t\t<\/div>\n\t\t<\/section>\n\t\t\t\t<section class=\"elementor-section elementor-top-section elementor-element elementor-element-178c1fff elementor-section-stretched elementor-section-boxed elementor-section-height-default elementor-section-height-default\" data-id=\"178c1fff\" data-element_type=\"section\" data-e-type=\"section\" data-settings='{\"stretch_section\":\"section-stretched\"}'>\n\t\t\t\t\t\t<div class=\"elementor-container elementor-column-gap-extended\">\n\t\t\t\t\t<div class=\"elementor-column elementor-col-100 elementor-top-column elementor-element elementor-element-1c5552e\" data-id=\"1c5552e\" data-element_type=\"column\" data-e-type=\"column\">\n\t\t\t<div class=\"elementor-widget-wrap elementor-element-populated\">\n\t\t\t\t\t\t<div class=\"elementor-element elementor-element-4b36844 elementor-widget elementor-widget-text-editor\" data-id=\"4b36844\" data-element_type=\"widget\" data-e-type=\"widget\" data-widget_type=\"text-editor.default\">\n\t\t\t\t<div class=\"elementor-widget-container\">\n\t\t\t\t\t\t\t\t\t<h2>Beslutnings- og r\u00e5dgivningsorganer<\/h2><p class=\"translation-block\">Den <strong>Forsamlingen af medlemmer<\/strong> (AoM) er ALT-EDIC's styrende organ. Det v\u00e6lger blandt sine medlemmer en formand og en n\u00e6stformand. Forvaltningsmyndigheden udn\u00e6vner direkt\u00f8ren for ALT-EDIC.<\/p><p>Den <strong>Direkt\u00f8r<\/strong> er ALT-EDIC's retlige repr\u00e6sentant, udf\u00f8rer sine daglige aktiviteter og er ansvarlig for gennemf\u00f8relsen af AoM's afg\u00f8relser.<\/p><p>Den <strong>Udvalget for Strategisk Orientering<\/strong>, der best\u00e5r af repr\u00e6sentanter for medlemmerne, valgt af AoM og ALT-EDIC'erne <strong>Industrikonsortium<\/strong>, st\u00f8tter forvaltningsmyndigheden og direkt\u00f8ren.<\/p><p>Den <strong>Det videnskabelige og tekniske r\u00e5dgivende organ<\/strong> og <strong>Juridisk og etisk r\u00e5dgivende udvalg<\/strong>, der begge best\u00e5r af eksperter fra relevante omr\u00e5der, udpeges af forvaltningsmyndigheden.<\/p><h2>ALT-EDIC-repr\u00e6sentanter<\/h2><ul><li>Formand for forsamlingen: Fabio PIANESI<\/li><li>N\u00e6stformand i AoM: Stefan LEIJNEN<\/li><\/ul><h2>Referencedokumenter<\/h2><h3>Kommissionens afg\u00f8relse om oprettelse af ALT-EDIC<\/h3><ul><li><a href=\"https:\/\/eur-lex.europa.eu\/eli\/dec_impl\/2024\/458\/oj\">Kommissionens gennemf\u00f8relsesafg\u00f8relse om oprettelse af et konsortium for en europ\u00e6isk digital infrastruktur for alliancen for sprogteknologier (ALT-EDIC)<\/a><\/li><\/ul><h3>Vedt\u00e6gter for ALT-EDIC<\/h3><ul><li><a style=\"color: #000000;\" href=\"https:\/\/www.alt-edic.eu\/wp-content\/uploads\/2026\/06\/ALT-EDIC_Statutes_2026-04-14_eng.pdf\"><u>Dansk udgave<\/u><\/a><\/li><li><a style=\"color: #000000;\" href=\"https:\/\/www.alt-edic.eu\/wp-content\/uploads\/2026\/06\/ALT-EDIC_Statutes_2026-04-14_fra.pdf\"><u>Den franske udgave<\/u><\/a><\/li><\/ul><h3>ALT-EDIC AoM-resolutioner<\/h3><ul><li><span style=\"text-decoration: underline;\"><a style=\"outline: 0px;\" href=\"https:\/\/alt-edic.eu\/wp-content\/uploads\/2024\/12\/27-09-2024-Adopted-ALT-EDIC-Resolutions.pdf\">Vedtaget ALT-EDIC-resolution 27. september 2024<\/a><\/span><\/li><li><span style=\"text-decoration: underline;\"><a style=\"outline: 0px;\" href=\"https:\/\/alt-edic.eu\/wp-content\/uploads\/2024\/12\/28_08_2024-Adopted-ALT-EDIC-Resolution.pdf\">Vedtaget ALT-EDIC-resolution 28. august 2024<\/a><\/span><\/li><li><span style=\"text-decoration: underline;\"><a href=\"https:\/\/alt-edic.eu\/wp-content\/uploads\/2024\/12\/27-05-2024-Adopted-Resolutions.pdf\">Vedtaget ALT-EDIC-resolution 27. maj 2024<\/a><\/span><\/li><li><a href=\"https:\/\/alt-edic.eu\/wp-content\/uploads\/2024\/12\/8_03_2024-Adopted-ALT-EDIC-Resolution.pdf\"><span style=\"text-decoration: underline;\">Vedtaget ALT-EDIC-resolution 8. marts 2024<\/span><\/a><\/li><\/ul><h3>Aktivitetsrapporter<\/h3><ul><li><a href=\"https:\/\/www.alt-edic.eu\/wp-content\/uploads\/2026\/07\/ALT-EDIC_Activity_Report_2024-2025.pdf\"><span style=\"text-decoration: underline;\">Aktivitetsrapport 2024-2025<\/span><\/a><\/li><\/ul>\t\t\t\t\t\t\t\t<\/div>\n\t\t\t\t<\/div>\n\t\t\t\t\t<\/div>\n\t\t<\/div>\n\t\t\t\t\t<\/div>\n\t\t<\/section>\n\t\t\t\t<\/div>","protected":false},"excerpt":{"rendered":"<p>Forvaltning Alliancen for Sprogteknologier (ALT-EDIC) er et konsortium for en europ\u00e6isk digital infrastruktur, en type retlig struktur, der er oprettet under politikprogrammet for det digitale \u00e5rti 2030. Det ledes af en forsamling af medlemmer best\u00e5ende af medlemsstater i Det Europ\u00e6iske \u00d8konomiske Samarbejdsomr\u00e5de (E\u00d8S) og rapporterer til Europa-Kommissionen. Besluttende og r\u00e5dgivende organer [\u2026]<\/p>","protected":false},"author":1,"featured_media":0,"parent":0,"menu_order":0,"comment_status":"closed","ping_status":"closed","template":"","meta":{"footnotes":""},"class_list":["post-8944","page","type-page","status-publish","hentry"],"aioseo_notices":[],"aioseo_head":"\n\t\t<!-- All in One SEO 5.0.0.1 - aioseo.com -->\n\t<meta name=\"description\" content=\"The Alliance for Language Technologies \u2013 ALT-EDIC is a European Digital Infrastructure Consortium (EDIC), seated and located in France. It reports to the European Commission. Member states of the European Economic Area (EEA) may become Members or Observers of the ALT-EDIC. Each member is represented by a single officially appointed entity.\" \/>\n\t<meta name=\"robots\" content=\"max-image-preview:large\" \/>\n\t<link rel=\"canonical\" href=\"http:\/\/www.alt-edic.eu\/da\/governance\/\" \/>\n\t<meta name=\"generator\" content=\"All in One SEO (AIOSEO) 5.0.0.1\" \/>\n\t\t<meta property=\"og:locale\" content=\"da_DK\" \/>\n\t\t<meta property=\"og:site_name\" content=\"ALT-EDIC \u2013 Alliance for Language Technologies EDIC\" \/>\n\t\t<meta property=\"og:type\" content=\"article\" \/>\n\t\t<meta property=\"og:title\" content=\"Governance \u2013 ALT-EDIC\" \/>\n\t\t<meta property=\"og:description\" content=\"The Alliance for Language Technologies \u2013 ALT-EDIC is a European Digital Infrastructure Consortium (EDIC), seated and located in France. It reports to the European Commission. Member states of the European Economic Area (EEA) may become Members or Observers of the ALT-EDIC. Each member is represented by a single officially appointed entity.\" \/>\n\t\t<meta property=\"og:url\" content=\"http:\/\/www.alt-edic.eu\/da\/governance\/\" \/>\n\t\t<meta property=\"article:published_time\" content=\"2024-10-03T19:38:42+00:00\" \/>\n\t\t<meta property=\"article:modified_time\" content=\"2026-07-31T15:48:52+00:00\" \/>\n\t\t<meta name=\"twitter:card\" content=\"summary_large_image\" \/>\n\t\t<meta name=\"twitter:title\" content=\"Governance \u2013 ALT-EDIC\" \/>\n\t\t<meta name=\"twitter:description\" content=\"The Alliance for Language Technologies \u2013 ALT-EDIC is a European Digital Infrastructure Consortium (EDIC), seated and located in France. It reports to the European Commission. Member states of the European Economic Area (EEA) may become Members or Observers of the ALT-EDIC. Each member is represented by a single officially appointed entity.\" \/>\n\t\t<script type=\"application\/ld+json\" class=\"aioseo-schema\">\n\t\t\t{\"@context\":\"https:\\\/\\\/schema.org\",\"@graph\":[{\"@type\":\"BreadcrumbList\",\"@id\":\"http:\\\/\\\/www.alt-edic.eu\\\/da\\\/governance\\\/#breadcrumblist\",\"itemListElement\":[{\"@type\":\"ListItem\",\"@id\":\"http:\\\/\\\/www.alt-edic.eu\\\/da#listItem\",\"position\":1,\"name\":\"Home\",\"item\":\"http:\\\/\\\/www.alt-edic.eu\\\/da\",\"nextItem\":{\"@type\":\"ListItem\",\"@id\":\"http:\\\/\\\/www.alt-edic.eu\\\/da\\\/governance\\\/#listItem\",\"name\":\"Governance\"}},{\"@type\":\"ListItem\",\"@id\":\"http:\\\/\\\/www.alt-edic.eu\\\/da\\\/governance\\\/#listItem\",\"position\":2,\"name\":\"Governance\",\"previousItem\":{\"@type\":\"ListItem\",\"@id\":\"http:\\\/\\\/www.alt-edic.eu\\\/da#listItem\",\"name\":\"Home\"}}]},{\"@type\":\"Organization\",\"@id\":\"http:\\\/\\\/www.alt-edic.eu\\\/da\\\/#organization\",\"name\":\"ALT-EDIC Alliance for Language Technologies (ALT-EDIC)\",\"description\":\"Alliance for Language Technologies EDIC The Alliance for Language Technologies (ALT-EDIC) is a European Digital Infrastructure Consortium supporting the development of Language Technologies. It will promote excellence in language technologies and contribute to the preservation of Europe\\u2019s linguistic diversity and cultural richness.\",\"url\":\"http:\\\/\\\/www.alt-edic.eu\\\/da\\\/\",\"email\":\"contact@alt-edic.eu\",\"telephone\":\"+33364924355\",\"foundingDate\":\"2024-02-01\",\"numberOfEmployees\":{\"@type\":\"QuantitativeValue\",\"minValue\":0,\"maxValue\":15},\"logo\":{\"@type\":\"ImageObject\",\"url\":\"https:\\\/\\\/www.alt-edic.eu\\\/wp-content\\\/uploads\\\/2024\\\/09\\\/logo_alt-edic_blue_on_white.png\",\"@id\":\"http:\\\/\\\/www.alt-edic.eu\\\/da\\\/governance\\\/#organizationLogo\",\"width\":2779,\"height\":541,\"caption\":\"Logo Alt-Edic Blue\"},\"image\":{\"@id\":\"http:\\\/\\\/www.alt-edic.eu\\\/da\\\/governance\\\/#organizationLogo\"},\"sameAs\":[\"https:\\\/\\\/www.linkedin.com\\\/company\\\/alt-edic\\\/\"]},{\"@type\":\"WebPage\",\"@id\":\"http:\\\/\\\/www.alt-edic.eu\\\/da\\\/governance\\\/#webpage\",\"url\":\"http:\\\/\\\/www.alt-edic.eu\\\/da\\\/governance\\\/\",\"name\":\"Governance \\u2013 ALT-EDIC\",\"description\":\"The Alliance for Language Technologies \\u2013 ALT-EDIC is a European Digital Infrastructure Consortium (EDIC), seated and located in France. It reports to the European Commission. Member states of the European Economic Area (EEA) may become Members or Observers of the ALT-EDIC. Each member is represented by a single officially appointed entity.\",\"inLanguage\":\"da-DK\",\"isPartOf\":{\"@id\":\"http:\\\/\\\/www.alt-edic.eu\\\/da\\\/#website\"},\"breadcrumb\":{\"@id\":\"http:\\\/\\\/www.alt-edic.eu\\\/da\\\/governance\\\/#breadcrumblist\"},\"datePublished\":\"2024-10-03T19:38:42+01:00\",\"dateModified\":\"2026-07-31T16:48:52+01:00\"},{\"@type\":\"WebSite\",\"@id\":\"http:\\\/\\\/www.alt-edic.eu\\\/da\\\/#website\",\"url\":\"http:\\\/\\\/www.alt-edic.eu\\\/da\\\/\",\"name\":\"ALT-EDIC Alliance for Language Technologies\",\"alternateName\":\"ALT-EDIC\",\"description\":\"Alliance for Language Technologies EDIC\",\"inLanguage\":\"da-DK\",\"publisher\":{\"@id\":\"http:\\\/\\\/www.alt-edic.eu\\\/da\\\/#organization\"}}]}\n\t\t<\/script>\n\t\t<!-- All in One SEO -->\n\n","aioseo_head_json":{"title":"Governance \u2013 ALT-EDIC","description":"The Alliance for Language Technologies \u2013 ALT-EDIC is a European Digital Infrastructure Consortium (EDIC), seated and located in France. It reports to the European Commission. Member states of the European Economic Area (EEA) may become Members or Observers of the ALT-EDIC. Each member is represented by a single officially appointed entity.","canonical_url":"http:\/\/www.alt-edic.eu\/da\/governance\/","robots":"max-image-preview:large","keywords":"","webmasterTools":{"miscellaneous":""},"schema":{"@context":"https:\/\/schema.org","@graph":[{"@type":"BreadcrumbList","@id":"http:\/\/www.alt-edic.eu\/da\/governance\/#breadcrumblist","itemListElement":[{"@type":"ListItem","@id":"http:\/\/www.alt-edic.eu\/da#listItem","position":1,"name":"Home","item":"http:\/\/www.alt-edic.eu\/da","nextItem":{"@type":"ListItem","@id":"http:\/\/www.alt-edic.eu\/da\/governance\/#listItem","name":"Governance"}},{"@type":"ListItem","@id":"http:\/\/www.alt-edic.eu\/da\/governance\/#listItem","position":2,"name":"Governance","previousItem":{"@type":"ListItem","@id":"http:\/\/www.alt-edic.eu\/da#listItem","name":"Home"}}]},{"@type":"Organization","@id":"http:\/\/www.alt-edic.eu\/da\/#organization","name":"ALT-EDIC Alliance for Language Technologies (ALT-EDIC)","description":"Alliance for Language Technologies EDIC The Alliance for Language Technologies (ALT-EDIC) is a European Digital Infrastructure Consortium supporting the development of Language Technologies. It will promote excellence in language technologies and contribute to the preservation of Europe\u2019s linguistic diversity and cultural richness.","url":"http:\/\/www.alt-edic.eu\/da\/","email":"contact@alt-edic.eu","telephone":"+33364924355","foundingDate":"2024-02-01","numberOfEmployees":{"@type":"QuantitativeValue","minValue":0,"maxValue":15},"logo":{"@type":"ImageObject","url":"https:\/\/www.alt-edic.eu\/wp-content\/uploads\/2024\/09\/logo_alt-edic_blue_on_white.png","@id":"http:\/\/www.alt-edic.eu\/da\/governance\/#organizationLogo","width":2779,"height":541,"caption":"Logo Alt-Edic Blue"},"image":{"@id":"http:\/\/www.alt-edic.eu\/da\/governance\/#organizationLogo"},"sameAs":["https:\/\/www.linkedin.com\/company\/alt-edic\/"]},{"@type":"WebPage","@id":"http:\/\/www.alt-edic.eu\/da\/governance\/#webpage","url":"http:\/\/www.alt-edic.eu\/da\/governance\/","name":"Governance \u2013 ALT-EDIC","description":"The Alliance for Language Technologies \u2013 ALT-EDIC is a European Digital Infrastructure Consortium (EDIC), seated and located in France. It reports to the European Commission. Member states of the European Economic Area (EEA) may become Members or Observers of the ALT-EDIC. Each member is represented by a single officially appointed entity.","inLanguage":"da-DK","isPartOf":{"@id":"http:\/\/www.alt-edic.eu\/da\/#website"},"breadcrumb":{"@id":"http:\/\/www.alt-edic.eu\/da\/governance\/#breadcrumblist"},"datePublished":"2024-10-03T19:38:42+01:00","dateModified":"2026-07-31T16:48:52+01:00"},{"@type":"WebSite","@id":"http:\/\/www.alt-edic.eu\/da\/#website","url":"http:\/\/www.alt-edic.eu\/da\/","name":"ALT-EDIC Alliance for Language Technologies","alternateName":"ALT-EDIC","description":"Alliance for Language Technologies EDIC","inLanguage":"da-DK","publisher":{"@id":"http:\/\/www.alt-edic.eu\/da\/#organization"}}]},"og:locale":"da_DK","og:site_name":"ALT-EDIC \u2013 Alliance for Language Technologies EDIC","og:type":"article","og:title":"Governance \u2013 ALT-EDIC","og:description":"The Alliance for Language Technologies \u2013 ALT-EDIC is a European Digital Infrastructure Consortium (EDIC), seated and located in France. It reports to the European Commission. Member states of the European Economic Area (EEA) may become Members or Observers of the ALT-EDIC. Each member is represented by a single officially appointed entity.","og:url":"http:\/\/www.alt-edic.eu\/da\/governance\/","article:published_time":"2024-10-03T19:38:42+00:00","article:modified_time":"2026-07-31T15:48:52+00:00","twitter:card":"summary_large_image","twitter:title":"Governance \u2013 ALT-EDIC","twitter:description":"The Alliance for Language Technologies \u2013 ALT-EDIC is a European Digital Infrastructure Consortium (EDIC), seated and located in France. It reports to the European Commission. Member states of the European Economic Area (EEA) may become Members or Observers of the ALT-EDIC. Each member is represented by a single officially appointed entity."},"aioseo_meta_data":{"post_id":"8944","title":null,"description":"The Alliance for Language Technologies \u2013 ALT-EDIC is a European Digital Infrastructure Consortium (EDIC), seated and located in France. It reports to the European Commission. Member states of the European Economic Area (EEA) may become Members or Observers of the ALT-EDIC. Each member is represented by a single officially appointed entity.","keywords":null,"keyphrases":{"focus":{"keyphrase":"","score":0,"analysis":{"keyphraseInTitle":{"score":0,"maxScore":9,"error":1}}},"additional":[]},"primary_term":null,"canonical_url":null,"og_title":null,"og_description":null,"og_object_type":"default","og_image_type":"default","og_image_url":null,"og_image_width":null,"og_image_height":null,"og_image_custom_url":null,"og_image_custom_fields":null,"og_video":"","og_custom_url":null,"og_article_section":null,"og_article_tags":null,"twitter_use_og":false,"twitter_card":"default","twitter_image_type":"default","twitter_image_url":null,"twitter_image_custom_url":null,"twitter_image_custom_fields":null,"twitter_title":null,"twitter_description":null,"schema":{"blockGraphs":[],"customGraphs":[],"default":{"data":{"Article":[],"Course":[],"Dataset":[],"FAQPage":[],"Movie":[],"Person":[],"Product":[],"ProductReview":[],"Car":[],"Recipe":[],"Service":[],"SoftwareApplication":[],"WebPage":[]},"graphName":"WebPage","isEnabled":true},"graphs":[]},"schema_type":"default","schema_type_options":null,"pillar_content":false,"robots_default":true,"robots_noindex":false,"robots_noarchive":false,"robots_nosnippet":false,"robots_nofollow":false,"robots_noimageindex":false,"robots_noodp":false,"robots_notranslate":false,"robots_max_snippet":"-1","robots_max_videopreview":"-1","robots_max_imagepreview":"large","priority":null,"frequency":"default","local_seo":null,"breadcrumb_settings":null,"limit_modified_date":false,"ai":null,"created":"2024-10-03 19:38:42","updated":"2026-08-01 12:58:30","seo_analyzer_scan_date":null,"focus_keyword":null,"additional_keywords":null,"truseo_locale":null},"aioseo_breadcrumb":"<div class=\"aioseo-breadcrumbs\"><span class=\"aioseo-breadcrumb\">\n\t\t\t<a href=\"http:\/\/www.alt-edic.eu\/da\" title=\"Home\">Home<\/a>\n\t\t<\/span><span class=\"aioseo-breadcrumb-separator\">\/<\/span><span class=\"aioseo-breadcrumb\">\n\t\t\tGovernance\n\t\t<\/span><\/div>","aioseo_breadcrumb_json":[{"label":"Home","link":"http:\/\/www.alt-edic.eu\/da"},{"label":"Governance","link":"http:\/\/www.alt-edic.eu\/da\/governance\/"}],"_links":{"self":[{"href":"http:\/\/www.alt-edic.eu\/da\/wp-json\/wp\/v2\/pages\/8944","targetHints":{"allow":["GET"]}}],"collection":[{"href":"http:\/\/www.alt-edic.eu\/da\/wp-json\/wp\/v2\/pages"}],"about":[{"href":"http:\/\/www.alt-edic.eu\/da\/wp-json\/wp\/v2\/types\/page"}],"author":[{"embeddable":true,"href":"http:\/\/www.alt-edic.eu\/da\/wp-json\/wp\/v2\/users\/1"}],"replies":[{"embeddable":true,"href":"http:\/\/www.alt-edic.eu\/da\/wp-json\/wp\/v2\/comments?post=8944"}],"version-history":[{"count":15,"href":"http:\/\/www.alt-edic.eu\/da\/wp-json\/wp\/v2\/pages\/8944\/revisions"}],"predecessor-version":[{"id":11615,"href":"http:\/\/www.alt-edic.eu\/da\/wp-json\/wp\/v2\/pages\/8944\/revisions\/11615"}],"wp:attachment":[{"href":"http:\/\/www.alt-edic.eu\/da\/wp-json\/wp\/v2\/media?parent=8944"}],"curies":[{"name":"wp","href":"https:\/\/api.w.org\/{rel}","templated":true}]}}